{"id":899,"date":"2019-03-19T14:41:02","date_gmt":"2019-03-19T13:41:02","guid":{"rendered":"http:\/\/www.lyceelafayette.fr\/?page_id=899"},"modified":"2025-12-17T12:21:28","modified_gmt":"2025-12-17T11:21:28","slug":"ptsi-pt","status":"publish","type":"page","link":"https:\/\/www.lyceelafayette.fr\/index.php\/ptsi-pt\/","title":{"rendered":"PTSI-PT*"},"content":{"rendered":"\n\n<hr>\n\n\n<div class=\"wp-block-columns is-layout-flex wp-container-core-columns-is-layout-9d6595d7 wp-block-columns-is-layout-flex\">\n<div class=\"wp-block-column is-layout-flow wp-block-column-is-layout-flow\">\n<h4 class=\"wp-block-heading\">Pr\u00e9sentation<\/h4>\n\n\n\n<p>\u25ba La fili\u00e8re \u00ab&nbsp;PT&nbsp;\u00bb est une fili\u00e8re de CPGE (classes pr\u00e9paratoires aux grandes \u00e9coles) <strong><u>g\u00e9n\u00e9raliste<\/u><\/strong>, qui s\u2019appuie sur un enseignement \u00e9quilibr\u00e9 reposant sur <strong><u>4 piliers fondamentaux<\/u><\/strong>&nbsp;:<\/p>\n\n\n\n<p>&nbsp;les Sciences industrielles ,<\/p>\n\n\n\n<p>&nbsp;les Math\u00e9matiques,<\/p>\n\n\n\n<p>&nbsp;la&nbsp;Physique-chimie<\/p>\n\n\n\n<p>&nbsp;et les Lettres-langues.<\/p>\n\n\n\n<p>Un enseignement sp\u00e9cifique d\u2019informatique a \u00e9t\u00e9 introduit depuis la rentr\u00e9e 2013.<\/p>\n\n\n\n<p>Cette fili\u00e8re permet d\u2019assurer la formation de base des<strong><u> ing\u00e9nieurs<\/u><\/strong>, des chercheurs et des cadres dirigeants de notre pays.<\/p>\n\n\n\n<p>\u25ba La premi\u00e8re ann\u00e9e, la PTSI (Physique Technologie Sciences Industrielles ), est <strong><u>ouverte \u00e0 tous les \u00e9l\u00e8ves de terminales <\/u>ayant choisi la sp\u00e9cialit\u00e9 math\u00e9matiques et au moins une autre sp\u00e9cialit\u00e9 scientifique (Physique, SI, SVT ou NSI) en 1<sup>re<\/sup>, puis math\u00e9matiques en terminale<\/strong>. Dans le cas o\u00f9 la s<strong>p\u00e9cialit\u00e9 math\u00e9matiques n\u2019aurait pas \u00e9t\u00e9 choisie en terminale<\/strong>, il faut avoir suivi <strong>l\u2019option math\u00e9matiques compl\u00e9mentaires en terminale<\/strong>. Toutes les autres sp\u00e9cialit\u00e9s scientifiques seront bien s\u00fbr un atout pour int\u00e9grer une classe pr\u00e9paratoire scientifique.<\/p>\n\n\n\n<p>\u25ba En fin de deuxi\u00e8me ann\u00e9e, la PT (Physique Technologie), les \u00e9l\u00e8ves passent des concours (\u00e9crits puis oraux) d\u2019entr\u00e9e dans les grandes \u00e9coles. Cette fili\u00e8re donne acc\u00e8s \u00e0 <strong><u>toutes les \u00e9coles d\u2019ing\u00e9nieurs, y compris les plus prestigieuses.&nbsp;<\/u><\/strong><\/p>\n\n\n\n<p>\u25ba Ces deux ann\u00e9es de CPGE<strong><u> s\u2019int\u00e8grent dans le syst\u00e8me L.M.D<\/u><\/strong> (Licence Master Doctorat), gr\u00e2ce aux 120 ECTS (European Credits Transfer System) d\u00e9livr\u00e9s pour les deux ann\u00e9es.<\/p>\n\n\n\n<p>Vous pouvez venir d\u00e9couvrir notre structure et rencontrer l\u2019\u00e9quipe enseignante lors de nos portes ouvertes.<\/p>\n<\/div>\n\n\n\n<div class=\"wp-block-column is-layout-flow wp-block-column-is-layout-flow\">\n<h4 class=\"wp-block-heading\">Journ\u00e9e d&rsquo;immersion<\/h4>\n\n\n\n<p>Le lyc\u00e9e organise des <strong>journ\u00e9es d&rsquo;immersion<\/strong> pour les \u00e9tudiants voulant d\u00e9couvrir et <br>\u00abd\u00e9mythifier\u00bb le travail et l&rsquo;ambiance en classe pr\u00e9paratoire aux grandes \u00e9coles.<\/p>\n\n\n\n<p>Par groupes de 2 ou 3 \u00e9tudiants, les \u00e9l\u00e8ves de terminale vont, durant cette journ\u00e9e, assister aux cours de sciences ainsi qu&rsquo;aux TP en Physique et Sciences de l&rsquo;ing\u00e9nieur. Ils effectueront une colle de math\u00e9matiques, bien s\u00fbr adapt\u00e9e \u00e0 leur niveau, non pas pour \u00eatre \u00e9valu\u00e9s mais encore une fois pour d\u00e9mythifier ce qu&rsquo;est ce type de s\u00e9ances de travail.<\/p>\n\n\n\n<p>Pour effectuer ces journ\u00e9es d&rsquo;immersion, prendre contact avec <a href=\"mailto:lacour.prepa@gmail.com\">Mme Foucault<\/a> , ou les professeurs que vous pourrez voir lors de forums ou de visites dans votre lyc\u00e9e de terminale.<\/p>\n<\/div>\n<\/div>\n\n\n\n<hr>\n\n\n\n<p><strong> Vid\u00e9os d\u2019illustration des Sciences de l\u2019ing\u00e9nieur au Lyc\u00e9e La Fayette<\/strong><\/p>\n\n\n\n<div class=\"wp-block-columns is-layout-flex wp-container-core-columns-is-layout-9d6595d7 wp-block-columns-is-layout-flex\">\n<div class=\"wp-block-column is-layout-flow wp-block-column-is-layout-flow\">\n<figure class=\"wp-block-embed is-type-video is-provider-youtube wp-block-embed-youtube wp-embed-aspect-4-3 wp-has-aspect-ratio\"><div class=\"wp-block-embed__wrapper\">\n<iframe loading=\"lazy\" title=\"Asservissement\" width=\"920\" height=\"690\" src=\"https:\/\/www.youtube.com\/embed\/ovKsRyWFNK8?feature=oembed\" frameborder=\"0\" allow=\"accelerometer; autoplay; clipboard-write; encrypted-media; gyroscope; picture-in-picture; web-share\" referrerpolicy=\"strict-origin-when-cross-origin\" allowfullscreen><\/iframe>\n<\/div><\/figure>\n<\/div>\n\n\n\n<div class=\"wp-block-column is-layout-flow wp-block-column-is-layout-flow\">\n<figure class=\"wp-block-embed is-type-video is-provider-youtube wp-block-embed-youtube wp-embed-aspect-4-3 wp-has-aspect-ratio\"><div class=\"wp-block-embed__wrapper\">\n<iframe loading=\"lazy\" title=\"Vibration\" width=\"920\" height=\"690\" src=\"https:\/\/www.youtube.com\/embed\/Rf4n0XnqZgQ?feature=oembed\" frameborder=\"0\" allow=\"accelerometer; autoplay; clipboard-write; encrypted-media; gyroscope; picture-in-picture; web-share\" referrerpolicy=\"strict-origin-when-cross-origin\" allowfullscreen><\/iframe>\n<\/div><\/figure>\n<\/div>\n<\/div>\n\n\n\n<hr>\n\n\n\n<p>Vous pouvez contacter chacun des professeurs&nbsp;:<\/p>\n\n\n\n<ul class=\"wp-block-list\">\n<li><a href=\"mailto:barlet.prepa@gmail.com\">Alexandra\u00a0BARLET<\/a> : professeur de physique chimie en\u00a0PT*\u00a0<\/li>\n\n\n\n<li><a href=\"mailto:nicolas.garotte@gmail.com\">Nicolas GAROTTE<\/a>&nbsp;: professeur de fran\u00e7ais &#8211; philosophie en&nbsp;PTSI&nbsp;et PT*<\/li>\n\n\n\n<li><a href=\"mailto:olivier.bey@ac-creteil.fr\">Olivier BEY<\/a> : professeur de sciences de l\u2019ing\u00e9nieur en&nbsp;PTSI<\/li>\n\n\n\n<li><a href=\"mailto:s2illf77gmail.com\">Emmanuel&nbsp;FARGES<\/a>&nbsp;: professeur de sciences de l\u2019ing\u00e9nieur en PT*, professeur d\u2019informatique en PT*<\/li>\n\n\n\n<li><a href=\"mailto:lacour.prepa@gmail.com\">Adeline LACOUR FOUCAULT<\/a>&nbsp;: professeur de math\u00e9matiques en&nbsp;PTSI<\/li>\n\n\n\n<li><a href=\"mailto:benjamin.celaries@ac-creteil.fr\">Benjamin C\u00c9LARIES<\/a>\u00a0: professeur de math\u00e9matiques en\u00a0PT*. Professeur d&rsquo;informatique en PTSI<\/li>\n\n\n\n<li><a href=\"mailto:damswk@wanadoo.fr\">Damien SZWANKOWSKI<\/a>&nbsp;: professeur de physique-chimie en&nbsp;PTSI<\/li>\n\n\n\n<li><a href=\"mailto:npakulic@ac-creteil.fr\">Nad\u00e8ge PAKULIC<\/a>&nbsp;: professeur d\u2019anglais &nbsp;<\/li>\n\n\n\n<li><a href=\"mailto:xavier.seguin@ac-creteil.fr\">Xavier SEGUIN<\/a>&nbsp;: professeur d\u2019anglais<\/li>\n<\/ul>\n\n\n\n<p>Si vous souhaitez :<\/p>\n\n\n\n<ul class=\"wp-block-list\">\n<li>d\u00e9couvrir le lyc\u00e9e La Fayette (b\u00e2timents, internat, etc.) <\/li>\n\n\n\n<li>rencontrer des \u00e9tudiants et des enseignants de PTSI \u2013 PT* <\/li>\n\n\n\n<li>visiter les laboratoires de sciences de l\u2019ing\u00e9nieur et de physique-chimie <\/li>\n\n\n\n<li>tout autre renseignement<\/li>\n<\/ul>\n\n\n\n<figure class=\"wp-block-gallery has-nested-images columns-default is-cropped wp-block-gallery-1 is-layout-flex wp-block-gallery-is-layout-flex\">\n<figure class=\"wp-block-image size-large\"><img loading=\"lazy\" decoding=\"async\" width=\"555\" height=\"417\" data-id=\"3942\" src=\"https:\/\/www.lyceelafayette.fr\/wp-content\/uploads\/2021\/02\/salle-de-cours_redim.jpg\" alt=\"\" class=\"wp-image-3942\" srcset=\"https:\/\/www.lyceelafayette.fr\/wp-content\/uploads\/2021\/02\/salle-de-cours_redim.jpg 555w, https:\/\/www.lyceelafayette.fr\/wp-content\/uploads\/2021\/02\/salle-de-cours_redim-300x225.jpg 300w, https:\/\/www.lyceelafayette.fr\/wp-content\/uploads\/2021\/02\/salle-de-cours_redim-150x113.jpg 150w\" sizes=\"auto, (max-width: 555px) 100vw, 555px\" \/><\/figure>\n\n\n\n<figure class=\"wp-block-image size-large\"><img loading=\"lazy\" decoding=\"async\" width=\"557\" height=\"351\" data-id=\"3943\" src=\"https:\/\/www.lyceelafayette.fr\/wp-content\/uploads\/2021\/02\/sanitaires-internat_redim.jpg\" alt=\"\" class=\"wp-image-3943\" srcset=\"https:\/\/www.lyceelafayette.fr\/wp-content\/uploads\/2021\/02\/sanitaires-internat_redim.jpg 557w, https:\/\/www.lyceelafayette.fr\/wp-content\/uploads\/2021\/02\/sanitaires-internat_redim-300x189.jpg 300w, https:\/\/www.lyceelafayette.fr\/wp-content\/uploads\/2021\/02\/sanitaires-internat_redim-150x95.jpg 150w\" sizes=\"auto, (max-width: 557px) 100vw, 557px\" \/><\/figure>\n\n\n\n<figure class=\"wp-block-image size-large\"><img loading=\"lazy\" decoding=\"async\" width=\"436\" height=\"296\" data-id=\"3944\" src=\"https:\/\/www.lyceelafayette.fr\/wp-content\/uploads\/2021\/02\/labo-S2I-Trieuse_redim.jpg\" alt=\"\" class=\"wp-image-3944\" srcset=\"https:\/\/www.lyceelafayette.fr\/wp-content\/uploads\/2021\/02\/labo-S2I-Trieuse_redim.jpg 436w, https:\/\/www.lyceelafayette.fr\/wp-content\/uploads\/2021\/02\/labo-S2I-Trieuse_redim-300x204.jpg 300w, https:\/\/www.lyceelafayette.fr\/wp-content\/uploads\/2021\/02\/labo-S2I-Trieuse_redim-150x102.jpg 150w\" sizes=\"auto, (max-width: 436px) 100vw, 436px\" \/><\/figure>\n\n\n\n<figure class=\"wp-block-image size-large\"><img loading=\"lazy\" decoding=\"async\" width=\"372\" height=\"277\" data-id=\"3945\" src=\"https:\/\/www.lyceelafayette.fr\/wp-content\/uploads\/2021\/02\/labo-S2I-Ericc3_redim.jpg\" alt=\"\" class=\"wp-image-3945\" srcset=\"https:\/\/www.lyceelafayette.fr\/wp-content\/uploads\/2021\/02\/labo-S2I-Ericc3_redim.jpg 372w, https:\/\/www.lyceelafayette.fr\/wp-content\/uploads\/2021\/02\/labo-S2I-Ericc3_redim-300x223.jpg 300w, https:\/\/www.lyceelafayette.fr\/wp-content\/uploads\/2021\/02\/labo-S2I-Ericc3_redim-150x112.jpg 150w\" sizes=\"auto, (max-width: 372px) 100vw, 372px\" \/><\/figure>\n\n\n\n<figure class=\"wp-block-image size-large\"><img loading=\"lazy\" decoding=\"async\" width=\"401\" height=\"316\" data-id=\"3946\" src=\"https:\/\/www.lyceelafayette.fr\/wp-content\/uploads\/2021\/02\/labo-S2I-Comax_redim.jpg\" alt=\"\" class=\"wp-image-3946\" srcset=\"https:\/\/www.lyceelafayette.fr\/wp-content\/uploads\/2021\/02\/labo-S2I-Comax_redim.jpg 401w, https:\/\/www.lyceelafayette.fr\/wp-content\/uploads\/2021\/02\/labo-S2I-Comax_redim-300x236.jpg 300w, https:\/\/www.lyceelafayette.fr\/wp-content\/uploads\/2021\/02\/labo-S2I-Comax_redim-150x118.jpg 150w\" sizes=\"auto, (max-width: 401px) 100vw, 401px\" \/><\/figure>\n\n\n\n<figure class=\"wp-block-image size-large\"><img loading=\"lazy\" decoding=\"async\" width=\"484\" height=\"235\" data-id=\"3947\" src=\"https:\/\/www.lyceelafayette.fr\/wp-content\/uploads\/2021\/02\/labo-physique-2_redim.jpg\" alt=\"\" class=\"wp-image-3947\" srcset=\"https:\/\/www.lyceelafayette.fr\/wp-content\/uploads\/2021\/02\/labo-physique-2_redim.jpg 484w, https:\/\/www.lyceelafayette.fr\/wp-content\/uploads\/2021\/02\/labo-physique-2_redim-300x146.jpg 300w, https:\/\/www.lyceelafayette.fr\/wp-content\/uploads\/2021\/02\/labo-physique-2_redim-150x73.jpg 150w\" sizes=\"auto, (max-width: 484px) 100vw, 484px\" \/><figcaption class=\"wp-element-caption\">?<\/figcaption><\/figure>\n\n\n\n<figure class=\"wp-block-image size-large\"><img loading=\"lazy\" decoding=\"async\" width=\"484\" height=\"235\" data-id=\"3948\" src=\"https:\/\/www.lyceelafayette.fr\/wp-content\/uploads\/2021\/02\/labo-physique-1_redim.jpg\" alt=\"\" class=\"wp-image-3948\" srcset=\"https:\/\/www.lyceelafayette.fr\/wp-content\/uploads\/2021\/02\/labo-physique-1_redim.jpg 484w, https:\/\/www.lyceelafayette.fr\/wp-content\/uploads\/2021\/02\/labo-physique-1_redim-300x146.jpg 300w, https:\/\/www.lyceelafayette.fr\/wp-content\/uploads\/2021\/02\/labo-physique-1_redim-150x73.jpg 150w\" sizes=\"auto, (max-width: 484px) 100vw, 484px\" \/><figcaption class=\"wp-element-caption\">?<\/figcaption><\/figure>\n\n\n\n<figure class=\"wp-block-image size-large\"><img loading=\"lazy\" decoding=\"async\" width=\"363\" height=\"389\" data-id=\"3949\" src=\"https:\/\/www.lyceelafayette.fr\/wp-content\/uploads\/2021\/02\/chambre-internat-2_redim.jpg\" alt=\"\" class=\"wp-image-3949\" srcset=\"https:\/\/www.lyceelafayette.fr\/wp-content\/uploads\/2021\/02\/chambre-internat-2_redim.jpg 363w, https:\/\/www.lyceelafayette.fr\/wp-content\/uploads\/2021\/02\/chambre-internat-2_redim-280x300.jpg 280w, https:\/\/www.lyceelafayette.fr\/wp-content\/uploads\/2021\/02\/chambre-internat-2_redim-140x150.jpg 140w\" sizes=\"auto, (max-width: 363px) 100vw, 363px\" \/><\/figure>\n\n\n\n<figure class=\"wp-block-image size-large\"><img loading=\"lazy\" decoding=\"async\" width=\"557\" height=\"367\" data-id=\"3950\" src=\"https:\/\/www.lyceelafayette.fr\/wp-content\/uploads\/2021\/02\/chambre-internat-1_redim.jpg\" alt=\"\" class=\"wp-image-3950\" srcset=\"https:\/\/www.lyceelafayette.fr\/wp-content\/uploads\/2021\/02\/chambre-internat-1_redim.jpg 557w, https:\/\/www.lyceelafayette.fr\/wp-content\/uploads\/2021\/02\/chambre-internat-1_redim-300x198.jpg 300w, https:\/\/www.lyceelafayette.fr\/wp-content\/uploads\/2021\/02\/chambre-internat-1_redim-150x99.jpg 150w\" sizes=\"auto, (max-width: 557px) 100vw, 557px\" \/><\/figure>\n<\/figure>\n\n\n\n<p>n\u2019h\u00e9sitez pas \u00e0 contacter le secr\u00e9tariat du lyc\u00e9e au 01.64.69.54.10 ou par mail.<\/p>\n\n\n\n<hr>\n\n\n\n<h4 class=\"wp-block-heading\"><strong><a href=\"https:\/\/www.lyceelafayette.fr\/index.php\/inscription-prepa\/\">LA PROC\u00c9DURE POUR S&rsquo;INSCRIRE<\/a><\/strong><\/h4>\n\n\n\n<hr>\n\n\n\n<h4 class=\"wp-block-heading\">Pourquoi faire une pr\u00e9pa ?<\/h4>\n\n\n\n<p>C\u2019est la formation (sur deux ans) la plus s\u00fbre <strong>pour int\u00e9grer une grande (ou moins grande) \u00e9cole d\u2019ing\u00e9nieurs.<\/strong><\/p>\n\n\n\n<p>Pendant les deux ann\u00e9es de pr\u00e9pa, vous mettrez en place les connaissances<strong>, les m\u00e9thodes et les habitudes de travail<\/strong> qui vous permettront d\u2019envisager sereinement la poursuite de vos \u00e9tudes dans les cycles ing\u00e9nieurs.<\/p>\n\n\n\n<p>Il existe bien \u00e9videmment des passerelles pour int\u00e9grer ces m\u00eames \u00e9coles \u00e0 l\u2019issue de BTS et de DUT mais il ne faut pas se leurrer : les ann\u00e9es d\u2019\u00e9coles d\u2019ing\u00e9nieurs seront beaucoup plus difficiles pour ceux qui n\u2019auront pas fait de pr\u00e9pa.<\/p>\n\n\n\n<p>Il n\u2019y a aucun risque \u00e0 faire une pr\u00e9pa car vous pouvez r\u00e9int\u00e9grer un cycle universitaire via les cr\u00e9dits ECTS. Les \u00e9l\u00e8ves non admis en seconde ann\u00e9e d\u00e9sirant reprendre un cycle DUT sont facilement pris en IUT apr\u00e8s un an de pr\u00e9pa, et sont bien souvent parmi les meilleurs, ce qui leur permet d\u2019int\u00e9grer une \u00e9cole d\u2019ing\u00e9nieur apr\u00e8s leur DUT.<\/p>\n\n\n\n<p><strong>TOUS les \u00e9l\u00e8ves admis en seconde ann\u00e9e int\u00e8grent une \u00e9cole d\u2019ing\u00e9nieur<\/strong>. Il n\u2019y a personne qui sorte du syst\u00e8me pr\u00e9pa sans rien !<\/p>\n\n\n\n<p>La pr\u00e9pa est une formation tr\u00e8s \u00ab encadr\u00e9e \u00bb o\u00f9 il y a moins de risque de se \u00ab laisser vivre \u00bb.<\/p>\n\n\n\n<p>Le lieu d\u2019\u00e9tude est celui du lyc\u00e9e, connu de tous, donc plut\u00f4t rassurant.<\/p>\n\n\n\n<p><strong>Des interrogations orales r\u00e9guli\u00e8res et les TIPE<\/strong> (sp\u00e9cificit\u00e9s des pr\u00e9pas) permettent d\u2019am\u00e9liorer son expression, son aisance \u00e0 oral et de mieux s\u2019organiser dans son travail.<\/p>\n\n\n\n<p><\/p>\n\n\n\n<p><\/p>\n\n\n\n<hr>\n\n\n\n<h4 class=\"wp-block-heading\">Les horaires<\/h4>\n\n\n\n<figure class=\"wp-block-table is-style-stripes\"><table><thead><tr><td>\n&nbsp;\n<\/td><td> 1<sup>re <\/sup>ann\u00e9e PTSI <\/td><td> 2<sup>e<\/sup> ann\u00e9e PT et PT* <\/td><\/tr><tr><td>\n&nbsp;\n<\/td><td>\ncours\n<\/td><td>\nTD\n<\/td><td>\nTP\n<\/td><td>\ncours\n<\/td><td>\nTD\n<\/td><td>\nTP\n<\/td><\/tr><\/thead><tbody><tr><td>\n<strong>Math\u00e9matiques<\/strong>\n<\/td><td>\n7h\n<\/td><td>\n3h\n<\/td><td>\n&nbsp;\n<\/td><td>\n6h\n<\/td><td>\n3h\n<\/td><td>\n&nbsp;\n<\/td><\/tr><tr><td>\n<strong>Physique<\/strong>\n<\/td><td>\n4h\n<\/td><td>\n1h\n<\/td><td>\n1h\n<\/td><td>\n3h\n<\/td><td>\n2h\n<\/td><td>\n1h\n<\/td><\/tr><tr><td>\n<strong>Chimie<\/strong>\n<\/td><td>\n1h\n<\/td><td>\n&nbsp;\n<\/td><td>\n1h\n<\/td><td>\n1h\n<\/td><td>\n&nbsp;\n<\/td><td>\n1h\n<\/td><\/tr><tr><td>\n<strong>SII<\/strong>\n<\/td><td>\n2h (*)\n<\/td><td>\n4h\n<\/td><td>\n2,5h\n<\/td><td>\n2h\n<\/td><td>\n4h\n<\/td><td>\n2,5h\n<\/td><\/tr><tr><td>\n<strong>Informatique<\/strong>\n<\/td><td>\n1h\n<\/td><td>\n&nbsp;\n<\/td><td>\n1h\n<\/td><td>\n1h\n<\/td><td>\n&nbsp;\n<\/td><td>\n1h\n<\/td><\/tr><tr><td>\n<strong>Lettres<\/strong>\n<\/td><td>\n2h\n<\/td><td>\n&nbsp;\n<\/td><td>\n&nbsp;\n<\/td><td>\n2h\n<\/td><td>\n&nbsp;\n<\/td><td>\n&nbsp;\n<\/td><\/tr><tr><td>\n<strong>LV1<\/strong>\n<\/td><td>\n2h\n<\/td><td>\n&nbsp;\n<\/td><td>\n&nbsp;\n<\/td><td>\n2h\n<\/td><td>\n&nbsp;\n<\/td><td>\n&nbsp;\n<\/td><\/tr><tr><td>\n<strong>TIPE<\/strong>\n<\/td><td>\n&nbsp;\n<\/td><td>\n2h\n<\/td><td>\n&nbsp;\n<\/td><td>\n&nbsp;\n<\/td><td>\n2h\n<\/td><td>\n&nbsp;\n<\/td><\/tr><tr><td>\n<strong>EPS<\/strong>\n<\/td><td>\n2h\n<\/td><td>\n&nbsp;\n<\/td><td>\n&nbsp;\n<\/td><td>\n2h\n<\/td><td>\n&nbsp;\n<\/td><td>\n&nbsp;\n<\/td><\/tr><tr><td>\n<em>total<\/em>\n<\/td><td>\n<em>21h<\/em>\n<\/td><td>\n<em>10h<\/em>\n<\/td><td>\n<em>5,5h<\/em>\n<\/td><td>\n<em>19h<\/em>\n<\/td><td>\n<em>9h<\/em>\n<\/td><td>\n<em>5,5<\/em>\n<\/td><\/tr><tr><td>\n<strong>LV2 facultatif<\/strong>\n<\/td><td>\n1h\n<\/td><td>\n&nbsp;\n<\/td><td>\n&nbsp;\n<\/td><td>\n1h\n<\/td><td>\n&nbsp;\n<\/td><td>\n&nbsp;\n<\/td><\/tr><\/tbody><\/table><\/figure>\n\n\n\n<p>(*) : Il faut rajouter 2h de soutien en SII pour les \u00e9tudiants qui ne sont pas issus d\u2019une terminale S-SI.<\/p>\n\n\n\n<p>A ceci s\u2019ajoutent les <strong>heures d\u2019interrogations orales <\/strong>(appel\u00e9es \u00ab\u00a0colles\u00a0\u00bb en jargon pr\u00e9pa) qui permettent une pr\u00e9paration \u00e0 l\u2019oral des concours. Trois \u00e9l\u00e8ves passent au tableau simultan\u00e9ment et r\u00e9solvent chacun un exercice diff\u00e9rent devant un colleur qui peut \u00eatre un de leur professeur ou un enseignant ext\u00e9rieur \u00e0 la pr\u00e9pa. Cette activit\u00e9 permet au colleur d\u2019avoir un contact personnel avec l\u2019\u00e9l\u00e8ve pour le conseiller. En langue et en fran\u00e7ais, un dialogue s\u2019installe entre le colleur et l\u2019\u00e9l\u00e8ve. Comptez 1 heure de colle par quinzaine en SII, physique-chimie, math\u00e9matiques et LV1, et 1 heure trimestrielle en fran\u00e7ais.<\/p>\n\n\n\n<p>Chaque semaine a lieu un <strong>devoir surveill\u00e9 <\/strong>de 4h qui permet un entra\u00eenement \u00e0 l\u2019\u00e9crit des concours. Cette activit\u00e9 demande un effort long et soutenu et permet d\u2019apprendre \u00e0 g\u00e9rer son temps. Cela d\u00e9veloppe aussi l\u2019efficacit\u00e9 du travail \u00e9crit pour gagner un maximum de points sur un sujet donn\u00e9.<\/p>\n\n\n\n<p>Il est int\u00e9ressant de remarquer qu\u2019en comparaison avec les fili\u00e8res MPSI et PCSI, la fili\u00e8re PTSI est celle qui propose le plus fort pourcentage d\u2019enseignement sous forme de Travaux Dirig\u00e9s et de Travaux Pratiques, ce qui permet un encadrement optimal de nos \u00e9tudiants.<\/p>\n\n\n\n<hr>\n\n\n\n<h4 class=\"wp-block-heading\"><strong>La fili\u00e8re pr\u00e9pa PTSI\/PT*<\/strong><\/h4>\n\n\n\n<p>C\u2019est une pr\u00e9pa ouverte aux \u00e9l\u00e8ves ayant obtenu aussi bien un Bac S-SVT ou un bac S-SI. Nous ne constatons aucune difficult\u00e9 particuli\u00e8re pour les \u00e9l\u00e8ves n\u2019ayant jamais fait de SI avant la PTSI.<\/p>\n\n\n\n<p>C\u2019est <strong>la fili\u00e8re la plus proche du r\u00e9el<\/strong> avec un poids aussi important pour les Sciences de l\u2019ing\u00e9nieur que pour les autres mati\u00e8res scientifiques : sciences physiques et math\u00e9matiques. Elle est le prolongement \u00ab naturel \u00bb de la formation S-SI.<\/p>\n\n\n\n<p>C\u2019est la seule fili\u00e8re scientifique qui aborde la r\u00e9sistance des mat\u00e9riaux, discipline se retrouvant dans tout cycle ing\u00e9nieur.<\/p>\n\n\n\n<p>C\u2019est la seule fili\u00e8re scientifique qui aborde en math\u00e9matiques la g\u00e9om\u00e9trie (dans le plan et dans l\u2019espace) permettant aux \u00e9tudiants de mieux visualiser les notions \u00e9tudi\u00e9es.<\/p>\n\n\n\n<p>C\u2019est une fili\u00e8re qui permet d\u2019int\u00e9grer <strong>la plupart des \u00e9coles d\u2019ing\u00e9nieur<\/strong> (\u00e0 part les \u00e9coles sp\u00e9cialis\u00e9es de chimie). Vous vous retrouverez donc en cycle ing\u00e9nieur avec des \u00e9tudiants venant des autres fili\u00e8res scientifiques.<\/p>\n\n\n\n<p><strong>C\u2019est la fili\u00e8re la moins remplie par rapport au nombre de places aux concours qui lui sont r\u00e9serv\u00e9es.<\/strong><\/p>\n\n\n\n<p>Notre lyc\u00e9e offre :<\/p>\n\n\n\n<ul class=\"wp-block-list\">\n<li>la seule pr\u00e9pa de cette fili\u00e8re dans le sud Seine-et-Marne. De plus, la classe de PT est une <em>classe \u00e9toil\u00e9e<\/em>, ce qui indique que m\u00eame les meilleures \u00e9coles sont int\u00e9gr\u00e9es par certains de nos \u00e9l\u00e8ves.<\/li>\n<\/ul>\n\n\n\n<ul class=\"wp-block-list\">\n<li>des r\u00e9sultats aux concours dans des \u00e9coles aussi prestigieuses que Centrale Lille \/ Nantes \/ Marseille, Sup\u00e9lec, les Arts et M\u00e9tiers, jusqu\u2019\u00e0 des \u00e9coles moins renomm\u00e9es pour des \u00e9tudiants atteignant \u00e0 peine la moyenne durant leur ann\u00e9e de terminale.<\/li>\n<\/ul>\n\n\n\n<ul class=\"wp-block-list\">\n<li>le laboratoire de SI le plus \u00e9toff\u00e9 de la r\u00e9gion permettant de travailler sur des syst\u00e8mes vari\u00e9s issus des diff\u00e9rents domaines de l\u2019industrie (loisirs, transports, m\u00e9dical, etc.).<\/li>\n<\/ul>\n\n\n\n<ul class=\"wp-block-list\">\n<li>des moyens et des comp\u00e9tences propres aux lyc\u00e9es techniques permettant de monter des exp\u00e9rimentations de TIPE (\u00e9preuve exp\u00e9rimentale du concours) plus proches du r\u00e9el.<\/li>\n<\/ul>\n\n\n\n<ul class=\"wp-block-list\">\n<li><strong>un internat moderne<\/strong> : deux \u00e9tages, refaits \u00e0 neuf, r\u00e9serv\u00e9s aux \u00e9l\u00e8ves de pr\u00e9pa : un aux \ufb01lles, un aux gar\u00e7ons.<\/li>\n<\/ul>\n\n\n\n<ul class=\"wp-block-list\">\n<li><strong>des effectifs r\u00e9duits<\/strong> : de nombreux cours se d\u00e9roulent en demi-classe assurant un soutien et un suivi personnalis\u00e9 de l\u2019\u00e9quipe p\u00e9dagogique (les professeurs ont ainsi plus de temps \u00e0 consacrer \u00e0 chaque \u00e9l\u00e8ve \u00e9l\u00e8ve lors des s\u00e9ances de TD et de TP)<\/li>\n<\/ul>\n\n\n\n<ul class=\"wp-block-list\">\n<li>La Fayette est <strong>un lyc\u00e9e \u00e0 taille humaine<\/strong>, agr\u00e9able \u00e0 vivre, loin des classes surcharg\u00e9es de certains lyc\u00e9es o\u00f9 certains risquent de se d\u00e9courager alors qu\u2019ils auraient \u00ab surv\u00e9cu \u00bb \u00e0 Champagne-sur-Seine.<\/li>\n<\/ul>\n\n\n\n<ul class=\"wp-block-list\">\n<li>le lyc\u00e9e (notamment l\u2019internat) peut \u00eatre visit\u00e9 lors de <strong>la journ\u00e9e \u00abportes ouvertes\u00bb CPGE, qui aura lieu le samedi 6 mars 2021 de 9h \u00e0 15h.<\/strong><\/li>\n<\/ul>\n\n\n\n<hr>\n\n\n\n<div class=\"wp-block-columns is-layout-flex wp-container-core-columns-is-layout-9d6595d7 wp-block-columns-is-layout-flex\">\n<div class=\"wp-block-column is-layout-flow wp-block-column-is-layout-flow\">\n<div class=\"wp-block-group\"><div class=\"wp-block-group__inner-container is-layout-flow wp-block-group-is-layout-flow\">\n<h4 class=\"wp-block-heading\">Sciences de l&rsquo;ing\u00e9nieur<\/h4>\n\n\n\n<p><strong>Les SII sont le c\u0153ur du m\u00e9tier de la majorit\u00e9 des ing\u00e9nieurs <\/strong>&nbsp;(bureaux d\u2019\u00e9tude, recherche et d\u00e9veloppement, production, d\u00e9veloppement durable, etc.).<\/p>\n\n\n\n<p><a href=\"https:\/\/www.lyceelafayette.fr\/index.php\/sciences-de-lingenieur\/\">Ouvrir la page des Sciences de l\u2019Ing\u00e9nieur<\/a><\/p>\n\n\n\n<div class=\"wp-block-group\"><div class=\"wp-block-group__inner-container is-layout-flow wp-block-group-is-layout-flow\">\n<h4 class=\"wp-block-heading\">Informatique pour tous<\/h4>\n\n\n\n<p>Organisation de la formation<\/p>\n\n\n\n<p>Le nouveau programme 2013 fait appara\u00eetre une nouvelle discipline : l\u2019Informatique.<\/p>\n\n\n\n<p>Le volume horaire et le programme d\u2019informatique est le m\u00eame pour toutes les CPGE scientifiques \u00e0 savoir :<\/p>\n\n\n\n<p>1 heure de cours et 1 heure de TP en PTSI,<br>1 heures de cours et 1 heure de TD au premier semestre de PT.<\/p>\n\n\n\n<p><a href=\"https:\/\/www.lyceelafayette.fr\/index.php\/informatique-pour-tous\/\">Ouvrir la page de l\u2019Informatique Pour Tous<\/a><\/p>\n<\/div><\/div>\n<\/div><\/div>\n<\/div>\n\n\n\n<div class=\"wp-block-column is-layout-flow wp-block-column-is-layout-flow\">\n<div class=\"wp-block-group\"><div class=\"wp-block-group__inner-container is-layout-flow wp-block-group-is-layout-flow\">\n<h4 class=\"wp-block-heading\">Math\u00e9matiques<\/h4>\n\n\n\n<p>Objectifs du programme<\/p>\n\n\n\n<p>Les math\u00e9matiques repr\u00e9sentent une part non n\u00e9gligeable du volume horaire de cours en PTSI et PT : <br>&nbsp;7 heures de cours et 3 heures de TD en PTSI, <br>&nbsp;6 heures de cours et 3 heures de TD en PT.<\/p>\n\n\n\n<p><a href=\"https:\/\/www.lyceelafayette.fr\/index.php\/mathematiques\/\">Ouvrir la page des Math\u00e9matiques<\/a><\/p>\n\n\n\n<div class=\"wp-block-group\"><div class=\"wp-block-group__inner-container is-layout-flow wp-block-group-is-layout-flow\">\n<h4 class=\"wp-block-heading\">Physique-chimie<\/h4>\n\n\n\n<p>Les principaux th\u00e8mes du programme de physique sont les suivants :<\/p>\n\n\n\n<p><a href=\"https:\/\/www.lyceelafayette.fr\/index.php\/physique-chimie\/\">Ouvrir la page sur la physique &#8211; chimie<\/a><\/p>\n\n\n\n<div class=\"wp-block-group\"><div class=\"wp-block-group__inner-container is-layout-flow wp-block-group-is-layout-flow\">\n<h4 class=\"wp-block-heading\">Lettres-langues<\/h4>\n\n\n\n<p>En classes pr\u00e9paratoires aux grandes \u00e9coles scientifiques, on a tenu \u00e0 maintenir un enseignement en fran\u00e7ais-philosophie qui consiste en deux heures de cours hebdomadaires. Cette double discipline a pour but de maintenir chez les scientifiques une exigence de clart\u00e9 et de qualit\u00e9 dans l\u2019expression tant \u00e9crite qu\u2019orale, ainsi qu\u2019une base de culture g\u00e9n\u00e9rale. En effet, le m\u00e9tier d\u2019ing\u00e9nieur suppose des qualit\u00e9s intellectuelles qui requi\u00e8rent un esprit critique et curieux.<\/p>\n\n\n\n<p><a href=\"https:\/\/www.lyceelafayette.fr\/index.php\/lettres-langues\/\">Ouvrir la page sur les Lettres Langues en CPGE<\/a><\/p>\n<\/div><\/div>\n<\/div><\/div>\n<\/div><\/div>\n<\/div>\n<\/div>\n\n\n\n<hr>\n\n\n\n<h4 class=\"wp-block-heading\">Divers<\/h4>\n\n\n\n<p><strong><a href=\"https:\/\/www.lyceelafayette.fr\/index.php\/prepa-concours\/\">Organisation du Concours<\/a><\/strong><\/p>\n\n\n\n<p><strong><a href=\"https:\/\/www.lyceelafayette.fr\/index.php\/resultats\/\">R\u00e9sultats<\/a><\/strong><\/p>\n\n\n\n<p><strong><a href=\"https:\/\/www.lyceelafayette.fr\/index.php\/temoignages\/\">T\u00e9moignages<\/a><\/strong><\/p>\n\n\n\n<hr>\n\n\n\n<h4 class=\"wp-block-heading\">Liste des conventions de rapprochement<\/h4>\n\n\n<ul><!--\n\n\n\n\n\n\n\n\n\n<li>Universit\u00e9 d'Evry Val d'Essonne : Acc\u00e9der \u00e0 la convention<\/li>\n\n\n\n\n\n\n\n\n\n-->\n<li>Universit\u00e9 Gustave Eiffel : <a href=\"https:\/\/www.lyceelafayette.fr\/wp-content\/uploads\/2023\/12\/CONVENTION_G_EIFFELCONTINIUM.pdf\"><strong>Acc\u00e9der \u00e0 la convention<\/strong><\/a><\/li>\n<li>Universit\u00e9 Paris 8 : <a href=\"https:\/\/www.lyceelafayette.fr\/wp-content\/uploads\/2022\/11\/Convention-Univ-Paris-8.pdf \"><strong>Acc\u00e9der \u00e0 la convention<\/strong><\/a><\/li>\n<\/ul>\n\n\n<p><\/p>\n","protected":false},"excerpt":{"rendered":"<p>Pr\u00e9sentation \u25ba La fili\u00e8re \u00ab&nbsp;PT&nbsp;\u00bb est une fili\u00e8re de CPGE (classes pr\u00e9paratoires aux grandes \u00e9coles) g\u00e9n\u00e9raliste, qui s\u2019appuie sur un enseignement \u00e9quilibr\u00e9 reposant sur 4 piliers fondamentaux&nbsp;: &nbsp;les Sciences industrielles , &nbsp;les Math\u00e9matiques, &nbsp;la&nbsp;Physique-chimie &nbsp;et les Lettres-langues. Un enseignement sp\u00e9cifique d\u2019informatique a \u00e9t\u00e9 introduit depuis la rentr\u00e9e 2013. Cette fili\u00e8re&#8230; <a class=\"continue-reading-link\" href=\"https:\/\/www.lyceelafayette.fr\/index.php\/ptsi-pt\/\">lire la suite<\/a><\/p>\n","protected":false},"author":1,"featured_media":0,"parent":0,"menu_order":0,"comment_status":"closed","ping_status":"closed","template":"","meta":{"footnotes":""},"class_list":["post-899","page","type-page","status-publish","hentry"],"yoast_head":"<!-- This site is optimized with the Yoast SEO plugin v27.5 - https:\/\/yoast.com\/product\/yoast-seo-wordpress\/ -->\n<title>PTSI-PT* - Lyc\u00e9e La Fayette<\/title>\n<meta name=\"robots\" content=\"index, follow, max-snippet:-1, max-image-preview:large, max-video-preview:-1\" \/>\n<link rel=\"canonical\" href=\"https:\/\/www.lyceelafayette.fr\/index.php\/ptsi-pt\/\" \/>\n<meta property=\"og:locale\" content=\"fr_FR\" \/>\n<meta property=\"og:type\" content=\"article\" \/>\n<meta property=\"og:title\" content=\"PTSI-PT* - Lyc\u00e9e La Fayette\" \/>\n<meta property=\"og:description\" content=\"Pr\u00e9sentation \u25ba La fili\u00e8re \u00ab&nbsp;PT&nbsp;\u00bb est une fili\u00e8re de CPGE (classes pr\u00e9paratoires aux grandes \u00e9coles) g\u00e9n\u00e9raliste, qui s\u2019appuie sur un enseignement \u00e9quilibr\u00e9 reposant sur 4 piliers fondamentaux&nbsp;: &nbsp;les Sciences industrielles , &nbsp;les Math\u00e9matiques, &nbsp;la&nbsp;Physique-chimie &nbsp;et les Lettres-langues. Un enseignement sp\u00e9cifique d\u2019informatique a \u00e9t\u00e9 introduit depuis la rentr\u00e9e 2013. Cette fili\u00e8re... lire la suite\" \/>\n<meta property=\"og:url\" content=\"https:\/\/www.lyceelafayette.fr\/index.php\/ptsi-pt\/\" \/>\n<meta property=\"og:site_name\" content=\"Lyc\u00e9e La Fayette\" \/>\n<meta property=\"article:modified_time\" content=\"2025-12-17T11:21:28+00:00\" \/>\n<meta property=\"og:image\" content=\"https:\/\/www.lyceelafayette.fr\/wp-content\/uploads\/2021\/02\/salle-de-cours_redim.jpg\" \/>\n\t<meta property=\"og:image:width\" content=\"555\" \/>\n\t<meta property=\"og:image:height\" content=\"417\" \/>\n\t<meta property=\"og:image:type\" content=\"image\/jpeg\" \/>\n<meta name=\"twitter:card\" content=\"summary_large_image\" \/>\n<meta name=\"twitter:label1\" content=\"Dur\u00e9e de lecture estim\u00e9e\" \/>\n\t<meta name=\"twitter:data1\" content=\"11 minutes\" \/>\n<script type=\"application\/ld+json\" class=\"yoast-schema-graph\">{\"@context\":\"https:\\\/\\\/schema.org\",\"@graph\":[{\"@type\":\"WebPage\",\"@id\":\"https:\\\/\\\/www.lyceelafayette.fr\\\/index.php\\\/ptsi-pt\\\/\",\"url\":\"https:\\\/\\\/www.lyceelafayette.fr\\\/index.php\\\/ptsi-pt\\\/\",\"name\":\"PTSI-PT* - Lyc\u00e9e La Fayette\",\"isPartOf\":{\"@id\":\"https:\\\/\\\/www.lyceelafayette.fr\\\/#website\"},\"primaryImageOfPage\":{\"@id\":\"https:\\\/\\\/www.lyceelafayette.fr\\\/index.php\\\/ptsi-pt\\\/#primaryimage\"},\"image\":{\"@id\":\"https:\\\/\\\/www.lyceelafayette.fr\\\/index.php\\\/ptsi-pt\\\/#primaryimage\"},\"thumbnailUrl\":\"https:\\\/\\\/www.lyceelafayette.fr\\\/wp-content\\\/uploads\\\/2021\\\/02\\\/salle-de-cours_redim.jpg\",\"datePublished\":\"2019-03-19T13:41:02+00:00\",\"dateModified\":\"2025-12-17T11:21:28+00:00\",\"breadcrumb\":{\"@id\":\"https:\\\/\\\/www.lyceelafayette.fr\\\/index.php\\\/ptsi-pt\\\/#breadcrumb\"},\"inLanguage\":\"fr-FR\",\"potentialAction\":[{\"@type\":\"ReadAction\",\"target\":[\"https:\\\/\\\/www.lyceelafayette.fr\\\/index.php\\\/ptsi-pt\\\/\"]}]},{\"@type\":\"ImageObject\",\"inLanguage\":\"fr-FR\",\"@id\":\"https:\\\/\\\/www.lyceelafayette.fr\\\/index.php\\\/ptsi-pt\\\/#primaryimage\",\"url\":\"https:\\\/\\\/www.lyceelafayette.fr\\\/wp-content\\\/uploads\\\/2021\\\/02\\\/salle-de-cours_redim.jpg\",\"contentUrl\":\"https:\\\/\\\/www.lyceelafayette.fr\\\/wp-content\\\/uploads\\\/2021\\\/02\\\/salle-de-cours_redim.jpg\",\"width\":555,\"height\":417},{\"@type\":\"BreadcrumbList\",\"@id\":\"https:\\\/\\\/www.lyceelafayette.fr\\\/index.php\\\/ptsi-pt\\\/#breadcrumb\",\"itemListElement\":[{\"@type\":\"ListItem\",\"position\":1,\"name\":\"Accueil\",\"item\":\"https:\\\/\\\/www.lyceelafayette.fr\\\/\"},{\"@type\":\"ListItem\",\"position\":2,\"name\":\"PTSI-PT*\"}]},{\"@type\":\"WebSite\",\"@id\":\"https:\\\/\\\/www.lyceelafayette.fr\\\/#website\",\"url\":\"https:\\\/\\\/www.lyceelafayette.fr\\\/\",\"name\":\"Lyc\u00e9e La Fayette\",\"description\":\"\",\"publisher\":{\"@id\":\"https:\\\/\\\/www.lyceelafayette.fr\\\/#organization\"},\"potentialAction\":[{\"@type\":\"SearchAction\",\"target\":{\"@type\":\"EntryPoint\",\"urlTemplate\":\"https:\\\/\\\/www.lyceelafayette.fr\\\/?s={search_term_string}\"},\"query-input\":{\"@type\":\"PropertyValueSpecification\",\"valueRequired\":true,\"valueName\":\"search_term_string\"}}],\"inLanguage\":\"fr-FR\"},{\"@type\":\"Organization\",\"@id\":\"https:\\\/\\\/www.lyceelafayette.fr\\\/#organization\",\"name\":\"Lyc\u00e9e La Fayette\",\"url\":\"https:\\\/\\\/www.lyceelafayette.fr\\\/\",\"logo\":{\"@type\":\"ImageObject\",\"inLanguage\":\"fr-FR\",\"@id\":\"https:\\\/\\\/www.lyceelafayette.fr\\\/#\\\/schema\\\/logo\\\/image\\\/\",\"url\":\"https:\\\/\\\/www.lyceelafayette.fr\\\/wp-content\\\/uploads\\\/2019\\\/06\\\/llf_logo_alpha.png\",\"contentUrl\":\"https:\\\/\\\/www.lyceelafayette.fr\\\/wp-content\\\/uploads\\\/2019\\\/06\\\/llf_logo_alpha.png\",\"width\":1583,\"height\":792,\"caption\":\"Lyc\u00e9e La Fayette\"},\"image\":{\"@id\":\"https:\\\/\\\/www.lyceelafayette.fr\\\/#\\\/schema\\\/logo\\\/image\\\/\"},\"sameAs\":[\"https:\\\/\\\/www.youtube.com\\\/channel\\\/UC2AOQowoMGBKdY4ToZsf9mw\"]}]}<\/script>\n<!-- \/ Yoast SEO plugin. -->","yoast_head_json":{"title":"PTSI-PT* - Lyc\u00e9e La Fayette","robots":{"index":"index","follow":"follow","max-snippet":"max-snippet:-1","max-image-preview":"max-image-preview:large","max-video-preview":"max-video-preview:-1"},"canonical":"https:\/\/www.lyceelafayette.fr\/index.php\/ptsi-pt\/","og_locale":"fr_FR","og_type":"article","og_title":"PTSI-PT* - Lyc\u00e9e La Fayette","og_description":"Pr\u00e9sentation \u25ba La fili\u00e8re \u00ab&nbsp;PT&nbsp;\u00bb est une fili\u00e8re de CPGE (classes pr\u00e9paratoires aux grandes \u00e9coles) g\u00e9n\u00e9raliste, qui s\u2019appuie sur un enseignement \u00e9quilibr\u00e9 reposant sur 4 piliers fondamentaux&nbsp;: &nbsp;les Sciences industrielles , &nbsp;les Math\u00e9matiques, &nbsp;la&nbsp;Physique-chimie &nbsp;et les Lettres-langues. Un enseignement sp\u00e9cifique d\u2019informatique a \u00e9t\u00e9 introduit depuis la rentr\u00e9e 2013. Cette fili\u00e8re... lire la suite","og_url":"https:\/\/www.lyceelafayette.fr\/index.php\/ptsi-pt\/","og_site_name":"Lyc\u00e9e La Fayette","article_modified_time":"2025-12-17T11:21:28+00:00","og_image":[{"width":555,"height":417,"url":"https:\/\/www.lyceelafayette.fr\/wp-content\/uploads\/2021\/02\/salle-de-cours_redim.jpg","type":"image\/jpeg"}],"twitter_card":"summary_large_image","twitter_misc":{"Dur\u00e9e de lecture estim\u00e9e":"11 minutes"},"schema":{"@context":"https:\/\/schema.org","@graph":[{"@type":"WebPage","@id":"https:\/\/www.lyceelafayette.fr\/index.php\/ptsi-pt\/","url":"https:\/\/www.lyceelafayette.fr\/index.php\/ptsi-pt\/","name":"PTSI-PT* - Lyc\u00e9e La Fayette","isPartOf":{"@id":"https:\/\/www.lyceelafayette.fr\/#website"},"primaryImageOfPage":{"@id":"https:\/\/www.lyceelafayette.fr\/index.php\/ptsi-pt\/#primaryimage"},"image":{"@id":"https:\/\/www.lyceelafayette.fr\/index.php\/ptsi-pt\/#primaryimage"},"thumbnailUrl":"https:\/\/www.lyceelafayette.fr\/wp-content\/uploads\/2021\/02\/salle-de-cours_redim.jpg","datePublished":"2019-03-19T13:41:02+00:00","dateModified":"2025-12-17T11:21:28+00:00","breadcrumb":{"@id":"https:\/\/www.lyceelafayette.fr\/index.php\/ptsi-pt\/#breadcrumb"},"inLanguage":"fr-FR","potentialAction":[{"@type":"ReadAction","target":["https:\/\/www.lyceelafayette.fr\/index.php\/ptsi-pt\/"]}]},{"@type":"ImageObject","inLanguage":"fr-FR","@id":"https:\/\/www.lyceelafayette.fr\/index.php\/ptsi-pt\/#primaryimage","url":"https:\/\/www.lyceelafayette.fr\/wp-content\/uploads\/2021\/02\/salle-de-cours_redim.jpg","contentUrl":"https:\/\/www.lyceelafayette.fr\/wp-content\/uploads\/2021\/02\/salle-de-cours_redim.jpg","width":555,"height":417},{"@type":"BreadcrumbList","@id":"https:\/\/www.lyceelafayette.fr\/index.php\/ptsi-pt\/#breadcrumb","itemListElement":[{"@type":"ListItem","position":1,"name":"Accueil","item":"https:\/\/www.lyceelafayette.fr\/"},{"@type":"ListItem","position":2,"name":"PTSI-PT*"}]},{"@type":"WebSite","@id":"https:\/\/www.lyceelafayette.fr\/#website","url":"https:\/\/www.lyceelafayette.fr\/","name":"Lyc\u00e9e La Fayette","description":"","publisher":{"@id":"https:\/\/www.lyceelafayette.fr\/#organization"},"potentialAction":[{"@type":"SearchAction","target":{"@type":"EntryPoint","urlTemplate":"https:\/\/www.lyceelafayette.fr\/?s={search_term_string}"},"query-input":{"@type":"PropertyValueSpecification","valueRequired":true,"valueName":"search_term_string"}}],"inLanguage":"fr-FR"},{"@type":"Organization","@id":"https:\/\/www.lyceelafayette.fr\/#organization","name":"Lyc\u00e9e La Fayette","url":"https:\/\/www.lyceelafayette.fr\/","logo":{"@type":"ImageObject","inLanguage":"fr-FR","@id":"https:\/\/www.lyceelafayette.fr\/#\/schema\/logo\/image\/","url":"https:\/\/www.lyceelafayette.fr\/wp-content\/uploads\/2019\/06\/llf_logo_alpha.png","contentUrl":"https:\/\/www.lyceelafayette.fr\/wp-content\/uploads\/2019\/06\/llf_logo_alpha.png","width":1583,"height":792,"caption":"Lyc\u00e9e La Fayette"},"image":{"@id":"https:\/\/www.lyceelafayette.fr\/#\/schema\/logo\/image\/"},"sameAs":["https:\/\/www.youtube.com\/channel\/UC2AOQowoMGBKdY4ToZsf9mw"]}]}},"_links":{"self":[{"href":"https:\/\/www.lyceelafayette.fr\/index.php\/wp-json\/wp\/v2\/pages\/899","targetHints":{"allow":["GET"]}}],"collection":[{"href":"https:\/\/www.lyceelafayette.fr\/index.php\/wp-json\/wp\/v2\/pages"}],"about":[{"href":"https:\/\/www.lyceelafayette.fr\/index.php\/wp-json\/wp\/v2\/types\/page"}],"author":[{"embeddable":true,"href":"https:\/\/www.lyceelafayette.fr\/index.php\/wp-json\/wp\/v2\/users\/1"}],"replies":[{"embeddable":true,"href":"https:\/\/www.lyceelafayette.fr\/index.php\/wp-json\/wp\/v2\/comments?post=899"}],"version-history":[{"count":41,"href":"https:\/\/www.lyceelafayette.fr\/index.php\/wp-json\/wp\/v2\/pages\/899\/revisions"}],"predecessor-version":[{"id":7322,"href":"https:\/\/www.lyceelafayette.fr\/index.php\/wp-json\/wp\/v2\/pages\/899\/revisions\/7322"}],"wp:attachment":[{"href":"https:\/\/www.lyceelafayette.fr\/index.php\/wp-json\/wp\/v2\/media?parent=899"}],"curies":[{"name":"wp","href":"https:\/\/api.w.org\/{rel}","templated":true}]}}