{"id":6533,"date":"2024-01-29T18:35:09","date_gmt":"2024-01-29T17:35:09","guid":{"rendered":"https:\/\/www.lyceelafayette.fr\/?page_id=6533"},"modified":"2024-02-02T11:56:10","modified_gmt":"2024-02-02T10:56:10","slug":"metiers-de-la-coiffure","status":"publish","type":"page","link":"https:\/\/www.lyceelafayette.fr\/index.php\/metiers-de-la-coiffure\/","title":{"rendered":"M\u00e9tiers de la Coiffure"},"content":{"rendered":"\n<p>Le titulaire du baccalaur\u00e9at professionnel M\u00e9tiers de la Coiffure (BCP Coiffure) con\u00e7oit et r\u00e9alise des prestations de coiffure complexes, propose la vente de services et de produits de coiffure et peut piloter une entreprise de coiffure.<\/p>\n\n\n\n<p>Le (la) titulaire du baccalaur\u00e9at professionnel M\u00e9tiers de la coiffure est un(e) professionnel(le) hautement qualifi\u00e9(e) sp\u00e9cialis\u00e9(e) dans : <\/p>\n\n\n\n<ul class=\"wp-block-list\">\n<li>Les techniques de coupe, de forme, de coloration, de coiffage sur une client\u00e8le f\u00e9minine et masculine,<\/li>\n\n\n\n<li>L\u2019accueil de la client\u00e8le,<\/li>\n\n\n\n<li>Le conseil personnalis\u00e9 pour la vente de prestations et de produits,<\/li>\n\n\n\n<li>L\u2019animation de l\u2019\u00e9quipe au sein de l\u2019entreprise,<\/li>\n\n\n\n<li>La gestion technique, administrative et financi\u00e8re courante d\u2019un salon de coiffure ou d\u2019une activit\u00e9 ind\u00e9pendante.<\/li>\n<\/ul>\n\n\n\n<p>Il vend des produits cosm\u00e9tiques et des services, pour r\u00e9pondre \u00e0 la demande des clients, et peut participer \u00e0 l\u2019animation d\u2019un espace de vente. Il prend part \u00e0 la gestion des produits et des \u00e9quipements (rangement des produits et de l\u2019outillage, gestion des mat\u00e9riels, suivi des stocks).<\/p>\n\n\n\n<p>Enfin, il peut \u00eatre amen\u00e9 \u00e0 assurer la gestion administrative et financi\u00e8re courante (pr\u00e9vision des ventes, op\u00e9rations bancaires, etc.) et \u00e0 encadrer du personnel.<\/p>\n\n\n\n<p>Le bachelier exerce son activit\u00e9 dans :<\/p>\n\n\n\n<ul class=\"wp-block-list\">\n<li>Tout type d\u2019entreprises de coiffure (salons de coiffure, salons itin\u00e9rants, entreprises de coiffure \u00e0 domicile, entreprises li\u00e9es au secteur de la coiffure),<\/li>\n\n\n\n<li>M\u00e9tiers du spectacle et de la mode,<\/li>\n\n\n\n<li>Centre esth\u00e9tique avec des activit\u00e9s de coiffure int\u00e9gr\u00e9es,<\/li>\n\n\n\n<li>\u00c9tablissements de thalassoth\u00e9rapie, baln\u00e9oth\u00e9rapie avec des activit\u00e9s de coiffure int\u00e9gr\u00e9es,<\/li>\n\n\n\n<li>\u00c9tablissements de tourisme, centres de vacances, de loisirs,<\/li>\n\n\n\n<li>\u00c9tablissements de soins, de cure, de convalescence, de r\u00e9adaptation, d\u2019h\u00e9bergement pour personnes \u00e2g\u00e9es,<\/li>\n\n\n\n<li>Entreprises de distribution de produits et mat\u00e9riels professionnels de coiffure,<\/li>\n\n\n\n<li>Entreprises de fabrication de produits capillaires et de mat\u00e9riels professionnels,<\/li>\n\n\n\n<li>Centres ou associations de r\u00e9insertion sociale, centre carc\u00e9ral.<\/li>\n<\/ul>\n\n\n\n<h2 class=\"wp-block-heading\"><a><\/a><strong><em><u>Conditions d\u2019admission<\/u><\/em><\/strong><strong><em><u><\/u><\/em><\/strong><\/h2>\n\n\n\n<p>Depuis septembre 2019, les \u00e9l\u00e8ves issus d\u2019une classe de 3e peuvent acc\u00e9der \u00e0 ce bac pro en int\u00e9grant la seconde <strong><em>\u00ab M\u00e9tiers de la beaut\u00e9 et du bien-\u00eatre \u00bb<\/em><\/strong>.<\/p>\n\n\n\n<figure class=\"wp-block-image size-full\"><img loading=\"lazy\" decoding=\"async\" width=\"904\" height=\"380\" src=\"https:\/\/www.lyceelafayette.fr\/wp-content\/uploads\/2024\/01\/image-2.png\" alt=\"\" class=\"wp-image-6535\"\/><\/figure>\n\n\n\n<p><strong><em><u>D\u00e9couvrez les plateaux et les activit\u00e9s du lyc\u00e9e LA FAYETTE<\/u><\/em><\/strong><strong><em><u><\/u><\/em><\/strong><\/p>\n\n\n\n<p>Les plateaux de coiffure du lyc\u00e9e La Fayette ont \u00e9t\u00e9 livr\u00e9s en Janvier 2024. Ils seront donc parfaitement op\u00e9rationnels pour la rentr\u00e9e 2024-2025, offrant les meilleures conditions d\u2019apprentissage aux \u00e9l\u00e8ves de Seconde MBBE et de 1\u00e8re et Terminale BCP M\u00e9tiers de la coiffure. Les locaux, pens\u00e9s pour \u00eatre \u00e0 la fois ergonomiques et spacieux, ont \u00e9galement \u00e9t\u00e9 r\u00e9fl\u00e9chis pour permettre des \u00e9changes entre les classes (de m\u00eames niveaux ou de niveaux diff\u00e9rents) mais \u00e9galement des \u00e9changes entre les professeurs, favorisant ainsi la co-animation de classe.<\/p>\n\n\n\n<p>Des ateliers p\u00e9dagogiques seront mis en place d\u00e8s F\u00e9vrier 2024 et seront donc ouverts au public d\u00e9sireux de venir s\u2019offrir un moment de d\u00e9tente capillaire aupr\u00e8s de nos \u00e9l\u00e8ves.<\/p>\n\n\n\n<p><strong><em><u>P\u00e9riodes de Formation en Milieu Professionnel (PFMP)<\/u><\/em><\/strong><\/p>\n\n\n\n<p>Comme pour tout bac professionnel, les \u00e9l\u00e8ves doivent r\u00e9aliser 22 semaines de PFMP. Ces 22 semaines en entreprise se d\u00e9composent en 6 semaines durant l&rsquo;ann\u00e9e de seconde puis 8 semaines en classe de premi\u00e8re et enfin 8 semaines en terminale.<\/p>\n\n\n\n<h3 class=\"wp-block-heading\"><a><\/a><strong><em><u>Poursuites d\u2019\u00e9tudes possibles<\/u><\/em><\/strong><strong><em><u><\/u><\/em><\/strong><\/h3>\n\n\n\n<ul class=\"wp-block-list\">\n<li>BTS M\u00e9tiers de la Coiffure<\/li>\n\n\n\n<li>Bachelor Coiffure et entreprenariat<\/li>\n\n\n\n<li>BM Coiffure<\/li>\n<\/ul>\n","protected":false},"excerpt":{"rendered":"<p>Le titulaire du baccalaur\u00e9at professionnel M\u00e9tiers de la Coiffure (BCP Coiffure) con\u00e7oit et r\u00e9alise des prestations de coiffure complexes, propose la vente de services et de produits de coiffure et peut piloter une entreprise de coiffure. Le (la) titulaire du baccalaur\u00e9at professionnel M\u00e9tiers de la coiffure est un(e) professionnel(le) hautement&#8230; <a class=\"continue-reading-link\" href=\"https:\/\/www.lyceelafayette.fr\/index.php\/metiers-de-la-coiffure\/\">lire la suite<\/a><\/p>\n","protected":false},"author":8,"featured_media":0,"parent":0,"menu_order":0,"comment_status":"closed","ping_status":"closed","template":"","meta":{"footnotes":""},"class_list":["post-6533","page","type-page","status-publish","hentry"],"yoast_head":"<!-- This site is optimized with the Yoast SEO plugin v27.5 - https:\/\/yoast.com\/product\/yoast-seo-wordpress\/ -->\n<title>M\u00e9tiers de la Coiffure - Lyc\u00e9e La Fayette<\/title>\n<meta name=\"robots\" content=\"index, follow, max-snippet:-1, max-image-preview:large, max-video-preview:-1\" \/>\n<link rel=\"canonical\" href=\"https:\/\/www.lyceelafayette.fr\/index.php\/metiers-de-la-coiffure\/\" \/>\n<meta property=\"og:locale\" content=\"fr_FR\" \/>\n<meta property=\"og:type\" content=\"article\" \/>\n<meta property=\"og:title\" content=\"M\u00e9tiers de la Coiffure - Lyc\u00e9e La Fayette\" \/>\n<meta property=\"og:description\" content=\"Le titulaire du baccalaur\u00e9at professionnel M\u00e9tiers de la Coiffure (BCP Coiffure) con\u00e7oit et r\u00e9alise des prestations de coiffure complexes, propose la vente de services et de produits de coiffure et peut piloter une entreprise de coiffure. Le (la) titulaire du baccalaur\u00e9at professionnel M\u00e9tiers de la coiffure est un(e) professionnel(le) hautement... lire la suite\" \/>\n<meta property=\"og:url\" content=\"https:\/\/www.lyceelafayette.fr\/index.php\/metiers-de-la-coiffure\/\" \/>\n<meta property=\"og:site_name\" content=\"Lyc\u00e9e La Fayette\" \/>\n<meta property=\"article:modified_time\" content=\"2024-02-02T10:56:10+00:00\" \/>\n<meta property=\"og:image\" content=\"https:\/\/www.lyceelafayette.fr\/wp-content\/uploads\/2024\/01\/image-2.png\" \/>\n<meta name=\"twitter:card\" content=\"summary_large_image\" \/>\n<meta name=\"twitter:label1\" content=\"Dur\u00e9e de lecture estim\u00e9e\" \/>\n\t<meta name=\"twitter:data1\" content=\"3 minutes\" \/>\n<script type=\"application\/ld+json\" class=\"yoast-schema-graph\">{\"@context\":\"https:\\\/\\\/schema.org\",\"@graph\":[{\"@type\":\"WebPage\",\"@id\":\"https:\\\/\\\/www.lyceelafayette.fr\\\/index.php\\\/metiers-de-la-coiffure\\\/\",\"url\":\"https:\\\/\\\/www.lyceelafayette.fr\\\/index.php\\\/metiers-de-la-coiffure\\\/\",\"name\":\"M\u00e9tiers de la Coiffure - Lyc\u00e9e La Fayette\",\"isPartOf\":{\"@id\":\"https:\\\/\\\/www.lyceelafayette.fr\\\/#website\"},\"primaryImageOfPage\":{\"@id\":\"https:\\\/\\\/www.lyceelafayette.fr\\\/index.php\\\/metiers-de-la-coiffure\\\/#primaryimage\"},\"image\":{\"@id\":\"https:\\\/\\\/www.lyceelafayette.fr\\\/index.php\\\/metiers-de-la-coiffure\\\/#primaryimage\"},\"thumbnailUrl\":\"https:\\\/\\\/www.lyceelafayette.fr\\\/wp-content\\\/uploads\\\/2024\\\/01\\\/image-2.png\",\"datePublished\":\"2024-01-29T17:35:09+00:00\",\"dateModified\":\"2024-02-02T10:56:10+00:00\",\"breadcrumb\":{\"@id\":\"https:\\\/\\\/www.lyceelafayette.fr\\\/index.php\\\/metiers-de-la-coiffure\\\/#breadcrumb\"},\"inLanguage\":\"fr-FR\",\"potentialAction\":[{\"@type\":\"ReadAction\",\"target\":[\"https:\\\/\\\/www.lyceelafayette.fr\\\/index.php\\\/metiers-de-la-coiffure\\\/\"]}]},{\"@type\":\"ImageObject\",\"inLanguage\":\"fr-FR\",\"@id\":\"https:\\\/\\\/www.lyceelafayette.fr\\\/index.php\\\/metiers-de-la-coiffure\\\/#primaryimage\",\"url\":\"https:\\\/\\\/www.lyceelafayette.fr\\\/wp-content\\\/uploads\\\/2024\\\/01\\\/image-2.png\",\"contentUrl\":\"https:\\\/\\\/www.lyceelafayette.fr\\\/wp-content\\\/uploads\\\/2024\\\/01\\\/image-2.png\",\"width\":904,\"height\":380},{\"@type\":\"BreadcrumbList\",\"@id\":\"https:\\\/\\\/www.lyceelafayette.fr\\\/index.php\\\/metiers-de-la-coiffure\\\/#breadcrumb\",\"itemListElement\":[{\"@type\":\"ListItem\",\"position\":1,\"name\":\"Accueil\",\"item\":\"https:\\\/\\\/www.lyceelafayette.fr\\\/\"},{\"@type\":\"ListItem\",\"position\":2,\"name\":\"M\u00e9tiers de la Coiffure\"}]},{\"@type\":\"WebSite\",\"@id\":\"https:\\\/\\\/www.lyceelafayette.fr\\\/#website\",\"url\":\"https:\\\/\\\/www.lyceelafayette.fr\\\/\",\"name\":\"Lyc\u00e9e La Fayette\",\"description\":\"\",\"publisher\":{\"@id\":\"https:\\\/\\\/www.lyceelafayette.fr\\\/#organization\"},\"potentialAction\":[{\"@type\":\"SearchAction\",\"target\":{\"@type\":\"EntryPoint\",\"urlTemplate\":\"https:\\\/\\\/www.lyceelafayette.fr\\\/?s={search_term_string}\"},\"query-input\":{\"@type\":\"PropertyValueSpecification\",\"valueRequired\":true,\"valueName\":\"search_term_string\"}}],\"inLanguage\":\"fr-FR\"},{\"@type\":\"Organization\",\"@id\":\"https:\\\/\\\/www.lyceelafayette.fr\\\/#organization\",\"name\":\"Lyc\u00e9e La Fayette\",\"url\":\"https:\\\/\\\/www.lyceelafayette.fr\\\/\",\"logo\":{\"@type\":\"ImageObject\",\"inLanguage\":\"fr-FR\",\"@id\":\"https:\\\/\\\/www.lyceelafayette.fr\\\/#\\\/schema\\\/logo\\\/image\\\/\",\"url\":\"https:\\\/\\\/www.lyceelafayette.fr\\\/wp-content\\\/uploads\\\/2019\\\/06\\\/llf_logo_alpha.png\",\"contentUrl\":\"https:\\\/\\\/www.lyceelafayette.fr\\\/wp-content\\\/uploads\\\/2019\\\/06\\\/llf_logo_alpha.png\",\"width\":1583,\"height\":792,\"caption\":\"Lyc\u00e9e La Fayette\"},\"image\":{\"@id\":\"https:\\\/\\\/www.lyceelafayette.fr\\\/#\\\/schema\\\/logo\\\/image\\\/\"},\"sameAs\":[\"https:\\\/\\\/www.youtube.com\\\/channel\\\/UC2AOQowoMGBKdY4ToZsf9mw\"]}]}<\/script>\n<!-- \/ Yoast SEO plugin. -->","yoast_head_json":{"title":"M\u00e9tiers de la Coiffure - Lyc\u00e9e La Fayette","robots":{"index":"index","follow":"follow","max-snippet":"max-snippet:-1","max-image-preview":"max-image-preview:large","max-video-preview":"max-video-preview:-1"},"canonical":"https:\/\/www.lyceelafayette.fr\/index.php\/metiers-de-la-coiffure\/","og_locale":"fr_FR","og_type":"article","og_title":"M\u00e9tiers de la Coiffure - Lyc\u00e9e La Fayette","og_description":"Le titulaire du baccalaur\u00e9at professionnel M\u00e9tiers de la Coiffure (BCP Coiffure) con\u00e7oit et r\u00e9alise des prestations de coiffure complexes, propose la vente de services et de produits de coiffure et peut piloter une entreprise de coiffure. Le (la) titulaire du baccalaur\u00e9at professionnel M\u00e9tiers de la coiffure est un(e) professionnel(le) hautement... lire la suite","og_url":"https:\/\/www.lyceelafayette.fr\/index.php\/metiers-de-la-coiffure\/","og_site_name":"Lyc\u00e9e La Fayette","article_modified_time":"2024-02-02T10:56:10+00:00","og_image":[{"url":"https:\/\/www.lyceelafayette.fr\/wp-content\/uploads\/2024\/01\/image-2.png","type":"","width":"","height":""}],"twitter_card":"summary_large_image","twitter_misc":{"Dur\u00e9e de lecture estim\u00e9e":"3 minutes"},"schema":{"@context":"https:\/\/schema.org","@graph":[{"@type":"WebPage","@id":"https:\/\/www.lyceelafayette.fr\/index.php\/metiers-de-la-coiffure\/","url":"https:\/\/www.lyceelafayette.fr\/index.php\/metiers-de-la-coiffure\/","name":"M\u00e9tiers de la Coiffure - Lyc\u00e9e La Fayette","isPartOf":{"@id":"https:\/\/www.lyceelafayette.fr\/#website"},"primaryImageOfPage":{"@id":"https:\/\/www.lyceelafayette.fr\/index.php\/metiers-de-la-coiffure\/#primaryimage"},"image":{"@id":"https:\/\/www.lyceelafayette.fr\/index.php\/metiers-de-la-coiffure\/#primaryimage"},"thumbnailUrl":"https:\/\/www.lyceelafayette.fr\/wp-content\/uploads\/2024\/01\/image-2.png","datePublished":"2024-01-29T17:35:09+00:00","dateModified":"2024-02-02T10:56:10+00:00","breadcrumb":{"@id":"https:\/\/www.lyceelafayette.fr\/index.php\/metiers-de-la-coiffure\/#breadcrumb"},"inLanguage":"fr-FR","potentialAction":[{"@type":"ReadAction","target":["https:\/\/www.lyceelafayette.fr\/index.php\/metiers-de-la-coiffure\/"]}]},{"@type":"ImageObject","inLanguage":"fr-FR","@id":"https:\/\/www.lyceelafayette.fr\/index.php\/metiers-de-la-coiffure\/#primaryimage","url":"https:\/\/www.lyceelafayette.fr\/wp-content\/uploads\/2024\/01\/image-2.png","contentUrl":"https:\/\/www.lyceelafayette.fr\/wp-content\/uploads\/2024\/01\/image-2.png","width":904,"height":380},{"@type":"BreadcrumbList","@id":"https:\/\/www.lyceelafayette.fr\/index.php\/metiers-de-la-coiffure\/#breadcrumb","itemListElement":[{"@type":"ListItem","position":1,"name":"Accueil","item":"https:\/\/www.lyceelafayette.fr\/"},{"@type":"ListItem","position":2,"name":"M\u00e9tiers de la Coiffure"}]},{"@type":"WebSite","@id":"https:\/\/www.lyceelafayette.fr\/#website","url":"https:\/\/www.lyceelafayette.fr\/","name":"Lyc\u00e9e La Fayette","description":"","publisher":{"@id":"https:\/\/www.lyceelafayette.fr\/#organization"},"potentialAction":[{"@type":"SearchAction","target":{"@type":"EntryPoint","urlTemplate":"https:\/\/www.lyceelafayette.fr\/?s={search_term_string}"},"query-input":{"@type":"PropertyValueSpecification","valueRequired":true,"valueName":"search_term_string"}}],"inLanguage":"fr-FR"},{"@type":"Organization","@id":"https:\/\/www.lyceelafayette.fr\/#organization","name":"Lyc\u00e9e La Fayette","url":"https:\/\/www.lyceelafayette.fr\/","logo":{"@type":"ImageObject","inLanguage":"fr-FR","@id":"https:\/\/www.lyceelafayette.fr\/#\/schema\/logo\/image\/","url":"https:\/\/www.lyceelafayette.fr\/wp-content\/uploads\/2019\/06\/llf_logo_alpha.png","contentUrl":"https:\/\/www.lyceelafayette.fr\/wp-content\/uploads\/2019\/06\/llf_logo_alpha.png","width":1583,"height":792,"caption":"Lyc\u00e9e La Fayette"},"image":{"@id":"https:\/\/www.lyceelafayette.fr\/#\/schema\/logo\/image\/"},"sameAs":["https:\/\/www.youtube.com\/channel\/UC2AOQowoMGBKdY4ToZsf9mw"]}]}},"_links":{"self":[{"href":"https:\/\/www.lyceelafayette.fr\/index.php\/wp-json\/wp\/v2\/pages\/6533","targetHints":{"allow":["GET"]}}],"collection":[{"href":"https:\/\/www.lyceelafayette.fr\/index.php\/wp-json\/wp\/v2\/pages"}],"about":[{"href":"https:\/\/www.lyceelafayette.fr\/index.php\/wp-json\/wp\/v2\/types\/page"}],"author":[{"embeddable":true,"href":"https:\/\/www.lyceelafayette.fr\/index.php\/wp-json\/wp\/v2\/users\/8"}],"replies":[{"embeddable":true,"href":"https:\/\/www.lyceelafayette.fr\/index.php\/wp-json\/wp\/v2\/comments?post=6533"}],"version-history":[{"count":6,"href":"https:\/\/www.lyceelafayette.fr\/index.php\/wp-json\/wp\/v2\/pages\/6533\/revisions"}],"predecessor-version":[{"id":6590,"href":"https:\/\/www.lyceelafayette.fr\/index.php\/wp-json\/wp\/v2\/pages\/6533\/revisions\/6590"}],"wp:attachment":[{"href":"https:\/\/www.lyceelafayette.fr\/index.php\/wp-json\/wp\/v2\/media?parent=6533"}],"curies":[{"name":"wp","href":"https:\/\/api.w.org\/{rel}","templated":true}]}}