{"id":5933,"date":"2022-11-08T17:15:50","date_gmt":"2022-11-08T16:15:50","guid":{"rendered":"https:\/\/www.lyceelafayette.fr\/?page_id=5933"},"modified":"2022-11-08T17:22:44","modified_gmt":"2022-11-08T16:22:44","slug":"orientation-cio","status":"publish","type":"page","link":"https:\/\/www.lyceelafayette.fr\/index.php\/orientation-cio\/","title":{"rendered":"Orientation &#8212; CIO"},"content":{"rendered":"\n<h3 class=\"wp-block-heading\">Le Centre d\u2019Information et d\u2019Orientation (CIO)<\/h3>\n\n\n\n<p>Espace de ressources et de conseils d\u00e9di\u00e9 \u00e0 l\u2019orientation, le Centre d\u2019information et d\u2019orientation d\u2019Avon-Fontainebleau aide gratuitement les jeunes (\u00e9l\u00e8ves, \u00e9tudiants, apprentis, non scolaires), les parents d\u2019\u00e9l\u00e8ves, et les adultes (en recherche de projet professionnel ou de formation) pour s\u2019informer et \u00eatre conseill\u00e9 sur l\u2019orientation, les \u00e9tudes, les m\u00e9tiers.<\/p>\n\n\n<div class=\"wp-block-image\">\n<figure class=\"aligncenter size-large is-resized\"><img loading=\"lazy\" decoding=\"async\" src=\"https:\/\/www.lyceelafayette.fr\/wp-content\/uploads\/2022\/10\/image-3-1024x472.png\" alt=\"\" class=\"wp-image-5936\" width=\"512\" height=\"236\" srcset=\"https:\/\/www.lyceelafayette.fr\/wp-content\/uploads\/2022\/10\/image-3-1024x472.png 1024w, https:\/\/www.lyceelafayette.fr\/wp-content\/uploads\/2022\/10\/image-3-300x138.png 300w, https:\/\/www.lyceelafayette.fr\/wp-content\/uploads\/2022\/10\/image-3-768x354.png 768w, https:\/\/www.lyceelafayette.fr\/wp-content\/uploads\/2022\/10\/image-3-150x69.png 150w, https:\/\/www.lyceelafayette.fr\/wp-content\/uploads\/2022\/10\/image-3.png 1068w\" sizes=\"auto, (max-width: 512px) 100vw, 512px\" \/><\/figure>\n<\/div>\n\n\n<h4 class=\"wp-block-heading\">Les missions du CIO<\/h4>\n\n\n\n<p>Au CIO d\u2019Avon-Fontainebleau, vous \u00eates&nbsp;&nbsp;accueilli sur rendez-vous&nbsp;par des&nbsp;Psychologue de l\u2019Education Nationale (Psy EN)&nbsp;qui vous accompagneront dans vos&nbsp;recherches et r\u00e9flexions.<\/p>\n\n\n\n<p>Par ses comp\u00e9tences de psychologue et sa connaissance approfondie des syst\u00e8mes de formation et du monde du travail, il ou elle vous aidera :<\/p>\n\n\n\n<ul class=\"wp-block-list\">\n<li>Pr\u00e9ciser vos int\u00e9r\u00eats et motivations ;<\/li>\n\n\n\n<li>Mieux comprendre et utiliser les ressources du syst\u00e8me \u00e9ducatif ;<\/li>\n\n\n\n<li>D\u00e9terminer des strat\u00e9gies de formation ;<\/li>\n\n\n\n<li>Vous informer sur la r\u00e9alit\u00e9 sociale et professionnelle ;<\/li>\n\n\n\n<li>Elaborer un projet personnel.<\/li>\n<\/ul>\n\n\n\n<h4 class=\"wp-block-heading\">Informations pratiques<\/h4>\n\n\n\n<p>6 rue Charles Lefebvre 77210 Avon<br>01 64 22 32 41<\/p>\n\n\n\n<p><a href=\"mailto:cio.fontainebleau@ac-creteil.fr\">cio.fontainebleau@ac-creteil.fr<\/a><\/p>\n\n\n\n<p><a href=\"https:\/\/orientation.ac-creteil.fr\/cio-fontainebleau\/\">https:\/\/orientation.ac-creteil.fr\/cio-fontainebleau\/<\/a><\/p>\n\n\n<div class=\"wp-block-image\">\n<figure class=\"aligncenter size-full is-resized\"><img loading=\"lazy\" decoding=\"async\" src=\"https:\/\/www.lyceelafayette.fr\/wp-content\/uploads\/2022\/10\/image-7.png\" alt=\"\" class=\"wp-image-5940\" width=\"427\" height=\"317\" srcset=\"https:\/\/www.lyceelafayette.fr\/wp-content\/uploads\/2022\/10\/image-7.png 854w, https:\/\/www.lyceelafayette.fr\/wp-content\/uploads\/2022\/10\/image-7-300x223.png 300w, https:\/\/www.lyceelafayette.fr\/wp-content\/uploads\/2022\/10\/image-7-768x570.png 768w, https:\/\/www.lyceelafayette.fr\/wp-content\/uploads\/2022\/10\/image-7-150x111.png 150w\" sizes=\"auto, (max-width: 427px) 100vw, 427px\" \/><\/figure>\n<\/div>\n\n\n<h4 class=\"wp-block-heading\">Horaires<\/h4>\n\n\n\n<ul class=\"wp-block-list\">\n<li><strong>Accueil du public&nbsp;:<\/strong> du lundi au vendredi de 9h \u00e0 12h00 et de 14h00 \u00e0 17h30 \u2013&nbsp;&nbsp;<em>ferm\u00e9 le jeudi matin<\/em>.<\/li>\n\n\n\n<li><strong>Ouverture du samedi matin&nbsp;:<\/strong> sur la p\u00e9riode de janvier \u00e0 mars de 9h00 \u00e0 12h00.<\/li>\n\n\n\n<li><strong>Cong\u00e9s scolaires\u00a0:<\/strong> Le CIO reste ouvert pendant les vacances\u00a0scolaires (<em>sauf celles de No\u00ebl<\/em>) du lundi au vendredi\u00a0de 9h \u00e0 12h et de 13h30 \u00e0 16h30.<\/li>\n<\/ul>\n\n\n\n<p> <\/p>\n\n\n\n<h3 class=\"wp-block-heading\"> Sch\u00e9ma des \u00e9tudes et des passerelles<\/h3>\n\n\n<div class=\"wp-block-image\">\n<figure class=\"aligncenter size-full is-resized\"><img decoding=\"async\" src=\"https:\/\/www.lyceelafayette.fr\/wp-content\/uploads\/2022\/11\/image-8-edited.png\" alt=\"\" class=\"wp-image-6062\" width=\"716\" srcset=\"https:\/\/www.lyceelafayette.fr\/wp-content\/uploads\/2022\/11\/image-8-edited.png 954w, https:\/\/www.lyceelafayette.fr\/wp-content\/uploads\/2022\/11\/image-8-edited-300x200.png 300w, https:\/\/www.lyceelafayette.fr\/wp-content\/uploads\/2022\/11\/image-8-edited-768x512.png 768w, https:\/\/www.lyceelafayette.fr\/wp-content\/uploads\/2022\/11\/image-8-edited-150x100.png 150w, https:\/\/www.lyceelafayette.fr\/wp-content\/uploads\/2022\/11\/image-8-edited-272x182.png 272w\" sizes=\"(max-width: 954px) 100vw, 954px\" \/><\/figure>\n<\/div>\n\n\n<figure class=\"wp-block-table\"><table><tbody><tr><td>Lexique<\/td><\/tr><tr><td><strong>BP<\/strong><\/td><td><strong>B<\/strong>revet <strong>P<\/strong>rofessionnel<\/td><td><strong>ST2S<\/strong><\/td><td><strong>S<\/strong>ciences et <strong>T<\/strong>echnologies de la <strong>S<\/strong>ant\u00e9 et du <strong>S<\/strong>ocial<\/td><\/tr><tr><td><strong>BTS<\/strong><\/td><td><strong>B<\/strong>revet de <strong>T<\/strong>echnicien <strong>S<\/strong>up\u00e9rieur<br><\/td><td><strong>STAV<\/strong><\/td><td><strong>S<\/strong>ciences et <strong>T<\/strong>echnologies de l\u2019<strong>A<\/strong>gronomie et du <strong>V<\/strong>ivant<\/td><\/tr><tr><td><strong>BUT<\/strong><\/td><td><strong>Bachelor<\/strong> <strong>U<\/strong>niversitaire de <strong>T<\/strong>echnologie<\/td><td><strong>STD2A<\/strong><\/td><td><strong>S<\/strong>ciences et <strong>T<\/strong>echnologies <strong>D<\/strong>esign et <strong>A<\/strong>rts <strong>A<\/strong>ppliqu\u00e9s<\/td><\/tr><tr><td><strong>CPGE<\/strong><\/td><td><strong>C<\/strong>lasse <strong>P<\/strong>r\u00e9paratoire aux <strong>G<\/strong>randes <strong>E<\/strong>coles<\/td><td><strong>STL<\/strong><\/td><td><strong>S<\/strong>ciences et <strong>T<\/strong>echnologies de <strong>L<\/strong>aboratoire<\/td><\/tr><tr><td><br><\/td><td><br><\/td><td><strong>STMG<\/strong><\/td><td><strong>S<\/strong>ciences et <strong>T<\/strong>echnologies du <strong>M<\/strong>anagement et de la <strong>G<\/strong>estion<\/td><\/tr><tr><td><strong>MC<\/strong><\/td><td><strong>M<\/strong>ention <strong>C<\/strong>ompl\u00e9mentaire<\/td><td><strong>STHR<\/strong><\/td><td><strong>S<\/strong>ciences et <strong>T<\/strong>echnologies de l\u2019<strong>H<\/strong>\u00f4tellerie et de la <strong>R<\/strong>estauration<\/td><\/tr><tr><td><strong>S2TMD<\/strong><\/td><td><strong>S<\/strong>ciences et <strong>T<\/strong>echnologies du <strong>T<\/strong>h\u00e9\u00e2tre, de la <strong>M<\/strong>usique et de la <strong>D<\/strong>anse<\/td><td><strong>STI2D<\/strong><br><br><br><strong>ITEC<\/strong> <strong>SIN<\/strong> <strong>EE<\/strong> <strong>AC<\/strong><\/td><td><strong>S<\/strong>ciences et <strong>T<\/strong>echnologies <strong>I<\/strong>ndustrielles du <strong>D<\/strong>\u00e9veloppement <strong>D<\/strong>urable<br>\uf0e0 <strong>4 Sp\u00e9cialit\u00e9s&nbsp;en terminale STI2D&nbsp;:<\/strong> <strong>I<\/strong>nnovation<strong> T<\/strong>echnologique <strong>et E<\/strong>co-<strong>C<\/strong>onception<strong>*<\/strong> <strong>S<\/strong>yst\u00e8mes<strong> d\u2019I<\/strong>nformation<strong> et N<\/strong>um\u00e9rique<strong>*<\/strong> <strong>E<\/strong>nergies<strong> et E<\/strong>nvironnement<strong>*<\/strong> <strong>A<\/strong>rchitecture<strong> et C<\/strong>onstruction<\/td><\/tr><tr><td><br><\/td><td><br><br><\/td><td><br><\/td><td><strong>*<\/strong><strong>formations pr\u00e9sentes au Lyc\u00e9e Lafayette<\/strong><br><\/td><\/tr><\/tbody><\/table><\/figure>\n","protected":false},"excerpt":{"rendered":"<p>Le Centre d\u2019Information et d\u2019Orientation (CIO) Espace de ressources et de conseils d\u00e9di\u00e9 \u00e0 l\u2019orientation, le Centre d\u2019information et d\u2019orientation d\u2019Avon-Fontainebleau aide gratuitement les jeunes (\u00e9l\u00e8ves, \u00e9tudiants, apprentis, non scolaires), les parents d\u2019\u00e9l\u00e8ves, et les adultes (en recherche de projet professionnel ou de formation) pour s\u2019informer et \u00eatre conseill\u00e9 sur&#8230; <a class=\"continue-reading-link\" href=\"https:\/\/www.lyceelafayette.fr\/index.php\/orientation-cio\/\">lire la suite<\/a><\/p>\n","protected":false},"author":8,"featured_media":0,"parent":0,"menu_order":0,"comment_status":"closed","ping_status":"closed","template":"","meta":{"footnotes":""},"class_list":["post-5933","page","type-page","status-publish","hentry"],"yoast_head":"<!-- This site is optimized with the Yoast SEO plugin v27.5 - https:\/\/yoast.com\/product\/yoast-seo-wordpress\/ -->\n<title>Orientation - CIO - Lyc\u00e9e La Fayette<\/title>\n<meta name=\"robots\" content=\"index, follow, max-snippet:-1, max-image-preview:large, max-video-preview:-1\" \/>\n<link rel=\"canonical\" href=\"https:\/\/www.lyceelafayette.fr\/index.php\/orientation-cio\/\" \/>\n<meta property=\"og:locale\" content=\"fr_FR\" \/>\n<meta property=\"og:type\" content=\"article\" \/>\n<meta property=\"og:title\" content=\"Orientation - CIO - Lyc\u00e9e La Fayette\" \/>\n<meta property=\"og:description\" content=\"Le Centre d\u2019Information et d\u2019Orientation (CIO) Espace de ressources et de conseils d\u00e9di\u00e9 \u00e0 l\u2019orientation, le Centre d\u2019information et d\u2019orientation d\u2019Avon-Fontainebleau aide gratuitement les jeunes (\u00e9l\u00e8ves, \u00e9tudiants, apprentis, non scolaires), les parents d\u2019\u00e9l\u00e8ves, et les adultes (en recherche de projet professionnel ou de formation) pour s\u2019informer et \u00eatre conseill\u00e9 sur... lire la suite\" \/>\n<meta property=\"og:url\" content=\"https:\/\/www.lyceelafayette.fr\/index.php\/orientation-cio\/\" \/>\n<meta property=\"og:site_name\" content=\"Lyc\u00e9e La Fayette\" \/>\n<meta property=\"article:modified_time\" content=\"2022-11-08T16:22:44+00:00\" \/>\n<meta property=\"og:image\" content=\"https:\/\/www.lyceelafayette.fr\/wp-content\/uploads\/2022\/10\/image-3-1024x472.png\" \/>\n<meta name=\"twitter:card\" content=\"summary_large_image\" \/>\n<meta name=\"twitter:label1\" content=\"Dur\u00e9e de lecture estim\u00e9e\" \/>\n\t<meta name=\"twitter:data1\" content=\"3 minutes\" \/>\n<script type=\"application\/ld+json\" class=\"yoast-schema-graph\">{\"@context\":\"https:\\\/\\\/schema.org\",\"@graph\":[{\"@type\":\"WebPage\",\"@id\":\"https:\\\/\\\/www.lyceelafayette.fr\\\/index.php\\\/orientation-cio\\\/\",\"url\":\"https:\\\/\\\/www.lyceelafayette.fr\\\/index.php\\\/orientation-cio\\\/\",\"name\":\"Orientation - CIO - Lyc\u00e9e La Fayette\",\"isPartOf\":{\"@id\":\"https:\\\/\\\/www.lyceelafayette.fr\\\/#website\"},\"primaryImageOfPage\":{\"@id\":\"https:\\\/\\\/www.lyceelafayette.fr\\\/index.php\\\/orientation-cio\\\/#primaryimage\"},\"image\":{\"@id\":\"https:\\\/\\\/www.lyceelafayette.fr\\\/index.php\\\/orientation-cio\\\/#primaryimage\"},\"thumbnailUrl\":\"https:\\\/\\\/www.lyceelafayette.fr\\\/wp-content\\\/uploads\\\/2022\\\/10\\\/image-3-1024x472.png\",\"datePublished\":\"2022-11-08T16:15:50+00:00\",\"dateModified\":\"2022-11-08T16:22:44+00:00\",\"breadcrumb\":{\"@id\":\"https:\\\/\\\/www.lyceelafayette.fr\\\/index.php\\\/orientation-cio\\\/#breadcrumb\"},\"inLanguage\":\"fr-FR\",\"potentialAction\":[{\"@type\":\"ReadAction\",\"target\":[\"https:\\\/\\\/www.lyceelafayette.fr\\\/index.php\\\/orientation-cio\\\/\"]}]},{\"@type\":\"ImageObject\",\"inLanguage\":\"fr-FR\",\"@id\":\"https:\\\/\\\/www.lyceelafayette.fr\\\/index.php\\\/orientation-cio\\\/#primaryimage\",\"url\":\"https:\\\/\\\/www.lyceelafayette.fr\\\/wp-content\\\/uploads\\\/2022\\\/10\\\/image-3.png\",\"contentUrl\":\"https:\\\/\\\/www.lyceelafayette.fr\\\/wp-content\\\/uploads\\\/2022\\\/10\\\/image-3.png\",\"width\":1068,\"height\":492},{\"@type\":\"BreadcrumbList\",\"@id\":\"https:\\\/\\\/www.lyceelafayette.fr\\\/index.php\\\/orientation-cio\\\/#breadcrumb\",\"itemListElement\":[{\"@type\":\"ListItem\",\"position\":1,\"name\":\"Accueil\",\"item\":\"https:\\\/\\\/www.lyceelafayette.fr\\\/\"},{\"@type\":\"ListItem\",\"position\":2,\"name\":\"Orientation &#8212; CIO\"}]},{\"@type\":\"WebSite\",\"@id\":\"https:\\\/\\\/www.lyceelafayette.fr\\\/#website\",\"url\":\"https:\\\/\\\/www.lyceelafayette.fr\\\/\",\"name\":\"Lyc\u00e9e La Fayette\",\"description\":\"\",\"publisher\":{\"@id\":\"https:\\\/\\\/www.lyceelafayette.fr\\\/#organization\"},\"potentialAction\":[{\"@type\":\"SearchAction\",\"target\":{\"@type\":\"EntryPoint\",\"urlTemplate\":\"https:\\\/\\\/www.lyceelafayette.fr\\\/?s={search_term_string}\"},\"query-input\":{\"@type\":\"PropertyValueSpecification\",\"valueRequired\":true,\"valueName\":\"search_term_string\"}}],\"inLanguage\":\"fr-FR\"},{\"@type\":\"Organization\",\"@id\":\"https:\\\/\\\/www.lyceelafayette.fr\\\/#organization\",\"name\":\"Lyc\u00e9e La Fayette\",\"url\":\"https:\\\/\\\/www.lyceelafayette.fr\\\/\",\"logo\":{\"@type\":\"ImageObject\",\"inLanguage\":\"fr-FR\",\"@id\":\"https:\\\/\\\/www.lyceelafayette.fr\\\/#\\\/schema\\\/logo\\\/image\\\/\",\"url\":\"https:\\\/\\\/www.lyceelafayette.fr\\\/wp-content\\\/uploads\\\/2019\\\/06\\\/llf_logo_alpha.png\",\"contentUrl\":\"https:\\\/\\\/www.lyceelafayette.fr\\\/wp-content\\\/uploads\\\/2019\\\/06\\\/llf_logo_alpha.png\",\"width\":1583,\"height\":792,\"caption\":\"Lyc\u00e9e La Fayette\"},\"image\":{\"@id\":\"https:\\\/\\\/www.lyceelafayette.fr\\\/#\\\/schema\\\/logo\\\/image\\\/\"},\"sameAs\":[\"https:\\\/\\\/www.youtube.com\\\/channel\\\/UC2AOQowoMGBKdY4ToZsf9mw\"]}]}<\/script>\n<!-- \/ Yoast SEO plugin. -->","yoast_head_json":{"title":"Orientation - CIO - Lyc\u00e9e La Fayette","robots":{"index":"index","follow":"follow","max-snippet":"max-snippet:-1","max-image-preview":"max-image-preview:large","max-video-preview":"max-video-preview:-1"},"canonical":"https:\/\/www.lyceelafayette.fr\/index.php\/orientation-cio\/","og_locale":"fr_FR","og_type":"article","og_title":"Orientation - CIO - Lyc\u00e9e La Fayette","og_description":"Le Centre d\u2019Information et d\u2019Orientation (CIO) Espace de ressources et de conseils d\u00e9di\u00e9 \u00e0 l\u2019orientation, le Centre d\u2019information et d\u2019orientation d\u2019Avon-Fontainebleau aide gratuitement les jeunes (\u00e9l\u00e8ves, \u00e9tudiants, apprentis, non scolaires), les parents d\u2019\u00e9l\u00e8ves, et les adultes (en recherche de projet professionnel ou de formation) pour s\u2019informer et \u00eatre conseill\u00e9 sur... lire la suite","og_url":"https:\/\/www.lyceelafayette.fr\/index.php\/orientation-cio\/","og_site_name":"Lyc\u00e9e La Fayette","article_modified_time":"2022-11-08T16:22:44+00:00","og_image":[{"url":"https:\/\/www.lyceelafayette.fr\/wp-content\/uploads\/2022\/10\/image-3-1024x472.png","type":"","width":"","height":""}],"twitter_card":"summary_large_image","twitter_misc":{"Dur\u00e9e de lecture estim\u00e9e":"3 minutes"},"schema":{"@context":"https:\/\/schema.org","@graph":[{"@type":"WebPage","@id":"https:\/\/www.lyceelafayette.fr\/index.php\/orientation-cio\/","url":"https:\/\/www.lyceelafayette.fr\/index.php\/orientation-cio\/","name":"Orientation - CIO - Lyc\u00e9e La Fayette","isPartOf":{"@id":"https:\/\/www.lyceelafayette.fr\/#website"},"primaryImageOfPage":{"@id":"https:\/\/www.lyceelafayette.fr\/index.php\/orientation-cio\/#primaryimage"},"image":{"@id":"https:\/\/www.lyceelafayette.fr\/index.php\/orientation-cio\/#primaryimage"},"thumbnailUrl":"https:\/\/www.lyceelafayette.fr\/wp-content\/uploads\/2022\/10\/image-3-1024x472.png","datePublished":"2022-11-08T16:15:50+00:00","dateModified":"2022-11-08T16:22:44+00:00","breadcrumb":{"@id":"https:\/\/www.lyceelafayette.fr\/index.php\/orientation-cio\/#breadcrumb"},"inLanguage":"fr-FR","potentialAction":[{"@type":"ReadAction","target":["https:\/\/www.lyceelafayette.fr\/index.php\/orientation-cio\/"]}]},{"@type":"ImageObject","inLanguage":"fr-FR","@id":"https:\/\/www.lyceelafayette.fr\/index.php\/orientation-cio\/#primaryimage","url":"https:\/\/www.lyceelafayette.fr\/wp-content\/uploads\/2022\/10\/image-3.png","contentUrl":"https:\/\/www.lyceelafayette.fr\/wp-content\/uploads\/2022\/10\/image-3.png","width":1068,"height":492},{"@type":"BreadcrumbList","@id":"https:\/\/www.lyceelafayette.fr\/index.php\/orientation-cio\/#breadcrumb","itemListElement":[{"@type":"ListItem","position":1,"name":"Accueil","item":"https:\/\/www.lyceelafayette.fr\/"},{"@type":"ListItem","position":2,"name":"Orientation &#8212; CIO"}]},{"@type":"WebSite","@id":"https:\/\/www.lyceelafayette.fr\/#website","url":"https:\/\/www.lyceelafayette.fr\/","name":"Lyc\u00e9e La Fayette","description":"","publisher":{"@id":"https:\/\/www.lyceelafayette.fr\/#organization"},"potentialAction":[{"@type":"SearchAction","target":{"@type":"EntryPoint","urlTemplate":"https:\/\/www.lyceelafayette.fr\/?s={search_term_string}"},"query-input":{"@type":"PropertyValueSpecification","valueRequired":true,"valueName":"search_term_string"}}],"inLanguage":"fr-FR"},{"@type":"Organization","@id":"https:\/\/www.lyceelafayette.fr\/#organization","name":"Lyc\u00e9e La Fayette","url":"https:\/\/www.lyceelafayette.fr\/","logo":{"@type":"ImageObject","inLanguage":"fr-FR","@id":"https:\/\/www.lyceelafayette.fr\/#\/schema\/logo\/image\/","url":"https:\/\/www.lyceelafayette.fr\/wp-content\/uploads\/2019\/06\/llf_logo_alpha.png","contentUrl":"https:\/\/www.lyceelafayette.fr\/wp-content\/uploads\/2019\/06\/llf_logo_alpha.png","width":1583,"height":792,"caption":"Lyc\u00e9e La Fayette"},"image":{"@id":"https:\/\/www.lyceelafayette.fr\/#\/schema\/logo\/image\/"},"sameAs":["https:\/\/www.youtube.com\/channel\/UC2AOQowoMGBKdY4ToZsf9mw"]}]}},"_links":{"self":[{"href":"https:\/\/www.lyceelafayette.fr\/index.php\/wp-json\/wp\/v2\/pages\/5933","targetHints":{"allow":["GET"]}}],"collection":[{"href":"https:\/\/www.lyceelafayette.fr\/index.php\/wp-json\/wp\/v2\/pages"}],"about":[{"href":"https:\/\/www.lyceelafayette.fr\/index.php\/wp-json\/wp\/v2\/types\/page"}],"author":[{"embeddable":true,"href":"https:\/\/www.lyceelafayette.fr\/index.php\/wp-json\/wp\/v2\/users\/8"}],"replies":[{"embeddable":true,"href":"https:\/\/www.lyceelafayette.fr\/index.php\/wp-json\/wp\/v2\/comments?post=5933"}],"version-history":[{"count":14,"href":"https:\/\/www.lyceelafayette.fr\/index.php\/wp-json\/wp\/v2\/pages\/5933\/revisions"}],"predecessor-version":[{"id":6069,"href":"https:\/\/www.lyceelafayette.fr\/index.php\/wp-json\/wp\/v2\/pages\/5933\/revisions\/6069"}],"wp:attachment":[{"href":"https:\/\/www.lyceelafayette.fr\/index.php\/wp-json\/wp\/v2\/media?parent=5933"}],"curies":[{"name":"wp","href":"https:\/\/api.w.org\/{rel}","templated":true}]}}