{"id":3972,"date":"2021-02-09T08:21:22","date_gmt":"2021-02-09T07:21:22","guid":{"rendered":"https:\/\/www.lyceelafayette.fr\/?page_id=3972"},"modified":"2021-02-09T11:26:00","modified_gmt":"2021-02-09T10:26:00","slug":"cap-electricien","status":"publish","type":"page","link":"https:\/\/www.lyceelafayette.fr\/index.php\/cap-electricien\/","title":{"rendered":"CAP Electricien"},"content":{"rendered":"\n<p>Le CAP (certificat d&rsquo;aptitude professionnelle) est un dipl\u00f4me professionnel national d\u00e9livr\u00e9 par le Minist\u00e8re de l&rsquo;Education nationale. Il se pr\u00e9pare en 2 ans apr\u00e8s la 3e.<\/p>\n\n\n\n<div class=\"wp-block-image\"><figure class=\"aligncenter size-large is-resized\"><img loading=\"lazy\" decoding=\"async\" src=\"https:\/\/www.lyceelafayette.fr\/wp-content\/uploads\/2021\/02\/cap-elec-a5-722x1024.jpg\" alt=\"\" class=\"wp-image-4012\" width=\"357\" height=\"506\" srcset=\"https:\/\/www.lyceelafayette.fr\/wp-content\/uploads\/2021\/02\/cap-elec-a5-722x1024.jpg 722w, https:\/\/www.lyceelafayette.fr\/wp-content\/uploads\/2021\/02\/cap-elec-a5-211x300.jpg 211w, https:\/\/www.lyceelafayette.fr\/wp-content\/uploads\/2021\/02\/cap-elec-a5-768x1090.jpg 768w, https:\/\/www.lyceelafayette.fr\/wp-content\/uploads\/2021\/02\/cap-elec-a5-106x150.jpg 106w, https:\/\/www.lyceelafayette.fr\/wp-content\/uploads\/2021\/02\/cap-elec-a5.jpg 874w\" sizes=\"auto, (max-width: 357px) 100vw, 357px\" \/><figcaption style=\"font-size:10px;text-align:center;\"><em>Brochure pdf <\/em><span style=\"text-decoration: underline;\"><em>: <a href=\"https:\/\/www.lyceelafayette.fr\/wp-content\/uploads\/2021\/02\/cap-elec-a4-1.pdf\">cliquez ici<\/a><\/em><\/span><\/figcaption><\/figure><\/div>\n\n\n\n<p><\/p>\n\n\n\n<p>Le titulaire de ce CAP intervient en tant qu&rsquo;\u00e9lectricien dans les domaines du b\u00e2timent, de l&rsquo;industrie, de l&rsquo;agriculture, des services et des infrastructures.<\/p>\n\n\n\n<p>Il installe, met en service, entretient et r\u00e9pare des ouvrages \u00e9lectriques et des r\u00e9seaux de communication. Il intervient, sous la responsabilit\u00e9 d&rsquo;un charg\u00e9 de travaux, sur les installations de logements individuels ou collectifs, de b\u00e2timents industriels, d&rsquo;immeubles de bureaux, de r\u00e9seaux de distribution d&rsquo;\u00e9nergie, etc.<\/p>\n\n\n\n<p><\/p>\n\n\n\n<p>Pour mieux comprendre \u00e0 qui s\u2019adresse cette formation et ce qu\u2019elle propose voici une vid\u00e9o propos\u00e9e sur le site de l\u2019ONISEP.<\/p>\n\n\n\n<div class=\"wp-block-image\"><figure class=\"aligncenter size-large\"><a href=\"https:\/\/www.youtube.com\/watch?v=bCNuWdxqxwI\"><img loading=\"lazy\" decoding=\"async\" width=\"568\" height=\"319\" src=\"https:\/\/www.lyceelafayette.fr\/wp-content\/uploads\/2021\/02\/image-cap.png\" alt=\"\" class=\"wp-image-4017\" srcset=\"https:\/\/www.lyceelafayette.fr\/wp-content\/uploads\/2021\/02\/image-cap.png 568w, https:\/\/www.lyceelafayette.fr\/wp-content\/uploads\/2021\/02\/image-cap-300x168.png 300w, https:\/\/www.lyceelafayette.fr\/wp-content\/uploads\/2021\/02\/image-cap-150x84.png 150w, https:\/\/www.lyceelafayette.fr\/wp-content\/uploads\/2021\/02\/image-cap-356x200.png 356w\" sizes=\"auto, (max-width: 568px) 100vw, 568px\" \/><\/a><\/figure><\/div>\n\n\n\n<h3 class=\"wp-block-heading\">Conditions d\u2019admission<\/h3>\n\n\n\n<p>Les \u00e9l\u00e8ves issus d\u2019une classe de 3e peuvent acc\u00e9der \u00e0 ce CAP. Les \u00e9l\u00e8ves titulaires du CAP Electricien peuvent \u00e9galement int\u00e9grer ce <a href=\"https:\/\/www.lyceelafayette.fr\/index.php\/bac-pro-melec-metiers-de-lelectricite-et-de-ses-environnements-connectes\/\"><span style=\"text-decoration: underline;\">BAC PRO MELEC.<\/span><\/a><\/p>\n\n\n\n<p>Les \u00e9l\u00e8ves de CAP Electricien r\u00e9alise une P\u00e9riode de Formation en Milieu Professionnel (stage) de 14 semaines sur les deux ann\u00e9es.<\/p>\n","protected":false},"excerpt":{"rendered":"<p>Le CAP (certificat d&rsquo;aptitude professionnelle) est un dipl\u00f4me professionnel national d\u00e9livr\u00e9 par le Minist\u00e8re de l&rsquo;Education nationale. Il se pr\u00e9pare en 2 ans apr\u00e8s la 3e. Le titulaire de ce CAP intervient en tant qu&rsquo;\u00e9lectricien dans les domaines du b\u00e2timent, de l&rsquo;industrie, de l&rsquo;agriculture, des services et des infrastructures. Il&#8230; <a class=\"continue-reading-link\" href=\"https:\/\/www.lyceelafayette.fr\/index.php\/cap-electricien\/\">lire la suite<\/a><\/p>\n","protected":false},"author":1,"featured_media":0,"parent":0,"menu_order":0,"comment_status":"closed","ping_status":"closed","template":"","meta":{"footnotes":""},"class_list":["post-3972","page","type-page","status-publish","hentry"],"yoast_head":"<!-- This site is optimized with the Yoast SEO plugin v27.5 - https:\/\/yoast.com\/product\/yoast-seo-wordpress\/ -->\n<title>CAP Electricien - Lyc\u00e9e La Fayette<\/title>\n<meta name=\"robots\" content=\"index, follow, max-snippet:-1, max-image-preview:large, max-video-preview:-1\" \/>\n<link rel=\"canonical\" href=\"https:\/\/www.lyceelafayette.fr\/index.php\/cap-electricien\/\" \/>\n<meta property=\"og:locale\" content=\"fr_FR\" \/>\n<meta property=\"og:type\" content=\"article\" \/>\n<meta property=\"og:title\" content=\"CAP Electricien - Lyc\u00e9e La Fayette\" \/>\n<meta property=\"og:description\" content=\"Le CAP (certificat d&rsquo;aptitude professionnelle) est un dipl\u00f4me professionnel national d\u00e9livr\u00e9 par le Minist\u00e8re de l&rsquo;Education nationale. Il se pr\u00e9pare en 2 ans apr\u00e8s la 3e. Le titulaire de ce CAP intervient en tant qu&rsquo;\u00e9lectricien dans les domaines du b\u00e2timent, de l&rsquo;industrie, de l&rsquo;agriculture, des services et des infrastructures. Il... lire la suite\" \/>\n<meta property=\"og:url\" content=\"https:\/\/www.lyceelafayette.fr\/index.php\/cap-electricien\/\" \/>\n<meta property=\"og:site_name\" content=\"Lyc\u00e9e La Fayette\" \/>\n<meta property=\"article:modified_time\" content=\"2021-02-09T10:26:00+00:00\" \/>\n<meta property=\"og:image\" content=\"https:\/\/www.lyceelafayette.fr\/wp-content\/uploads\/2021\/02\/cap-elec-a5-722x1024.jpg\" \/>\n<meta name=\"twitter:card\" content=\"summary_large_image\" \/>\n<meta name=\"twitter:label1\" content=\"Dur\u00e9e de lecture estim\u00e9e\" \/>\n\t<meta name=\"twitter:data1\" content=\"2 minutes\" \/>\n<script type=\"application\/ld+json\" class=\"yoast-schema-graph\">{\"@context\":\"https:\\\/\\\/schema.org\",\"@graph\":[{\"@type\":\"WebPage\",\"@id\":\"https:\\\/\\\/www.lyceelafayette.fr\\\/index.php\\\/cap-electricien\\\/\",\"url\":\"https:\\\/\\\/www.lyceelafayette.fr\\\/index.php\\\/cap-electricien\\\/\",\"name\":\"CAP Electricien - Lyc\u00e9e La Fayette\",\"isPartOf\":{\"@id\":\"https:\\\/\\\/www.lyceelafayette.fr\\\/#website\"},\"primaryImageOfPage\":{\"@id\":\"https:\\\/\\\/www.lyceelafayette.fr\\\/index.php\\\/cap-electricien\\\/#primaryimage\"},\"image\":{\"@id\":\"https:\\\/\\\/www.lyceelafayette.fr\\\/index.php\\\/cap-electricien\\\/#primaryimage\"},\"thumbnailUrl\":\"https:\\\/\\\/www.lyceelafayette.fr\\\/wp-content\\\/uploads\\\/2021\\\/02\\\/cap-elec-a5-722x1024.jpg\",\"datePublished\":\"2021-02-09T07:21:22+00:00\",\"dateModified\":\"2021-02-09T10:26:00+00:00\",\"breadcrumb\":{\"@id\":\"https:\\\/\\\/www.lyceelafayette.fr\\\/index.php\\\/cap-electricien\\\/#breadcrumb\"},\"inLanguage\":\"fr-FR\",\"potentialAction\":[{\"@type\":\"ReadAction\",\"target\":[\"https:\\\/\\\/www.lyceelafayette.fr\\\/index.php\\\/cap-electricien\\\/\"]}]},{\"@type\":\"ImageObject\",\"inLanguage\":\"fr-FR\",\"@id\":\"https:\\\/\\\/www.lyceelafayette.fr\\\/index.php\\\/cap-electricien\\\/#primaryimage\",\"url\":\"https:\\\/\\\/www.lyceelafayette.fr\\\/wp-content\\\/uploads\\\/2021\\\/02\\\/cap-elec-a5.jpg\",\"contentUrl\":\"https:\\\/\\\/www.lyceelafayette.fr\\\/wp-content\\\/uploads\\\/2021\\\/02\\\/cap-elec-a5.jpg\",\"width\":874,\"height\":1240},{\"@type\":\"BreadcrumbList\",\"@id\":\"https:\\\/\\\/www.lyceelafayette.fr\\\/index.php\\\/cap-electricien\\\/#breadcrumb\",\"itemListElement\":[{\"@type\":\"ListItem\",\"position\":1,\"name\":\"Accueil\",\"item\":\"https:\\\/\\\/www.lyceelafayette.fr\\\/\"},{\"@type\":\"ListItem\",\"position\":2,\"name\":\"CAP Electricien\"}]},{\"@type\":\"WebSite\",\"@id\":\"https:\\\/\\\/www.lyceelafayette.fr\\\/#website\",\"url\":\"https:\\\/\\\/www.lyceelafayette.fr\\\/\",\"name\":\"Lyc\u00e9e La Fayette\",\"description\":\"\",\"publisher\":{\"@id\":\"https:\\\/\\\/www.lyceelafayette.fr\\\/#organization\"},\"potentialAction\":[{\"@type\":\"SearchAction\",\"target\":{\"@type\":\"EntryPoint\",\"urlTemplate\":\"https:\\\/\\\/www.lyceelafayette.fr\\\/?s={search_term_string}\"},\"query-input\":{\"@type\":\"PropertyValueSpecification\",\"valueRequired\":true,\"valueName\":\"search_term_string\"}}],\"inLanguage\":\"fr-FR\"},{\"@type\":\"Organization\",\"@id\":\"https:\\\/\\\/www.lyceelafayette.fr\\\/#organization\",\"name\":\"Lyc\u00e9e La Fayette\",\"url\":\"https:\\\/\\\/www.lyceelafayette.fr\\\/\",\"logo\":{\"@type\":\"ImageObject\",\"inLanguage\":\"fr-FR\",\"@id\":\"https:\\\/\\\/www.lyceelafayette.fr\\\/#\\\/schema\\\/logo\\\/image\\\/\",\"url\":\"https:\\\/\\\/www.lyceelafayette.fr\\\/wp-content\\\/uploads\\\/2019\\\/06\\\/llf_logo_alpha.png\",\"contentUrl\":\"https:\\\/\\\/www.lyceelafayette.fr\\\/wp-content\\\/uploads\\\/2019\\\/06\\\/llf_logo_alpha.png\",\"width\":1583,\"height\":792,\"caption\":\"Lyc\u00e9e La Fayette\"},\"image\":{\"@id\":\"https:\\\/\\\/www.lyceelafayette.fr\\\/#\\\/schema\\\/logo\\\/image\\\/\"},\"sameAs\":[\"https:\\\/\\\/www.youtube.com\\\/channel\\\/UC2AOQowoMGBKdY4ToZsf9mw\"]}]}<\/script>\n<!-- \/ Yoast SEO plugin. -->","yoast_head_json":{"title":"CAP Electricien - Lyc\u00e9e La Fayette","robots":{"index":"index","follow":"follow","max-snippet":"max-snippet:-1","max-image-preview":"max-image-preview:large","max-video-preview":"max-video-preview:-1"},"canonical":"https:\/\/www.lyceelafayette.fr\/index.php\/cap-electricien\/","og_locale":"fr_FR","og_type":"article","og_title":"CAP Electricien - Lyc\u00e9e La Fayette","og_description":"Le CAP (certificat d&rsquo;aptitude professionnelle) est un dipl\u00f4me professionnel national d\u00e9livr\u00e9 par le Minist\u00e8re de l&rsquo;Education nationale. Il se pr\u00e9pare en 2 ans apr\u00e8s la 3e. Le titulaire de ce CAP intervient en tant qu&rsquo;\u00e9lectricien dans les domaines du b\u00e2timent, de l&rsquo;industrie, de l&rsquo;agriculture, des services et des infrastructures. Il... lire la suite","og_url":"https:\/\/www.lyceelafayette.fr\/index.php\/cap-electricien\/","og_site_name":"Lyc\u00e9e La Fayette","article_modified_time":"2021-02-09T10:26:00+00:00","og_image":[{"url":"https:\/\/www.lyceelafayette.fr\/wp-content\/uploads\/2021\/02\/cap-elec-a5-722x1024.jpg","type":"","width":"","height":""}],"twitter_card":"summary_large_image","twitter_misc":{"Dur\u00e9e de lecture estim\u00e9e":"2 minutes"},"schema":{"@context":"https:\/\/schema.org","@graph":[{"@type":"WebPage","@id":"https:\/\/www.lyceelafayette.fr\/index.php\/cap-electricien\/","url":"https:\/\/www.lyceelafayette.fr\/index.php\/cap-electricien\/","name":"CAP Electricien - Lyc\u00e9e La Fayette","isPartOf":{"@id":"https:\/\/www.lyceelafayette.fr\/#website"},"primaryImageOfPage":{"@id":"https:\/\/www.lyceelafayette.fr\/index.php\/cap-electricien\/#primaryimage"},"image":{"@id":"https:\/\/www.lyceelafayette.fr\/index.php\/cap-electricien\/#primaryimage"},"thumbnailUrl":"https:\/\/www.lyceelafayette.fr\/wp-content\/uploads\/2021\/02\/cap-elec-a5-722x1024.jpg","datePublished":"2021-02-09T07:21:22+00:00","dateModified":"2021-02-09T10:26:00+00:00","breadcrumb":{"@id":"https:\/\/www.lyceelafayette.fr\/index.php\/cap-electricien\/#breadcrumb"},"inLanguage":"fr-FR","potentialAction":[{"@type":"ReadAction","target":["https:\/\/www.lyceelafayette.fr\/index.php\/cap-electricien\/"]}]},{"@type":"ImageObject","inLanguage":"fr-FR","@id":"https:\/\/www.lyceelafayette.fr\/index.php\/cap-electricien\/#primaryimage","url":"https:\/\/www.lyceelafayette.fr\/wp-content\/uploads\/2021\/02\/cap-elec-a5.jpg","contentUrl":"https:\/\/www.lyceelafayette.fr\/wp-content\/uploads\/2021\/02\/cap-elec-a5.jpg","width":874,"height":1240},{"@type":"BreadcrumbList","@id":"https:\/\/www.lyceelafayette.fr\/index.php\/cap-electricien\/#breadcrumb","itemListElement":[{"@type":"ListItem","position":1,"name":"Accueil","item":"https:\/\/www.lyceelafayette.fr\/"},{"@type":"ListItem","position":2,"name":"CAP Electricien"}]},{"@type":"WebSite","@id":"https:\/\/www.lyceelafayette.fr\/#website","url":"https:\/\/www.lyceelafayette.fr\/","name":"Lyc\u00e9e La Fayette","description":"","publisher":{"@id":"https:\/\/www.lyceelafayette.fr\/#organization"},"potentialAction":[{"@type":"SearchAction","target":{"@type":"EntryPoint","urlTemplate":"https:\/\/www.lyceelafayette.fr\/?s={search_term_string}"},"query-input":{"@type":"PropertyValueSpecification","valueRequired":true,"valueName":"search_term_string"}}],"inLanguage":"fr-FR"},{"@type":"Organization","@id":"https:\/\/www.lyceelafayette.fr\/#organization","name":"Lyc\u00e9e La Fayette","url":"https:\/\/www.lyceelafayette.fr\/","logo":{"@type":"ImageObject","inLanguage":"fr-FR","@id":"https:\/\/www.lyceelafayette.fr\/#\/schema\/logo\/image\/","url":"https:\/\/www.lyceelafayette.fr\/wp-content\/uploads\/2019\/06\/llf_logo_alpha.png","contentUrl":"https:\/\/www.lyceelafayette.fr\/wp-content\/uploads\/2019\/06\/llf_logo_alpha.png","width":1583,"height":792,"caption":"Lyc\u00e9e La Fayette"},"image":{"@id":"https:\/\/www.lyceelafayette.fr\/#\/schema\/logo\/image\/"},"sameAs":["https:\/\/www.youtube.com\/channel\/UC2AOQowoMGBKdY4ToZsf9mw"]}]}},"_links":{"self":[{"href":"https:\/\/www.lyceelafayette.fr\/index.php\/wp-json\/wp\/v2\/pages\/3972","targetHints":{"allow":["GET"]}}],"collection":[{"href":"https:\/\/www.lyceelafayette.fr\/index.php\/wp-json\/wp\/v2\/pages"}],"about":[{"href":"https:\/\/www.lyceelafayette.fr\/index.php\/wp-json\/wp\/v2\/types\/page"}],"author":[{"embeddable":true,"href":"https:\/\/www.lyceelafayette.fr\/index.php\/wp-json\/wp\/v2\/users\/1"}],"replies":[{"embeddable":true,"href":"https:\/\/www.lyceelafayette.fr\/index.php\/wp-json\/wp\/v2\/comments?post=3972"}],"version-history":[{"count":8,"href":"https:\/\/www.lyceelafayette.fr\/index.php\/wp-json\/wp\/v2\/pages\/3972\/revisions"}],"predecessor-version":[{"id":4019,"href":"https:\/\/www.lyceelafayette.fr\/index.php\/wp-json\/wp\/v2\/pages\/3972\/revisions\/4019"}],"wp:attachment":[{"href":"https:\/\/www.lyceelafayette.fr\/index.php\/wp-json\/wp\/v2\/media?parent=3972"}],"curies":[{"name":"wp","href":"https:\/\/api.w.org\/{rel}","templated":true}]}}