{"id":3684,"date":"2021-02-02T16:08:07","date_gmt":"2021-02-02T15:08:07","guid":{"rendered":"https:\/\/www.lyceelafayette.fr\/?page_id=3684"},"modified":"2021-10-14T16:34:58","modified_gmt":"2021-10-14T14:34:58","slug":"bac-pro-melec-metiers-de-lelectricite-et-de-ses-environnements-connectes","status":"publish","type":"page","link":"https:\/\/www.lyceelafayette.fr\/index.php\/bac-pro-melec-metiers-de-lelectricite-et-de-ses-environnements-connectes\/","title":{"rendered":"BAC PRO MELEC : M\u00e9tiers de l&rsquo;\u00c9lectricit\u00e9 et de ses Environnements Connect\u00e9s"},"content":{"rendered":"\n<p>La formation conduisant au bac pro MELEC cible les secteurs des r\u00e9seaux, des infrastructures, des quartiers et des zones d\u2019activit\u00e9s, des b\u00e2timents, de l\u2019industrie et des syst\u00e8mes \u00e9nerg\u00e9tiques autonomes et embarqu\u00e9s.<\/p>\n\n\n\n<figure class=\"wp-block-image size-large\"><img decoding=\"async\" src=\"https:\/\/www.lyceelafayette.fr\/wp-content\/uploads\/2021\/10\/filiere-numerique-MELEC.jpg\" alt=\"\"\/><figcaption>Brochure en pdf : <a href=\"https:\/\/www.lyceelafayette.fr\/wp-content\/uploads\/2021\/10\/filiere-numerique-web.jpg\">cliquez ici<\/a><\/figcaption><\/figure>\n\n\n\n<p><\/p>\n\n\n\n<p>Le titulaire du baccalaur\u00e9at professionnel M\u00e9tiers de l&rsquo;\u00e9lectricit\u00e9 et de ses environnements connect\u00e9s s&rsquo;adapte \u00e0 l&rsquo;\u00e9volution des techniques et des technologies. Les activit\u00e9s professionnelles (pr\u00e9paration des op\u00e9rations avant la r\u00e9alisation, la mise en service, la maintenance) peuvent s&rsquo;exercer dans les secteurs : des r\u00e9seaux ; des infrastructures ; des quartiers, des zones d&rsquo;activit\u00e9 ; des b\u00e2timents (r\u00e9sidentiel, tertiaire et industriel) ; de l&rsquo;industrie ; des syst\u00e8mes \u00e9nerg\u00e9tiques autonomes et embarqu\u00e9s.<\/p>\n\n\n\n<p><\/p>\n\n\n\n<p>Pour mieux comprendre \u00e0 qui s&rsquo;adresse cette formation et ce qu&rsquo;elle propose voici une vid\u00e9o propos\u00e9e sur le site de l&rsquo;ONISEP.<\/p>\n\n\n\n<p class=\"has-text-align-center\">Pour la visionner, cliquez sur l&rsquo;image ci-dessous.<\/p>\n\n\n\n<div class=\"wp-block-image\"><figure class=\"aligncenter size-large\"><a href=\"https:\/\/www.youtube.com\/watch?v=XdXz0undHYE\"><img loading=\"lazy\" decoding=\"async\" width=\"634\" height=\"517\" src=\"https:\/\/www.lyceelafayette.fr\/wp-content\/uploads\/2021\/01\/Poster-video-ONISEP-bac-MELEC.jpg\" alt=\"\" class=\"wp-image-3535\" srcset=\"https:\/\/www.lyceelafayette.fr\/wp-content\/uploads\/2021\/01\/Poster-video-ONISEP-bac-MELEC.jpg 634w, https:\/\/www.lyceelafayette.fr\/wp-content\/uploads\/2021\/01\/Poster-video-ONISEP-bac-MELEC-300x245.jpg 300w, https:\/\/www.lyceelafayette.fr\/wp-content\/uploads\/2021\/01\/Poster-video-ONISEP-bac-MELEC-150x122.jpg 150w\" sizes=\"auto, (max-width: 634px) 100vw, 634px\" \/><\/a><\/figure><\/div>\n\n\n\n<p>Cette formation vous ouvre de nombreux emplois chez les constructeurs et les installateurs, \u00e0 EDF, dans les services de maintenance des entreprises industrielles ou de transport (SNCF, RATP\u2026), l\u2019arm\u00e9e, les h\u00f4pitaux\u2026<\/p>\n\n\n\n<p>De nombreux projets se d\u00e9roulent en BAC PRO MELEC. Voici quelques exemples.<\/p>\n\n\n\n<p><p style=\"text-align:center;\"><iframe loading=\"lazy\" width=\"560\" height=\"315\" src=\"https:\/\/www.youtube.com\/embed\/cnsuzKSONQ8\" frameborder=\"0\" allow=\"accelerometer; autoplay; clipboard-write; encrypted-media; gyroscope; picture-in-picture\" allowfullscreen=\"\"><\/iframe><\/p><\/p>\n\n\n\n<p><p style=\"text-align:center;\"><iframe loading=\"lazy\" width=\"560\" height=\"315\" src=\"https:\/\/www.youtube.com\/embed\/UhJfgELvKXw\" frameborder=\"0\" allow=\"accelerometer; autoplay; clipboard-write; encrypted-media; gyroscope; picture-in-picture\" allowfullscreen=\"\"><\/iframe><\/p><\/p>\n\n\n\n<p><em><span style=\"text-decoration: underline;\">D\u00e9couvrez les vid\u00e9os suppl\u00e9mentaires du Concours G\u00e9n\u00e9ral des M\u00e9tiers (CGM) :<\/span><\/em><\/p>\n\n\n\n<ul class=\"wp-block-list\"><li><a href=\"https:\/\/www.youtube.com\/watch?v=odFHLlg6ZXE&amp;feature=youtu.be\">Vid\u00e9o CGM n\u00b01<\/a><\/li><li><a href=\"https:\/\/www.youtube.com\/watch?v=FAiaelWiLoI&amp;feature=youtu.be\">Vid\u00e9o CGM n\u00b02<\/a> <\/li><\/ul>\n\n\n\n<p><\/p>\n\n\n\n<h3 class=\"wp-block-heading\"><span style=\"text-decoration: underline;\">Conditions d\u2019admission<\/span><\/h3>\n\n\n\n<p>A partir de septembre 2021, les \u00e9l\u00e8ves issus d\u2019une classe de 3e peuvent acc\u00e9der \u00e0 ce bac pro en int\u00e9grant la seconde \u00ab\u00a0<strong><a href=\"https:\/\/www.lyceelafayette.fr\/index.php\/formations\/melec-metiers-de-lelectricite\/la-seconde-famille-des-metiers-systemes-numeriques-et-de-la-transition-energetique\/\">famille des m\u00e9tiers des Transitions Num\u00e9rique et Energ\u00e9tique<\/a><\/strong>\u00ab\u00a0. Les \u00e9l\u00e8ves titulaires du CAP Electricien peuvent \u00e9galement int\u00e9grer ce BAC PRO MELEC.<\/p>\n\n\n\n<p>Comme tout bac professionnel les \u00e9l\u00e8ves doivent r\u00e9aliser 22 semaines en entreprise (6 semaines en seconde, 8 semaines en premi\u00e8re et 8 semaines en terminale).<\/p>\n\n\n\n<h3 class=\"wp-block-heading\" id=\"fleche_art80\"><span style=\"text-decoration: underline;\">Poursuites d\u2019\u00e9tudes au lyc\u00e9e La Fayette<\/span><\/h3>\n\n\n\n<ul class=\"wp-block-list\"><li>&nbsp;<a href=\"https:\/\/www.lyceelafayette.fr\/wp-admin\/post.php?post=1000&amp;action=edit\">BTS Electrotechnique<\/a><\/li><\/ul>\n\n\n\n<h3 class=\"wp-block-heading\"><span style=\"text-decoration: underline;\">Autres poursuites d&rsquo;\u00e9tudes possibles<\/span><\/h3>\n\n\n\n<ul class=\"wp-block-list\"><li><a href=\"https:\/\/www.onisep.fr\/Ressources\/Univers-Formation\/Formations\/Lycees\/technicien-ne-de-maintenance-des-ascenseurs\">Technicien (ne) de maintenance des ascenseurs<\/a><\/li><li><a href=\"https:\/\/www.onisep.fr\/Ressources\/Univers-Formation\/Formations\/Lycees\/technicien-ne-de-reparation-des-ascenseurs\">Technicien (ne) de r\u00e9paration des ascenseurs<\/a><\/li><li><a href=\"https:\/\/www.onisep.fr\/Ressources\/Univers-Formation\/Formations\/Post-bac\/mc-technicien-ne-ascensoriste-service-et-modernisation\">MC Technicien(ne) ascensoriste (service et modernisation)<\/a><\/li><li><a href=\"https:\/\/www.onisep.fr\/Ressources\/Univers-Formation\/Formations\/Post-bac\/mc-technicien-ne-en-reseaux-electriques\">MC Technicien(ne) en r\u00e9seaux \u00e9lectriques<\/a><\/li><li><a href=\"https:\/\/www.onisep.fr\/Ressources\/Univers-Formation\/Formations\/Post-bac\/bts-assistance-technique-d-ingenieur\">BTS Assistance technique d&rsquo;ing\u00e9nieur<\/a><\/li><li><a href=\"https:\/\/www.onisep.fr\/Ressources\/Univers-Formation\/Formations\/Post-bac\/bts-conception-et-realisation-de-systemes-automatiques\">BTS Conception et r\u00e9alisation de syst\u00e8mes automatiques<\/a><\/li><li><a href=\"https:\/\/www.onisep.fr\/Ressources\/Univers-Formation\/Formations\/Post-bac\/bts-controle-industriel-et-regulation-automatique\">BTS Contr\u00f4le industriel et r\u00e9gulation automatique<\/a><\/li><li><a href=\"https:\/\/www.onisep.fr\/Ressources\/Univers-Formation\/Formations\/Post-bac\/bts-fluides-energies-domotique-option-a-genie-climatique-et-fluidique\">BTS Fluides, \u00e9nergies, domotique option A g\u00e9nie climatique et fluidique<\/a><\/li><li><a href=\"https:\/\/www.onisep.fr\/Ressources\/Univers-Formation\/Formations\/Post-bac\/bts-fluides-energies-domotique-option-b-froid-et-conditionnement-d-air\">BTS Fluides, \u00e9nergies, domotique option B froid et conditionnement d&rsquo;air<\/a><\/li><li><a href=\"https:\/\/www.onisep.fr\/Ressources\/Univers-Formation\/Formations\/Post-bac\/bts-fluides-energies-domotique-option-c-domotique-et-batiments-communicants\">BTS Fluides, \u00e9nergies, domotique option C domotique et b\u00e2timents communicants<\/a><\/li><li><a href=\"https:\/\/www.onisep.fr\/Ressources\/Univers-Formation\/Formations\/Post-bac\/bts-maintenance-des-systemes-option-a-systemes-de-production\">BTS Maintenance des syst\u00e8mes option A syst\u00e8mes de production<\/a><\/li><li><a href=\"https:\/\/www.onisep.fr\/Ressources\/Univers-Formation\/Formations\/Post-bac\/bts-maintenance-des-systemes-option-c-systemes-eoliens\">BTS Maintenance des syst\u00e8mes option C syst\u00e8mes \u00e9oliens<\/a><\/li><\/ul>\n","protected":false},"excerpt":{"rendered":"<p>La formation conduisant au bac pro MELEC cible les secteurs des r\u00e9seaux, des infrastructures, des quartiers et des zones d\u2019activit\u00e9s, des b\u00e2timents, de l\u2019industrie et des syst\u00e8mes \u00e9nerg\u00e9tiques autonomes et embarqu\u00e9s. Le titulaire du baccalaur\u00e9at professionnel M\u00e9tiers de l&rsquo;\u00e9lectricit\u00e9 et de ses environnements connect\u00e9s s&rsquo;adapte \u00e0 l&rsquo;\u00e9volution des techniques et&#8230; <a class=\"continue-reading-link\" href=\"https:\/\/www.lyceelafayette.fr\/index.php\/bac-pro-melec-metiers-de-lelectricite-et-de-ses-environnements-connectes\/\">lire la suite<\/a><\/p>\n","protected":false},"author":1,"featured_media":0,"parent":0,"menu_order":0,"comment_status":"closed","ping_status":"closed","template":"","meta":{"footnotes":""},"class_list":["post-3684","page","type-page","status-publish","hentry"],"yoast_head":"<!-- This site is optimized with the Yoast SEO plugin v27.5 - https:\/\/yoast.com\/product\/yoast-seo-wordpress\/ -->\n<title>BAC PRO MELEC : M\u00e9tiers de l&#039;\u00c9lectricit\u00e9 et de ses Environnements Connect\u00e9s - Lyc\u00e9e La Fayette<\/title>\n<meta name=\"robots\" content=\"index, follow, max-snippet:-1, max-image-preview:large, max-video-preview:-1\" \/>\n<link rel=\"canonical\" href=\"https:\/\/www.lyceelafayette.fr\/index.php\/bac-pro-melec-metiers-de-lelectricite-et-de-ses-environnements-connectes\/\" \/>\n<meta property=\"og:locale\" content=\"fr_FR\" \/>\n<meta property=\"og:type\" content=\"article\" \/>\n<meta property=\"og:title\" content=\"BAC PRO MELEC : M\u00e9tiers de l&#039;\u00c9lectricit\u00e9 et de ses Environnements Connect\u00e9s - Lyc\u00e9e La Fayette\" \/>\n<meta property=\"og:description\" content=\"La formation conduisant au bac pro MELEC cible les secteurs des r\u00e9seaux, des infrastructures, des quartiers et des zones d\u2019activit\u00e9s, des b\u00e2timents, de l\u2019industrie et des syst\u00e8mes \u00e9nerg\u00e9tiques autonomes et embarqu\u00e9s. Le titulaire du baccalaur\u00e9at professionnel M\u00e9tiers de l&rsquo;\u00e9lectricit\u00e9 et de ses environnements connect\u00e9s s&rsquo;adapte \u00e0 l&rsquo;\u00e9volution des techniques et... lire la suite\" \/>\n<meta property=\"og:url\" content=\"https:\/\/www.lyceelafayette.fr\/index.php\/bac-pro-melec-metiers-de-lelectricite-et-de-ses-environnements-connectes\/\" \/>\n<meta property=\"og:site_name\" content=\"Lyc\u00e9e La Fayette\" \/>\n<meta property=\"article:modified_time\" content=\"2021-10-14T14:34:58+00:00\" \/>\n<meta property=\"og:image\" content=\"https:\/\/www.lyceelafayette.fr\/wp-content\/uploads\/2021\/10\/filiere-numerique-MELEC.jpg\" \/>\n<meta name=\"twitter:card\" content=\"summary_large_image\" \/>\n<meta name=\"twitter:label1\" content=\"Dur\u00e9e de lecture estim\u00e9e\" \/>\n\t<meta name=\"twitter:data1\" content=\"2 minutes\" \/>\n<script type=\"application\/ld+json\" class=\"yoast-schema-graph\">{\"@context\":\"https:\\\/\\\/schema.org\",\"@graph\":[{\"@type\":\"WebPage\",\"@id\":\"https:\\\/\\\/www.lyceelafayette.fr\\\/index.php\\\/bac-pro-melec-metiers-de-lelectricite-et-de-ses-environnements-connectes\\\/\",\"url\":\"https:\\\/\\\/www.lyceelafayette.fr\\\/index.php\\\/bac-pro-melec-metiers-de-lelectricite-et-de-ses-environnements-connectes\\\/\",\"name\":\"BAC PRO MELEC : M\u00e9tiers de l'\u00c9lectricit\u00e9 et de ses Environnements Connect\u00e9s - Lyc\u00e9e La Fayette\",\"isPartOf\":{\"@id\":\"https:\\\/\\\/www.lyceelafayette.fr\\\/#website\"},\"primaryImageOfPage\":{\"@id\":\"https:\\\/\\\/www.lyceelafayette.fr\\\/index.php\\\/bac-pro-melec-metiers-de-lelectricite-et-de-ses-environnements-connectes\\\/#primaryimage\"},\"image\":{\"@id\":\"https:\\\/\\\/www.lyceelafayette.fr\\\/index.php\\\/bac-pro-melec-metiers-de-lelectricite-et-de-ses-environnements-connectes\\\/#primaryimage\"},\"thumbnailUrl\":\"https:\\\/\\\/www.lyceelafayette.fr\\\/wp-content\\\/uploads\\\/2021\\\/10\\\/filiere-numerique-MELEC.jpg\",\"datePublished\":\"2021-02-02T15:08:07+00:00\",\"dateModified\":\"2021-10-14T14:34:58+00:00\",\"breadcrumb\":{\"@id\":\"https:\\\/\\\/www.lyceelafayette.fr\\\/index.php\\\/bac-pro-melec-metiers-de-lelectricite-et-de-ses-environnements-connectes\\\/#breadcrumb\"},\"inLanguage\":\"fr-FR\",\"potentialAction\":[{\"@type\":\"ReadAction\",\"target\":[\"https:\\\/\\\/www.lyceelafayette.fr\\\/index.php\\\/bac-pro-melec-metiers-de-lelectricite-et-de-ses-environnements-connectes\\\/\"]}]},{\"@type\":\"ImageObject\",\"inLanguage\":\"fr-FR\",\"@id\":\"https:\\\/\\\/www.lyceelafayette.fr\\\/index.php\\\/bac-pro-melec-metiers-de-lelectricite-et-de-ses-environnements-connectes\\\/#primaryimage\",\"url\":\"https:\\\/\\\/www.lyceelafayette.fr\\\/wp-content\\\/uploads\\\/2021\\\/10\\\/filiere-numerique-MELEC.jpg\",\"contentUrl\":\"https:\\\/\\\/www.lyceelafayette.fr\\\/wp-content\\\/uploads\\\/2021\\\/10\\\/filiere-numerique-MELEC.jpg\",\"width\":1169,\"height\":826},{\"@type\":\"BreadcrumbList\",\"@id\":\"https:\\\/\\\/www.lyceelafayette.fr\\\/index.php\\\/bac-pro-melec-metiers-de-lelectricite-et-de-ses-environnements-connectes\\\/#breadcrumb\",\"itemListElement\":[{\"@type\":\"ListItem\",\"position\":1,\"name\":\"Accueil\",\"item\":\"https:\\\/\\\/www.lyceelafayette.fr\\\/\"},{\"@type\":\"ListItem\",\"position\":2,\"name\":\"BAC PRO MELEC : M\u00e9tiers de l&rsquo;\u00c9lectricit\u00e9 et de ses Environnements Connect\u00e9s\"}]},{\"@type\":\"WebSite\",\"@id\":\"https:\\\/\\\/www.lyceelafayette.fr\\\/#website\",\"url\":\"https:\\\/\\\/www.lyceelafayette.fr\\\/\",\"name\":\"Lyc\u00e9e La Fayette\",\"description\":\"\",\"publisher\":{\"@id\":\"https:\\\/\\\/www.lyceelafayette.fr\\\/#organization\"},\"potentialAction\":[{\"@type\":\"SearchAction\",\"target\":{\"@type\":\"EntryPoint\",\"urlTemplate\":\"https:\\\/\\\/www.lyceelafayette.fr\\\/?s={search_term_string}\"},\"query-input\":{\"@type\":\"PropertyValueSpecification\",\"valueRequired\":true,\"valueName\":\"search_term_string\"}}],\"inLanguage\":\"fr-FR\"},{\"@type\":\"Organization\",\"@id\":\"https:\\\/\\\/www.lyceelafayette.fr\\\/#organization\",\"name\":\"Lyc\u00e9e La Fayette\",\"url\":\"https:\\\/\\\/www.lyceelafayette.fr\\\/\",\"logo\":{\"@type\":\"ImageObject\",\"inLanguage\":\"fr-FR\",\"@id\":\"https:\\\/\\\/www.lyceelafayette.fr\\\/#\\\/schema\\\/logo\\\/image\\\/\",\"url\":\"https:\\\/\\\/www.lyceelafayette.fr\\\/wp-content\\\/uploads\\\/2019\\\/06\\\/llf_logo_alpha.png\",\"contentUrl\":\"https:\\\/\\\/www.lyceelafayette.fr\\\/wp-content\\\/uploads\\\/2019\\\/06\\\/llf_logo_alpha.png\",\"width\":1583,\"height\":792,\"caption\":\"Lyc\u00e9e La Fayette\"},\"image\":{\"@id\":\"https:\\\/\\\/www.lyceelafayette.fr\\\/#\\\/schema\\\/logo\\\/image\\\/\"},\"sameAs\":[\"https:\\\/\\\/www.youtube.com\\\/channel\\\/UC2AOQowoMGBKdY4ToZsf9mw\"]}]}<\/script>\n<!-- \/ Yoast SEO plugin. -->","yoast_head_json":{"title":"BAC PRO MELEC : M\u00e9tiers de l'\u00c9lectricit\u00e9 et de ses Environnements Connect\u00e9s - Lyc\u00e9e La Fayette","robots":{"index":"index","follow":"follow","max-snippet":"max-snippet:-1","max-image-preview":"max-image-preview:large","max-video-preview":"max-video-preview:-1"},"canonical":"https:\/\/www.lyceelafayette.fr\/index.php\/bac-pro-melec-metiers-de-lelectricite-et-de-ses-environnements-connectes\/","og_locale":"fr_FR","og_type":"article","og_title":"BAC PRO MELEC : M\u00e9tiers de l'\u00c9lectricit\u00e9 et de ses Environnements Connect\u00e9s - Lyc\u00e9e La Fayette","og_description":"La formation conduisant au bac pro MELEC cible les secteurs des r\u00e9seaux, des infrastructures, des quartiers et des zones d\u2019activit\u00e9s, des b\u00e2timents, de l\u2019industrie et des syst\u00e8mes \u00e9nerg\u00e9tiques autonomes et embarqu\u00e9s. Le titulaire du baccalaur\u00e9at professionnel M\u00e9tiers de l&rsquo;\u00e9lectricit\u00e9 et de ses environnements connect\u00e9s s&rsquo;adapte \u00e0 l&rsquo;\u00e9volution des techniques et... lire la suite","og_url":"https:\/\/www.lyceelafayette.fr\/index.php\/bac-pro-melec-metiers-de-lelectricite-et-de-ses-environnements-connectes\/","og_site_name":"Lyc\u00e9e La Fayette","article_modified_time":"2021-10-14T14:34:58+00:00","og_image":[{"url":"https:\/\/www.lyceelafayette.fr\/wp-content\/uploads\/2021\/10\/filiere-numerique-MELEC.jpg","type":"","width":"","height":""}],"twitter_card":"summary_large_image","twitter_misc":{"Dur\u00e9e de lecture estim\u00e9e":"2 minutes"},"schema":{"@context":"https:\/\/schema.org","@graph":[{"@type":"WebPage","@id":"https:\/\/www.lyceelafayette.fr\/index.php\/bac-pro-melec-metiers-de-lelectricite-et-de-ses-environnements-connectes\/","url":"https:\/\/www.lyceelafayette.fr\/index.php\/bac-pro-melec-metiers-de-lelectricite-et-de-ses-environnements-connectes\/","name":"BAC PRO MELEC : M\u00e9tiers de l'\u00c9lectricit\u00e9 et de ses Environnements Connect\u00e9s - Lyc\u00e9e La Fayette","isPartOf":{"@id":"https:\/\/www.lyceelafayette.fr\/#website"},"primaryImageOfPage":{"@id":"https:\/\/www.lyceelafayette.fr\/index.php\/bac-pro-melec-metiers-de-lelectricite-et-de-ses-environnements-connectes\/#primaryimage"},"image":{"@id":"https:\/\/www.lyceelafayette.fr\/index.php\/bac-pro-melec-metiers-de-lelectricite-et-de-ses-environnements-connectes\/#primaryimage"},"thumbnailUrl":"https:\/\/www.lyceelafayette.fr\/wp-content\/uploads\/2021\/10\/filiere-numerique-MELEC.jpg","datePublished":"2021-02-02T15:08:07+00:00","dateModified":"2021-10-14T14:34:58+00:00","breadcrumb":{"@id":"https:\/\/www.lyceelafayette.fr\/index.php\/bac-pro-melec-metiers-de-lelectricite-et-de-ses-environnements-connectes\/#breadcrumb"},"inLanguage":"fr-FR","potentialAction":[{"@type":"ReadAction","target":["https:\/\/www.lyceelafayette.fr\/index.php\/bac-pro-melec-metiers-de-lelectricite-et-de-ses-environnements-connectes\/"]}]},{"@type":"ImageObject","inLanguage":"fr-FR","@id":"https:\/\/www.lyceelafayette.fr\/index.php\/bac-pro-melec-metiers-de-lelectricite-et-de-ses-environnements-connectes\/#primaryimage","url":"https:\/\/www.lyceelafayette.fr\/wp-content\/uploads\/2021\/10\/filiere-numerique-MELEC.jpg","contentUrl":"https:\/\/www.lyceelafayette.fr\/wp-content\/uploads\/2021\/10\/filiere-numerique-MELEC.jpg","width":1169,"height":826},{"@type":"BreadcrumbList","@id":"https:\/\/www.lyceelafayette.fr\/index.php\/bac-pro-melec-metiers-de-lelectricite-et-de-ses-environnements-connectes\/#breadcrumb","itemListElement":[{"@type":"ListItem","position":1,"name":"Accueil","item":"https:\/\/www.lyceelafayette.fr\/"},{"@type":"ListItem","position":2,"name":"BAC PRO MELEC : M\u00e9tiers de l&rsquo;\u00c9lectricit\u00e9 et de ses Environnements Connect\u00e9s"}]},{"@type":"WebSite","@id":"https:\/\/www.lyceelafayette.fr\/#website","url":"https:\/\/www.lyceelafayette.fr\/","name":"Lyc\u00e9e La Fayette","description":"","publisher":{"@id":"https:\/\/www.lyceelafayette.fr\/#organization"},"potentialAction":[{"@type":"SearchAction","target":{"@type":"EntryPoint","urlTemplate":"https:\/\/www.lyceelafayette.fr\/?s={search_term_string}"},"query-input":{"@type":"PropertyValueSpecification","valueRequired":true,"valueName":"search_term_string"}}],"inLanguage":"fr-FR"},{"@type":"Organization","@id":"https:\/\/www.lyceelafayette.fr\/#organization","name":"Lyc\u00e9e La Fayette","url":"https:\/\/www.lyceelafayette.fr\/","logo":{"@type":"ImageObject","inLanguage":"fr-FR","@id":"https:\/\/www.lyceelafayette.fr\/#\/schema\/logo\/image\/","url":"https:\/\/www.lyceelafayette.fr\/wp-content\/uploads\/2019\/06\/llf_logo_alpha.png","contentUrl":"https:\/\/www.lyceelafayette.fr\/wp-content\/uploads\/2019\/06\/llf_logo_alpha.png","width":1583,"height":792,"caption":"Lyc\u00e9e La Fayette"},"image":{"@id":"https:\/\/www.lyceelafayette.fr\/#\/schema\/logo\/image\/"},"sameAs":["https:\/\/www.youtube.com\/channel\/UC2AOQowoMGBKdY4ToZsf9mw"]}]}},"_links":{"self":[{"href":"https:\/\/www.lyceelafayette.fr\/index.php\/wp-json\/wp\/v2\/pages\/3684","targetHints":{"allow":["GET"]}}],"collection":[{"href":"https:\/\/www.lyceelafayette.fr\/index.php\/wp-json\/wp\/v2\/pages"}],"about":[{"href":"https:\/\/www.lyceelafayette.fr\/index.php\/wp-json\/wp\/v2\/types\/page"}],"author":[{"embeddable":true,"href":"https:\/\/www.lyceelafayette.fr\/index.php\/wp-json\/wp\/v2\/users\/1"}],"replies":[{"embeddable":true,"href":"https:\/\/www.lyceelafayette.fr\/index.php\/wp-json\/wp\/v2\/comments?post=3684"}],"version-history":[{"count":27,"href":"https:\/\/www.lyceelafayette.fr\/index.php\/wp-json\/wp\/v2\/pages\/3684\/revisions"}],"predecessor-version":[{"id":5264,"href":"https:\/\/www.lyceelafayette.fr\/index.php\/wp-json\/wp\/v2\/pages\/3684\/revisions\/5264"}],"wp:attachment":[{"href":"https:\/\/www.lyceelafayette.fr\/index.php\/wp-json\/wp\/v2\/media?parent=3684"}],"curies":[{"name":"wp","href":"https:\/\/api.w.org\/{rel}","templated":true}]}}