{"id":3613,"date":"2021-02-02T10:58:14","date_gmt":"2021-02-02T09:58:14","guid":{"rendered":"https:\/\/www.lyceelafayette.fr\/?page_id=3613"},"modified":"2021-04-08T11:10:55","modified_gmt":"2021-04-08T09:10:55","slug":"la-seconde-famille-des-metiers-systemes-numeriques-et-de-la-transition-energetique","status":"publish","type":"page","link":"https:\/\/www.lyceelafayette.fr\/index.php\/formations\/melec-metiers-de-lelectricite\/la-seconde-famille-des-metiers-systemes-numeriques-et-de-la-transition-energetique\/","title":{"rendered":"La SECONDE famille des m\u00e9tiers des Transitions Num\u00e9rique et Energ\u00e9tique"},"content":{"rendered":"<p>Dans le cadre de la r\u00e9forme du lyc\u00e9e Professionnel, \u00e0 partir de la rentr\u00e9e de septembre 2021, la seconde professionnelle est organis\u00e9e en \u00ab famille de m\u00e9tiers\u00ab .<\/p>\n<p>Une famille de m\u00e9tiers \u00ab regroupe des comp\u00e9tences professionnelles communes \u00e0 plusieurs sp\u00e9cialit\u00e9s du baccalaur\u00e9at professionnel \u00bb et donne l\u2019opportunit\u00e9 aux \u00e9l\u00e8ves d\u2019acqu\u00e9rir d\u00e8s la seconde des comp\u00e9tences professionnelles utiles tout en lui permettant de prendre suffisamment connaissance des m\u00e9tiers avant de faire son choix de sp\u00e9cialit\u00e9. Chaque famille regroupe plusieurs dipl\u00f4mes de Baccalaur\u00e9at professionnel.<\/p>\n<p><span style=\"text-decoration: underline;\">La seconde professionnelle famille des m\u00e9tiers permet \u00e0 l\u2019\u00e9l\u00e8ve de :<\/span><\/p>\n<ul>\n<li>D\u00e9couvrir des domaines professionnels diff\u00e9rents.<\/li>\n<li>D\u2019acqu\u00e9rir des comp\u00e9tences communes \u00e0 ce secteur professionnel<\/li>\n<li>Choisir une sp\u00e9cialit\u00e9 et un bac professionnel (1\u00e8re et Terminale) en \u00e9tant mieux inform\u00e9.<\/li>\n<\/ul>\n<p>7 baccalaur\u00e9ats professionnels sont accessibles \u00e0 l&rsquo;issue de la seconde Famille des m\u00e9tiers des Transitions Num\u00e9rique et Energ\u00e9tique.<\/p>\n<p>Au lyc\u00e9e La Fayette de Champagne sur Seine et de Fontaineroux la Famille des m\u00e9tiers des Transitions Num\u00e9rique et Energ\u00e9tique regroupe <strong>3 sp\u00e9cialit\u00e9s<\/strong> :<\/p>\n<ul>\n<li><span style=\"text-decoration: underline;\"><a href=\"https:\/\/www.lyceelafayette.fr\/index.php\/bac-pro-melec\/\">BAC PRO MELEC<\/a><\/span> M\u00e9tiers de l\u2019Electricit\u00e9 et de ses Environnements Connect\u00e9s&nbsp;<\/li>\n<li><a href=\"https:\/\/www.lyceelafayette.fr\/index.php\/baccalaureat-pro-systemes-numeriques-option-a-ssiht\/\"><span style=\"text-decoration: underline;\">BAC PRO SN option : SSIHT<\/span><\/a>&nbsp; (Syst\u00e8mes Num\u00e9riques, option : S\u00fbret\u00e9 et S\u00e9curit\u00e9 des Infrastructures, de l\u2019Habitat et du Tertiaire ).<\/li>\n<li><span style=\"text-decoration: underline;\"><a href=\"https:\/\/www.lyceelafayette.fr\/index.php\/baccalaureat-pro-systemes-numeriques-option-b-risc\/\">BAC PRO SN option : RISC<\/a><\/span> (Syst\u00e8mes Num\u00e9riques, option : R\u00e9seaux Informatiques et Syst\u00e8mes Communicants).<\/li>\n<\/ul>\n<p><span style=\"text-decoration: underline;\">Les autres sp\u00e9cialit\u00e9s (non disponibles au Lyc\u00e9e La Fayette) :<\/span><\/p>\n<ul>\n<li>Bac pro Technicien en Installation des Syst\u00e8mes Energ\u00e9tiques et Climatiques (ISEC)<\/li>\n<li>Bac pro Technicien en Maintenance des Syst\u00e8mes Energ\u00e9tiques et Climatiques (MSEC)<\/li>\n<li>Bac pro Technicien du Froid et du Conditionnement d&rsquo;Air (FCA)<\/li>\n<li>Bac pro Technicien Gaz<\/li>\n<li>Bac pro Syst\u00e8mes num\u00e9riques option B Audiovisuel, r\u00e9seau et \u00e9quipements Domestiques (ARED)<\/li>\n<\/ul>\n<p>Les plateaux techniques et ateliers disponibles au lyc\u00e9e La Fayette offrent une mise en pratique technique de chacune des 3 sp\u00e9cialit\u00e9s propos\u00e9es (<strong><a href=\"https:\/\/www.lyceelafayette.fr\/index.php\/bac-pro-melec\/\">MELEC<\/a><\/strong>, <strong><a href=\"https:\/\/www.lyceelafayette.fr\/index.php\/baccalaureat-pro-systemes-numeriques-option-a-ssiht\/\">SSIHT<\/a><\/strong>, <a href=\"https:\/\/www.lyceelafayette.fr\/index.php\/baccalaureat-pro-systemes-numeriques-option-b-risc\/\"><strong>RISC<\/strong><\/a>).<\/p>\n<p>Dans le cadre de la r\u00e9forme du lyc\u00e9e Professionnel, \u00e0 partir de la rentr\u00e9e de septembre 2021, le BAC professionnel SYSTEMES NUMERIQUES est accessible par la seconde professionnelle <em><strong>\u00ab\u00a0Famille des m\u00e9tiers des Transitions Num\u00e9rique et Energ\u00e9tique\u00a0\u00bb<\/strong><\/em>.<\/p>\n\n\n<p><a href=\"https:\/\/www.lyceelafayette.fr\/index.php\/formations\/melec-metiers-de-lelectricite\/la-seconde-famille-des-metiers-systemes-numeriques-et-de-la-transition-energetique\/\">Voir la page<\/a><\/p>\n\n\n\n<p><\/p>\n","protected":false},"excerpt":{"rendered":"<p>Dans le cadre de la r\u00e9forme du lyc\u00e9e Professionnel, \u00e0 partir de la rentr\u00e9e de septembre 2021, la seconde professionnelle est organis\u00e9e en \u00ab famille de m\u00e9tiers\u00ab . Une famille de m\u00e9tiers \u00ab regroupe des comp\u00e9tences professionnelles communes \u00e0 plusieurs sp\u00e9cialit\u00e9s du baccalaur\u00e9at professionnel \u00bb et donne l\u2019opportunit\u00e9 aux \u00e9l\u00e8ves&#8230; <a class=\"continue-reading-link\" href=\"https:\/\/www.lyceelafayette.fr\/index.php\/formations\/melec-metiers-de-lelectricite\/la-seconde-famille-des-metiers-systemes-numeriques-et-de-la-transition-energetique\/\">lire la suite<\/a><\/p>\n","protected":false},"author":8,"featured_media":0,"parent":243,"menu_order":0,"comment_status":"closed","ping_status":"closed","template":"","meta":{"footnotes":""},"class_list":["post-3613","page","type-page","status-publish","hentry"],"yoast_head":"<!-- This site is optimized with the Yoast SEO plugin v27.5 - https:\/\/yoast.com\/product\/yoast-seo-wordpress\/ -->\n<title>La SECONDE famille des m\u00e9tiers des Transitions Num\u00e9rique et Energ\u00e9tique - Lyc\u00e9e La Fayette<\/title>\n<meta name=\"robots\" content=\"index, follow, max-snippet:-1, max-image-preview:large, max-video-preview:-1\" \/>\n<link rel=\"canonical\" href=\"https:\/\/www.lyceelafayette.fr\/index.php\/formations\/melec-metiers-de-lelectricite\/la-seconde-famille-des-metiers-systemes-numeriques-et-de-la-transition-energetique\/\" \/>\n<meta property=\"og:locale\" content=\"fr_FR\" \/>\n<meta property=\"og:type\" content=\"article\" \/>\n<meta property=\"og:title\" content=\"La SECONDE famille des m\u00e9tiers des Transitions Num\u00e9rique et Energ\u00e9tique - Lyc\u00e9e La Fayette\" \/>\n<meta property=\"og:description\" content=\"Dans le cadre de la r\u00e9forme du lyc\u00e9e Professionnel, \u00e0 partir de la rentr\u00e9e de septembre 2021, la seconde professionnelle est organis\u00e9e en \u00ab famille de m\u00e9tiers\u00ab . Une famille de m\u00e9tiers \u00ab regroupe des comp\u00e9tences professionnelles communes \u00e0 plusieurs sp\u00e9cialit\u00e9s du baccalaur\u00e9at professionnel \u00bb et donne l\u2019opportunit\u00e9 aux \u00e9l\u00e8ves... lire la suite\" \/>\n<meta property=\"og:url\" content=\"https:\/\/www.lyceelafayette.fr\/index.php\/formations\/melec-metiers-de-lelectricite\/la-seconde-famille-des-metiers-systemes-numeriques-et-de-la-transition-energetique\/\" \/>\n<meta property=\"og:site_name\" content=\"Lyc\u00e9e La Fayette\" \/>\n<meta property=\"article:modified_time\" content=\"2021-04-08T09:10:55+00:00\" \/>\n<meta name=\"twitter:card\" content=\"summary_large_image\" \/>\n<meta name=\"twitter:label1\" content=\"Dur\u00e9e de lecture estim\u00e9e\" \/>\n\t<meta name=\"twitter:data1\" content=\"2 minutes\" \/>\n<script type=\"application\/ld+json\" class=\"yoast-schema-graph\">{\"@context\":\"https:\\\/\\\/schema.org\",\"@graph\":[{\"@type\":\"WebPage\",\"@id\":\"https:\\\/\\\/www.lyceelafayette.fr\\\/index.php\\\/formations\\\/melec-metiers-de-lelectricite\\\/la-seconde-famille-des-metiers-systemes-numeriques-et-de-la-transition-energetique\\\/\",\"url\":\"https:\\\/\\\/www.lyceelafayette.fr\\\/index.php\\\/formations\\\/melec-metiers-de-lelectricite\\\/la-seconde-famille-des-metiers-systemes-numeriques-et-de-la-transition-energetique\\\/\",\"name\":\"La SECONDE famille des m\u00e9tiers des Transitions Num\u00e9rique et Energ\u00e9tique - Lyc\u00e9e La Fayette\",\"isPartOf\":{\"@id\":\"https:\\\/\\\/www.lyceelafayette.fr\\\/#website\"},\"datePublished\":\"2021-02-02T09:58:14+00:00\",\"dateModified\":\"2021-04-08T09:10:55+00:00\",\"breadcrumb\":{\"@id\":\"https:\\\/\\\/www.lyceelafayette.fr\\\/index.php\\\/formations\\\/melec-metiers-de-lelectricite\\\/la-seconde-famille-des-metiers-systemes-numeriques-et-de-la-transition-energetique\\\/#breadcrumb\"},\"inLanguage\":\"fr-FR\",\"potentialAction\":[{\"@type\":\"ReadAction\",\"target\":[\"https:\\\/\\\/www.lyceelafayette.fr\\\/index.php\\\/formations\\\/melec-metiers-de-lelectricite\\\/la-seconde-famille-des-metiers-systemes-numeriques-et-de-la-transition-energetique\\\/\"]}]},{\"@type\":\"BreadcrumbList\",\"@id\":\"https:\\\/\\\/www.lyceelafayette.fr\\\/index.php\\\/formations\\\/melec-metiers-de-lelectricite\\\/la-seconde-famille-des-metiers-systemes-numeriques-et-de-la-transition-energetique\\\/#breadcrumb\",\"itemListElement\":[{\"@type\":\"ListItem\",\"position\":1,\"name\":\"Accueil\",\"item\":\"https:\\\/\\\/www.lyceelafayette.fr\\\/\"},{\"@type\":\"ListItem\",\"position\":2,\"name\":\"Nos formations g\u00e9n\u00e9rales\",\"item\":\"https:\\\/\\\/www.lyceelafayette.fr\\\/index.php\\\/formations\\\/\"},{\"@type\":\"ListItem\",\"position\":3,\"name\":\"M\u00c9TIERS DE L\u2019\u00c9LECTRICIT\u00c9\",\"item\":\"https:\\\/\\\/www.lyceelafayette.fr\\\/index.php\\\/formations\\\/melec-metiers-de-lelectricite\\\/\"},{\"@type\":\"ListItem\",\"position\":4,\"name\":\"La SECONDE famille des m\u00e9tiers des Transitions Num\u00e9rique et Energ\u00e9tique\"}]},{\"@type\":\"WebSite\",\"@id\":\"https:\\\/\\\/www.lyceelafayette.fr\\\/#website\",\"url\":\"https:\\\/\\\/www.lyceelafayette.fr\\\/\",\"name\":\"Lyc\u00e9e La Fayette\",\"description\":\"\",\"publisher\":{\"@id\":\"https:\\\/\\\/www.lyceelafayette.fr\\\/#organization\"},\"potentialAction\":[{\"@type\":\"SearchAction\",\"target\":{\"@type\":\"EntryPoint\",\"urlTemplate\":\"https:\\\/\\\/www.lyceelafayette.fr\\\/?s={search_term_string}\"},\"query-input\":{\"@type\":\"PropertyValueSpecification\",\"valueRequired\":true,\"valueName\":\"search_term_string\"}}],\"inLanguage\":\"fr-FR\"},{\"@type\":\"Organization\",\"@id\":\"https:\\\/\\\/www.lyceelafayette.fr\\\/#organization\",\"name\":\"Lyc\u00e9e La Fayette\",\"url\":\"https:\\\/\\\/www.lyceelafayette.fr\\\/\",\"logo\":{\"@type\":\"ImageObject\",\"inLanguage\":\"fr-FR\",\"@id\":\"https:\\\/\\\/www.lyceelafayette.fr\\\/#\\\/schema\\\/logo\\\/image\\\/\",\"url\":\"https:\\\/\\\/www.lyceelafayette.fr\\\/wp-content\\\/uploads\\\/2019\\\/06\\\/llf_logo_alpha.png\",\"contentUrl\":\"https:\\\/\\\/www.lyceelafayette.fr\\\/wp-content\\\/uploads\\\/2019\\\/06\\\/llf_logo_alpha.png\",\"width\":1583,\"height\":792,\"caption\":\"Lyc\u00e9e La Fayette\"},\"image\":{\"@id\":\"https:\\\/\\\/www.lyceelafayette.fr\\\/#\\\/schema\\\/logo\\\/image\\\/\"},\"sameAs\":[\"https:\\\/\\\/www.youtube.com\\\/channel\\\/UC2AOQowoMGBKdY4ToZsf9mw\"]}]}<\/script>\n<!-- \/ Yoast SEO plugin. -->","yoast_head_json":{"title":"La SECONDE famille des m\u00e9tiers des Transitions Num\u00e9rique et Energ\u00e9tique - Lyc\u00e9e La Fayette","robots":{"index":"index","follow":"follow","max-snippet":"max-snippet:-1","max-image-preview":"max-image-preview:large","max-video-preview":"max-video-preview:-1"},"canonical":"https:\/\/www.lyceelafayette.fr\/index.php\/formations\/melec-metiers-de-lelectricite\/la-seconde-famille-des-metiers-systemes-numeriques-et-de-la-transition-energetique\/","og_locale":"fr_FR","og_type":"article","og_title":"La SECONDE famille des m\u00e9tiers des Transitions Num\u00e9rique et Energ\u00e9tique - Lyc\u00e9e La Fayette","og_description":"Dans le cadre de la r\u00e9forme du lyc\u00e9e Professionnel, \u00e0 partir de la rentr\u00e9e de septembre 2021, la seconde professionnelle est organis\u00e9e en \u00ab famille de m\u00e9tiers\u00ab . Une famille de m\u00e9tiers \u00ab regroupe des comp\u00e9tences professionnelles communes \u00e0 plusieurs sp\u00e9cialit\u00e9s du baccalaur\u00e9at professionnel \u00bb et donne l\u2019opportunit\u00e9 aux \u00e9l\u00e8ves... lire la suite","og_url":"https:\/\/www.lyceelafayette.fr\/index.php\/formations\/melec-metiers-de-lelectricite\/la-seconde-famille-des-metiers-systemes-numeriques-et-de-la-transition-energetique\/","og_site_name":"Lyc\u00e9e La Fayette","article_modified_time":"2021-04-08T09:10:55+00:00","twitter_card":"summary_large_image","twitter_misc":{"Dur\u00e9e de lecture estim\u00e9e":"2 minutes"},"schema":{"@context":"https:\/\/schema.org","@graph":[{"@type":"WebPage","@id":"https:\/\/www.lyceelafayette.fr\/index.php\/formations\/melec-metiers-de-lelectricite\/la-seconde-famille-des-metiers-systemes-numeriques-et-de-la-transition-energetique\/","url":"https:\/\/www.lyceelafayette.fr\/index.php\/formations\/melec-metiers-de-lelectricite\/la-seconde-famille-des-metiers-systemes-numeriques-et-de-la-transition-energetique\/","name":"La SECONDE famille des m\u00e9tiers des Transitions Num\u00e9rique et Energ\u00e9tique - Lyc\u00e9e La Fayette","isPartOf":{"@id":"https:\/\/www.lyceelafayette.fr\/#website"},"datePublished":"2021-02-02T09:58:14+00:00","dateModified":"2021-04-08T09:10:55+00:00","breadcrumb":{"@id":"https:\/\/www.lyceelafayette.fr\/index.php\/formations\/melec-metiers-de-lelectricite\/la-seconde-famille-des-metiers-systemes-numeriques-et-de-la-transition-energetique\/#breadcrumb"},"inLanguage":"fr-FR","potentialAction":[{"@type":"ReadAction","target":["https:\/\/www.lyceelafayette.fr\/index.php\/formations\/melec-metiers-de-lelectricite\/la-seconde-famille-des-metiers-systemes-numeriques-et-de-la-transition-energetique\/"]}]},{"@type":"BreadcrumbList","@id":"https:\/\/www.lyceelafayette.fr\/index.php\/formations\/melec-metiers-de-lelectricite\/la-seconde-famille-des-metiers-systemes-numeriques-et-de-la-transition-energetique\/#breadcrumb","itemListElement":[{"@type":"ListItem","position":1,"name":"Accueil","item":"https:\/\/www.lyceelafayette.fr\/"},{"@type":"ListItem","position":2,"name":"Nos formations g\u00e9n\u00e9rales","item":"https:\/\/www.lyceelafayette.fr\/index.php\/formations\/"},{"@type":"ListItem","position":3,"name":"M\u00c9TIERS DE L\u2019\u00c9LECTRICIT\u00c9","item":"https:\/\/www.lyceelafayette.fr\/index.php\/formations\/melec-metiers-de-lelectricite\/"},{"@type":"ListItem","position":4,"name":"La SECONDE famille des m\u00e9tiers des Transitions Num\u00e9rique et Energ\u00e9tique"}]},{"@type":"WebSite","@id":"https:\/\/www.lyceelafayette.fr\/#website","url":"https:\/\/www.lyceelafayette.fr\/","name":"Lyc\u00e9e La Fayette","description":"","publisher":{"@id":"https:\/\/www.lyceelafayette.fr\/#organization"},"potentialAction":[{"@type":"SearchAction","target":{"@type":"EntryPoint","urlTemplate":"https:\/\/www.lyceelafayette.fr\/?s={search_term_string}"},"query-input":{"@type":"PropertyValueSpecification","valueRequired":true,"valueName":"search_term_string"}}],"inLanguage":"fr-FR"},{"@type":"Organization","@id":"https:\/\/www.lyceelafayette.fr\/#organization","name":"Lyc\u00e9e La Fayette","url":"https:\/\/www.lyceelafayette.fr\/","logo":{"@type":"ImageObject","inLanguage":"fr-FR","@id":"https:\/\/www.lyceelafayette.fr\/#\/schema\/logo\/image\/","url":"https:\/\/www.lyceelafayette.fr\/wp-content\/uploads\/2019\/06\/llf_logo_alpha.png","contentUrl":"https:\/\/www.lyceelafayette.fr\/wp-content\/uploads\/2019\/06\/llf_logo_alpha.png","width":1583,"height":792,"caption":"Lyc\u00e9e La Fayette"},"image":{"@id":"https:\/\/www.lyceelafayette.fr\/#\/schema\/logo\/image\/"},"sameAs":["https:\/\/www.youtube.com\/channel\/UC2AOQowoMGBKdY4ToZsf9mw"]}]}},"_links":{"self":[{"href":"https:\/\/www.lyceelafayette.fr\/index.php\/wp-json\/wp\/v2\/pages\/3613","targetHints":{"allow":["GET"]}}],"collection":[{"href":"https:\/\/www.lyceelafayette.fr\/index.php\/wp-json\/wp\/v2\/pages"}],"about":[{"href":"https:\/\/www.lyceelafayette.fr\/index.php\/wp-json\/wp\/v2\/types\/page"}],"author":[{"embeddable":true,"href":"https:\/\/www.lyceelafayette.fr\/index.php\/wp-json\/wp\/v2\/users\/8"}],"replies":[{"embeddable":true,"href":"https:\/\/www.lyceelafayette.fr\/index.php\/wp-json\/wp\/v2\/comments?post=3613"}],"version-history":[{"count":24,"href":"https:\/\/www.lyceelafayette.fr\/index.php\/wp-json\/wp\/v2\/pages\/3613\/revisions"}],"predecessor-version":[{"id":4784,"href":"https:\/\/www.lyceelafayette.fr\/index.php\/wp-json\/wp\/v2\/pages\/3613\/revisions\/4784"}],"up":[{"embeddable":true,"href":"https:\/\/www.lyceelafayette.fr\/index.php\/wp-json\/wp\/v2\/pages\/243"}],"wp:attachment":[{"href":"https:\/\/www.lyceelafayette.fr\/index.php\/wp-json\/wp\/v2\/media?parent=3613"}],"curies":[{"name":"wp","href":"https:\/\/api.w.org\/{rel}","templated":true}]}}