{"id":3544,"date":"2021-01-21T15:10:50","date_gmt":"2021-01-21T14:10:50","guid":{"rendered":"https:\/\/www.lyceelafayette.fr\/?page_id=3544"},"modified":"2022-09-01T15:57:42","modified_gmt":"2022-09-01T13:57:42","slug":"baccalaureat-pro-systemes-numeriques-option-a-ssiht","status":"publish","type":"page","link":"https:\/\/www.lyceelafayette.fr\/index.php\/baccalaureat-pro-systemes-numeriques-option-a-ssiht\/","title":{"rendered":"Baccalaur\u00e9at Pro Syst\u00e8mes Num\u00e9riques, option A SSIHT"},"content":{"rendered":"\n<p class=\"has-text-align-center\"><span style=\"text-decoration: underline;\">Option A&nbsp;: S\u00fbret\u00e9 et S\u00e9curit\u00e9 des Infrastructures, de l\u2019Habitat et du Tertiaire<\/span><\/p>\n\n\n\n<p><\/p>\n\n\n\n<figure class=\"wp-block-image size-large\"><img loading=\"lazy\" decoding=\"async\" width=\"1024\" height=\"724\" src=\"https:\/\/www.lyceelafayette.fr\/wp-content\/uploads\/2021\/10\/filiere-numerique-SSIHT-1024x724.jpg\" alt=\"\" class=\"wp-image-5261\" srcset=\"https:\/\/www.lyceelafayette.fr\/wp-content\/uploads\/2021\/10\/filiere-numerique-SSIHT-1024x724.jpg 1024w, https:\/\/www.lyceelafayette.fr\/wp-content\/uploads\/2021\/10\/filiere-numerique-SSIHT-300x212.jpg 300w, https:\/\/www.lyceelafayette.fr\/wp-content\/uploads\/2021\/10\/filiere-numerique-SSIHT-768x543.jpg 768w, https:\/\/www.lyceelafayette.fr\/wp-content\/uploads\/2021\/10\/filiere-numerique-SSIHT-150x106.jpg 150w, https:\/\/www.lyceelafayette.fr\/wp-content\/uploads\/2021\/10\/filiere-numerique-SSIHT.jpg 1169w\" sizes=\"auto, (max-width: 1024px) 100vw, 1024px\" \/><figcaption>Brochure en pdf : <a href=\"https:\/\/www.lyceelafayette.fr\/wp-content\/uploads\/2021\/10\/filiere-numerique-web.jpg\">cliquez ici<\/a><\/figcaption><\/figure>\n\n\n\n<p><\/p>\n\n\n\n<p><span style=\"text-decoration: underline;\"><strong>L\u2019option A<\/strong><\/span> : S\u00dbRET\u00c9 ET S\u00c9CURIT\u00c9 DES INFRASTRUCTURES, DE L\u2019HABITAT ET DU TERTIAIRE (SSIHT) aura trait au domaine des installations qui contribuent \u00e0 la s\u00fbret\u00e9 et \u00e0 la s\u00e9curit\u00e9 des biens et des personnes. On retrouvera donc les syst\u00e8mes de d\u00e9tection-intrusion, de vid\u00e9oprotection, de gestion et de contr\u00f4le d\u2019acc\u00e8s, de s\u00e9curit\u00e9 incendie, mais aussi les syst\u00e8mes immotiques (gestion active des b\u00e2timents, gestion dynamique des fa\u00e7ades, gestion technique du b\u00e2timent, gestion technique centralis\u00e9e, b\u00e2timent intelligent) ainsi que les syst\u00e8mes domotiques li\u00e9s \u00e0 la gestion de l\u2019habitat (d\u00e9tection incendie, d\u00e9tection intrusion, la vid\u00e9osurveillance, assistance \u00e0 la personne, gestion des ouvrants et des alarmes techniques).<\/p>\n\n\n\n<p>Pour mieux comprendre \u00e0 qui s\u2019adresse cette formation et ce qu\u2019elle propose voici une vid\u00e9o propos\u00e9e sur le site de l\u2019ONISEP.<\/p>\n\n\n\n<p class=\"has-text-align-center\">Pour la visionner, cliquez sur l\u2019image ci-dessous.<\/p>\n\n\n\n<div class=\"wp-block-image\"><figure class=\"aligncenter size-large\"><a href=\"https:\/\/www.onisep.fr\/Ressources\/Univers-Formation\/Formations\/Lycees\/bac-pro-systemes-numeriques-option-a-surete-et-securite-des-infrastructures-de-l-habitat-et-du-tertiaire\"><img loading=\"lazy\" decoding=\"async\" width=\"637\" height=\"517\" src=\"https:\/\/www.lyceelafayette.fr\/wp-content\/uploads\/2021\/01\/Poster-video-ONISEP-Bac-Pro-SN.jpg\" alt=\"\" class=\"wp-image-3516\" srcset=\"https:\/\/www.lyceelafayette.fr\/wp-content\/uploads\/2021\/01\/Poster-video-ONISEP-Bac-Pro-SN.jpg 637w, https:\/\/www.lyceelafayette.fr\/wp-content\/uploads\/2021\/01\/Poster-video-ONISEP-Bac-Pro-SN-300x243.jpg 300w, https:\/\/www.lyceelafayette.fr\/wp-content\/uploads\/2021\/01\/Poster-video-ONISEP-Bac-Pro-SN-150x122.jpg 150w\" sizes=\"auto, (max-width: 637px) 100vw, 637px\" \/><\/a><\/figure><\/div>\n\n\n\n<p><\/p>\n\n\n\n<p>Le titulaire sera technicien conseil, d&rsquo;installation, ou de maintenance, ou technicien service apr\u00e8s-vente, ou encore int\u00e9grateur domotique. Il exercera dans toute entreprise de services ou industrielle : service technique ou centre de maintenance, artisan, fabricant.<\/p>\n\n\n\n<p>Voici quelques exemples des r\u00e9alisations en atelier.<\/p>\n\n\n\n<p style=\"text-align:center;\"><iframe loading=\"lazy\" src=\"https:\/\/www.youtube.com\/embed\/xOqdpMCQf2c\" allow=\"accelerometer; autoplay; clipboard-write; encrypted-media; gyroscope; picture-in-picture\" allowfullscreen=\"\" width=\"560\" height=\"315\" frameborder=\"0\"><\/iframe><\/p><\/p>\n\n\n<p style=\"text-align: center;\"><iframe loading=\"lazy\" src=\"https:\/\/www.youtube.com\/embed\/wNuImItNYzw\" width=\"560\" height=\"315\" frameborder=\"0\" allowfullscreen=\"allowfullscreen\"><\/iframe><\/p>\n\n\n<h3 class=\"wp-block-heading\"><span style=\"text-decoration: underline;\">Conditions d\u2019admission<\/span><\/h3>\n\n\n\n<p>A partir de septembre 2021, les \u00e9l\u00e8ves issus d\u2019une classe de 3e peuvent acc\u00e9der \u00e0 ce bac pro en int\u00e9grant la seconde \u00a0\u00bb <strong>MTNE<\/strong> : <strong><a href=\"https:\/\/www.lyceelafayette.fr\/index.php\/formations\/melec-metiers-de-lelectricite\/la-seconde-famille-des-metiers-systemes-numeriques-et-de-la-transition-energetique\/\">famille des M\u00e9tiers des Transitions Num\u00e9rique et Energ\u00e9tique<\/a><\/strong>\u00ab\u00a0. <\/p>\n\n\n\n<p>Comme tout bac professionnel les \u00e9l\u00e8ves doivent r\u00e9aliser 22 semaines en entreprise (6 semaines en seconde, 8 semaines en premi\u00e8re et 8 semaines en terminale).<\/p>\n\n\n\n<h3 class=\"wp-block-heading\" id=\"fleche_art80\"><span style=\"text-decoration: underline;\">Poursuites d\u2019\u00e9tudes au lyc\u00e9e La Fayette<\/span><\/h3>\n\n\n\n<ul class=\"wp-block-list\"><li>&nbsp;<a href=\"https:\/\/www.lyceelafayette.fr\/wp-admin\/post.php?post=978&amp;action=edit\">BTS Syst\u00e8mes Num\u00e9riques  <em>option Electronique et Communication<\/em><\/a><\/li><\/ul>\n\n\n\n<h3 class=\"wp-block-heading\"><span style=\"text-decoration: underline;\">Autres poursuites d\u2019\u00e9tudes possibles<\/span><\/h3>\n\n\n\n<ul class=\"wp-block-list\"><li><a href=\"https:\/\/www.onisep.fr\/Ressources\/Univers-Formation\/Formations\/Post-bac\/bts-fluides-energies-domotique-option-c-domotique-et-batiments-communicants\">BTS Fluides, \u00e9nergies, domotique option C domotique et b\u00e2timents communicants<\/a><\/li><\/ul>\n","protected":false},"excerpt":{"rendered":"<p>Option A&nbsp;: S\u00fbret\u00e9 et S\u00e9curit\u00e9 des Infrastructures, de l\u2019Habitat et du Tertiaire L\u2019option A : S\u00dbRET\u00c9 ET S\u00c9CURIT\u00c9 DES INFRASTRUCTURES, DE L\u2019HABITAT ET DU TERTIAIRE (SSIHT) aura trait au domaine des installations qui contribuent \u00e0 la s\u00fbret\u00e9 et \u00e0 la s\u00e9curit\u00e9 des biens et des personnes. On retrouvera donc les&#8230; <a class=\"continue-reading-link\" href=\"https:\/\/www.lyceelafayette.fr\/index.php\/baccalaureat-pro-systemes-numeriques-option-a-ssiht\/\">lire la suite<\/a><\/p>\n","protected":false},"author":1,"featured_media":0,"parent":0,"menu_order":0,"comment_status":"closed","ping_status":"closed","template":"","meta":{"footnotes":""},"class_list":["post-3544","page","type-page","status-publish","hentry"],"yoast_head":"<!-- This site is optimized with the Yoast SEO plugin v27.5 - https:\/\/yoast.com\/product\/yoast-seo-wordpress\/ -->\n<title>Baccalaur\u00e9at Pro Syst\u00e8mes Num\u00e9riques, option A SSIHT - Lyc\u00e9e La Fayette<\/title>\n<meta name=\"robots\" content=\"index, follow, max-snippet:-1, max-image-preview:large, max-video-preview:-1\" \/>\n<link rel=\"canonical\" href=\"https:\/\/www.lyceelafayette.fr\/index.php\/baccalaureat-pro-systemes-numeriques-option-a-ssiht\/\" \/>\n<meta property=\"og:locale\" content=\"fr_FR\" \/>\n<meta property=\"og:type\" content=\"article\" \/>\n<meta property=\"og:title\" content=\"Baccalaur\u00e9at Pro Syst\u00e8mes Num\u00e9riques, option A SSIHT - Lyc\u00e9e La Fayette\" \/>\n<meta property=\"og:description\" content=\"Option A&nbsp;: S\u00fbret\u00e9 et S\u00e9curit\u00e9 des Infrastructures, de l\u2019Habitat et du Tertiaire L\u2019option A : S\u00dbRET\u00c9 ET S\u00c9CURIT\u00c9 DES INFRASTRUCTURES, DE L\u2019HABITAT ET DU TERTIAIRE (SSIHT) aura trait au domaine des installations qui contribuent \u00e0 la s\u00fbret\u00e9 et \u00e0 la s\u00e9curit\u00e9 des biens et des personnes. On retrouvera donc les... lire la suite\" \/>\n<meta property=\"og:url\" content=\"https:\/\/www.lyceelafayette.fr\/index.php\/baccalaureat-pro-systemes-numeriques-option-a-ssiht\/\" \/>\n<meta property=\"og:site_name\" content=\"Lyc\u00e9e La Fayette\" \/>\n<meta property=\"article:modified_time\" content=\"2022-09-01T13:57:42+00:00\" \/>\n<meta property=\"og:image\" content=\"https:\/\/www.lyceelafayette.fr\/wp-content\/uploads\/2021\/10\/filiere-numerique-SSIHT-1024x724.jpg\" \/>\n<meta name=\"twitter:card\" content=\"summary_large_image\" \/>\n<meta name=\"twitter:label1\" content=\"Dur\u00e9e de lecture estim\u00e9e\" \/>\n\t<meta name=\"twitter:data1\" content=\"2 minutes\" \/>\n<script type=\"application\/ld+json\" class=\"yoast-schema-graph\">{\"@context\":\"https:\\\/\\\/schema.org\",\"@graph\":[{\"@type\":\"WebPage\",\"@id\":\"https:\\\/\\\/www.lyceelafayette.fr\\\/index.php\\\/baccalaureat-pro-systemes-numeriques-option-a-ssiht\\\/\",\"url\":\"https:\\\/\\\/www.lyceelafayette.fr\\\/index.php\\\/baccalaureat-pro-systemes-numeriques-option-a-ssiht\\\/\",\"name\":\"Baccalaur\u00e9at Pro Syst\u00e8mes Num\u00e9riques, option A SSIHT - Lyc\u00e9e La Fayette\",\"isPartOf\":{\"@id\":\"https:\\\/\\\/www.lyceelafayette.fr\\\/#website\"},\"primaryImageOfPage\":{\"@id\":\"https:\\\/\\\/www.lyceelafayette.fr\\\/index.php\\\/baccalaureat-pro-systemes-numeriques-option-a-ssiht\\\/#primaryimage\"},\"image\":{\"@id\":\"https:\\\/\\\/www.lyceelafayette.fr\\\/index.php\\\/baccalaureat-pro-systemes-numeriques-option-a-ssiht\\\/#primaryimage\"},\"thumbnailUrl\":\"https:\\\/\\\/www.lyceelafayette.fr\\\/wp-content\\\/uploads\\\/2021\\\/10\\\/filiere-numerique-SSIHT-1024x724.jpg\",\"datePublished\":\"2021-01-21T14:10:50+00:00\",\"dateModified\":\"2022-09-01T13:57:42+00:00\",\"breadcrumb\":{\"@id\":\"https:\\\/\\\/www.lyceelafayette.fr\\\/index.php\\\/baccalaureat-pro-systemes-numeriques-option-a-ssiht\\\/#breadcrumb\"},\"inLanguage\":\"fr-FR\",\"potentialAction\":[{\"@type\":\"ReadAction\",\"target\":[\"https:\\\/\\\/www.lyceelafayette.fr\\\/index.php\\\/baccalaureat-pro-systemes-numeriques-option-a-ssiht\\\/\"]}]},{\"@type\":\"ImageObject\",\"inLanguage\":\"fr-FR\",\"@id\":\"https:\\\/\\\/www.lyceelafayette.fr\\\/index.php\\\/baccalaureat-pro-systemes-numeriques-option-a-ssiht\\\/#primaryimage\",\"url\":\"https:\\\/\\\/www.lyceelafayette.fr\\\/wp-content\\\/uploads\\\/2021\\\/10\\\/filiere-numerique-SSIHT.jpg\",\"contentUrl\":\"https:\\\/\\\/www.lyceelafayette.fr\\\/wp-content\\\/uploads\\\/2021\\\/10\\\/filiere-numerique-SSIHT.jpg\",\"width\":1169,\"height\":826},{\"@type\":\"BreadcrumbList\",\"@id\":\"https:\\\/\\\/www.lyceelafayette.fr\\\/index.php\\\/baccalaureat-pro-systemes-numeriques-option-a-ssiht\\\/#breadcrumb\",\"itemListElement\":[{\"@type\":\"ListItem\",\"position\":1,\"name\":\"Accueil\",\"item\":\"https:\\\/\\\/www.lyceelafayette.fr\\\/\"},{\"@type\":\"ListItem\",\"position\":2,\"name\":\"Baccalaur\u00e9at Pro Syst\u00e8mes Num\u00e9riques, option A SSIHT\"}]},{\"@type\":\"WebSite\",\"@id\":\"https:\\\/\\\/www.lyceelafayette.fr\\\/#website\",\"url\":\"https:\\\/\\\/www.lyceelafayette.fr\\\/\",\"name\":\"Lyc\u00e9e La Fayette\",\"description\":\"\",\"publisher\":{\"@id\":\"https:\\\/\\\/www.lyceelafayette.fr\\\/#organization\"},\"potentialAction\":[{\"@type\":\"SearchAction\",\"target\":{\"@type\":\"EntryPoint\",\"urlTemplate\":\"https:\\\/\\\/www.lyceelafayette.fr\\\/?s={search_term_string}\"},\"query-input\":{\"@type\":\"PropertyValueSpecification\",\"valueRequired\":true,\"valueName\":\"search_term_string\"}}],\"inLanguage\":\"fr-FR\"},{\"@type\":\"Organization\",\"@id\":\"https:\\\/\\\/www.lyceelafayette.fr\\\/#organization\",\"name\":\"Lyc\u00e9e La Fayette\",\"url\":\"https:\\\/\\\/www.lyceelafayette.fr\\\/\",\"logo\":{\"@type\":\"ImageObject\",\"inLanguage\":\"fr-FR\",\"@id\":\"https:\\\/\\\/www.lyceelafayette.fr\\\/#\\\/schema\\\/logo\\\/image\\\/\",\"url\":\"https:\\\/\\\/www.lyceelafayette.fr\\\/wp-content\\\/uploads\\\/2019\\\/06\\\/llf_logo_alpha.png\",\"contentUrl\":\"https:\\\/\\\/www.lyceelafayette.fr\\\/wp-content\\\/uploads\\\/2019\\\/06\\\/llf_logo_alpha.png\",\"width\":1583,\"height\":792,\"caption\":\"Lyc\u00e9e La Fayette\"},\"image\":{\"@id\":\"https:\\\/\\\/www.lyceelafayette.fr\\\/#\\\/schema\\\/logo\\\/image\\\/\"},\"sameAs\":[\"https:\\\/\\\/www.youtube.com\\\/channel\\\/UC2AOQowoMGBKdY4ToZsf9mw\"]}]}<\/script>\n<!-- \/ Yoast SEO plugin. -->","yoast_head_json":{"title":"Baccalaur\u00e9at Pro Syst\u00e8mes Num\u00e9riques, option A SSIHT - Lyc\u00e9e La Fayette","robots":{"index":"index","follow":"follow","max-snippet":"max-snippet:-1","max-image-preview":"max-image-preview:large","max-video-preview":"max-video-preview:-1"},"canonical":"https:\/\/www.lyceelafayette.fr\/index.php\/baccalaureat-pro-systemes-numeriques-option-a-ssiht\/","og_locale":"fr_FR","og_type":"article","og_title":"Baccalaur\u00e9at Pro Syst\u00e8mes Num\u00e9riques, option A SSIHT - Lyc\u00e9e La Fayette","og_description":"Option A&nbsp;: S\u00fbret\u00e9 et S\u00e9curit\u00e9 des Infrastructures, de l\u2019Habitat et du Tertiaire L\u2019option A : S\u00dbRET\u00c9 ET S\u00c9CURIT\u00c9 DES INFRASTRUCTURES, DE L\u2019HABITAT ET DU TERTIAIRE (SSIHT) aura trait au domaine des installations qui contribuent \u00e0 la s\u00fbret\u00e9 et \u00e0 la s\u00e9curit\u00e9 des biens et des personnes. On retrouvera donc les... lire la suite","og_url":"https:\/\/www.lyceelafayette.fr\/index.php\/baccalaureat-pro-systemes-numeriques-option-a-ssiht\/","og_site_name":"Lyc\u00e9e La Fayette","article_modified_time":"2022-09-01T13:57:42+00:00","og_image":[{"url":"https:\/\/www.lyceelafayette.fr\/wp-content\/uploads\/2021\/10\/filiere-numerique-SSIHT-1024x724.jpg","type":"","width":"","height":""}],"twitter_card":"summary_large_image","twitter_misc":{"Dur\u00e9e de lecture estim\u00e9e":"2 minutes"},"schema":{"@context":"https:\/\/schema.org","@graph":[{"@type":"WebPage","@id":"https:\/\/www.lyceelafayette.fr\/index.php\/baccalaureat-pro-systemes-numeriques-option-a-ssiht\/","url":"https:\/\/www.lyceelafayette.fr\/index.php\/baccalaureat-pro-systemes-numeriques-option-a-ssiht\/","name":"Baccalaur\u00e9at Pro Syst\u00e8mes Num\u00e9riques, option A SSIHT - Lyc\u00e9e La Fayette","isPartOf":{"@id":"https:\/\/www.lyceelafayette.fr\/#website"},"primaryImageOfPage":{"@id":"https:\/\/www.lyceelafayette.fr\/index.php\/baccalaureat-pro-systemes-numeriques-option-a-ssiht\/#primaryimage"},"image":{"@id":"https:\/\/www.lyceelafayette.fr\/index.php\/baccalaureat-pro-systemes-numeriques-option-a-ssiht\/#primaryimage"},"thumbnailUrl":"https:\/\/www.lyceelafayette.fr\/wp-content\/uploads\/2021\/10\/filiere-numerique-SSIHT-1024x724.jpg","datePublished":"2021-01-21T14:10:50+00:00","dateModified":"2022-09-01T13:57:42+00:00","breadcrumb":{"@id":"https:\/\/www.lyceelafayette.fr\/index.php\/baccalaureat-pro-systemes-numeriques-option-a-ssiht\/#breadcrumb"},"inLanguage":"fr-FR","potentialAction":[{"@type":"ReadAction","target":["https:\/\/www.lyceelafayette.fr\/index.php\/baccalaureat-pro-systemes-numeriques-option-a-ssiht\/"]}]},{"@type":"ImageObject","inLanguage":"fr-FR","@id":"https:\/\/www.lyceelafayette.fr\/index.php\/baccalaureat-pro-systemes-numeriques-option-a-ssiht\/#primaryimage","url":"https:\/\/www.lyceelafayette.fr\/wp-content\/uploads\/2021\/10\/filiere-numerique-SSIHT.jpg","contentUrl":"https:\/\/www.lyceelafayette.fr\/wp-content\/uploads\/2021\/10\/filiere-numerique-SSIHT.jpg","width":1169,"height":826},{"@type":"BreadcrumbList","@id":"https:\/\/www.lyceelafayette.fr\/index.php\/baccalaureat-pro-systemes-numeriques-option-a-ssiht\/#breadcrumb","itemListElement":[{"@type":"ListItem","position":1,"name":"Accueil","item":"https:\/\/www.lyceelafayette.fr\/"},{"@type":"ListItem","position":2,"name":"Baccalaur\u00e9at Pro Syst\u00e8mes Num\u00e9riques, option A SSIHT"}]},{"@type":"WebSite","@id":"https:\/\/www.lyceelafayette.fr\/#website","url":"https:\/\/www.lyceelafayette.fr\/","name":"Lyc\u00e9e La Fayette","description":"","publisher":{"@id":"https:\/\/www.lyceelafayette.fr\/#organization"},"potentialAction":[{"@type":"SearchAction","target":{"@type":"EntryPoint","urlTemplate":"https:\/\/www.lyceelafayette.fr\/?s={search_term_string}"},"query-input":{"@type":"PropertyValueSpecification","valueRequired":true,"valueName":"search_term_string"}}],"inLanguage":"fr-FR"},{"@type":"Organization","@id":"https:\/\/www.lyceelafayette.fr\/#organization","name":"Lyc\u00e9e La Fayette","url":"https:\/\/www.lyceelafayette.fr\/","logo":{"@type":"ImageObject","inLanguage":"fr-FR","@id":"https:\/\/www.lyceelafayette.fr\/#\/schema\/logo\/image\/","url":"https:\/\/www.lyceelafayette.fr\/wp-content\/uploads\/2019\/06\/llf_logo_alpha.png","contentUrl":"https:\/\/www.lyceelafayette.fr\/wp-content\/uploads\/2019\/06\/llf_logo_alpha.png","width":1583,"height":792,"caption":"Lyc\u00e9e La Fayette"},"image":{"@id":"https:\/\/www.lyceelafayette.fr\/#\/schema\/logo\/image\/"},"sameAs":["https:\/\/www.youtube.com\/channel\/UC2AOQowoMGBKdY4ToZsf9mw"]}]}},"_links":{"self":[{"href":"https:\/\/www.lyceelafayette.fr\/index.php\/wp-json\/wp\/v2\/pages\/3544","targetHints":{"allow":["GET"]}}],"collection":[{"href":"https:\/\/www.lyceelafayette.fr\/index.php\/wp-json\/wp\/v2\/pages"}],"about":[{"href":"https:\/\/www.lyceelafayette.fr\/index.php\/wp-json\/wp\/v2\/types\/page"}],"author":[{"embeddable":true,"href":"https:\/\/www.lyceelafayette.fr\/index.php\/wp-json\/wp\/v2\/users\/1"}],"replies":[{"embeddable":true,"href":"https:\/\/www.lyceelafayette.fr\/index.php\/wp-json\/wp\/v2\/comments?post=3544"}],"version-history":[{"count":29,"href":"https:\/\/www.lyceelafayette.fr\/index.php\/wp-json\/wp\/v2\/pages\/3544\/revisions"}],"predecessor-version":[{"id":5886,"href":"https:\/\/www.lyceelafayette.fr\/index.php\/wp-json\/wp\/v2\/pages\/3544\/revisions\/5886"}],"wp:attachment":[{"href":"https:\/\/www.lyceelafayette.fr\/index.php\/wp-json\/wp\/v2\/media?parent=3544"}],"curies":[{"name":"wp","href":"https:\/\/api.w.org\/{rel}","templated":true}]}}