{"id":321,"date":"2019-01-24T12:18:55","date_gmt":"2019-01-24T11:18:55","guid":{"rendered":"http:\/\/www.lyceelafayette.fr\/?page_id=321"},"modified":"2025-07-04T10:57:07","modified_gmt":"2025-07-04T08:57:07","slug":"bts-sn-informatique-et-reseaux","status":"publish","type":"page","link":"https:\/\/www.lyceelafayette.fr\/index.php\/formations\/systemes-numeriques\/bts-sn-informatique-et-reseaux\/","title":{"rendered":"BTS CIEL Informatique et R\u00e9seaux"},"content":{"rendered":"\n<p>Le <strong>BTS CIEL \u2013 Cybers\u00e9curit\u00e9, Informatique et r\u00e9seaux, \u00c9lectronique<\/strong> propose en option IR une formation solide en <strong>cybers\u00e9curit\u00e9<\/strong> et en <strong>r\u00e9seaux informatiques<\/strong>.<\/p>\n\n\n\n<p>Le lyc\u00e9e La Fayette est <strong>acad\u00e9mie Cisco<\/strong>, en partenariat avec un acteur mondial de r\u00e9f\u00e9rence. Les \u00e9tudiants b\u00e9n\u00e9ficient des contenus de la <strong>Cisco Networking Academy<\/strong> et peuvent pr\u00e9parer des certifications reconnues dans le secteur.<\/p>\n\n\n\n<figure class=\"wp-block-embed is-type-video is-provider-youtube wp-block-embed-youtube wp-embed-aspect-16-9 wp-has-aspect-ratio\"><div class=\"wp-block-embed__wrapper\">\n<iframe loading=\"lazy\" title=\"Tour d&#039;horizon des locaux du BTS SNIR\" width=\"920\" height=\"518\" src=\"https:\/\/www.youtube.com\/embed\/Mx5H2HMNF18?feature=oembed\" frameborder=\"0\" allow=\"accelerometer; autoplay; clipboard-write; encrypted-media; gyroscope; picture-in-picture; web-share\" referrerpolicy=\"strict-origin-when-cross-origin\" allowfullscreen><\/iframe>\n<\/div><\/figure>\n\n\n\n<p><a href=\"https:\/\/www.lyceelafayette.fr\/index.php\/2022\/12\/16\/portes-ouvertes-2023\/\"><strong>La journ\u00e9e porte ouverte cette ann\u00e9e<\/strong>.<\/a><\/p>\n\n\n<div id=\"pl-gb321-69f27ea1dd987\"  class=\"panel-layout wp-block-siteorigin-panels-layout-block\" ><div id=\"pg-gb321-69f27ea1dd987-0\"  class=\"panel-grid panel-no-style\" ><div id=\"pgc-gb321-69f27ea1dd987-0-0\"  class=\"panel-grid-cell\" ><div id=\"panel-gb321-69f27ea1dd987-0-0-0\" class=\"so-panel widget widget_text panel-first-child\" data-index=\"0\" >\t\t\t<div class=\"textwidget\"><h4>Le d\u00e9partement informatique et r\u00e9seaux<\/h4>\n<p align=\"justify\">Le d\u00e9partement informatique et r\u00e9seaux du lyc\u00e9e La Fayette dispose d\u2019une salle serveurs privative et de son propre r\u00e9seau avec acc\u00e8s Internet haut-d\u00e9bit fibre.<\/p>\n<p align=\"justify\">Les locaux, \u00e0 usage exclusif du d\u00e9partement, sont compos\u00e9s d\u2019un bureau avec espace de r\u00e9union et de trois grandes salles polyvalentes permettant de suivre des cours avec vid\u00e9oprojection et de travailler sur machines.<\/p>\n<p align=\"justify\">Les \u00e9tudiants disposent de postes de travail individuels modernes sous Linux, Windows et Mac OSX\u00a0; des bornes Wifi sont \u00e0 disposition pour leur permettre l\u2019acc\u00e8s au r\u00e9seau et \u00e0 Internet \u00e0 partir de leurs portables personnels.<\/p>\n<\/div>\n\t\t<\/div><div id=\"panel-gb321-69f27ea1dd987-0-0-1\" class=\"so-panel widget widget_media_image panel-last-child\" data-index=\"1\" ><img loading=\"lazy\" decoding=\"async\" width=\"259\" height=\"194\" src=\"https:\/\/www.lyceelafayette.fr\/wp-content\/uploads\/2019\/01\/flyer_BtsSNIR_2018_html_e06bf028086baa75.jpg\" class=\"image wp-image-425  attachment-full size-full\" alt=\"\" style=\"max-width: 100%; height: auto;\" \/><\/div><\/div><div id=\"pgc-gb321-69f27ea1dd987-0-1\"  class=\"panel-grid-cell\" ><div id=\"panel-gb321-69f27ea1dd987-0-1-0\" class=\"so-panel widget widget_media_image panel-first-child\" data-index=\"2\" ><img loading=\"lazy\" decoding=\"async\" width=\"436\" height=\"136\" src=\"https:\/\/www.lyceelafayette.fr\/wp-content\/uploads\/2019\/01\/flyer_BtsSNIR_2018_html_d24a2a4e9f848b13.gif\" class=\"image wp-image-424  attachment-full size-full\" alt=\"\" style=\"max-width: 100%; height: auto;\" \/><\/div><div id=\"panel-gb321-69f27ea1dd987-0-1-1\" class=\"so-panel widget widget_text panel-last-child\" data-index=\"3\" >\t\t\t<div class=\"textwidget\"><h4>Les syst\u00e8mes disponibles<\/h4>\n<p align=\"justify\">Les syst\u00e8mes servent essentiellement de supports pour les travaux pratiques et les projets. Citons par exemple :<\/p>\n<ul>\n<li>routeurs et commutateurs Cisco\u00a0;<\/li>\n<li>pare-feu Stormshield<\/li>\n<li>simulateur de voilier (420)\u00a0;<\/li>\n<li>tablettes num\u00e9riques (Samsung, Apple) ;<\/li>\n<li>appareils nomades (smartphones Android, iPod) ;<\/li>\n<li>syst\u00e8mes de vision artificielle\u00a0;<\/li>\n<li>soufflerie exp\u00e9rimentale\u00a0;<\/li>\n<li>simulateur d\u2019h\u00e9licopt\u00e8re\u00a0;<\/li>\n<li>robots multi-axes, convoyeurs, etc.<\/li>\n<\/ul>\n<p align=\"justify\">Ces syst\u00e8mes sont renouvel\u00e9s et compl\u00e9t\u00e9s chaque ann\u00e9e au fil des \u00e9volutions technologiques et des tendances du march\u00e9 grand public.<\/p>\n<\/div>\n\t\t<\/div><\/div><\/div><\/div>\n\n\n<figure class=\"wp-block-embed is-type-video is-provider-youtube wp-block-embed-youtube wp-embed-aspect-16-9 wp-has-aspect-ratio\"><div class=\"wp-block-embed__wrapper\">\n<iframe loading=\"lazy\" title=\"Projet 1790\" width=\"920\" height=\"518\" src=\"https:\/\/www.youtube.com\/embed\/WPWdYLEbb5E?feature=oembed\" frameborder=\"0\" allow=\"accelerometer; autoplay; clipboard-write; encrypted-media; gyroscope; picture-in-picture; web-share\" referrerpolicy=\"strict-origin-when-cross-origin\" allowfullscreen><\/iframe>\n<\/div><\/figure>\n\n\n\n<figure class=\"wp-block-image size-large\"><img loading=\"lazy\" decoding=\"async\" width=\"1024\" height=\"768\" src=\"https:\/\/www.lyceelafayette.fr\/wp-content\/uploads\/2021\/02\/IMG_8793-1024x768.jpg\" alt=\"\" class=\"wp-image-4175\" srcset=\"https:\/\/www.lyceelafayette.fr\/wp-content\/uploads\/2021\/02\/IMG_8793-1024x768.jpg 1024w, https:\/\/www.lyceelafayette.fr\/wp-content\/uploads\/2021\/02\/IMG_8793-300x225.jpg 300w, https:\/\/www.lyceelafayette.fr\/wp-content\/uploads\/2021\/02\/IMG_8793-768x576.jpg 768w, https:\/\/www.lyceelafayette.fr\/wp-content\/uploads\/2021\/02\/IMG_8793-1536x1152.jpg 1536w, https:\/\/www.lyceelafayette.fr\/wp-content\/uploads\/2021\/02\/IMG_8793-2048x1536.jpg 2048w, https:\/\/www.lyceelafayette.fr\/wp-content\/uploads\/2021\/02\/IMG_8793-150x113.jpg 150w\" sizes=\"auto, (max-width: 1024px) 100vw, 1024px\" \/><\/figure>\n\n\n\n<p><strong>Pour nous joindre<\/strong><\/p>\n\n\n\n<ul class=\"wp-block-list\">\n<li><a href=\"mailto:alain.menu@ac-creteil.fr\">alain.menu@ac-creteil.fr<\/a>, informatique (co-coordo 2\u00e8me ann\u00e9e)<\/li>\n\n\n\n<li><a href=\"mailto:alexandre.facchin@ac-creteil.fr\">alexandre.facchin@ac-creteil.fr<\/a>, informatique (coordo, 1\u00e8re ann\u00e9e et parcoursup)<\/li>\n\n\n\n<li><a href=\"mailto:patrick-yannick.maylaender@ac-creteil.fr\">patrick-yannick.maylaender@ac-creteil.fr<\/a>, informatique<\/li>\n\n\n\n<li><a href=\"mailto:patrice.benier@ac-creteil.fr\">patrice.benier@ac-creteil.fr<\/a>, informatique (co-coordo 2\u00e8me ann\u00e9e)<\/li>\n\n\n\n<li><a href=\"mailto:david.wozniak@ac-creteil.fr\">david.wozniak@ac-creteil.fr<\/a>, physique appliqu\u00e9e<\/li>\n\n\n\n<li>\u00e0 confirmer, fran\u00e7ais<\/li>\n\n\n\n<li><a href=\"mailto:mathieu.delamare@ac-creteil.fr\">Vincent-Ma.Dufrasne@ac-creteil.fr<\/a>, math\u00e9matiques<\/li>\n\n\n\n<li><a href=\"mailto:mrstanguy@gmail.com\">Nathalie.Tanguy1@ac-creteil.fr<\/a>, anglais<\/li>\n<\/ul>\n\n\n\n<h2 class=\"wp-block-heading\">Grille horaire hebdomadaire<\/h2>\n\n\n\n<figure class=\"wp-block-table aligncenter is-style-stripes\"><table><tbody><tr><td><strong>Mati\u00e8res<\/strong><\/td><td><strong>1<sup>re<\/sup> ann\u00e9e<\/strong><\/td><td><strong>2<sup>e<\/sup> ann\u00e9e <\/strong><\/td><\/tr><tr><td>Math\u00e9matiques <\/td><td>2<\/td><td>2<\/td><\/tr><tr><td>Anglais<\/td><td>2<\/td><td>2<\/td><\/tr><tr><td>Culture g\u00e9n\u00e9rale et expression <\/td><td>3<\/td><td>3<\/td><\/tr><tr><td>Informatique et r\u00e9seaux (STI)<\/td><td>12<\/td><td>15<\/td><\/tr><tr><td>Physique (appliqu\u00e9e)<\/td><td>4<\/td><td>3<\/td><\/tr><tr><td>Co-Enseignements STI (math, phy, anglais)<\/td><td>4<\/td><td>4<\/td><\/tr><tr><td>Accompagnement personnalis\u00e9<\/td><td>3<\/td><td>1<\/td><\/tr><\/tbody><\/table><\/figure>\n\n\n\n<h2 class=\"wp-block-heading\">Poursuite d&rsquo;\u00e9tudes<\/h2>\n\n\n<div id=\"pl-gb321-69f27ea1e07d8\"  class=\"panel-layout wp-block-siteorigin-panels-layout-block\" ><div id=\"pg-gb321-69f27ea1e07d8-0\"  class=\"panel-grid panel-no-style\" ><div id=\"pgc-gb321-69f27ea1e07d8-0-0\"  class=\"panel-grid-cell\" ><div id=\"panel-gb321-69f27ea1e07d8-0-0-0\" class=\"so-panel widget widget_text panel-first-child panel-last-child\" data-index=\"0\" >\t\t\t<div class=\"textwidget\"><p>&nbsp;<\/p>\n<ul>\n<li><a href=\"http:\/\/www.onisep.fr\/Ressources\/Univers-Formation\/Formations\/Post-bac\/Administrateur-trice-systemes-reseaux-et-bases-de-donnees\">Administrateur(trice) syst\u00e8mes, r\u00e9seaux et bases de donn\u00e9es<\/a><\/li>\n<li><a href=\"http:\/\/www.onisep.fr\/Ressources\/Univers-Formation\/Formations\/Post-bac\/Administrateur-trice-systemes-reseaux-et-securite\">Administrateur(trice) syst\u00e8mes, r\u00e9seaux et s\u00e9curit\u00e9<\/a><\/li>\n<li><a href=\"http:\/\/www.onisep.fr\/Ressources\/Univers-Formation\/Formations\/Post-bac\/Chef-fe-de-projet-logiciel-et-reseau\">Chef(fe) de projet logiciel et r\u00e9seau<\/a><\/li>\n<li><a href=\"http:\/\/www.onisep.fr\/Ressources\/Univers-Formation\/Formations\/Post-bac\/Licence-pro-metiers-de-l-informatique-administration-et-securite-des-systemes-et-des-reseaux\">Licence pro mention m\u00e9tiers de l&rsquo;informatique : administration et s\u00e9curit\u00e9 des syst\u00e8mes et des r\u00e9seaux<\/a><\/li>\n<li><a href=\"http:\/\/www.onisep.fr\/Ressources\/Univers-Formation\/Formations\/Post-bac\/Licence-pro-metiers-des-reseaux-informatiques-et-telecommunications\">Licence pro mention m\u00e9tiers des r\u00e9seaux informatiques et t\u00e9l\u00e9communications<\/a><\/li>\n<li><a href=\"http:\/\/www.onisep.fr\/Ressources\/Univers-Formation\/Formations\/Post-bac\/Concepteur-de-systemes-d-information\">Concepteur de syst\u00e8mes d&rsquo;information<\/a><\/li>\n<li><a href=\"http:\/\/www.onisep.fr\/Ressources\/Univers-Formation\/Formations\/Post-bac\/Concepteur-en-architecture-informatique\">Concepteur en architecture informatique<\/a><\/li>\n<li><a href=\"http:\/\/www.onisep.fr\/Ressources\/Univers-Formation\/Formations\/Post-bac\/Responsable-en-ingenierie-systemes-et-reseaux-CESI\">Responsable en ing\u00e9nierie syst\u00e8mes et r\u00e9seaux (CESI)<\/a><\/li>\n<li><a href=\"http:\/\/www.onisep.fr\/Ressources\/Univers-Formation\/Formations\/Post-bac\/Architecte-systeme-reseau-et-securite\">Architecte syst\u00e8me r\u00e9seau et s\u00e9curit\u00e9<\/a><\/li>\n<li><a href=\"http:\/\/www.onisep.fr\/Ressources\/Univers-Formation\/Formations\/Post-bac\/Expert-e-informatique-et-systemes-d-information-INGESUP\">Expert(e) informatique et syst\u00e8mes d&rsquo;information (INGESUP)<\/a><\/li>\n<li><a href=\"http:\/\/www.onisep.fr\/Ressources\/Univers-Formation\/Formations\/Post-bac\/Manager-en-ingenierie-informatique\">Manager en ing\u00e9nierie informatique<\/a><\/li>\n<li><a href=\"http:\/\/www.onisep.fr\/Ressources\/Univers-Formation\/Formations\/Post-bac\/Manager-en-systemes-d-information-CESI\">Manager en syst\u00e8mes d&rsquo;information (CESI)<\/a><\/li>\n<\/ul>\n<p>&nbsp;<\/p>\n<\/div>\n\t\t<\/div><\/div><div id=\"pgc-gb321-69f27ea1e07d8-0-1\"  class=\"panel-grid-cell\" ><div id=\"panel-gb321-69f27ea1e07d8-0-1-0\" class=\"so-panel widget widget_media_image panel-first-child panel-last-child\" data-index=\"1\" ><a href=\"http:\/\/www.cegep-matane.qc.ca\/programmes\/informatique\/\"><img loading=\"lazy\" decoding=\"async\" width=\"500\" height=\"202\" src=\"https:\/\/www.lyceelafayette.fr\/wp-content\/uploads\/2019\/01\/flyer_BtsSNIR_2018_html_5d63d57fe94b4935.jpg\" class=\"image wp-image-408  attachment-full size-full\" alt=\"\" style=\"max-width: 100%; height: auto;\" \/><\/a><\/div><\/div><\/div><\/div>\n\n\n<h2 class=\"wp-block-heading\">D\u00e9bouch\u00e9s professionnels<br><\/h2>\n\n\n<div id=\"pl-gb321-69f27ea1e1054\"  class=\"panel-layout wp-block-siteorigin-panels-layout-block\" ><div id=\"pg-gb321-69f27ea1e1054-0\"  class=\"panel-grid panel-no-style\" ><div id=\"pgc-gb321-69f27ea1e1054-0-0\"  class=\"panel-grid-cell\" ><div id=\"panel-gb321-69f27ea1e1054-0-0-0\" class=\"so-panel widget widget_media_gallery panel-first-child panel-last-child\" data-index=\"0\" >\n\t\t<style type=\"text\/css\">\n\t\t\t#gallery-1 {\n\t\t\t\tmargin: auto;\n\t\t\t}\n\t\t\t#gallery-1 .gallery-item {\n\t\t\t\tfloat: left;\n\t\t\t\tmargin-top: 10px;\n\t\t\t\ttext-align: center;\n\t\t\t\twidth: 33%;\n\t\t\t}\n\t\t\t#gallery-1 img {\n\t\t\t\tborder: 2px solid #cfcfcf;\n\t\t\t}\n\t\t\t#gallery-1 .gallery-caption {\n\t\t\t\tmargin-left: 0;\n\t\t\t}\n\t\t\t\/* see gallery_shortcode() in wp-includes\/media.php *\/\n\t\t<\/style>\n\t\t<div id='gallery-1' class='gallery galleryid-321 gallery-columns-3 gallery-size-thumbnail'><dl class='gallery-item'>\n\t\t\t<dt class='gallery-icon landscape'>\n\t\t\t\t<img loading=\"lazy\" decoding=\"async\" width=\"50\" height=\"25\" src=\"https:\/\/www.lyceelafayette.fr\/wp-content\/uploads\/2019\/01\/flyer_BtsSNIR_2018_html_4565a35bb83de063.png\" class=\"attachment-thumbnail size-thumbnail\" alt=\"\" \/>\n\t\t\t<\/dt><\/dl><dl class='gallery-item'>\n\t\t\t<dt class='gallery-icon landscape'>\n\t\t\t\t<img loading=\"lazy\" decoding=\"async\" width=\"50\" height=\"22\" src=\"https:\/\/www.lyceelafayette.fr\/wp-content\/uploads\/2019\/01\/flyer_BtsSNIR_2018_html_b051673aadec933.png\" class=\"attachment-thumbnail size-thumbnail\" alt=\"\" \/>\n\t\t\t<\/dt><\/dl><dl class='gallery-item'>\n\t\t\t<dt class='gallery-icon landscape'>\n\t\t\t\t<img loading=\"lazy\" decoding=\"async\" width=\"50\" height=\"50\" src=\"https:\/\/www.lyceelafayette.fr\/wp-content\/uploads\/2022\/12\/image-50x50.png\" class=\"attachment-thumbnail size-thumbnail\" alt=\"\" \/>\n\t\t\t<\/dt><\/dl><br style=\"clear: both\" \/><dl class='gallery-item'>\n\t\t\t<dt class='gallery-icon landscape'>\n\t\t\t\t<img loading=\"lazy\" decoding=\"async\" width=\"50\" height=\"50\" src=\"https:\/\/www.lyceelafayette.fr\/wp-content\/uploads\/2019\/01\/flyer_BtsSNIR_2018_html_5b3e2e767431fdd6.png\" class=\"attachment-thumbnail size-thumbnail\" alt=\"\" \/>\n\t\t\t<\/dt><\/dl><dl class='gallery-item'>\n\t\t\t<dt class='gallery-icon landscape'>\n\t\t\t\t<img loading=\"lazy\" decoding=\"async\" width=\"50\" height=\"50\" src=\"https:\/\/www.lyceelafayette.fr\/wp-content\/uploads\/2019\/01\/flyer_BtsSNIR_2018_html_e5409e7d9b3212d8.png\" class=\"attachment-thumbnail size-thumbnail\" alt=\"\" \/>\n\t\t\t<\/dt><\/dl><dl class='gallery-item'>\n\t\t\t<dt class='gallery-icon landscape'>\n\t\t\t\t<img loading=\"lazy\" decoding=\"async\" width=\"50\" height=\"50\" src=\"https:\/\/www.lyceelafayette.fr\/wp-content\/uploads\/2019\/01\/flyer_BtsSNIR_2018_html_5bba0ab907bf9a29.png\" class=\"attachment-thumbnail size-thumbnail\" alt=\"\" \/>\n\t\t\t<\/dt><\/dl><br style=\"clear: both\" \/><dl class='gallery-item'>\n\t\t\t<dt class='gallery-icon landscape'>\n\t\t\t\t<img loading=\"lazy\" decoding=\"async\" width=\"50\" height=\"50\" src=\"https:\/\/www.lyceelafayette.fr\/wp-content\/uploads\/2019\/01\/flyer_BtsSNIR_2018_html_42a33e6752f9adf0.png\" class=\"attachment-thumbnail size-thumbnail\" alt=\"\" \/>\n\t\t\t<\/dt><\/dl>\n\t\t\t<br style='clear: both' \/>\n\t\t<\/div>\n<\/div><\/div><div id=\"pgc-gb321-69f27ea1e1054-0-1\"  class=\"panel-grid-cell\" ><div id=\"panel-gb321-69f27ea1e1054-0-1-0\" class=\"so-panel widget widget_text panel-first-child panel-last-child\" data-index=\"1\" >\t\t\t<div class=\"textwidget\"><p><strong>Exemples de m\u00e9tiers :<\/strong><\/p>\n<ul>\n<li><a href=\"http:\/\/www.onisep.fr\/Ressources\/Univers-Metier\/Metiers\/administrateur-administratrice-reseaux\">administrateur\/trice de r\u00e9seau<\/a><\/li>\n<li><a href=\"http:\/\/www.onisep.fr\/Ressources\/Univers-Metier\/Metiers\/developpeur-developpeuse-d-applications-mobiles\">d\u00e9veloppeur\/euse d&rsquo;applications mobiles<\/a><\/li>\n<li><a href=\"http:\/\/www.onisep.fr\/Ressources\/Univers-Metier\/Metiers\/hot-liner\">hot liner<\/a><\/li>\n<li><a href=\"http:\/\/www.onisep.fr\/Ressources\/Univers-Metier\/Metiers\/informaticien-industriel-informaticienne-industrielle\">informaticien\/ne industriel\/le<\/a><\/li>\n<li><a href=\"http:\/\/www.onisep.fr\/Ressources\/Univers-Metier\/Metiers\/technicien-technicienne-de-maintenance-en-informatique\">technicien\/ne de maintenance en informatique<\/a><\/li>\n<li><a href=\"http:\/\/www.onisep.fr\/Ressources\/Univers-Metier\/Metiers\/technicien-technicienne-telecoms-et-reseaux\">technicien\/ne t\u00e9l\u00e9coms et r\u00e9seaux<\/a><\/li>\n<\/ul>\n<p>&nbsp;<\/p>\n<\/div>\n\t\t<\/div><\/div><\/div><\/div>\n\n\n<h2 class=\"wp-block-heading\">Admission<\/h2>\n\n\n\n<p>Attendus locaux, le temps de formation professionnel se d\u00e9compose en&nbsp;<strong>50% dans le domaine des r\u00e9seaux et 50% dans le d\u00e9veloppement d&rsquo;applications<\/strong>.<\/p>\n\n\n\n<p>La formation fera appel \u00e0 vos comp\u00e9tences et votre engagement pour :&nbsp;<\/p>\n\n\n\n<ul class=\"wp-block-list\">\n<li><strong>Comprendre<\/strong>&nbsp;les m\u00e9canismes de la cybers\u00e9curit\u00e9 et les mettre en oeuvre, acad\u00e9mie&nbsp;<a href=\"https:\/\/www.stormshield.com\/fr\/besoin-accompagnement\/services\/stormshield-academy\/\" target=\"_blank\" rel=\"noreferrer noopener\">Stormshield<\/a><\/li>\n\n\n\n<li><strong>Mettre en oeuvre<\/strong>&nbsp;des materiels r\u00e9seau et souhaiter \u00eatre certifi\u00e9 par Cisco (<a href=\"https:\/\/www.netacad.com\/fr\" target=\"_blank\" rel=\"noreferrer noopener\">CCNA exploration<\/a>&nbsp;niveau 1 et 2)<\/li>\n\n\n\n<li><strong>R\u00e9aliser<\/strong>&nbsp;des applications de&nbsp;bureau,&nbsp;web ou&nbsp;mobiles<\/li>\n\n\n\n<li><strong>Participer<\/strong>&nbsp;\u00e0 un projet de d\u00e9veloppement informatique en \u00e9quipe<\/li>\n\n\n\n<li><strong>Travailler<\/strong>&nbsp;en autonomie avec des \u00e9tapes et des objectifs \u00e0 atteindre&nbsp;<\/li>\n\n\n\n<li><strong>Mettre en pratique<\/strong>&nbsp;vos connaissances Mathematiques et Scientifique dans des algorithmes<\/li>\n\n\n\n<li><strong>R\u00e9aliser<\/strong>&nbsp;des documents qui rendent compte des travaux effectu\u00e9s<\/li>\n<\/ul>\n\n\n\n<p>Le BTS <strong>CIEL<\/strong> option A<strong> informatique et r\u00e9seaux<\/strong> est accessible \u00e0 tout titulaire d&rsquo;un baccalaur\u00e9at STI2D, pro (syst\u00e8mes num\u00e9riques ou CIEL),  ou g\u00e9n\u00e9ral.<\/p>\n\n\n\n<p>Un quota de places est r\u00e9serv\u00e9 aux bacheliers professionnels.<\/p>\n\n\n\n<p>Exemples de formations requises :<\/p>\n\n\n\n<ul class=\"wp-block-list\">\n<li><a href=\"https:\/\/www.onisep.fr\/Choisir-mes-etudes\/Au-lycee-au-CFA\/Au-lycee-general-et-technologique\/La-voie-generale-en-premiere-et-terminale\">Bac g\u00e9n\u00e9ral, toutes sp\u00e9cialit\u00e9s<\/a><\/li>\n\n\n\n<li><a href=\"http:\/\/www.onisep.fr\/Ressources\/Univers-Formation\/Formations\/Lycees\/Bac-pro-Systemes-numeriques-option-C-Reseaux-informatiques-et-systemes-communicants\">Bac pro Syst\u00e8mes num\u00e9riques option C r\u00e9seaux informatiques et syst\u00e8mes communicants<\/a><\/li>\n\n\n\n<li><a href=\"https:\/\/www.onisep.fr\/Choisir-mes-etudes\/Au-lycee-au-CFA\/Au-lycee-general-et-technologique\/La-voie-technologique-en-premiere-et-terminale\/Le-bac-STI2D-sciences-et-technologies-de-l-industrie-et-du-developpement-durable\">Bac STI2D sciences et technologies de l&rsquo;industrie et du  d\u00e9veloppement durable<\/a><\/li>\n<\/ul>\n\n\n\n<p><\/p>\n","protected":false},"excerpt":{"rendered":"<p>Le BTS CIEL \u2013 Cybers\u00e9curit\u00e9, Informatique et r\u00e9seaux, \u00c9lectronique propose en option IR une formation solide en cybers\u00e9curit\u00e9 et en r\u00e9seaux informatiques. Le lyc\u00e9e La Fayette est acad\u00e9mie Cisco, en partenariat avec un acteur mondial de r\u00e9f\u00e9rence. Les \u00e9tudiants b\u00e9n\u00e9ficient des contenus de la Cisco Networking Academy et peuvent pr\u00e9parer&#8230; <a class=\"continue-reading-link\" href=\"https:\/\/www.lyceelafayette.fr\/index.php\/formations\/systemes-numeriques\/bts-sn-informatique-et-reseaux\/\">lire la suite<\/a><\/p>\n","protected":false},"author":1,"featured_media":0,"parent":248,"menu_order":0,"comment_status":"closed","ping_status":"closed","template":"","meta":{"footnotes":""},"class_list":["post-321","page","type-page","status-publish","hentry"],"yoast_head":"<!-- This site is optimized with the Yoast SEO plugin v27.5 - https:\/\/yoast.com\/product\/yoast-seo-wordpress\/ -->\n<title>BTS CIEL Informatique et R\u00e9seaux - Lyc\u00e9e La Fayette<\/title>\n<meta name=\"robots\" content=\"index, follow, max-snippet:-1, max-image-preview:large, max-video-preview:-1\" \/>\n<link rel=\"canonical\" href=\"https:\/\/www.lyceelafayette.fr\/index.php\/formations\/systemes-numeriques\/bts-sn-informatique-et-reseaux\/\" \/>\n<meta property=\"og:locale\" content=\"fr_FR\" \/>\n<meta property=\"og:type\" content=\"article\" \/>\n<meta property=\"og:title\" content=\"BTS CIEL Informatique et R\u00e9seaux - Lyc\u00e9e La Fayette\" \/>\n<meta property=\"og:description\" content=\"Le BTS CIEL \u2013 Cybers\u00e9curit\u00e9, Informatique et r\u00e9seaux, \u00c9lectronique propose en option IR une formation solide en cybers\u00e9curit\u00e9 et en r\u00e9seaux informatiques. Le lyc\u00e9e La Fayette est acad\u00e9mie Cisco, en partenariat avec un acteur mondial de r\u00e9f\u00e9rence. Les \u00e9tudiants b\u00e9n\u00e9ficient des contenus de la Cisco Networking Academy et peuvent pr\u00e9parer... lire la suite\" \/>\n<meta property=\"og:url\" content=\"https:\/\/www.lyceelafayette.fr\/index.php\/formations\/systemes-numeriques\/bts-sn-informatique-et-reseaux\/\" \/>\n<meta property=\"og:site_name\" content=\"Lyc\u00e9e La Fayette\" \/>\n<meta property=\"article:modified_time\" content=\"2025-07-04T08:57:07+00:00\" \/>\n<meta property=\"og:image\" content=\"https:\/\/www.lyceelafayette.fr\/wp-content\/uploads\/2021\/02\/IMG_8793-1024x768.jpg\" \/>\n<meta name=\"twitter:card\" content=\"summary_large_image\" \/>\n<meta name=\"twitter:label1\" content=\"Dur\u00e9e de lecture estim\u00e9e\" \/>\n\t<meta name=\"twitter:data1\" content=\"12 minutes\" \/>\n<script type=\"application\/ld+json\" class=\"yoast-schema-graph\">{\"@context\":\"https:\\\/\\\/schema.org\",\"@graph\":[{\"@type\":\"WebPage\",\"@id\":\"https:\\\/\\\/www.lyceelafayette.fr\\\/index.php\\\/formations\\\/systemes-numeriques\\\/bts-sn-informatique-et-reseaux\\\/\",\"url\":\"https:\\\/\\\/www.lyceelafayette.fr\\\/index.php\\\/formations\\\/systemes-numeriques\\\/bts-sn-informatique-et-reseaux\\\/\",\"name\":\"BTS CIEL Informatique et R\u00e9seaux - Lyc\u00e9e La Fayette\",\"isPartOf\":{\"@id\":\"https:\\\/\\\/www.lyceelafayette.fr\\\/#website\"},\"primaryImageOfPage\":{\"@id\":\"https:\\\/\\\/www.lyceelafayette.fr\\\/index.php\\\/formations\\\/systemes-numeriques\\\/bts-sn-informatique-et-reseaux\\\/#primaryimage\"},\"image\":{\"@id\":\"https:\\\/\\\/www.lyceelafayette.fr\\\/index.php\\\/formations\\\/systemes-numeriques\\\/bts-sn-informatique-et-reseaux\\\/#primaryimage\"},\"thumbnailUrl\":\"https:\\\/\\\/www.lyceelafayette.fr\\\/wp-content\\\/uploads\\\/2021\\\/02\\\/IMG_8793-1024x768.jpg\",\"datePublished\":\"2019-01-24T11:18:55+00:00\",\"dateModified\":\"2025-07-04T08:57:07+00:00\",\"breadcrumb\":{\"@id\":\"https:\\\/\\\/www.lyceelafayette.fr\\\/index.php\\\/formations\\\/systemes-numeriques\\\/bts-sn-informatique-et-reseaux\\\/#breadcrumb\"},\"inLanguage\":\"fr-FR\",\"potentialAction\":[{\"@type\":\"ReadAction\",\"target\":[\"https:\\\/\\\/www.lyceelafayette.fr\\\/index.php\\\/formations\\\/systemes-numeriques\\\/bts-sn-informatique-et-reseaux\\\/\"]}]},{\"@type\":\"ImageObject\",\"inLanguage\":\"fr-FR\",\"@id\":\"https:\\\/\\\/www.lyceelafayette.fr\\\/index.php\\\/formations\\\/systemes-numeriques\\\/bts-sn-informatique-et-reseaux\\\/#primaryimage\",\"url\":\"https:\\\/\\\/www.lyceelafayette.fr\\\/wp-content\\\/uploads\\\/2021\\\/02\\\/IMG_8793-scaled.jpg\",\"contentUrl\":\"https:\\\/\\\/www.lyceelafayette.fr\\\/wp-content\\\/uploads\\\/2021\\\/02\\\/IMG_8793-scaled.jpg\",\"width\":2560,\"height\":1920},{\"@type\":\"BreadcrumbList\",\"@id\":\"https:\\\/\\\/www.lyceelafayette.fr\\\/index.php\\\/formations\\\/systemes-numeriques\\\/bts-sn-informatique-et-reseaux\\\/#breadcrumb\",\"itemListElement\":[{\"@type\":\"ListItem\",\"position\":1,\"name\":\"Accueil\",\"item\":\"https:\\\/\\\/www.lyceelafayette.fr\\\/\"},{\"@type\":\"ListItem\",\"position\":2,\"name\":\"Nos formations g\u00e9n\u00e9rales\",\"item\":\"https:\\\/\\\/www.lyceelafayette.fr\\\/index.php\\\/formations\\\/\"},{\"@type\":\"ListItem\",\"position\":3,\"name\":\"M\u00e9tiers des Transitions Num\u00e9rique et Energ\u00e9tique\",\"item\":\"https:\\\/\\\/www.lyceelafayette.fr\\\/index.php\\\/formations\\\/systemes-numeriques\\\/\"},{\"@type\":\"ListItem\",\"position\":4,\"name\":\"BTS CIEL Informatique et R\u00e9seaux\"}]},{\"@type\":\"WebSite\",\"@id\":\"https:\\\/\\\/www.lyceelafayette.fr\\\/#website\",\"url\":\"https:\\\/\\\/www.lyceelafayette.fr\\\/\",\"name\":\"Lyc\u00e9e La Fayette\",\"description\":\"\",\"publisher\":{\"@id\":\"https:\\\/\\\/www.lyceelafayette.fr\\\/#organization\"},\"potentialAction\":[{\"@type\":\"SearchAction\",\"target\":{\"@type\":\"EntryPoint\",\"urlTemplate\":\"https:\\\/\\\/www.lyceelafayette.fr\\\/?s={search_term_string}\"},\"query-input\":{\"@type\":\"PropertyValueSpecification\",\"valueRequired\":true,\"valueName\":\"search_term_string\"}}],\"inLanguage\":\"fr-FR\"},{\"@type\":\"Organization\",\"@id\":\"https:\\\/\\\/www.lyceelafayette.fr\\\/#organization\",\"name\":\"Lyc\u00e9e La Fayette\",\"url\":\"https:\\\/\\\/www.lyceelafayette.fr\\\/\",\"logo\":{\"@type\":\"ImageObject\",\"inLanguage\":\"fr-FR\",\"@id\":\"https:\\\/\\\/www.lyceelafayette.fr\\\/#\\\/schema\\\/logo\\\/image\\\/\",\"url\":\"https:\\\/\\\/www.lyceelafayette.fr\\\/wp-content\\\/uploads\\\/2019\\\/06\\\/llf_logo_alpha.png\",\"contentUrl\":\"https:\\\/\\\/www.lyceelafayette.fr\\\/wp-content\\\/uploads\\\/2019\\\/06\\\/llf_logo_alpha.png\",\"width\":1583,\"height\":792,\"caption\":\"Lyc\u00e9e La Fayette\"},\"image\":{\"@id\":\"https:\\\/\\\/www.lyceelafayette.fr\\\/#\\\/schema\\\/logo\\\/image\\\/\"},\"sameAs\":[\"https:\\\/\\\/www.youtube.com\\\/channel\\\/UC2AOQowoMGBKdY4ToZsf9mw\"]}]}<\/script>\n<!-- \/ Yoast SEO plugin. -->","yoast_head_json":{"title":"BTS CIEL Informatique et R\u00e9seaux - Lyc\u00e9e La Fayette","robots":{"index":"index","follow":"follow","max-snippet":"max-snippet:-1","max-image-preview":"max-image-preview:large","max-video-preview":"max-video-preview:-1"},"canonical":"https:\/\/www.lyceelafayette.fr\/index.php\/formations\/systemes-numeriques\/bts-sn-informatique-et-reseaux\/","og_locale":"fr_FR","og_type":"article","og_title":"BTS CIEL Informatique et R\u00e9seaux - Lyc\u00e9e La Fayette","og_description":"Le BTS CIEL \u2013 Cybers\u00e9curit\u00e9, Informatique et r\u00e9seaux, \u00c9lectronique propose en option IR une formation solide en cybers\u00e9curit\u00e9 et en r\u00e9seaux informatiques. Le lyc\u00e9e La Fayette est acad\u00e9mie Cisco, en partenariat avec un acteur mondial de r\u00e9f\u00e9rence. Les \u00e9tudiants b\u00e9n\u00e9ficient des contenus de la Cisco Networking Academy et peuvent pr\u00e9parer... lire la suite","og_url":"https:\/\/www.lyceelafayette.fr\/index.php\/formations\/systemes-numeriques\/bts-sn-informatique-et-reseaux\/","og_site_name":"Lyc\u00e9e La Fayette","article_modified_time":"2025-07-04T08:57:07+00:00","og_image":[{"url":"https:\/\/www.lyceelafayette.fr\/wp-content\/uploads\/2021\/02\/IMG_8793-1024x768.jpg","type":"","width":"","height":""}],"twitter_card":"summary_large_image","twitter_misc":{"Dur\u00e9e de lecture estim\u00e9e":"12 minutes"},"schema":{"@context":"https:\/\/schema.org","@graph":[{"@type":"WebPage","@id":"https:\/\/www.lyceelafayette.fr\/index.php\/formations\/systemes-numeriques\/bts-sn-informatique-et-reseaux\/","url":"https:\/\/www.lyceelafayette.fr\/index.php\/formations\/systemes-numeriques\/bts-sn-informatique-et-reseaux\/","name":"BTS CIEL Informatique et R\u00e9seaux - Lyc\u00e9e La Fayette","isPartOf":{"@id":"https:\/\/www.lyceelafayette.fr\/#website"},"primaryImageOfPage":{"@id":"https:\/\/www.lyceelafayette.fr\/index.php\/formations\/systemes-numeriques\/bts-sn-informatique-et-reseaux\/#primaryimage"},"image":{"@id":"https:\/\/www.lyceelafayette.fr\/index.php\/formations\/systemes-numeriques\/bts-sn-informatique-et-reseaux\/#primaryimage"},"thumbnailUrl":"https:\/\/www.lyceelafayette.fr\/wp-content\/uploads\/2021\/02\/IMG_8793-1024x768.jpg","datePublished":"2019-01-24T11:18:55+00:00","dateModified":"2025-07-04T08:57:07+00:00","breadcrumb":{"@id":"https:\/\/www.lyceelafayette.fr\/index.php\/formations\/systemes-numeriques\/bts-sn-informatique-et-reseaux\/#breadcrumb"},"inLanguage":"fr-FR","potentialAction":[{"@type":"ReadAction","target":["https:\/\/www.lyceelafayette.fr\/index.php\/formations\/systemes-numeriques\/bts-sn-informatique-et-reseaux\/"]}]},{"@type":"ImageObject","inLanguage":"fr-FR","@id":"https:\/\/www.lyceelafayette.fr\/index.php\/formations\/systemes-numeriques\/bts-sn-informatique-et-reseaux\/#primaryimage","url":"https:\/\/www.lyceelafayette.fr\/wp-content\/uploads\/2021\/02\/IMG_8793-scaled.jpg","contentUrl":"https:\/\/www.lyceelafayette.fr\/wp-content\/uploads\/2021\/02\/IMG_8793-scaled.jpg","width":2560,"height":1920},{"@type":"BreadcrumbList","@id":"https:\/\/www.lyceelafayette.fr\/index.php\/formations\/systemes-numeriques\/bts-sn-informatique-et-reseaux\/#breadcrumb","itemListElement":[{"@type":"ListItem","position":1,"name":"Accueil","item":"https:\/\/www.lyceelafayette.fr\/"},{"@type":"ListItem","position":2,"name":"Nos formations g\u00e9n\u00e9rales","item":"https:\/\/www.lyceelafayette.fr\/index.php\/formations\/"},{"@type":"ListItem","position":3,"name":"M\u00e9tiers des Transitions Num\u00e9rique et Energ\u00e9tique","item":"https:\/\/www.lyceelafayette.fr\/index.php\/formations\/systemes-numeriques\/"},{"@type":"ListItem","position":4,"name":"BTS CIEL Informatique et R\u00e9seaux"}]},{"@type":"WebSite","@id":"https:\/\/www.lyceelafayette.fr\/#website","url":"https:\/\/www.lyceelafayette.fr\/","name":"Lyc\u00e9e La Fayette","description":"","publisher":{"@id":"https:\/\/www.lyceelafayette.fr\/#organization"},"potentialAction":[{"@type":"SearchAction","target":{"@type":"EntryPoint","urlTemplate":"https:\/\/www.lyceelafayette.fr\/?s={search_term_string}"},"query-input":{"@type":"PropertyValueSpecification","valueRequired":true,"valueName":"search_term_string"}}],"inLanguage":"fr-FR"},{"@type":"Organization","@id":"https:\/\/www.lyceelafayette.fr\/#organization","name":"Lyc\u00e9e La Fayette","url":"https:\/\/www.lyceelafayette.fr\/","logo":{"@type":"ImageObject","inLanguage":"fr-FR","@id":"https:\/\/www.lyceelafayette.fr\/#\/schema\/logo\/image\/","url":"https:\/\/www.lyceelafayette.fr\/wp-content\/uploads\/2019\/06\/llf_logo_alpha.png","contentUrl":"https:\/\/www.lyceelafayette.fr\/wp-content\/uploads\/2019\/06\/llf_logo_alpha.png","width":1583,"height":792,"caption":"Lyc\u00e9e La Fayette"},"image":{"@id":"https:\/\/www.lyceelafayette.fr\/#\/schema\/logo\/image\/"},"sameAs":["https:\/\/www.youtube.com\/channel\/UC2AOQowoMGBKdY4ToZsf9mw"]}]}},"_links":{"self":[{"href":"https:\/\/www.lyceelafayette.fr\/index.php\/wp-json\/wp\/v2\/pages\/321","targetHints":{"allow":["GET"]}}],"collection":[{"href":"https:\/\/www.lyceelafayette.fr\/index.php\/wp-json\/wp\/v2\/pages"}],"about":[{"href":"https:\/\/www.lyceelafayette.fr\/index.php\/wp-json\/wp\/v2\/types\/page"}],"author":[{"embeddable":true,"href":"https:\/\/www.lyceelafayette.fr\/index.php\/wp-json\/wp\/v2\/users\/1"}],"replies":[{"embeddable":true,"href":"https:\/\/www.lyceelafayette.fr\/index.php\/wp-json\/wp\/v2\/comments?post=321"}],"version-history":[{"count":53,"href":"https:\/\/www.lyceelafayette.fr\/index.php\/wp-json\/wp\/v2\/pages\/321\/revisions"}],"predecessor-version":[{"id":7134,"href":"https:\/\/www.lyceelafayette.fr\/index.php\/wp-json\/wp\/v2\/pages\/321\/revisions\/7134"}],"up":[{"embeddable":true,"href":"https:\/\/www.lyceelafayette.fr\/index.php\/wp-json\/wp\/v2\/pages\/248"}],"wp:attachment":[{"href":"https:\/\/www.lyceelafayette.fr\/index.php\/wp-json\/wp\/v2\/media?parent=321"}],"curies":[{"name":"wp","href":"https:\/\/api.w.org\/{rel}","templated":true}]}}