{"id":2751,"date":"2020-12-14T14:32:07","date_gmt":"2020-12-14T13:32:07","guid":{"rendered":"https:\/\/www.lyceelafayette.fr\/?page_id=2751"},"modified":"2021-10-19T13:15:40","modified_gmt":"2021-10-19T11:15:40","slug":"la-seconde-famille-des-metiers-de-la-realisation-de-produits-mecaniques","status":"publish","type":"page","link":"https:\/\/www.lyceelafayette.fr\/index.php\/formations\/productique\/la-seconde-famille-des-metiers-de-la-realisation-de-produits-mecaniques\/","title":{"rendered":"La SECONDE Famille des M\u00e9tiers de la r\u00e9alisation d&rsquo;ensembles m\u00e9caniques et industriels"},"content":{"rendered":"\n<p>Une <strong>famille de m\u00e9tiers<\/strong> \u00ab regroupe des comp\u00e9tences professionnelles communes \u00e0 plusieurs sp\u00e9cialit\u00e9s du baccalaur\u00e9at professionnel \u00bb et donne l\u2019opportunit\u00e9 aux \u00e9l\u00e8ves d\u2019acqu\u00e9rir d\u00e8s la seconde des comp\u00e9tences professionnelles utiles tout en lui permettant de prendre suffisamment connaissance des m\u00e9tiers avant de faire son choix de sp\u00e9cialit\u00e9. \u00bb Chaque famille regroupe plusieurs dipl\u00f4mes de Baccalaur\u00e9at professionnel.<\/p>\n\n\n\n<p><\/p>\n\n\n\n<p>Au lyc\u00e9e La Fayette, sur le site de Fontaineroux, il existe 2 bac professionnels de cette famille des m\u00e9tiers. L&rsquo;un pour la sp\u00e9cialit\u00e9 de <\/p>\n\n\n\n<ul class=\"wp-block-list\"><li><a href=\"https:\/\/www.lyceelafayette.fr\/index.php\/bac-pro-tu\/\">BAC PRO TRPM (TECHNICIEN REALISATION DE PRODUITS MECANIQUES) option R\u00e9alisation et Suivi de Production (anciennement Technicien d&rsquo;usinage TU)<\/a> <\/li><\/ul>\n\n\n\n<p>et l&rsquo;autre pour la sp\u00e9cialit\u00e9 <\/p>\n\n\n\n<ul class=\"wp-block-list\"><li><a href=\"https:\/\/www.lyceelafayette.fr\/index.php\/bac-pro-to\/\">BAC PRO <\/a><a href=\"https:\/\/www.lyceelafayette.fr\/index.php\/bac-pro-tu\/\">TRPM (TECHNICIEN REALISATION DE PRODUITS MECANIQUES)<\/a> option R\u00e9alisation et Maintenance des Outillages (anciennement Technicien outilleur TO).<\/li><\/ul>\n\n\n\n<p>Ces deux bac professionnels donnent ensuite acc\u00e8s \u00e0 la formation de <a href=\"https:\/\/www.lyceelafayette.fr\/index.php\/le-bts-conception-des-processus-de-realisation-de-produits-cprp\/\">BTS CPRP (Conception des Processus de R\u00e9alisation de Produits)<\/a><\/p>\n","protected":false},"excerpt":{"rendered":"<p>Une famille de m\u00e9tiers \u00ab regroupe des comp\u00e9tences professionnelles communes \u00e0 plusieurs sp\u00e9cialit\u00e9s du baccalaur\u00e9at professionnel \u00bb et donne l\u2019opportunit\u00e9 aux \u00e9l\u00e8ves d\u2019acqu\u00e9rir d\u00e8s la seconde des comp\u00e9tences professionnelles utiles tout en lui permettant de prendre suffisamment connaissance des m\u00e9tiers avant de faire son choix de sp\u00e9cialit\u00e9. \u00bb Chaque famille&#8230; <a class=\"continue-reading-link\" href=\"https:\/\/www.lyceelafayette.fr\/index.php\/formations\/productique\/la-seconde-famille-des-metiers-de-la-realisation-de-produits-mecaniques\/\">lire la suite<\/a><\/p>\n","protected":false},"author":1,"featured_media":0,"parent":251,"menu_order":0,"comment_status":"closed","ping_status":"closed","template":"","meta":{"footnotes":""},"class_list":["post-2751","page","type-page","status-publish","hentry"],"yoast_head":"<!-- This site is optimized with the Yoast SEO plugin v27.5 - https:\/\/yoast.com\/product\/yoast-seo-wordpress\/ -->\n<title>La SECONDE Famille des M\u00e9tiers de la r\u00e9alisation d&#039;ensembles m\u00e9caniques et industriels - Lyc\u00e9e La Fayette<\/title>\n<meta name=\"robots\" content=\"index, follow, max-snippet:-1, max-image-preview:large, max-video-preview:-1\" \/>\n<link rel=\"canonical\" href=\"https:\/\/www.lyceelafayette.fr\/index.php\/formations\/productique\/la-seconde-famille-des-metiers-de-la-realisation-de-produits-mecaniques\/\" \/>\n<meta property=\"og:locale\" content=\"fr_FR\" \/>\n<meta property=\"og:type\" content=\"article\" \/>\n<meta property=\"og:title\" content=\"La SECONDE Famille des M\u00e9tiers de la r\u00e9alisation d&#039;ensembles m\u00e9caniques et industriels - Lyc\u00e9e La Fayette\" \/>\n<meta property=\"og:description\" content=\"Une famille de m\u00e9tiers \u00ab regroupe des comp\u00e9tences professionnelles communes \u00e0 plusieurs sp\u00e9cialit\u00e9s du baccalaur\u00e9at professionnel \u00bb et donne l\u2019opportunit\u00e9 aux \u00e9l\u00e8ves d\u2019acqu\u00e9rir d\u00e8s la seconde des comp\u00e9tences professionnelles utiles tout en lui permettant de prendre suffisamment connaissance des m\u00e9tiers avant de faire son choix de sp\u00e9cialit\u00e9. \u00bb Chaque famille... lire la suite\" \/>\n<meta property=\"og:url\" content=\"https:\/\/www.lyceelafayette.fr\/index.php\/formations\/productique\/la-seconde-famille-des-metiers-de-la-realisation-de-produits-mecaniques\/\" \/>\n<meta property=\"og:site_name\" content=\"Lyc\u00e9e La Fayette\" \/>\n<meta property=\"article:modified_time\" content=\"2021-10-19T11:15:40+00:00\" \/>\n<meta name=\"twitter:card\" content=\"summary_large_image\" \/>\n<meta name=\"twitter:label1\" content=\"Dur\u00e9e de lecture estim\u00e9e\" \/>\n\t<meta name=\"twitter:data1\" content=\"1 minute\" \/>\n<script type=\"application\/ld+json\" class=\"yoast-schema-graph\">{\"@context\":\"https:\\\/\\\/schema.org\",\"@graph\":[{\"@type\":\"WebPage\",\"@id\":\"https:\\\/\\\/www.lyceelafayette.fr\\\/index.php\\\/formations\\\/productique\\\/la-seconde-famille-des-metiers-de-la-realisation-de-produits-mecaniques\\\/\",\"url\":\"https:\\\/\\\/www.lyceelafayette.fr\\\/index.php\\\/formations\\\/productique\\\/la-seconde-famille-des-metiers-de-la-realisation-de-produits-mecaniques\\\/\",\"name\":\"La SECONDE Famille des M\u00e9tiers de la r\u00e9alisation d'ensembles m\u00e9caniques et industriels - Lyc\u00e9e La Fayette\",\"isPartOf\":{\"@id\":\"https:\\\/\\\/www.lyceelafayette.fr\\\/#website\"},\"datePublished\":\"2020-12-14T13:32:07+00:00\",\"dateModified\":\"2021-10-19T11:15:40+00:00\",\"breadcrumb\":{\"@id\":\"https:\\\/\\\/www.lyceelafayette.fr\\\/index.php\\\/formations\\\/productique\\\/la-seconde-famille-des-metiers-de-la-realisation-de-produits-mecaniques\\\/#breadcrumb\"},\"inLanguage\":\"fr-FR\",\"potentialAction\":[{\"@type\":\"ReadAction\",\"target\":[\"https:\\\/\\\/www.lyceelafayette.fr\\\/index.php\\\/formations\\\/productique\\\/la-seconde-famille-des-metiers-de-la-realisation-de-produits-mecaniques\\\/\"]}]},{\"@type\":\"BreadcrumbList\",\"@id\":\"https:\\\/\\\/www.lyceelafayette.fr\\\/index.php\\\/formations\\\/productique\\\/la-seconde-famille-des-metiers-de-la-realisation-de-produits-mecaniques\\\/#breadcrumb\",\"itemListElement\":[{\"@type\":\"ListItem\",\"position\":1,\"name\":\"Accueil\",\"item\":\"https:\\\/\\\/www.lyceelafayette.fr\\\/\"},{\"@type\":\"ListItem\",\"position\":2,\"name\":\"Nos formations g\u00e9n\u00e9rales\",\"item\":\"https:\\\/\\\/www.lyceelafayette.fr\\\/index.php\\\/formations\\\/\"},{\"@type\":\"ListItem\",\"position\":3,\"name\":\"M\u00e9tiers de la productique, du baccalaur\u00e9at au BTS\",\"item\":\"https:\\\/\\\/www.lyceelafayette.fr\\\/index.php\\\/formations\\\/productique\\\/\"},{\"@type\":\"ListItem\",\"position\":4,\"name\":\"La SECONDE Famille des M\u00e9tiers de la r\u00e9alisation d&rsquo;ensembles m\u00e9caniques et industriels\"}]},{\"@type\":\"WebSite\",\"@id\":\"https:\\\/\\\/www.lyceelafayette.fr\\\/#website\",\"url\":\"https:\\\/\\\/www.lyceelafayette.fr\\\/\",\"name\":\"Lyc\u00e9e La Fayette\",\"description\":\"\",\"publisher\":{\"@id\":\"https:\\\/\\\/www.lyceelafayette.fr\\\/#organization\"},\"potentialAction\":[{\"@type\":\"SearchAction\",\"target\":{\"@type\":\"EntryPoint\",\"urlTemplate\":\"https:\\\/\\\/www.lyceelafayette.fr\\\/?s={search_term_string}\"},\"query-input\":{\"@type\":\"PropertyValueSpecification\",\"valueRequired\":true,\"valueName\":\"search_term_string\"}}],\"inLanguage\":\"fr-FR\"},{\"@type\":\"Organization\",\"@id\":\"https:\\\/\\\/www.lyceelafayette.fr\\\/#organization\",\"name\":\"Lyc\u00e9e La Fayette\",\"url\":\"https:\\\/\\\/www.lyceelafayette.fr\\\/\",\"logo\":{\"@type\":\"ImageObject\",\"inLanguage\":\"fr-FR\",\"@id\":\"https:\\\/\\\/www.lyceelafayette.fr\\\/#\\\/schema\\\/logo\\\/image\\\/\",\"url\":\"https:\\\/\\\/www.lyceelafayette.fr\\\/wp-content\\\/uploads\\\/2019\\\/06\\\/llf_logo_alpha.png\",\"contentUrl\":\"https:\\\/\\\/www.lyceelafayette.fr\\\/wp-content\\\/uploads\\\/2019\\\/06\\\/llf_logo_alpha.png\",\"width\":1583,\"height\":792,\"caption\":\"Lyc\u00e9e La Fayette\"},\"image\":{\"@id\":\"https:\\\/\\\/www.lyceelafayette.fr\\\/#\\\/schema\\\/logo\\\/image\\\/\"},\"sameAs\":[\"https:\\\/\\\/www.youtube.com\\\/channel\\\/UC2AOQowoMGBKdY4ToZsf9mw\"]}]}<\/script>\n<!-- \/ Yoast SEO plugin. -->","yoast_head_json":{"title":"La SECONDE Famille des M\u00e9tiers de la r\u00e9alisation d'ensembles m\u00e9caniques et industriels - Lyc\u00e9e La Fayette","robots":{"index":"index","follow":"follow","max-snippet":"max-snippet:-1","max-image-preview":"max-image-preview:large","max-video-preview":"max-video-preview:-1"},"canonical":"https:\/\/www.lyceelafayette.fr\/index.php\/formations\/productique\/la-seconde-famille-des-metiers-de-la-realisation-de-produits-mecaniques\/","og_locale":"fr_FR","og_type":"article","og_title":"La SECONDE Famille des M\u00e9tiers de la r\u00e9alisation d'ensembles m\u00e9caniques et industriels - Lyc\u00e9e La Fayette","og_description":"Une famille de m\u00e9tiers \u00ab regroupe des comp\u00e9tences professionnelles communes \u00e0 plusieurs sp\u00e9cialit\u00e9s du baccalaur\u00e9at professionnel \u00bb et donne l\u2019opportunit\u00e9 aux \u00e9l\u00e8ves d\u2019acqu\u00e9rir d\u00e8s la seconde des comp\u00e9tences professionnelles utiles tout en lui permettant de prendre suffisamment connaissance des m\u00e9tiers avant de faire son choix de sp\u00e9cialit\u00e9. \u00bb Chaque famille... lire la suite","og_url":"https:\/\/www.lyceelafayette.fr\/index.php\/formations\/productique\/la-seconde-famille-des-metiers-de-la-realisation-de-produits-mecaniques\/","og_site_name":"Lyc\u00e9e La Fayette","article_modified_time":"2021-10-19T11:15:40+00:00","twitter_card":"summary_large_image","twitter_misc":{"Dur\u00e9e de lecture estim\u00e9e":"1 minute"},"schema":{"@context":"https:\/\/schema.org","@graph":[{"@type":"WebPage","@id":"https:\/\/www.lyceelafayette.fr\/index.php\/formations\/productique\/la-seconde-famille-des-metiers-de-la-realisation-de-produits-mecaniques\/","url":"https:\/\/www.lyceelafayette.fr\/index.php\/formations\/productique\/la-seconde-famille-des-metiers-de-la-realisation-de-produits-mecaniques\/","name":"La SECONDE Famille des M\u00e9tiers de la r\u00e9alisation d'ensembles m\u00e9caniques et industriels - Lyc\u00e9e La Fayette","isPartOf":{"@id":"https:\/\/www.lyceelafayette.fr\/#website"},"datePublished":"2020-12-14T13:32:07+00:00","dateModified":"2021-10-19T11:15:40+00:00","breadcrumb":{"@id":"https:\/\/www.lyceelafayette.fr\/index.php\/formations\/productique\/la-seconde-famille-des-metiers-de-la-realisation-de-produits-mecaniques\/#breadcrumb"},"inLanguage":"fr-FR","potentialAction":[{"@type":"ReadAction","target":["https:\/\/www.lyceelafayette.fr\/index.php\/formations\/productique\/la-seconde-famille-des-metiers-de-la-realisation-de-produits-mecaniques\/"]}]},{"@type":"BreadcrumbList","@id":"https:\/\/www.lyceelafayette.fr\/index.php\/formations\/productique\/la-seconde-famille-des-metiers-de-la-realisation-de-produits-mecaniques\/#breadcrumb","itemListElement":[{"@type":"ListItem","position":1,"name":"Accueil","item":"https:\/\/www.lyceelafayette.fr\/"},{"@type":"ListItem","position":2,"name":"Nos formations g\u00e9n\u00e9rales","item":"https:\/\/www.lyceelafayette.fr\/index.php\/formations\/"},{"@type":"ListItem","position":3,"name":"M\u00e9tiers de la productique, du baccalaur\u00e9at au BTS","item":"https:\/\/www.lyceelafayette.fr\/index.php\/formations\/productique\/"},{"@type":"ListItem","position":4,"name":"La SECONDE Famille des M\u00e9tiers de la r\u00e9alisation d&rsquo;ensembles m\u00e9caniques et industriels"}]},{"@type":"WebSite","@id":"https:\/\/www.lyceelafayette.fr\/#website","url":"https:\/\/www.lyceelafayette.fr\/","name":"Lyc\u00e9e La Fayette","description":"","publisher":{"@id":"https:\/\/www.lyceelafayette.fr\/#organization"},"potentialAction":[{"@type":"SearchAction","target":{"@type":"EntryPoint","urlTemplate":"https:\/\/www.lyceelafayette.fr\/?s={search_term_string}"},"query-input":{"@type":"PropertyValueSpecification","valueRequired":true,"valueName":"search_term_string"}}],"inLanguage":"fr-FR"},{"@type":"Organization","@id":"https:\/\/www.lyceelafayette.fr\/#organization","name":"Lyc\u00e9e La Fayette","url":"https:\/\/www.lyceelafayette.fr\/","logo":{"@type":"ImageObject","inLanguage":"fr-FR","@id":"https:\/\/www.lyceelafayette.fr\/#\/schema\/logo\/image\/","url":"https:\/\/www.lyceelafayette.fr\/wp-content\/uploads\/2019\/06\/llf_logo_alpha.png","contentUrl":"https:\/\/www.lyceelafayette.fr\/wp-content\/uploads\/2019\/06\/llf_logo_alpha.png","width":1583,"height":792,"caption":"Lyc\u00e9e La Fayette"},"image":{"@id":"https:\/\/www.lyceelafayette.fr\/#\/schema\/logo\/image\/"},"sameAs":["https:\/\/www.youtube.com\/channel\/UC2AOQowoMGBKdY4ToZsf9mw"]}]}},"_links":{"self":[{"href":"https:\/\/www.lyceelafayette.fr\/index.php\/wp-json\/wp\/v2\/pages\/2751","targetHints":{"allow":["GET"]}}],"collection":[{"href":"https:\/\/www.lyceelafayette.fr\/index.php\/wp-json\/wp\/v2\/pages"}],"about":[{"href":"https:\/\/www.lyceelafayette.fr\/index.php\/wp-json\/wp\/v2\/types\/page"}],"author":[{"embeddable":true,"href":"https:\/\/www.lyceelafayette.fr\/index.php\/wp-json\/wp\/v2\/users\/1"}],"replies":[{"embeddable":true,"href":"https:\/\/www.lyceelafayette.fr\/index.php\/wp-json\/wp\/v2\/comments?post=2751"}],"version-history":[{"count":12,"href":"https:\/\/www.lyceelafayette.fr\/index.php\/wp-json\/wp\/v2\/pages\/2751\/revisions"}],"predecessor-version":[{"id":5276,"href":"https:\/\/www.lyceelafayette.fr\/index.php\/wp-json\/wp\/v2\/pages\/2751\/revisions\/5276"}],"up":[{"embeddable":true,"href":"https:\/\/www.lyceelafayette.fr\/index.php\/wp-json\/wp\/v2\/pages\/251"}],"wp:attachment":[{"href":"https:\/\/www.lyceelafayette.fr\/index.php\/wp-json\/wp\/v2\/media?parent=2751"}],"curies":[{"name":"wp","href":"https:\/\/api.w.org\/{rel}","templated":true}]}}