{"id":257,"date":"2019-01-11T14:16:20","date_gmt":"2019-01-11T13:16:20","guid":{"rendered":"http:\/\/www.lyceelafayette.fr\/?page_id=257"},"modified":"2021-03-05T16:23:54","modified_gmt":"2021-03-05T15:23:54","slug":"bac-general-nouveau","status":"publish","type":"page","link":"https:\/\/www.lyceelafayette.fr\/index.php\/formations\/bac-general-nouveau\/","title":{"rendered":"Bac g\u00e9n\u00e9ral : 1\u00e8re et Terminale"},"content":{"rendered":"\n<p>Les lyc\u00e9ens qui pr\u00e9parent un bac g\u00e9n\u00e9ral construisent leurs parcours en fonction de leurs go\u00fbts et de leurs ambitions. Vous choisissez des enseignements de sp\u00e9cialit\u00e9 et des options d\u00e8s la 1re. Cette organisation favorise votre r\u00e9ussite dans l\u2019enseignement sup\u00e9rieur, qui est l\u2019objectif premier de la voie g\u00e9n\u00e9rale.<\/p>\n\n\n\n<p>La voie g\u00e9n\u00e9rale vise surtout la poursuite d\u2019\u00e9tudes dans un domaine&nbsp;pour une dur\u00e9e de 3 \u00e0 5 ans au moins (licence, master, pr\u00e9pa, grandes \u00e9coles). Les enseignements sont plus th\u00e9oriques que ceux propos\u00e9s en voie technologique, l\u2019autre choix qui s\u2019offre \u00e0 vous apr\u00e8s la 2de g\u00e9n\u00e9rale et technologique.<\/p>\n\n\n\n<p><em><span style=\"text-decoration: underline;\">Dans ce cursus tous les \u00e9l\u00e8ves doivent suivent un enseignement sous la forme d&rsquo;un tronc commun en premi\u00e8re et en terminale :<\/span><\/em><\/p>\n\n\n\n<p><\/p>\n\n\n\n<ul class=\"wp-block-list\"><li>Fran\u00e7ais (en 1re), Philosophie (en terminale) : 4 h<\/li><li>Histoire &#8211; G\u00e9ographie &#8211; EMC : 3 h30<\/li><li>Langues vivantes (les deux) : 4h30<\/li><li>EPS : 2 h<\/li><li>Enseignement scientifique : 2 heures<\/li><\/ul>\n\n\n\n<p>La fili\u00e8re g\u00e9n\u00e9rale est une formation qui s&rsquo;appuie sur l&rsquo;alliance de trois sp\u00e9cialit\u00e9s choisies entre : math\u00e9matiques, physique-chimie, sciences de la vie et de la Terre, sciences de l&rsquo;ing\u00e9nieur et d&rsquo;un enseignement g\u00e9n\u00e9ral solide : le fran\u00e7ais en premi\u00e8re et la philosophie en terminale, l&rsquo;histoire g\u00e9ographie et les langues vivantes.<br>Cet ensemble permet aux \u00e9l\u00e8ves d&rsquo;envisager des \u00e9tudes sup\u00e9rieures en toute s\u00e9r\u00e9nit\u00e9 : CPGE (PSI, PTSI ), universit\u00e9, IUT, STS. <\/p>\n\n\n\n<p>Ainsi, \u00e0 compter de la premi\u00e8re, chaque \u00e9l\u00e8ve choisit <strong>trois sp\u00e9cialit\u00e9s<\/strong> parmi les formations propos\u00e9es par le lyc\u00e9e. Avant la fin de son ann\u00e9e de premi\u00e8re, l&rsquo;\u00e9l\u00e8ve choisit de conserver <strong>deux sp\u00e9cialit\u00e9s<\/strong> pour l&rsquo;ann\u00e9e de terminale ; la sp\u00e9cialit\u00e9 abandonn\u00e9e en fin de premi\u00e8re sera \u00e9valu\u00e9e au cours du dernier trimestre.<\/p>\n\n\n\n<p>En premi\u00e8re g\u00e9n\u00e9rale, la sp\u00e9cialit\u00e9 est de 4 heures, puis de 6 heures en terminale.<\/p>\n\n\n\n<p><span style=\"text-decoration: underline;\">Les 5 sp\u00e9cialit\u00e9s du lyc\u00e9e polyvalent La Fayette sont :<\/span><\/p>\n\n\n\n<ul class=\"wp-block-list\"><li>Num\u00e9rique et Sciences Informatiques (NSI) <strong>(NOUVEAUT\u00c9 SEPTEMBRE 2021)<\/strong><\/li><li>Sciences de l&rsquo;ing\u00e9nieur<\/li><li>Math\u00e9matiques<\/li><li>Sciences de la vie et de la Terre<\/li><li>Physique-chimie<\/li><\/ul>\n\n\n\n<h3 class=\"wp-block-heading\"><span style=\"text-decoration: underline;\">Num\u00e9rique et Sciences Informatiques (NSI)<\/span><\/h3>\n\n\n\n<p>Pour les lyc\u00e9ens et les lyc\u00e9ennes qui veulent s\u2019approprier des concepts et des m\u00e9thodes qui fondent l\u2019informatique, dans ses dimensions scientifique et technique. Cet enseignement, non professionnalisant, prolonge l\u2019enseignement commun de 2de en sciences num\u00e9riques et technologie (SNT) et s\u2019appuie sur les cours d&rsquo;algorithmique de math\u00e9matiques en 2de.<\/p>\n\n\n\n<p>Quatre grands domaines sont abord\u00e9s : les donn\u00e9es, les algorithmes, les langages, les machines (dont les objets connect\u00e9s et les r\u00e9seaux), et leurs syst\u00e8mes d\u2019exploitation. Cet enseignement favorise les travaux pratiques et la r\u00e9alisation de projets.<\/p>\n\n\n\n<h3 class=\"wp-block-heading\"><span style=\"text-decoration: underline;\">Sp\u00e9cialit\u00e9 Sciences de l\u2019ing\u00e9nieur (SI) <\/span><\/h3>\n\n\n\n<p>Les sciences de l&rsquo;ing\u00e9nieur abordent les grands domaines de la m\u00e9canique, de l&rsquo;\u00e9lectronique, de l&rsquo;\u00e9lectrotechnique, de l&rsquo;informatique et des r\u00e9seaux de communications. Elles vous permettent d&rsquo;acqu\u00e9rir des bases solides qui vous ouvriront de nombreuses portes apr\u00e8s le baccalaur\u00e9at. Une partie du cours a lieu sous la forme de travaux pratiques, qui vont vous permettre d&rsquo;acqu\u00e9rir une logique, une capacit\u00e9 de raisonnement, de r\u00e9flexion et de rapidit\u00e9 qui vous serviront quelle que soit la poursuite d&rsquo;\u00e9tudes que vous choisirez apr\u00e8s le bac, sachant que cette sp\u00e9cialit\u00e9 est un v\u00e9ritable atout pour s&rsquo;y pr\u00e9parer au mieux : il y a en effet une mobilisation des connaissances th\u00e9oriques dans des mises en pratique \u00e0 travers diff\u00e9rents travaux, soit individuels, soit de groupe.<\/p>\n\n\n\n<p>Poursuites d\u2019\u00e9tudes sup\u00e9rieures longues avec un choix entre : <\/p>\n\n\n\n<ul class=\"wp-block-list\"><li>Les classes pr\u00e9paratoires scientifiques pour entrer dans les grandes \u00e9coles d&rsquo;ing\u00e9nieurs<\/li><li>Les universit\u00e9s<\/li><li>Les I.U.P.<\/li><li>Les I.U.T. <\/li><\/ul>\n\n\n\n<h3 class=\"wp-block-heading\"><span style=\"text-decoration: underline;\">Sp\u00e9cialit\u00e9 Math\u00e9matiques<\/span> <\/h3>\n\n\n\n<p>Elles constituent la base de toute construction d&rsquo;un savoir scientifique. Pendant deux ans, vous compl\u00e9terez et vous consoliderez vos connaissances tant en alg\u00e8bre qu&rsquo;en g\u00e9om\u00e9trie. <\/p>\n\n\n\n<p>Les math\u00e9matiques sont destin\u00e9es \u00e0 des \u00e9l\u00e8ves qui envisagent des fili\u00e8res de sciences et technologies (\u00e9cole d&rsquo;ing\u00e9nieurs&#8230;). <\/p>\n\n\n\n<h3 class=\"wp-block-heading\"><span style=\"text-decoration: underline;\">Sp\u00e9cialit\u00e9 Sciences de la vie et de la Terre <\/span><\/h3>\n\n\n\n<p>Cette formation est ouverte \u00e0 tous les \u00e9l\u00e8ves de seconde g\u00e9n\u00e9rale et technologique qui ont un sens aigu de l&rsquo;exp\u00e9rimentation et de l&rsquo;observation et qui pr\u00e9sentent de r\u00e9elles capacit\u00e9s de rigueur, de m\u00e9thode, d&rsquo;organisation et de r\u00e9gularit\u00e9 dans le travail.<br>Une bonne ma\u00eetrise de l&rsquo;expression \u00e9crite est \u00e9galement un crit\u00e8re fondamental du choix ce cette sp\u00e9cialit\u00e9.<\/p>\n\n\n\n<p>Gr\u00e2ce \u00e0 votre sens aigu de l\u2019observation, vous serez acteur dans l\u2019acquisition de connaissances sur le monde qui vous entoure.<\/p>\n\n\n\n<p><br>Sciences de la vie : vous comprendrez le vivant (cellules, \u00e9cosyst\u00e8me et biosph\u00e8re).<\/p>\n\n\n\n<p>Sciences de la Terre : vous aborderez l\u2019\u00e9nergie solaire, l\u2019\u00e9nergie interne, les changements g\u00e9ologiques et leurs actions sur les modifications de la biosph\u00e8re, etc.<\/p>\n\n\n\n<p>Les SVT pr\u00e9parent aux \u00e9tudes d&rsquo;agronomie, de biologie, ou aux \u00e9tudes m\u00e9dicales et param\u00e9dicales. <\/p>\n\n\n\n<h3 class=\"wp-block-heading\"><span style=\"text-decoration: underline;\">Sp\u00e9cialit\u00e9 Physique-chimie <\/span><\/h3>\n\n\n\n<p>Votre go\u00fbt pour l&rsquo;exp\u00e9rimentation sera mis en valeur pour appr\u00e9hender les lois qui r\u00e9gissent l&rsquo;univers et la mati\u00e8re. C&rsquo;est l&rsquo;enseignement o\u00f9 l&rsquo;\u00e9tude de concepts scientifiques fondamentaux (champs de forces, oscillateurs&#8230;) rejoint leurs applications concr\u00e8tes (t\u00e9l\u00e9communication, optique&#8230;). <\/p>\n\n\n\n<p>La physique-chimie est destin\u00e9e \u00e0 des \u00e9l\u00e8ves qui  envisagent des fili\u00e8res de sciences et technologies (\u00e9cole d&rsquo;ing\u00e9nieurs&#8230;).  <br><\/p>\n","protected":false},"excerpt":{"rendered":"<p>Les lyc\u00e9ens qui pr\u00e9parent un bac g\u00e9n\u00e9ral construisent leurs parcours en fonction de leurs go\u00fbts et de leurs ambitions. Vous choisissez des enseignements de sp\u00e9cialit\u00e9 et des options d\u00e8s la 1re. Cette organisation favorise votre r\u00e9ussite dans l\u2019enseignement sup\u00e9rieur, qui est l\u2019objectif premier de la voie g\u00e9n\u00e9rale. La voie g\u00e9n\u00e9rale&#8230; <a class=\"continue-reading-link\" href=\"https:\/\/www.lyceelafayette.fr\/index.php\/formations\/bac-general-nouveau\/\">lire la suite<\/a><\/p>\n","protected":false},"author":1,"featured_media":0,"parent":266,"menu_order":0,"comment_status":"closed","ping_status":"closed","template":"","meta":{"footnotes":""},"class_list":["post-257","page","type-page","status-publish","hentry"],"yoast_head":"<!-- This site is optimized with the Yoast SEO plugin v27.5 - https:\/\/yoast.com\/product\/yoast-seo-wordpress\/ -->\n<title>Bac g\u00e9n\u00e9ral : 1\u00e8re et Terminale - Lyc\u00e9e La Fayette<\/title>\n<meta name=\"robots\" content=\"index, follow, max-snippet:-1, max-image-preview:large, max-video-preview:-1\" \/>\n<link rel=\"canonical\" href=\"https:\/\/www.lyceelafayette.fr\/index.php\/formations\/bac-general-nouveau\/\" \/>\n<meta property=\"og:locale\" content=\"fr_FR\" \/>\n<meta property=\"og:type\" content=\"article\" \/>\n<meta property=\"og:title\" content=\"Bac g\u00e9n\u00e9ral : 1\u00e8re et Terminale - Lyc\u00e9e La Fayette\" \/>\n<meta property=\"og:description\" content=\"Les lyc\u00e9ens qui pr\u00e9parent un bac g\u00e9n\u00e9ral construisent leurs parcours en fonction de leurs go\u00fbts et de leurs ambitions. Vous choisissez des enseignements de sp\u00e9cialit\u00e9 et des options d\u00e8s la 1re. Cette organisation favorise votre r\u00e9ussite dans l\u2019enseignement sup\u00e9rieur, qui est l\u2019objectif premier de la voie g\u00e9n\u00e9rale. La voie g\u00e9n\u00e9rale... lire la suite\" \/>\n<meta property=\"og:url\" content=\"https:\/\/www.lyceelafayette.fr\/index.php\/formations\/bac-general-nouveau\/\" \/>\n<meta property=\"og:site_name\" content=\"Lyc\u00e9e La Fayette\" \/>\n<meta property=\"article:modified_time\" content=\"2021-03-05T15:23:54+00:00\" \/>\n<meta name=\"twitter:card\" content=\"summary_large_image\" \/>\n<meta name=\"twitter:label1\" content=\"Dur\u00e9e de lecture estim\u00e9e\" \/>\n\t<meta name=\"twitter:data1\" content=\"4 minutes\" \/>\n<script type=\"application\/ld+json\" class=\"yoast-schema-graph\">{\"@context\":\"https:\\\/\\\/schema.org\",\"@graph\":[{\"@type\":\"WebPage\",\"@id\":\"https:\\\/\\\/www.lyceelafayette.fr\\\/index.php\\\/formations\\\/bac-general-nouveau\\\/\",\"url\":\"https:\\\/\\\/www.lyceelafayette.fr\\\/index.php\\\/formations\\\/bac-general-nouveau\\\/\",\"name\":\"Bac g\u00e9n\u00e9ral : 1\u00e8re et Terminale - Lyc\u00e9e La Fayette\",\"isPartOf\":{\"@id\":\"https:\\\/\\\/www.lyceelafayette.fr\\\/#website\"},\"datePublished\":\"2019-01-11T13:16:20+00:00\",\"dateModified\":\"2021-03-05T15:23:54+00:00\",\"breadcrumb\":{\"@id\":\"https:\\\/\\\/www.lyceelafayette.fr\\\/index.php\\\/formations\\\/bac-general-nouveau\\\/#breadcrumb\"},\"inLanguage\":\"fr-FR\",\"potentialAction\":[{\"@type\":\"ReadAction\",\"target\":[\"https:\\\/\\\/www.lyceelafayette.fr\\\/index.php\\\/formations\\\/bac-general-nouveau\\\/\"]}]},{\"@type\":\"BreadcrumbList\",\"@id\":\"https:\\\/\\\/www.lyceelafayette.fr\\\/index.php\\\/formations\\\/bac-general-nouveau\\\/#breadcrumb\",\"itemListElement\":[{\"@type\":\"ListItem\",\"position\":1,\"name\":\"Accueil\",\"item\":\"https:\\\/\\\/www.lyceelafayette.fr\\\/\"},{\"@type\":\"ListItem\",\"position\":2,\"name\":\"Nos formations g\u00e9n\u00e9rales\",\"item\":\"https:\\\/\\\/www.lyceelafayette.fr\\\/index.php\\\/formations\\\/\"},{\"@type\":\"ListItem\",\"position\":3,\"name\":\"Bac g\u00e9n\u00e9ral : 1\u00e8re et Terminale\"}]},{\"@type\":\"WebSite\",\"@id\":\"https:\\\/\\\/www.lyceelafayette.fr\\\/#website\",\"url\":\"https:\\\/\\\/www.lyceelafayette.fr\\\/\",\"name\":\"Lyc\u00e9e La Fayette\",\"description\":\"\",\"publisher\":{\"@id\":\"https:\\\/\\\/www.lyceelafayette.fr\\\/#organization\"},\"potentialAction\":[{\"@type\":\"SearchAction\",\"target\":{\"@type\":\"EntryPoint\",\"urlTemplate\":\"https:\\\/\\\/www.lyceelafayette.fr\\\/?s={search_term_string}\"},\"query-input\":{\"@type\":\"PropertyValueSpecification\",\"valueRequired\":true,\"valueName\":\"search_term_string\"}}],\"inLanguage\":\"fr-FR\"},{\"@type\":\"Organization\",\"@id\":\"https:\\\/\\\/www.lyceelafayette.fr\\\/#organization\",\"name\":\"Lyc\u00e9e La Fayette\",\"url\":\"https:\\\/\\\/www.lyceelafayette.fr\\\/\",\"logo\":{\"@type\":\"ImageObject\",\"inLanguage\":\"fr-FR\",\"@id\":\"https:\\\/\\\/www.lyceelafayette.fr\\\/#\\\/schema\\\/logo\\\/image\\\/\",\"url\":\"https:\\\/\\\/www.lyceelafayette.fr\\\/wp-content\\\/uploads\\\/2019\\\/06\\\/llf_logo_alpha.png\",\"contentUrl\":\"https:\\\/\\\/www.lyceelafayette.fr\\\/wp-content\\\/uploads\\\/2019\\\/06\\\/llf_logo_alpha.png\",\"width\":1583,\"height\":792,\"caption\":\"Lyc\u00e9e La Fayette\"},\"image\":{\"@id\":\"https:\\\/\\\/www.lyceelafayette.fr\\\/#\\\/schema\\\/logo\\\/image\\\/\"},\"sameAs\":[\"https:\\\/\\\/www.youtube.com\\\/channel\\\/UC2AOQowoMGBKdY4ToZsf9mw\"]}]}<\/script>\n<!-- \/ Yoast SEO plugin. -->","yoast_head_json":{"title":"Bac g\u00e9n\u00e9ral : 1\u00e8re et Terminale - Lyc\u00e9e La Fayette","robots":{"index":"index","follow":"follow","max-snippet":"max-snippet:-1","max-image-preview":"max-image-preview:large","max-video-preview":"max-video-preview:-1"},"canonical":"https:\/\/www.lyceelafayette.fr\/index.php\/formations\/bac-general-nouveau\/","og_locale":"fr_FR","og_type":"article","og_title":"Bac g\u00e9n\u00e9ral : 1\u00e8re et Terminale - Lyc\u00e9e La Fayette","og_description":"Les lyc\u00e9ens qui pr\u00e9parent un bac g\u00e9n\u00e9ral construisent leurs parcours en fonction de leurs go\u00fbts et de leurs ambitions. Vous choisissez des enseignements de sp\u00e9cialit\u00e9 et des options d\u00e8s la 1re. Cette organisation favorise votre r\u00e9ussite dans l\u2019enseignement sup\u00e9rieur, qui est l\u2019objectif premier de la voie g\u00e9n\u00e9rale. La voie g\u00e9n\u00e9rale... lire la suite","og_url":"https:\/\/www.lyceelafayette.fr\/index.php\/formations\/bac-general-nouveau\/","og_site_name":"Lyc\u00e9e La Fayette","article_modified_time":"2021-03-05T15:23:54+00:00","twitter_card":"summary_large_image","twitter_misc":{"Dur\u00e9e de lecture estim\u00e9e":"4 minutes"},"schema":{"@context":"https:\/\/schema.org","@graph":[{"@type":"WebPage","@id":"https:\/\/www.lyceelafayette.fr\/index.php\/formations\/bac-general-nouveau\/","url":"https:\/\/www.lyceelafayette.fr\/index.php\/formations\/bac-general-nouveau\/","name":"Bac g\u00e9n\u00e9ral : 1\u00e8re et Terminale - Lyc\u00e9e La Fayette","isPartOf":{"@id":"https:\/\/www.lyceelafayette.fr\/#website"},"datePublished":"2019-01-11T13:16:20+00:00","dateModified":"2021-03-05T15:23:54+00:00","breadcrumb":{"@id":"https:\/\/www.lyceelafayette.fr\/index.php\/formations\/bac-general-nouveau\/#breadcrumb"},"inLanguage":"fr-FR","potentialAction":[{"@type":"ReadAction","target":["https:\/\/www.lyceelafayette.fr\/index.php\/formations\/bac-general-nouveau\/"]}]},{"@type":"BreadcrumbList","@id":"https:\/\/www.lyceelafayette.fr\/index.php\/formations\/bac-general-nouveau\/#breadcrumb","itemListElement":[{"@type":"ListItem","position":1,"name":"Accueil","item":"https:\/\/www.lyceelafayette.fr\/"},{"@type":"ListItem","position":2,"name":"Nos formations g\u00e9n\u00e9rales","item":"https:\/\/www.lyceelafayette.fr\/index.php\/formations\/"},{"@type":"ListItem","position":3,"name":"Bac g\u00e9n\u00e9ral : 1\u00e8re et Terminale"}]},{"@type":"WebSite","@id":"https:\/\/www.lyceelafayette.fr\/#website","url":"https:\/\/www.lyceelafayette.fr\/","name":"Lyc\u00e9e La Fayette","description":"","publisher":{"@id":"https:\/\/www.lyceelafayette.fr\/#organization"},"potentialAction":[{"@type":"SearchAction","target":{"@type":"EntryPoint","urlTemplate":"https:\/\/www.lyceelafayette.fr\/?s={search_term_string}"},"query-input":{"@type":"PropertyValueSpecification","valueRequired":true,"valueName":"search_term_string"}}],"inLanguage":"fr-FR"},{"@type":"Organization","@id":"https:\/\/www.lyceelafayette.fr\/#organization","name":"Lyc\u00e9e La Fayette","url":"https:\/\/www.lyceelafayette.fr\/","logo":{"@type":"ImageObject","inLanguage":"fr-FR","@id":"https:\/\/www.lyceelafayette.fr\/#\/schema\/logo\/image\/","url":"https:\/\/www.lyceelafayette.fr\/wp-content\/uploads\/2019\/06\/llf_logo_alpha.png","contentUrl":"https:\/\/www.lyceelafayette.fr\/wp-content\/uploads\/2019\/06\/llf_logo_alpha.png","width":1583,"height":792,"caption":"Lyc\u00e9e La Fayette"},"image":{"@id":"https:\/\/www.lyceelafayette.fr\/#\/schema\/logo\/image\/"},"sameAs":["https:\/\/www.youtube.com\/channel\/UC2AOQowoMGBKdY4ToZsf9mw"]}]}},"_links":{"self":[{"href":"https:\/\/www.lyceelafayette.fr\/index.php\/wp-json\/wp\/v2\/pages\/257","targetHints":{"allow":["GET"]}}],"collection":[{"href":"https:\/\/www.lyceelafayette.fr\/index.php\/wp-json\/wp\/v2\/pages"}],"about":[{"href":"https:\/\/www.lyceelafayette.fr\/index.php\/wp-json\/wp\/v2\/types\/page"}],"author":[{"embeddable":true,"href":"https:\/\/www.lyceelafayette.fr\/index.php\/wp-json\/wp\/v2\/users\/1"}],"replies":[{"embeddable":true,"href":"https:\/\/www.lyceelafayette.fr\/index.php\/wp-json\/wp\/v2\/comments?post=257"}],"version-history":[{"count":17,"href":"https:\/\/www.lyceelafayette.fr\/index.php\/wp-json\/wp\/v2\/pages\/257\/revisions"}],"predecessor-version":[{"id":4700,"href":"https:\/\/www.lyceelafayette.fr\/index.php\/wp-json\/wp\/v2\/pages\/257\/revisions\/4700"}],"up":[{"embeddable":true,"href":"https:\/\/www.lyceelafayette.fr\/index.php\/wp-json\/wp\/v2\/pages\/266"}],"wp:attachment":[{"href":"https:\/\/www.lyceelafayette.fr\/index.php\/wp-json\/wp\/v2\/media?parent=257"}],"curies":[{"name":"wp","href":"https:\/\/api.w.org\/{rel}","templated":true}]}}