{"id":251,"date":"2019-01-11T14:13:18","date_gmt":"2019-01-11T13:13:18","guid":{"rendered":"http:\/\/www.lyceelafayette.fr\/?page_id=251"},"modified":"2026-04-16T14:55:28","modified_gmt":"2026-04-16T12:55:28","slug":"productique","status":"publish","type":"page","link":"https:\/\/www.lyceelafayette.fr\/index.php\/formations\/productique\/","title":{"rendered":"M\u00e9tiers de la productique, du baccalaur\u00e9at au BTS"},"content":{"rendered":"\n<p><strong>Fabrication, conception et production d&rsquo;ensembles m\u00e9canique<\/strong>s<\/p>\n\n\n<div class=\"wp-block-image\">\n<figure class=\"aligncenter size-full\"><img loading=\"lazy\" decoding=\"async\" width=\"530\" height=\"278\" src=\"https:\/\/www.lyceelafayette.fr\/wp-content\/uploads\/2020\/12\/indsutrie40v2.jpg\" alt=\"\" class=\"wp-image-2793\" srcset=\"https:\/\/www.lyceelafayette.fr\/wp-content\/uploads\/2020\/12\/indsutrie40v2.jpg 530w, https:\/\/www.lyceelafayette.fr\/wp-content\/uploads\/2020\/12\/indsutrie40v2-300x157.jpg 300w, https:\/\/www.lyceelafayette.fr\/wp-content\/uploads\/2020\/12\/indsutrie40v2-150x79.jpg 150w\" sizes=\"auto, (max-width: 530px) 100vw, 530px\" \/><\/figure>\n<\/div>\n\n\n<p><\/p>\n\n\n\n<p>La productique est l&rsquo;int\u00e9gration de l&rsquo;informatique aux moyens de la production industrielle.<\/p>\n\n\n\n<p>Le technicien en productique mobilise et utilise l&rsquo;ensemble des outils techniques et technologiques n\u00e9cessaires \u00e0 la production industrielle.<\/p>\n\n\n\n<p>Il s&rsquo;agit du dessin et de la conception assist\u00e9s par ordinateur  (DAO et CAO), de la fabrication (usinage, moulage, machines \u00e0 commandes num\u00e9riques, centres d&rsquo;usinage, impression 3D), de la gestion de la planification des fabrications, de l&rsquo;optimisation des moyens de production et du contr\u00f4le des pi\u00e8ces produites (m\u00e9trologie).<\/p>\n\n\n\n<p>Le technicien en productique a une place de choix dans le monde de l&rsquo;a\u00e9ronautique, de l&rsquo;industrie automobile, l&rsquo;armement et toutes entreprises qui r\u00e9alisent des pi\u00e8ces m\u00e9caniques (\u00e9crous, roulements, engrenages, pi\u00e8ces complexes, etc.).<\/p>\n\n\n\n<p>Le site de Fontaineroux du lyc\u00e9e La Fayette est sp\u00e9cialis\u00e9 dans la productique depuis 1962 et dispose de plus de 800m\u00b2 d&rsquo;ateliers.<\/p>\n\n\n\n<p style=\"text-align: center;\">Visitez les ateliers en cliquant sur la vid\u00e9o ci-dessous :<\/p>\n\n\n\n<figure class=\"wp-block-embed is-type-video is-provider-youtube wp-block-embed-youtube wp-embed-aspect-16-9 wp-has-aspect-ratio\"><div class=\"wp-block-embed__wrapper\">\n<iframe loading=\"lazy\" title=\"Visite atelier productique Fontaineroux\" width=\"920\" height=\"518\" src=\"https:\/\/www.youtube.com\/embed\/0TKiRJqvD3M?feature=oembed\" frameborder=\"0\" allow=\"accelerometer; autoplay; clipboard-write; encrypted-media; gyroscope; picture-in-picture; web-share\" referrerpolicy=\"strict-origin-when-cross-origin\" allowfullscreen><\/iframe>\n<\/div><\/figure>\n\n\n\n\n\n<div class=\"wp-block-group\"><div class=\"wp-block-group__inner-container is-layout-flow wp-block-group-is-layout-flow\">\n<p>Les m\u00e9tiers de la productique sont accessibles par le <span style=\"text-decoration: underline;\"><a href=\"https:\/\/www.lyceelafayette.fr\/index.php\/formations\/sti2d\/\"><strong>BACCALAUR\u00c9AT TECHNOLOGIQUE STI2D<\/strong><\/a><\/span>, BACCALAUR\u00c9AT PROFESSIONNEL technicien de r\u00e9alisation d&rsquo;ensemble m\u00e9caniques et industriels (TREMI) qui propose deux options :<\/p>\n\n\n\n<ul class=\"wp-block-list\">\n<li><span style=\"text-decoration: underline;\"><a href=\"https:\/\/www.lyceelafayette.fr\/index.php\/formations\/productique\/la-seconde-famille-des-metiers-de-la-realisation-de-produits-mecaniques\/bac-pro-tu\/\"><strong>BAC TRPM option RSP (anciennement Technicien Usinage)<\/strong><\/a><a href=\"https:\/\/www.lyceelafayette.fr\/wp-admin\/post.php?post=906&amp;action=edit\"><strong> <\/strong><\/a><\/span>     <span class=\"has-inline-color has-vivid-red-color\"><strong><em> <\/em>:<em>  <\/em><\/strong><\/span> <span class=\"has-inline-color has-vivid-red-color\"><em><strong>Possibilit\u00e9 en Apprentissage<\/strong><\/em><\/span><\/li>\n\n\n\n<li><span style=\"text-decoration: underline;\"><a href=\"https:\/\/www.lyceelafayette.fr\/index.php\/bac-pro-to\"><strong>BAC TRPM option RMO (anciennement Technicien Outilleur) <\/strong><\/a><\/span><\/li>\n<\/ul>\n\n\n\n<p><\/p>\n<\/div><\/div>\n\n\n\n<p>Ces formations permettent aux jeunes d&rsquo;acc\u00e9der aux \u00e9tudes sup\u00e9rieures comme le BTS CPRP.<\/p>\n\n\n\n<p>Dans le cadre de la r\u00e9forme du lyc\u00e9e professionnel, \u00e0 partir de la rentr\u00e9e de septembre 2021, le bac professionnel est accessible par la seconde  <a href=\"https:\/\/www.lyceelafayette.fr\/index.php\/formations\/productique\/la-seconde-famille-des-metiers-de-la-realisation-de-produits-mecaniques\/\"><strong><em><span style=\"text-decoration: underline;\">\u00ab\u00a0famille de m\u00e9tiers de la r\u00e9alisation d&rsquo;ensembles m\u00e9caniques et industriels\u00a0\u00bb<\/span><\/em><\/strong>.<\/a><\/p>\n\n\n\n<p><h3><span style=\"text-decoration: underline;\"><strong>Organisation de la famille des m\u00e9tiers de la productique du bac au BTS au lyc\u00e9e LA FAYETTE<\/strong><\/span><\/h3><\/p>\n\n\n<p>Pour en savoir plus cliquez sur les : <img decoding=\"async\" src=\"https:\/\/www.lyceelafayette.fr\/wp-content\/uploads\/2020\/12\/bouton-I.jpg\" alt=\"\" \/><\/p>\n<p><map name=\"organigramme\"> <!-- Troisi\u00e8me Pr\u00e9pa-m\u00e9tiers --> \n<area alt=\"Troisieme PrepaMetiers\" coords=\"13,12,740,49\" shape=\"rect\" href=\"https:\/\/www.lyceelafayette.fr\/index.php\/formations\/3eme-dp6\/\" target=\"_self\" \/>\n<\/map><\/p>\n<p><!-- seconde G\u00e9n\u00e9rale et Techno --><\/p>\n<p><\/p>\n<p><!-- seconde Pro Productique --><\/p>\n<p><\/p>\n<!-- seconde STD2I -->\n<p><\/p>\n<!-- 1\u00e8re TU -->\n<p><\/p>\n<!-- 1\u00e8re TO -->\n<p><\/p>\n<!-- BTS CPRP -->\n<p><\/p>\n<p><!-- BTS CPRP Option A --><\/p>\n<p><\/p>\n<!-- BTS CPRP Option B -->\n<p><\/p>\n<!-- Classe Pr\u00e9pa ATS -->\n<p><\/p>\n<p>\u00a0<\/p>\n\n\n<figure class=\"aligncenter size-large\"><img decoding=\"async\" src=\"https:\/\/www.lyceelafayette.fr\/wp-content\/uploads\/2021\/01\/new-organigramme-V3a.jpg\" alt=\"\" class=\"wp-image-3211\" usemap=\"#organigramme\"\/><\/figure>\n\n\n\n<p>Les formations de cette fili\u00e8re professionnelle de la seconde au BTS comportent toutes une ou plusieurs p\u00e9riodes de formation en entreprises.<\/p>\n\n\n\n<p>&nbsp;Jusqu&rsquo;au Baccalaur\u00e9at ce sont les<strong> P\u00e9riodes de Formation en Milieu Professionnel<\/strong> (PFMP). Pour les BTS ce sont des stages.<\/p>\n\n\n\n<p>Ceux-ci se d\u00e9roulent au sein d&rsquo;une entreprise active dans le secteur professionnel de la Productique M\u00e9canique.<\/p>\n\n\n\n<p>L&rsquo;\u00e9l\u00e8ve\/\u00e9tudiant est accompagn\u00e9 par un Tuteur d\u00e9sign\u00e9 et reconnu tout au long de la PFMP.<\/p>\n\n\n\n<p>Une convention de stage est \u00e9tablie et valid\u00e9e par l&rsquo;\u00e9quipe p\u00e9dagogique de la formation concern\u00e9e (Professeur de l&rsquo;enseignement professionnel et le Directeur D\u00e9l\u00e9gu\u00e9 aux Enseignements Professionnels et aux Technologies), par l&rsquo;entreprise (Dirigeant et Tuteur) et bien entendu par le\/les responsable(s) l\u00e9gal\/l\u00e9gaux de l&rsquo;\u00e9l\u00e8ve.<\/p>\n","protected":false},"excerpt":{"rendered":"<p>Fabrication, conception et production d&rsquo;ensembles m\u00e9caniques La productique est l&rsquo;int\u00e9gration de l&rsquo;informatique aux moyens de la production industrielle. Le technicien en productique mobilise et utilise l&rsquo;ensemble des outils techniques et technologiques n\u00e9cessaires \u00e0 la production industrielle. Il s&rsquo;agit du dessin et de la conception assist\u00e9s par ordinateur (DAO et CAO),&#8230; <a class=\"continue-reading-link\" href=\"https:\/\/www.lyceelafayette.fr\/index.php\/formations\/productique\/\">lire la suite<\/a><\/p>\n","protected":false},"author":1,"featured_media":2812,"parent":266,"menu_order":0,"comment_status":"closed","ping_status":"closed","template":"","meta":{"footnotes":""},"class_list":["post-251","page","type-page","status-publish","has-post-thumbnail","hentry"],"yoast_head":"<!-- This site is optimized with the Yoast SEO plugin v27.5 - https:\/\/yoast.com\/product\/yoast-seo-wordpress\/ -->\n<title>M\u00e9tiers de la productique, du baccalaur\u00e9at au BTS - Lyc\u00e9e La Fayette<\/title>\n<meta name=\"robots\" content=\"index, follow, max-snippet:-1, max-image-preview:large, max-video-preview:-1\" \/>\n<link rel=\"canonical\" href=\"https:\/\/www.lyceelafayette.fr\/index.php\/formations\/productique\/\" \/>\n<meta property=\"og:locale\" content=\"fr_FR\" \/>\n<meta property=\"og:type\" content=\"article\" \/>\n<meta property=\"og:title\" content=\"M\u00e9tiers de la productique, du baccalaur\u00e9at au BTS - Lyc\u00e9e La Fayette\" \/>\n<meta property=\"og:description\" content=\"Fabrication, conception et production d&rsquo;ensembles m\u00e9caniques La productique est l&rsquo;int\u00e9gration de l&rsquo;informatique aux moyens de la production industrielle. Le technicien en productique mobilise et utilise l&rsquo;ensemble des outils techniques et technologiques n\u00e9cessaires \u00e0 la production industrielle. Il s&rsquo;agit du dessin et de la conception assist\u00e9s par ordinateur (DAO et CAO),... lire la suite\" \/>\n<meta property=\"og:url\" content=\"https:\/\/www.lyceelafayette.fr\/index.php\/formations\/productique\/\" \/>\n<meta property=\"og:site_name\" content=\"Lyc\u00e9e La Fayette\" \/>\n<meta property=\"article:modified_time\" content=\"2026-04-16T12:55:28+00:00\" \/>\n<meta property=\"og:image\" content=\"https:\/\/www.lyceelafayette.fr\/wp-content\/uploads\/2020\/12\/organigramme-V3.jpg\" \/>\n\t<meta property=\"og:image:width\" content=\"1000\" \/>\n\t<meta property=\"og:image:height\" content=\"556\" \/>\n\t<meta property=\"og:image:type\" content=\"image\/jpeg\" \/>\n<meta name=\"twitter:card\" content=\"summary_large_image\" \/>\n<meta name=\"twitter:label1\" content=\"Dur\u00e9e de lecture estim\u00e9e\" \/>\n\t<meta name=\"twitter:data1\" content=\"3 minutes\" \/>\n<script type=\"application\/ld+json\" class=\"yoast-schema-graph\">{\"@context\":\"https:\\\/\\\/schema.org\",\"@graph\":[{\"@type\":\"WebPage\",\"@id\":\"https:\\\/\\\/www.lyceelafayette.fr\\\/index.php\\\/formations\\\/productique\\\/\",\"url\":\"https:\\\/\\\/www.lyceelafayette.fr\\\/index.php\\\/formations\\\/productique\\\/\",\"name\":\"M\u00e9tiers de la productique, du baccalaur\u00e9at au BTS - Lyc\u00e9e La Fayette\",\"isPartOf\":{\"@id\":\"https:\\\/\\\/www.lyceelafayette.fr\\\/#website\"},\"primaryImageOfPage\":{\"@id\":\"https:\\\/\\\/www.lyceelafayette.fr\\\/index.php\\\/formations\\\/productique\\\/#primaryimage\"},\"image\":{\"@id\":\"https:\\\/\\\/www.lyceelafayette.fr\\\/index.php\\\/formations\\\/productique\\\/#primaryimage\"},\"thumbnailUrl\":\"https:\\\/\\\/www.lyceelafayette.fr\\\/wp-content\\\/uploads\\\/2020\\\/12\\\/organigramme-V3.jpg\",\"datePublished\":\"2019-01-11T13:13:18+00:00\",\"dateModified\":\"2026-04-16T12:55:28+00:00\",\"breadcrumb\":{\"@id\":\"https:\\\/\\\/www.lyceelafayette.fr\\\/index.php\\\/formations\\\/productique\\\/#breadcrumb\"},\"inLanguage\":\"fr-FR\",\"potentialAction\":[{\"@type\":\"ReadAction\",\"target\":[\"https:\\\/\\\/www.lyceelafayette.fr\\\/index.php\\\/formations\\\/productique\\\/\"]}]},{\"@type\":\"ImageObject\",\"inLanguage\":\"fr-FR\",\"@id\":\"https:\\\/\\\/www.lyceelafayette.fr\\\/index.php\\\/formations\\\/productique\\\/#primaryimage\",\"url\":\"https:\\\/\\\/www.lyceelafayette.fr\\\/wp-content\\\/uploads\\\/2020\\\/12\\\/organigramme-V3.jpg\",\"contentUrl\":\"https:\\\/\\\/www.lyceelafayette.fr\\\/wp-content\\\/uploads\\\/2020\\\/12\\\/organigramme-V3.jpg\",\"width\":1000,\"height\":556},{\"@type\":\"BreadcrumbList\",\"@id\":\"https:\\\/\\\/www.lyceelafayette.fr\\\/index.php\\\/formations\\\/productique\\\/#breadcrumb\",\"itemListElement\":[{\"@type\":\"ListItem\",\"position\":1,\"name\":\"Accueil\",\"item\":\"https:\\\/\\\/www.lyceelafayette.fr\\\/\"},{\"@type\":\"ListItem\",\"position\":2,\"name\":\"Nos formations g\u00e9n\u00e9rales\",\"item\":\"https:\\\/\\\/www.lyceelafayette.fr\\\/index.php\\\/formations\\\/\"},{\"@type\":\"ListItem\",\"position\":3,\"name\":\"M\u00e9tiers de la productique, du baccalaur\u00e9at au BTS\"}]},{\"@type\":\"WebSite\",\"@id\":\"https:\\\/\\\/www.lyceelafayette.fr\\\/#website\",\"url\":\"https:\\\/\\\/www.lyceelafayette.fr\\\/\",\"name\":\"Lyc\u00e9e La Fayette\",\"description\":\"\",\"publisher\":{\"@id\":\"https:\\\/\\\/www.lyceelafayette.fr\\\/#organization\"},\"potentialAction\":[{\"@type\":\"SearchAction\",\"target\":{\"@type\":\"EntryPoint\",\"urlTemplate\":\"https:\\\/\\\/www.lyceelafayette.fr\\\/?s={search_term_string}\"},\"query-input\":{\"@type\":\"PropertyValueSpecification\",\"valueRequired\":true,\"valueName\":\"search_term_string\"}}],\"inLanguage\":\"fr-FR\"},{\"@type\":\"Organization\",\"@id\":\"https:\\\/\\\/www.lyceelafayette.fr\\\/#organization\",\"name\":\"Lyc\u00e9e La Fayette\",\"url\":\"https:\\\/\\\/www.lyceelafayette.fr\\\/\",\"logo\":{\"@type\":\"ImageObject\",\"inLanguage\":\"fr-FR\",\"@id\":\"https:\\\/\\\/www.lyceelafayette.fr\\\/#\\\/schema\\\/logo\\\/image\\\/\",\"url\":\"https:\\\/\\\/www.lyceelafayette.fr\\\/wp-content\\\/uploads\\\/2019\\\/06\\\/llf_logo_alpha.png\",\"contentUrl\":\"https:\\\/\\\/www.lyceelafayette.fr\\\/wp-content\\\/uploads\\\/2019\\\/06\\\/llf_logo_alpha.png\",\"width\":1583,\"height\":792,\"caption\":\"Lyc\u00e9e La Fayette\"},\"image\":{\"@id\":\"https:\\\/\\\/www.lyceelafayette.fr\\\/#\\\/schema\\\/logo\\\/image\\\/\"},\"sameAs\":[\"https:\\\/\\\/www.youtube.com\\\/channel\\\/UC2AOQowoMGBKdY4ToZsf9mw\"]}]}<\/script>\n<!-- \/ Yoast SEO plugin. -->","yoast_head_json":{"title":"M\u00e9tiers de la productique, du baccalaur\u00e9at au BTS - Lyc\u00e9e La Fayette","robots":{"index":"index","follow":"follow","max-snippet":"max-snippet:-1","max-image-preview":"max-image-preview:large","max-video-preview":"max-video-preview:-1"},"canonical":"https:\/\/www.lyceelafayette.fr\/index.php\/formations\/productique\/","og_locale":"fr_FR","og_type":"article","og_title":"M\u00e9tiers de la productique, du baccalaur\u00e9at au BTS - Lyc\u00e9e La Fayette","og_description":"Fabrication, conception et production d&rsquo;ensembles m\u00e9caniques La productique est l&rsquo;int\u00e9gration de l&rsquo;informatique aux moyens de la production industrielle. Le technicien en productique mobilise et utilise l&rsquo;ensemble des outils techniques et technologiques n\u00e9cessaires \u00e0 la production industrielle. Il s&rsquo;agit du dessin et de la conception assist\u00e9s par ordinateur (DAO et CAO),... lire la suite","og_url":"https:\/\/www.lyceelafayette.fr\/index.php\/formations\/productique\/","og_site_name":"Lyc\u00e9e La Fayette","article_modified_time":"2026-04-16T12:55:28+00:00","og_image":[{"width":1000,"height":556,"url":"https:\/\/www.lyceelafayette.fr\/wp-content\/uploads\/2020\/12\/organigramme-V3.jpg","type":"image\/jpeg"}],"twitter_card":"summary_large_image","twitter_misc":{"Dur\u00e9e de lecture estim\u00e9e":"3 minutes"},"schema":{"@context":"https:\/\/schema.org","@graph":[{"@type":"WebPage","@id":"https:\/\/www.lyceelafayette.fr\/index.php\/formations\/productique\/","url":"https:\/\/www.lyceelafayette.fr\/index.php\/formations\/productique\/","name":"M\u00e9tiers de la productique, du baccalaur\u00e9at au BTS - Lyc\u00e9e La Fayette","isPartOf":{"@id":"https:\/\/www.lyceelafayette.fr\/#website"},"primaryImageOfPage":{"@id":"https:\/\/www.lyceelafayette.fr\/index.php\/formations\/productique\/#primaryimage"},"image":{"@id":"https:\/\/www.lyceelafayette.fr\/index.php\/formations\/productique\/#primaryimage"},"thumbnailUrl":"https:\/\/www.lyceelafayette.fr\/wp-content\/uploads\/2020\/12\/organigramme-V3.jpg","datePublished":"2019-01-11T13:13:18+00:00","dateModified":"2026-04-16T12:55:28+00:00","breadcrumb":{"@id":"https:\/\/www.lyceelafayette.fr\/index.php\/formations\/productique\/#breadcrumb"},"inLanguage":"fr-FR","potentialAction":[{"@type":"ReadAction","target":["https:\/\/www.lyceelafayette.fr\/index.php\/formations\/productique\/"]}]},{"@type":"ImageObject","inLanguage":"fr-FR","@id":"https:\/\/www.lyceelafayette.fr\/index.php\/formations\/productique\/#primaryimage","url":"https:\/\/www.lyceelafayette.fr\/wp-content\/uploads\/2020\/12\/organigramme-V3.jpg","contentUrl":"https:\/\/www.lyceelafayette.fr\/wp-content\/uploads\/2020\/12\/organigramme-V3.jpg","width":1000,"height":556},{"@type":"BreadcrumbList","@id":"https:\/\/www.lyceelafayette.fr\/index.php\/formations\/productique\/#breadcrumb","itemListElement":[{"@type":"ListItem","position":1,"name":"Accueil","item":"https:\/\/www.lyceelafayette.fr\/"},{"@type":"ListItem","position":2,"name":"Nos formations g\u00e9n\u00e9rales","item":"https:\/\/www.lyceelafayette.fr\/index.php\/formations\/"},{"@type":"ListItem","position":3,"name":"M\u00e9tiers de la productique, du baccalaur\u00e9at au BTS"}]},{"@type":"WebSite","@id":"https:\/\/www.lyceelafayette.fr\/#website","url":"https:\/\/www.lyceelafayette.fr\/","name":"Lyc\u00e9e La Fayette","description":"","publisher":{"@id":"https:\/\/www.lyceelafayette.fr\/#organization"},"potentialAction":[{"@type":"SearchAction","target":{"@type":"EntryPoint","urlTemplate":"https:\/\/www.lyceelafayette.fr\/?s={search_term_string}"},"query-input":{"@type":"PropertyValueSpecification","valueRequired":true,"valueName":"search_term_string"}}],"inLanguage":"fr-FR"},{"@type":"Organization","@id":"https:\/\/www.lyceelafayette.fr\/#organization","name":"Lyc\u00e9e La Fayette","url":"https:\/\/www.lyceelafayette.fr\/","logo":{"@type":"ImageObject","inLanguage":"fr-FR","@id":"https:\/\/www.lyceelafayette.fr\/#\/schema\/logo\/image\/","url":"https:\/\/www.lyceelafayette.fr\/wp-content\/uploads\/2019\/06\/llf_logo_alpha.png","contentUrl":"https:\/\/www.lyceelafayette.fr\/wp-content\/uploads\/2019\/06\/llf_logo_alpha.png","width":1583,"height":792,"caption":"Lyc\u00e9e La Fayette"},"image":{"@id":"https:\/\/www.lyceelafayette.fr\/#\/schema\/logo\/image\/"},"sameAs":["https:\/\/www.youtube.com\/channel\/UC2AOQowoMGBKdY4ToZsf9mw"]}]}},"_links":{"self":[{"href":"https:\/\/www.lyceelafayette.fr\/index.php\/wp-json\/wp\/v2\/pages\/251","targetHints":{"allow":["GET"]}}],"collection":[{"href":"https:\/\/www.lyceelafayette.fr\/index.php\/wp-json\/wp\/v2\/pages"}],"about":[{"href":"https:\/\/www.lyceelafayette.fr\/index.php\/wp-json\/wp\/v2\/types\/page"}],"author":[{"embeddable":true,"href":"https:\/\/www.lyceelafayette.fr\/index.php\/wp-json\/wp\/v2\/users\/1"}],"replies":[{"embeddable":true,"href":"https:\/\/www.lyceelafayette.fr\/index.php\/wp-json\/wp\/v2\/comments?post=251"}],"version-history":[{"count":219,"href":"https:\/\/www.lyceelafayette.fr\/index.php\/wp-json\/wp\/v2\/pages\/251\/revisions"}],"predecessor-version":[{"id":7473,"href":"https:\/\/www.lyceelafayette.fr\/index.php\/wp-json\/wp\/v2\/pages\/251\/revisions\/7473"}],"up":[{"embeddable":true,"href":"https:\/\/www.lyceelafayette.fr\/index.php\/wp-json\/wp\/v2\/pages\/266"}],"wp:featuredmedia":[{"embeddable":true,"href":"https:\/\/www.lyceelafayette.fr\/index.php\/wp-json\/wp\/v2\/media\/2812"}],"wp:attachment":[{"href":"https:\/\/www.lyceelafayette.fr\/index.php\/wp-json\/wp\/v2\/media?parent=251"}],"curies":[{"name":"wp","href":"https:\/\/api.w.org\/{rel}","templated":true}]}}