{"id":2251,"date":"2019-12-06T11:26:55","date_gmt":"2019-12-06T10:26:55","guid":{"rendered":"https:\/\/www.lyceelafayette.fr\/?page_id=2251"},"modified":"2019-12-06T11:26:56","modified_gmt":"2019-12-06T10:26:56","slug":"temoignages","status":"publish","type":"page","link":"https:\/\/www.lyceelafayette.fr\/index.php\/temoignages\/","title":{"rendered":"T\u00e9moignages"},"content":{"rendered":"\n<p>Habitant \u00e0 Thomery, faire une classe pr\u00e9paratoire PTSI\/ PT* au\nLyc\u00e9e Lafayette s\u2019est impos\u00e9 naturellement \u00e0 moi tout d\u2019abord du point de vue pratique\net strat\u00e9gique. M\u00eame en habitant \u00e0 proximit\u00e9, j\u2019ai pu \u00eatre interne ce qui m\u2019a beaucoup\naid\u00e9 \u00e0 me motiver : quand on voit les autres travailler, on se dit qu\u2019il faut s\u2019y\nmettre aussi&#8230; J\u2019ai aussi beaucoup appr\u00e9ci\u00e9 d\u2019\u00eatre dans une classe \u00e0 effectif raisonnable\n: le rapport avec les professeurs \u00e9tait de ce fait tr\u00e8s bon, ils nous connaissent\npar coeur, on n\u2019est pas seulement un num\u00e9ro ! (Contrairement \u00e0 la plupart des \u00e9tudiants\nque je c\u00f4toie maintenant \u00e0 l\u2019\u00e9cole). J\u2019ai int\u00e9gr\u00e9 l\u2019ENSI Bourges en septembre 2011.\nJe suis tr\u00e8s content de mon parcours et je recommande \u00e0 tous ceux qui envisagent\nde faire une pr\u00e9pa d\u2019\u00eatre interne.<\/p>\n\n\n\n<p>Apr\u00e8s un bac S option SVT j\u2019ai int\u00e9gr\u00e9 la pr\u00e9pa PTSI\/ PT* du Lyc\u00e9e\nLafayette. Cette fili\u00e8re pr\u00e9sente le gros avantage d\u2019avoir beaucoup de TD et de\nTP. Il y avait vraiment une tr\u00e8s bonne ambiance au niveau de la classe, pas de rivalit\u00e9s\nentre nous malgr\u00e9 le fait qu\u2019on pr\u00e9parait un concours. En terminale je n\u2019\u00e9tais pas\ntr\u00e8s \u00e0 l\u2019aise, j\u2019avais un niveau tr\u00e8s moyen mais j\u2019ai tout de m\u00eame tent\u00e9 et r\u00e9ussi.\nLes trois ann\u00e9es de formation en pr\u00e9pa m\u2019ont beaucoup apport\u00e9 ; en particulier,\nles colles m\u2019ont permis d\u2019\u00eatre plus \u00e0 l\u2019aise \u00e0 l\u2019oral. M\u00eame si vous pensez que vous\nn\u2019y arriverez pas, \u00e7a vaut vraiment le coup de tenter la pr\u00e9pa ! Surtout si vous\nne savez pas ce que vous voulez faire plus tard. Pour r\u00e9ussir il vous suffira de\nbien apprendre les cours r\u00e9guli\u00e8rement et ne vous inqui\u00e9tez pas, les profs seront\nl\u00e0 pour vous rappeler \u00e0 l\u2019ordre si vous vous laissez aller.<\/p>\n\n\n\n<p>Apr\u00e8s le bac j\u2019avais choisi d\u2019aller \u00e0 l\u2019universit\u00e9, parce que\njusque l\u00e0 je m\u2019\u00e9tais repos\u00e9 sur mes capacit\u00e9s et \u00e7a fonctionnait bien. L\u00e0 bas on\nest moins encadr\u00e9 et au final il a fallu que je travaille plus pour m\u2019en sortir.\nFinalement comme je n\u2019ai pas aim\u00e9 le syst\u00e8me (pas d\u2019encadrement, peu de visibilit\u00e9\nsur l\u2019avenir &#8230;) je suis parti en pr\u00e9pa au Lyc\u00e9e Lafayette.<br>\n\u00c7a a \u00e9t\u00e9 nouveau pour moi de travailler tous les jours et d\u2019\u00eatre \u00e0 l\u2019internat, mais\n\u00e7a c\u2019est pass\u00e9 naturellement et c\u2019\u00e9tait vraiment pas mal gr\u00e2ce \u00e0 la bonne ambiance\nqu\u2019il y avait. J\u2019ai aussi appr\u00e9ci\u00e9 les cours bien faits et clairs, et surtout int\u00e9ressants.\nOn sait qu\u2019il y a des \u00e9coles au bout et des bonnes si on se donne les moyens. Donc\nje me suis vraiment donn\u00e9 \u00e0 fond pendant les deux ans de pr\u00e9pa et au final j\u2019ai\nr\u00e9ussi \u00e0 avoir ce que je voulais : les Arts et M\u00e9tiers. Maintenant j\u2019ai la chance\nde faire un double dipl\u00f4me ENSAM \/ Georgia Tech (Master aux USA). Je suis tr\u00e8s content\nde mon parcours aujourd\u2019hui et je recommande \u00e0 tous ceux qui sont pr\u00eats \u00e0 s\u2019investir\ns\u00e9rieusement de se lancer en pr\u00e9pa.<\/p>\n\n\n\n<p>Apr\u00e8s un bac S option sciences de l\u2019ing\u00e9nieur, l\u2019int\u00e9gration d\u2019une\n\u00e9cole d\u2019ing\u00e9nieur s\u2019imposa naturellement comme mon objectif premier. Ne souhaitant\npas me retrouver dans les pr\u00e9pas parisiennes surcharg\u00e9es, j\u2019ai commenc\u00e9 \u00e0 chercher\nun \u00e9tablissement en p\u00e9riph\u00e9rie. Apr\u00e8s avoir visit\u00e9 le lyc\u00e9e La Fayette lors des\njourn\u00e9es portes ouvertes, j\u2019ai d\u00e9cid\u00e9 de postuler dans la classe de PTSI. Durant\nces deux ann\u00e9es, j\u2019ai acquis la capacit\u00e9 et les m\u00e9thodes de travail n\u00e9cessaires\n\u00e0 la bonne poursuite de mes \u00e9tudes en \u00e9cole d\u2019ing\u00e9nieur. L\u2019internat est un vrai\navantage, il permet d\u2019\u00e9viter la fatigue li\u00e9e aux transports et la solidarit\u00e9 entre\nles \u00e9l\u00e8ves est un plus pour la r\u00e9ussite scolaire. Du fait du faible nombre d\u2019\u00e9l\u00e8ves\ndans la promo, la qualit\u00e9 de l\u2019enseignement et le soutien des professeurs sont pr\u00e9sents.\nApr\u00e8s le passage du concours national, j\u2019ai int\u00e9gr\u00e9 l\u2019Ecole Nationale d\u2019Ing\u00e9nieurs\ndu Val de Loire, publique et g\u00e9n\u00e9raliste. Pour ma 5\u00e8me ann\u00e9e, je pr\u00e9pare un double\ndipl\u00f4me ing\u00e9nieur-master Logistique et Gestion Industrielle \u00e0 l\u2019Ecole Nationale\nd\u2019Ing\u00e9nieurs de Metz.<\/p>\n\n\n\n<p>Suite \u00e0 l\u2019obtention de mon bac scientifique (option SI) en 2005\nau lyc\u00e9e Andr\u00e9 Malraux, j\u2019ai d\u00e9cid\u00e9 de poursuivre mes \u00e9tudes en classe pr\u00e9paratoire\n(PTSI \/ PT*) au lyc\u00e9e La Fayette. Des ann\u00e9es bien difficiles \u00e0 dig\u00e9rer mais que\nje ne regrette pas une seconde. Comme le dit le proverbe : \u00ab le jeu en vaut la chandelle\n\u00bb. Cette formation m\u2019a apport\u00e9 des connaissances et des m\u00e9thodes de travail que\nje n\u2019aurais pas pu acqu\u00e9rir ailleurs. Suite \u00e0 ces classes pr\u00e9paratoires j\u2019ai int\u00e9gr\u00e9\nl\u2019\u00e9cole d\u2019ing\u00e9nieur T\u00e9l\u00e9com Saint-Etienne. Durant ma formation d\u2019ing\u00e9nieur, j\u2019ai\neu l\u2019occasion de passer une ann\u00e9e compl\u00e8te \u00e0 Vancouver (University Of British Columbia)\no\u00f9 j\u2019ai fait un semestre et mon stage de fin d\u2019\u00e9tude. Dipl\u00f4m\u00e9 en Septembre 2011,\nj\u2019ai voulu obtenir un double dipl\u00f4me en gestion de projet, j\u2019ai donc poursuivi mes\n\u00e9tudes en Master 2 gestion et strat\u00e9gie de projets. Je suis actuellement stagiaire\nchez Thales Communication &amp; Security dans le but de valider mon master 2.<br>\nSi vous h\u00e9sitez encore \u00e0 int\u00e9grer les classes pr\u00e9pas \u00e0 La Fayette, un conseil :\n\u00ab n\u2019h\u00e9sitez plus\u2026 \u00bb<\/p>\n","protected":false},"excerpt":{"rendered":"<p>Habitant \u00e0 Thomery, faire une classe pr\u00e9paratoire PTSI\/ PT* au Lyc\u00e9e Lafayette s\u2019est impos\u00e9 naturellement \u00e0 moi tout d\u2019abord du point de vue pratique et strat\u00e9gique. M\u00eame en habitant \u00e0 proximit\u00e9, j\u2019ai pu \u00eatre interne ce qui m\u2019a beaucoup aid\u00e9 \u00e0 me motiver : quand on voit les autres travailler,&#8230; <a class=\"continue-reading-link\" href=\"https:\/\/www.lyceelafayette.fr\/index.php\/temoignages\/\">lire la suite<\/a><\/p>\n","protected":false},"author":8,"featured_media":0,"parent":0,"menu_order":0,"comment_status":"closed","ping_status":"closed","template":"","meta":{"footnotes":""},"class_list":["post-2251","page","type-page","status-publish","hentry"],"yoast_head":"<!-- This site is optimized with the Yoast SEO plugin v27.5 - https:\/\/yoast.com\/product\/yoast-seo-wordpress\/ -->\n<title>T\u00e9moignages - Lyc\u00e9e La Fayette<\/title>\n<meta name=\"robots\" content=\"index, follow, max-snippet:-1, max-image-preview:large, max-video-preview:-1\" \/>\n<link rel=\"canonical\" href=\"https:\/\/www.lyceelafayette.fr\/index.php\/temoignages\/\" \/>\n<meta property=\"og:locale\" content=\"fr_FR\" \/>\n<meta property=\"og:type\" content=\"article\" \/>\n<meta property=\"og:title\" content=\"T\u00e9moignages - Lyc\u00e9e La Fayette\" \/>\n<meta property=\"og:description\" content=\"Habitant \u00e0 Thomery, faire une classe pr\u00e9paratoire PTSI\/ PT* au Lyc\u00e9e Lafayette s\u2019est impos\u00e9 naturellement \u00e0 moi tout d\u2019abord du point de vue pratique et strat\u00e9gique. M\u00eame en habitant \u00e0 proximit\u00e9, j\u2019ai pu \u00eatre interne ce qui m\u2019a beaucoup aid\u00e9 \u00e0 me motiver : quand on voit les autres travailler,... lire la suite\" \/>\n<meta property=\"og:url\" content=\"https:\/\/www.lyceelafayette.fr\/index.php\/temoignages\/\" \/>\n<meta property=\"og:site_name\" content=\"Lyc\u00e9e La Fayette\" \/>\n<meta property=\"article:modified_time\" content=\"2019-12-06T10:26:56+00:00\" \/>\n<meta name=\"twitter:card\" content=\"summary_large_image\" \/>\n<meta name=\"twitter:label1\" content=\"Dur\u00e9e de lecture estim\u00e9e\" \/>\n\t<meta name=\"twitter:data1\" content=\"5 minutes\" \/>\n<script type=\"application\/ld+json\" class=\"yoast-schema-graph\">{\"@context\":\"https:\\\/\\\/schema.org\",\"@graph\":[{\"@type\":\"WebPage\",\"@id\":\"https:\\\/\\\/www.lyceelafayette.fr\\\/index.php\\\/temoignages\\\/\",\"url\":\"https:\\\/\\\/www.lyceelafayette.fr\\\/index.php\\\/temoignages\\\/\",\"name\":\"T\u00e9moignages - Lyc\u00e9e La Fayette\",\"isPartOf\":{\"@id\":\"https:\\\/\\\/www.lyceelafayette.fr\\\/#website\"},\"datePublished\":\"2019-12-06T10:26:55+00:00\",\"dateModified\":\"2019-12-06T10:26:56+00:00\",\"breadcrumb\":{\"@id\":\"https:\\\/\\\/www.lyceelafayette.fr\\\/index.php\\\/temoignages\\\/#breadcrumb\"},\"inLanguage\":\"fr-FR\",\"potentialAction\":[{\"@type\":\"ReadAction\",\"target\":[\"https:\\\/\\\/www.lyceelafayette.fr\\\/index.php\\\/temoignages\\\/\"]}]},{\"@type\":\"BreadcrumbList\",\"@id\":\"https:\\\/\\\/www.lyceelafayette.fr\\\/index.php\\\/temoignages\\\/#breadcrumb\",\"itemListElement\":[{\"@type\":\"ListItem\",\"position\":1,\"name\":\"Accueil\",\"item\":\"https:\\\/\\\/www.lyceelafayette.fr\\\/\"},{\"@type\":\"ListItem\",\"position\":2,\"name\":\"T\u00e9moignages\"}]},{\"@type\":\"WebSite\",\"@id\":\"https:\\\/\\\/www.lyceelafayette.fr\\\/#website\",\"url\":\"https:\\\/\\\/www.lyceelafayette.fr\\\/\",\"name\":\"Lyc\u00e9e La Fayette\",\"description\":\"\",\"publisher\":{\"@id\":\"https:\\\/\\\/www.lyceelafayette.fr\\\/#organization\"},\"potentialAction\":[{\"@type\":\"SearchAction\",\"target\":{\"@type\":\"EntryPoint\",\"urlTemplate\":\"https:\\\/\\\/www.lyceelafayette.fr\\\/?s={search_term_string}\"},\"query-input\":{\"@type\":\"PropertyValueSpecification\",\"valueRequired\":true,\"valueName\":\"search_term_string\"}}],\"inLanguage\":\"fr-FR\"},{\"@type\":\"Organization\",\"@id\":\"https:\\\/\\\/www.lyceelafayette.fr\\\/#organization\",\"name\":\"Lyc\u00e9e La Fayette\",\"url\":\"https:\\\/\\\/www.lyceelafayette.fr\\\/\",\"logo\":{\"@type\":\"ImageObject\",\"inLanguage\":\"fr-FR\",\"@id\":\"https:\\\/\\\/www.lyceelafayette.fr\\\/#\\\/schema\\\/logo\\\/image\\\/\",\"url\":\"https:\\\/\\\/www.lyceelafayette.fr\\\/wp-content\\\/uploads\\\/2019\\\/06\\\/llf_logo_alpha.png\",\"contentUrl\":\"https:\\\/\\\/www.lyceelafayette.fr\\\/wp-content\\\/uploads\\\/2019\\\/06\\\/llf_logo_alpha.png\",\"width\":1583,\"height\":792,\"caption\":\"Lyc\u00e9e La Fayette\"},\"image\":{\"@id\":\"https:\\\/\\\/www.lyceelafayette.fr\\\/#\\\/schema\\\/logo\\\/image\\\/\"},\"sameAs\":[\"https:\\\/\\\/www.youtube.com\\\/channel\\\/UC2AOQowoMGBKdY4ToZsf9mw\"]}]}<\/script>\n<!-- \/ Yoast SEO plugin. -->","yoast_head_json":{"title":"T\u00e9moignages - Lyc\u00e9e La Fayette","robots":{"index":"index","follow":"follow","max-snippet":"max-snippet:-1","max-image-preview":"max-image-preview:large","max-video-preview":"max-video-preview:-1"},"canonical":"https:\/\/www.lyceelafayette.fr\/index.php\/temoignages\/","og_locale":"fr_FR","og_type":"article","og_title":"T\u00e9moignages - Lyc\u00e9e La Fayette","og_description":"Habitant \u00e0 Thomery, faire une classe pr\u00e9paratoire PTSI\/ PT* au Lyc\u00e9e Lafayette s\u2019est impos\u00e9 naturellement \u00e0 moi tout d\u2019abord du point de vue pratique et strat\u00e9gique. M\u00eame en habitant \u00e0 proximit\u00e9, j\u2019ai pu \u00eatre interne ce qui m\u2019a beaucoup aid\u00e9 \u00e0 me motiver : quand on voit les autres travailler,... lire la suite","og_url":"https:\/\/www.lyceelafayette.fr\/index.php\/temoignages\/","og_site_name":"Lyc\u00e9e La Fayette","article_modified_time":"2019-12-06T10:26:56+00:00","twitter_card":"summary_large_image","twitter_misc":{"Dur\u00e9e de lecture estim\u00e9e":"5 minutes"},"schema":{"@context":"https:\/\/schema.org","@graph":[{"@type":"WebPage","@id":"https:\/\/www.lyceelafayette.fr\/index.php\/temoignages\/","url":"https:\/\/www.lyceelafayette.fr\/index.php\/temoignages\/","name":"T\u00e9moignages - Lyc\u00e9e La Fayette","isPartOf":{"@id":"https:\/\/www.lyceelafayette.fr\/#website"},"datePublished":"2019-12-06T10:26:55+00:00","dateModified":"2019-12-06T10:26:56+00:00","breadcrumb":{"@id":"https:\/\/www.lyceelafayette.fr\/index.php\/temoignages\/#breadcrumb"},"inLanguage":"fr-FR","potentialAction":[{"@type":"ReadAction","target":["https:\/\/www.lyceelafayette.fr\/index.php\/temoignages\/"]}]},{"@type":"BreadcrumbList","@id":"https:\/\/www.lyceelafayette.fr\/index.php\/temoignages\/#breadcrumb","itemListElement":[{"@type":"ListItem","position":1,"name":"Accueil","item":"https:\/\/www.lyceelafayette.fr\/"},{"@type":"ListItem","position":2,"name":"T\u00e9moignages"}]},{"@type":"WebSite","@id":"https:\/\/www.lyceelafayette.fr\/#website","url":"https:\/\/www.lyceelafayette.fr\/","name":"Lyc\u00e9e La Fayette","description":"","publisher":{"@id":"https:\/\/www.lyceelafayette.fr\/#organization"},"potentialAction":[{"@type":"SearchAction","target":{"@type":"EntryPoint","urlTemplate":"https:\/\/www.lyceelafayette.fr\/?s={search_term_string}"},"query-input":{"@type":"PropertyValueSpecification","valueRequired":true,"valueName":"search_term_string"}}],"inLanguage":"fr-FR"},{"@type":"Organization","@id":"https:\/\/www.lyceelafayette.fr\/#organization","name":"Lyc\u00e9e La Fayette","url":"https:\/\/www.lyceelafayette.fr\/","logo":{"@type":"ImageObject","inLanguage":"fr-FR","@id":"https:\/\/www.lyceelafayette.fr\/#\/schema\/logo\/image\/","url":"https:\/\/www.lyceelafayette.fr\/wp-content\/uploads\/2019\/06\/llf_logo_alpha.png","contentUrl":"https:\/\/www.lyceelafayette.fr\/wp-content\/uploads\/2019\/06\/llf_logo_alpha.png","width":1583,"height":792,"caption":"Lyc\u00e9e La Fayette"},"image":{"@id":"https:\/\/www.lyceelafayette.fr\/#\/schema\/logo\/image\/"},"sameAs":["https:\/\/www.youtube.com\/channel\/UC2AOQowoMGBKdY4ToZsf9mw"]}]}},"_links":{"self":[{"href":"https:\/\/www.lyceelafayette.fr\/index.php\/wp-json\/wp\/v2\/pages\/2251","targetHints":{"allow":["GET"]}}],"collection":[{"href":"https:\/\/www.lyceelafayette.fr\/index.php\/wp-json\/wp\/v2\/pages"}],"about":[{"href":"https:\/\/www.lyceelafayette.fr\/index.php\/wp-json\/wp\/v2\/types\/page"}],"author":[{"embeddable":true,"href":"https:\/\/www.lyceelafayette.fr\/index.php\/wp-json\/wp\/v2\/users\/8"}],"replies":[{"embeddable":true,"href":"https:\/\/www.lyceelafayette.fr\/index.php\/wp-json\/wp\/v2\/comments?post=2251"}],"version-history":[{"count":1,"href":"https:\/\/www.lyceelafayette.fr\/index.php\/wp-json\/wp\/v2\/pages\/2251\/revisions"}],"predecessor-version":[{"id":2252,"href":"https:\/\/www.lyceelafayette.fr\/index.php\/wp-json\/wp\/v2\/pages\/2251\/revisions\/2252"}],"wp:attachment":[{"href":"https:\/\/www.lyceelafayette.fr\/index.php\/wp-json\/wp\/v2\/media?parent=2251"}],"curies":[{"name":"wp","href":"https:\/\/api.w.org\/{rel}","templated":true}]}}