{"id":2249,"date":"2019-12-06T11:25:10","date_gmt":"2019-12-06T10:25:10","guid":{"rendered":"https:\/\/www.lyceelafayette.fr\/?page_id=2249"},"modified":"2021-02-04T17:03:49","modified_gmt":"2021-02-04T16:03:49","slug":"resultats","status":"publish","type":"page","link":"https:\/\/www.lyceelafayette.fr\/index.php\/resultats\/","title":{"rendered":"R\u00e9sultats"},"content":{"rendered":"\n<p>Voici, d\u00e9taill\u00e9e pour chaque promotion, les extraits des r\u00e9sultats\nde nos \u00e9tudiants :<\/p>\n\n\n\n<ul class=\"wp-block-list\"><li>au concours des\nArts et M\u00e9tiers (ENSAM) <\/li><li>au Concours Commun\nPolytechnique (CCP), regroupant 20 \u00e9coles d\u2019ing\u00e9nieurs, dont notamment l\u2019ENSMM (Micro-M\u00e9canique\nBesan\u00e7on) et SupM\u00e9ca.<\/li><li>au concours Archim\u00e8de\nregroupant 27 \u00e9coles publiques d\u2019ing\u00e9nieurs, dont les 12 \u00e9coles du r\u00e9seau Polytech\u2019.<\/li><li>au autres concours dont celles du groupe des Ecoles Centrales\net de l\u2019Ecole Normale Sup\u00e9rieure de Cachan<\/li><\/ul>\n\n\n\n<p><em>N.B. : un candidat class\u00e9\n\u00e0 un concours signifie qu\u2019\u00e0 l\u2019issue des \u00e9preuves orales, ce candidat est admis dans\ncette \u00e9cole ou est sur liste d\u2019attente (cela d\u00e9pend entre autres de l\u2019ordre des\nv\u0153ux qu\u2019a \u00e9tabli ce candidat)<\/em><\/p>\n\n\n\n<p><strong>Ann\u00e9e 2020<\/strong><\/p>\n\n\n\n<figure class=\"wp-block-table\"><table><thead><tr><td>\n   \n   25 \u00e9tudiants\n   \n   <\/td><td>        <br>ENSAM +<br>INSA<br>+<br>UT        <\/td><td>\n   \n   CCP\n   \n   <\/td><td>\n   \n   Polytech\n   \n   <\/td><td>\n   \n   autres\n   \n   <\/td><\/tr><\/thead><tbody><tr><td>\n  \n  Inscrits\n  \n  <\/td><td>      25<\/td><td>      25<\/td><td>      20<\/td><td>      25<\/td><\/tr><tr><td>\n  \n  Admissibles\n  \n  <\/td><td>      5<\/td><td>      5<\/td><td>      9<\/td><td>      22<\/td><\/tr><tr><td>\n  \n  Class\u00e9s\n  \n  <\/td><td>4 UTC<br>1 UTBM      <\/td><td>      1<\/td><td>      2<\/td><td>      18<\/td><\/tr><\/tbody><\/table><\/figure>\n\n\n\n<p><strong>Ann\u00e9e 2019<\/strong><\/p>\n\n\n\n<figure class=\"wp-block-table\"><table><thead><tr><td>\n   \n   25 \u00e9tudiants\n   \n   <\/td><td>\n   \n   ENSAM\n   \n   <\/td><td>\n   \n   CCP\n   \n   <\/td><td>\n   \n   Polytech\n   \n   <\/td><td>\n   \n   autres\n   \n   <\/td><\/tr><\/thead><tbody><tr><td>\n  \n  Inscrits\n  \n  <\/td><td>\n  \n  21\n  \n  <\/td><td>\n  \n  16\n  \n  <\/td><td>\n  \n  20\n  \n  <\/td><td>\n  \n  25\n  \n  <\/td><\/tr><tr><td>\n  \n  Admissibles\n  \n  <\/td><td>\n  \n  4\n  \n  <\/td><td>\n  \n  4\n  \n  <\/td><td>\n  \n  6\n  \n  <\/td><td>\n  \n  23\n  \n  <\/td><\/tr><tr><td>\n  \n  Class\u00e9s\n  \n  <\/td><td>\n  \n  1\n  \n  <\/td><td>\n  \n  1\n  \n  <\/td><td>\n  \n  2\n  \n  <\/td><td>\n  \n  23\n  \n  <\/td><\/tr><\/tbody><\/table><\/figure>\n\n\n\n<p><strong>Ann\u00e9e 2018<\/strong><\/p>\n\n\n\n<figure class=\"wp-block-table\"><table><thead><tr><td>\n   \n   24 \u00e9tudiants\n   \n   <\/td><td>\n   \n   ENSAM\n   \n   <\/td><td>\n   \n   CCP\n   \n   <\/td><td>\n   \n   Polytech\n   \n   <\/td><td>\n   \n   autres\n   \n   <\/td><\/tr><\/thead><tbody><tr><td>\n  \n  Inscrits\n  \n  <\/td><td>\n  \n  17\n  \n  <\/td><td>\n  \n  15\n  \n  <\/td><td>\n  \n  20\n  \n  <\/td><td>\n  \n  24\n  \n  <\/td><\/tr><tr><td>\n  \n  Admissibles\n  \n  <\/td><td>\n  \n  3\n  \n  <\/td><td>\n  \n  3\n  \n  <\/td><td>\n  \n  3\n  \n  <\/td><td>\n  \n  23\n  \n  <\/td><\/tr><tr><td>\n  \n  Class\u00e9s\n  \n  <\/td><td>\n  \n  2 (ont pr\u00e9f\u00e9r\u00e9 l&rsquo;UTC)\n  \n  <\/td><td>\n  \n  0\n  \n  <\/td><td>\n  \n  1\n  \n  <\/td><td>\n  \n  23\n  \n  <\/td><\/tr><\/tbody><\/table><\/figure>\n\n\n\n<p><strong>Ann\u00e9e 2017<\/strong><\/p>\n\n\n\n<figure class=\"wp-block-table\"><table><thead><tr><td>\n   \n   25 \u00e9tudiants\n   \n   <\/td><td>\n   \n   ENSAM\n   \n   <\/td><td>\n   \n   CCP\n   \n   <\/td><td>\n   \n   Polytech\n   \n   <\/td><td>\n   \n   autres\n   \n   <\/td><\/tr><\/thead><tbody><tr><td>\n  \n  Inscrits\n  \n  <\/td><td>\n  \n  19\n  \n  <\/td><td>\n  \n  16\n  \n  <\/td><td>\n  \n  19\n  \n  <\/td><td>\n  \n  25\n  \n  <\/td><\/tr><tr><td>\n  \n  Admissibles\n  \n  <\/td><td>\n  \n  2\n  \n  <\/td><td>\n  \n  3\n  \n  <\/td><td>\n  \n  3\n  \n  <\/td><td>\n  \n  24\n  \n  <\/td><\/tr><tr><td>\n  \n  Class\u00e9s\n  \n  <\/td><td>\n  \n  1\n  \n  <\/td><td>\n  \n  0\n  \n  <\/td><td>\n  \n  1\n  \n  <\/td><td>\n  \n  24\n  \n  <\/td><\/tr><\/tbody><\/table><\/figure>\n\n\n\n<p><strong>Ann\u00e9e 2016<\/strong><\/p>\n\n\n\n<figure class=\"wp-block-table\"><table><thead><tr><td>\n   \n   26 \u00e9tudiants\n   \n   <\/td><td>\n   \n   ENSAM\n   \n   <\/td><td>\n   \n   CCP\n   \n   <\/td><td>\n   \n   Polytech\n   \n   <\/td><td>\n   \n   IFMA\n   \n   <\/td><\/tr><\/thead><tbody><tr><td>\n  \n  Inscrits\n  \n  <\/td><td>\n  \n  21\n  \n  <\/td><td>\n  \n  16\n  \n  <\/td><td>\n  \n  21\n  \n  <\/td><td>\n  \n  7\n  \n  <\/td><\/tr><tr><td>\n  \n  Admissibles\n  \n  <\/td><td>\n  \n  2\n  \n  <\/td><td>\n  \n  2\n  \n  <\/td><td>\n  \n  3\n  \n  <\/td><td>\n  \n  1\n  \n  <\/td><\/tr><tr><td>\n  \n  Class\u00e9s\n  \n  <\/td><td>\n  \n  2\n  \n  <\/td><td>\n  \n  0\n  \n  <\/td><td>\n  \n  1\n  \n  <\/td><td>\n  \n  0\n  \n  <\/td><\/tr><\/tbody><\/table><\/figure>\n\n\n\n<p><strong>Ann\u00e9e 2015<\/strong><\/p>\n\n\n\n<figure class=\"wp-block-table\"><table><thead><tr><td>\n   \n   23 \u00e9tudiants\n   \n   <\/td><td>\n   \n   ENSAM\n   \n   <\/td><td>\n   \n   CCP\n   \n   <\/td><td>\n   \n   Polytech\n   \n   <\/td><td>\n   \n   IFMA\n   \n   <\/td><\/tr><\/thead><tbody><tr><td>\n  \n  Inscrits\n  \n  <\/td><td>\n  \n  18\n  \n  <\/td><td>\n  \n  17\n  \n  <\/td><td>\n  \n  20\n  \n  <\/td><td>\n  \n  7\n  \n  <\/td><\/tr><tr><td>\n  \n  Admissibles\n  \n  <\/td><td>\n  \n  2\n  \n  <\/td><td>\n  \n  3\n  \n  <\/td><td>\n  \n  5\n  \n  <\/td><td>\n  \n  2\n  \n  <\/td><\/tr><tr><td>\n  \n  Class\u00e9s\n  \n  <\/td><td>\n  \n  1\n  \n  <\/td><td>\n  \n  0\n  \n  <\/td><td>\n  \n  0\n  \n  <\/td><td>\n  \n  0\n  \n  <\/td><\/tr><\/tbody><\/table><\/figure>\n\n\n\n<p>Il est \u00e0 noter que les <strong>INSA\net UT<\/strong> recrutent chaque ann\u00e9e des \u00e9tudiants de CPGE qui y d\u00e9marrent leur\ncursus en 3<sup>\u00e8me<\/sup> &nbsp;ann\u00e9e, c&rsquo;est \u00e0 dire au d\u00e9but du cycle ing\u00e9nieur\nproprement dit. Tous les ans nos \u00e9tudiants candidatent aux UT et aux INSA. Entre\n2 et 4 \u00e9tudiants de Champagne int\u00e8grent l&rsquo;UTC tous les ans.<\/p>\n","protected":false},"excerpt":{"rendered":"<p>Voici, d\u00e9taill\u00e9e pour chaque promotion, les extraits des r\u00e9sultats de nos \u00e9tudiants : au concours des Arts et M\u00e9tiers (ENSAM) au Concours Commun Polytechnique (CCP), regroupant 20 \u00e9coles d\u2019ing\u00e9nieurs, dont notamment l\u2019ENSMM (Micro-M\u00e9canique Besan\u00e7on) et SupM\u00e9ca. au concours Archim\u00e8de regroupant 27 \u00e9coles publiques d\u2019ing\u00e9nieurs, dont les 12 \u00e9coles du r\u00e9seau&#8230; <a class=\"continue-reading-link\" href=\"https:\/\/www.lyceelafayette.fr\/index.php\/resultats\/\">lire la suite<\/a><\/p>\n","protected":false},"author":8,"featured_media":0,"parent":0,"menu_order":0,"comment_status":"closed","ping_status":"closed","template":"","meta":{"footnotes":""},"class_list":["post-2249","page","type-page","status-publish","hentry"],"yoast_head":"<!-- This site is optimized with the Yoast SEO plugin v27.5 - https:\/\/yoast.com\/product\/yoast-seo-wordpress\/ -->\n<title>R\u00e9sultats - Lyc\u00e9e La Fayette<\/title>\n<meta name=\"robots\" content=\"index, follow, max-snippet:-1, max-image-preview:large, max-video-preview:-1\" \/>\n<link rel=\"canonical\" href=\"https:\/\/www.lyceelafayette.fr\/index.php\/resultats\/\" \/>\n<meta property=\"og:locale\" content=\"fr_FR\" \/>\n<meta property=\"og:type\" content=\"article\" \/>\n<meta property=\"og:title\" content=\"R\u00e9sultats - Lyc\u00e9e La Fayette\" \/>\n<meta property=\"og:description\" content=\"Voici, d\u00e9taill\u00e9e pour chaque promotion, les extraits des r\u00e9sultats de nos \u00e9tudiants : au concours des Arts et M\u00e9tiers (ENSAM) au Concours Commun Polytechnique (CCP), regroupant 20 \u00e9coles d\u2019ing\u00e9nieurs, dont notamment l\u2019ENSMM (Micro-M\u00e9canique Besan\u00e7on) et SupM\u00e9ca. au concours Archim\u00e8de regroupant 27 \u00e9coles publiques d\u2019ing\u00e9nieurs, dont les 12 \u00e9coles du r\u00e9seau... lire la suite\" \/>\n<meta property=\"og:url\" content=\"https:\/\/www.lyceelafayette.fr\/index.php\/resultats\/\" \/>\n<meta property=\"og:site_name\" content=\"Lyc\u00e9e La Fayette\" \/>\n<meta property=\"article:modified_time\" content=\"2021-02-04T16:03:49+00:00\" \/>\n<meta name=\"twitter:card\" content=\"summary_large_image\" \/>\n<meta name=\"twitter:label1\" content=\"Dur\u00e9e de lecture estim\u00e9e\" \/>\n\t<meta name=\"twitter:data1\" content=\"2 minutes\" \/>\n<script type=\"application\/ld+json\" class=\"yoast-schema-graph\">{\"@context\":\"https:\\\/\\\/schema.org\",\"@graph\":[{\"@type\":\"WebPage\",\"@id\":\"https:\\\/\\\/www.lyceelafayette.fr\\\/index.php\\\/resultats\\\/\",\"url\":\"https:\\\/\\\/www.lyceelafayette.fr\\\/index.php\\\/resultats\\\/\",\"name\":\"R\u00e9sultats - Lyc\u00e9e La Fayette\",\"isPartOf\":{\"@id\":\"https:\\\/\\\/www.lyceelafayette.fr\\\/#website\"},\"datePublished\":\"2019-12-06T10:25:10+00:00\",\"dateModified\":\"2021-02-04T16:03:49+00:00\",\"breadcrumb\":{\"@id\":\"https:\\\/\\\/www.lyceelafayette.fr\\\/index.php\\\/resultats\\\/#breadcrumb\"},\"inLanguage\":\"fr-FR\",\"potentialAction\":[{\"@type\":\"ReadAction\",\"target\":[\"https:\\\/\\\/www.lyceelafayette.fr\\\/index.php\\\/resultats\\\/\"]}]},{\"@type\":\"BreadcrumbList\",\"@id\":\"https:\\\/\\\/www.lyceelafayette.fr\\\/index.php\\\/resultats\\\/#breadcrumb\",\"itemListElement\":[{\"@type\":\"ListItem\",\"position\":1,\"name\":\"Accueil\",\"item\":\"https:\\\/\\\/www.lyceelafayette.fr\\\/\"},{\"@type\":\"ListItem\",\"position\":2,\"name\":\"R\u00e9sultats\"}]},{\"@type\":\"WebSite\",\"@id\":\"https:\\\/\\\/www.lyceelafayette.fr\\\/#website\",\"url\":\"https:\\\/\\\/www.lyceelafayette.fr\\\/\",\"name\":\"Lyc\u00e9e La Fayette\",\"description\":\"\",\"publisher\":{\"@id\":\"https:\\\/\\\/www.lyceelafayette.fr\\\/#organization\"},\"potentialAction\":[{\"@type\":\"SearchAction\",\"target\":{\"@type\":\"EntryPoint\",\"urlTemplate\":\"https:\\\/\\\/www.lyceelafayette.fr\\\/?s={search_term_string}\"},\"query-input\":{\"@type\":\"PropertyValueSpecification\",\"valueRequired\":true,\"valueName\":\"search_term_string\"}}],\"inLanguage\":\"fr-FR\"},{\"@type\":\"Organization\",\"@id\":\"https:\\\/\\\/www.lyceelafayette.fr\\\/#organization\",\"name\":\"Lyc\u00e9e La Fayette\",\"url\":\"https:\\\/\\\/www.lyceelafayette.fr\\\/\",\"logo\":{\"@type\":\"ImageObject\",\"inLanguage\":\"fr-FR\",\"@id\":\"https:\\\/\\\/www.lyceelafayette.fr\\\/#\\\/schema\\\/logo\\\/image\\\/\",\"url\":\"https:\\\/\\\/www.lyceelafayette.fr\\\/wp-content\\\/uploads\\\/2019\\\/06\\\/llf_logo_alpha.png\",\"contentUrl\":\"https:\\\/\\\/www.lyceelafayette.fr\\\/wp-content\\\/uploads\\\/2019\\\/06\\\/llf_logo_alpha.png\",\"width\":1583,\"height\":792,\"caption\":\"Lyc\u00e9e La Fayette\"},\"image\":{\"@id\":\"https:\\\/\\\/www.lyceelafayette.fr\\\/#\\\/schema\\\/logo\\\/image\\\/\"},\"sameAs\":[\"https:\\\/\\\/www.youtube.com\\\/channel\\\/UC2AOQowoMGBKdY4ToZsf9mw\"]}]}<\/script>\n<!-- \/ Yoast SEO plugin. -->","yoast_head_json":{"title":"R\u00e9sultats - Lyc\u00e9e La Fayette","robots":{"index":"index","follow":"follow","max-snippet":"max-snippet:-1","max-image-preview":"max-image-preview:large","max-video-preview":"max-video-preview:-1"},"canonical":"https:\/\/www.lyceelafayette.fr\/index.php\/resultats\/","og_locale":"fr_FR","og_type":"article","og_title":"R\u00e9sultats - Lyc\u00e9e La Fayette","og_description":"Voici, d\u00e9taill\u00e9e pour chaque promotion, les extraits des r\u00e9sultats de nos \u00e9tudiants : au concours des Arts et M\u00e9tiers (ENSAM) au Concours Commun Polytechnique (CCP), regroupant 20 \u00e9coles d\u2019ing\u00e9nieurs, dont notamment l\u2019ENSMM (Micro-M\u00e9canique Besan\u00e7on) et SupM\u00e9ca. au concours Archim\u00e8de regroupant 27 \u00e9coles publiques d\u2019ing\u00e9nieurs, dont les 12 \u00e9coles du r\u00e9seau... lire la suite","og_url":"https:\/\/www.lyceelafayette.fr\/index.php\/resultats\/","og_site_name":"Lyc\u00e9e La Fayette","article_modified_time":"2021-02-04T16:03:49+00:00","twitter_card":"summary_large_image","twitter_misc":{"Dur\u00e9e de lecture estim\u00e9e":"2 minutes"},"schema":{"@context":"https:\/\/schema.org","@graph":[{"@type":"WebPage","@id":"https:\/\/www.lyceelafayette.fr\/index.php\/resultats\/","url":"https:\/\/www.lyceelafayette.fr\/index.php\/resultats\/","name":"R\u00e9sultats - Lyc\u00e9e La Fayette","isPartOf":{"@id":"https:\/\/www.lyceelafayette.fr\/#website"},"datePublished":"2019-12-06T10:25:10+00:00","dateModified":"2021-02-04T16:03:49+00:00","breadcrumb":{"@id":"https:\/\/www.lyceelafayette.fr\/index.php\/resultats\/#breadcrumb"},"inLanguage":"fr-FR","potentialAction":[{"@type":"ReadAction","target":["https:\/\/www.lyceelafayette.fr\/index.php\/resultats\/"]}]},{"@type":"BreadcrumbList","@id":"https:\/\/www.lyceelafayette.fr\/index.php\/resultats\/#breadcrumb","itemListElement":[{"@type":"ListItem","position":1,"name":"Accueil","item":"https:\/\/www.lyceelafayette.fr\/"},{"@type":"ListItem","position":2,"name":"R\u00e9sultats"}]},{"@type":"WebSite","@id":"https:\/\/www.lyceelafayette.fr\/#website","url":"https:\/\/www.lyceelafayette.fr\/","name":"Lyc\u00e9e La Fayette","description":"","publisher":{"@id":"https:\/\/www.lyceelafayette.fr\/#organization"},"potentialAction":[{"@type":"SearchAction","target":{"@type":"EntryPoint","urlTemplate":"https:\/\/www.lyceelafayette.fr\/?s={search_term_string}"},"query-input":{"@type":"PropertyValueSpecification","valueRequired":true,"valueName":"search_term_string"}}],"inLanguage":"fr-FR"},{"@type":"Organization","@id":"https:\/\/www.lyceelafayette.fr\/#organization","name":"Lyc\u00e9e La Fayette","url":"https:\/\/www.lyceelafayette.fr\/","logo":{"@type":"ImageObject","inLanguage":"fr-FR","@id":"https:\/\/www.lyceelafayette.fr\/#\/schema\/logo\/image\/","url":"https:\/\/www.lyceelafayette.fr\/wp-content\/uploads\/2019\/06\/llf_logo_alpha.png","contentUrl":"https:\/\/www.lyceelafayette.fr\/wp-content\/uploads\/2019\/06\/llf_logo_alpha.png","width":1583,"height":792,"caption":"Lyc\u00e9e La Fayette"},"image":{"@id":"https:\/\/www.lyceelafayette.fr\/#\/schema\/logo\/image\/"},"sameAs":["https:\/\/www.youtube.com\/channel\/UC2AOQowoMGBKdY4ToZsf9mw"]}]}},"_links":{"self":[{"href":"https:\/\/www.lyceelafayette.fr\/index.php\/wp-json\/wp\/v2\/pages\/2249","targetHints":{"allow":["GET"]}}],"collection":[{"href":"https:\/\/www.lyceelafayette.fr\/index.php\/wp-json\/wp\/v2\/pages"}],"about":[{"href":"https:\/\/www.lyceelafayette.fr\/index.php\/wp-json\/wp\/v2\/types\/page"}],"author":[{"embeddable":true,"href":"https:\/\/www.lyceelafayette.fr\/index.php\/wp-json\/wp\/v2\/users\/8"}],"replies":[{"embeddable":true,"href":"https:\/\/www.lyceelafayette.fr\/index.php\/wp-json\/wp\/v2\/comments?post=2249"}],"version-history":[{"count":3,"href":"https:\/\/www.lyceelafayette.fr\/index.php\/wp-json\/wp\/v2\/pages\/2249\/revisions"}],"predecessor-version":[{"id":3938,"href":"https:\/\/www.lyceelafayette.fr\/index.php\/wp-json\/wp\/v2\/pages\/2249\/revisions\/3938"}],"wp:attachment":[{"href":"https:\/\/www.lyceelafayette.fr\/index.php\/wp-json\/wp\/v2\/media?parent=2249"}],"curies":[{"name":"wp","href":"https:\/\/api.w.org\/{rel}","templated":true}]}}