{"id":2247,"date":"2019-12-06T11:24:08","date_gmt":"2019-12-06T10:24:08","guid":{"rendered":"https:\/\/www.lyceelafayette.fr\/?page_id=2247"},"modified":"2019-12-06T11:24:08","modified_gmt":"2019-12-06T10:24:08","slug":"prepa-concours","status":"publish","type":"page","link":"https:\/\/www.lyceelafayette.fr\/index.php\/prepa-concours\/","title":{"rendered":"Pr\u00e9pa-Concours"},"content":{"rendered":"\n<p>La fili\u00e8re PTSI\/PT se distingue des\nautres par le fait qu\u2019<strong>un seul concours<\/strong> permet d\u2019acc\u00e9der \u00e0 l\u2019ensemble des \u00e9coles, soit 8 jours d\u2019\u00e9preuves\n\u00e9crites. Les \u00e9preuves sont regroup\u00e9es dans <strong>la banque PT<\/strong>.<\/p>\n\n\n\n<p>Environ 2500 \u00e9tudiants de PT concourent chaque ann\u00e9e.<\/p>\n\n\n\n<p>Plus pr\u00e9cis\u00e9ment, le nombre de candidats inscrits en 2016 \u00e9tait\nde 2556 et le nombre total de places offertes de 2010 r\u00e9parties dans plus d\u2019une\ncentaine d\u2019\u00e9coles d\u2019ing\u00e9nieurs.<\/p>\n\n\n\n<p>Ce qui donne un rapport places\/candidats \u00e9tait de 79%. Comparativement,\npour les fili\u00e8res PC et PSI ce rapport \u00e9tait de 68% et 65%, et seulement de 59%\nen MP .<\/p>\n\n\n\n<p>Pour plus de pr\u00e9cisions sur le d\u00e9roulement du concours et sur\nles \u00e9coles recrutant dans cette fili\u00e8re : <a href=\"-%3e%20http:\/www.banquept.fr\/\">www.banquept.fr<\/a><\/p>\n\n\n\n<p>Et pour les statistiques nationales : <a href=\"http:\/\/www.scei-concours.fr\/statistiques\/\">http:\/\/www.scei-concours.fr\/statistiques\/<\/a><\/p>\n","protected":false},"excerpt":{"rendered":"<p>La fili\u00e8re PTSI\/PT se distingue des autres par le fait qu\u2019un seul concours permet d\u2019acc\u00e9der \u00e0 l\u2019ensemble des \u00e9coles, soit 8 jours d\u2019\u00e9preuves \u00e9crites. Les \u00e9preuves sont regroup\u00e9es dans la banque PT. Environ 2500 \u00e9tudiants de PT concourent chaque ann\u00e9e. Plus pr\u00e9cis\u00e9ment, le nombre de candidats inscrits en 2016 \u00e9tait&#8230; <a class=\"continue-reading-link\" href=\"https:\/\/www.lyceelafayette.fr\/index.php\/prepa-concours\/\">lire la suite<\/a><\/p>\n","protected":false},"author":8,"featured_media":0,"parent":0,"menu_order":0,"comment_status":"closed","ping_status":"closed","template":"","meta":{"footnotes":""},"class_list":["post-2247","page","type-page","status-publish","hentry"],"yoast_head":"<!-- This site is optimized with the Yoast SEO plugin v27.5 - https:\/\/yoast.com\/product\/yoast-seo-wordpress\/ -->\n<title>Pr\u00e9pa-Concours - Lyc\u00e9e La Fayette<\/title>\n<meta name=\"robots\" content=\"index, follow, max-snippet:-1, max-image-preview:large, max-video-preview:-1\" \/>\n<link rel=\"canonical\" href=\"https:\/\/www.lyceelafayette.fr\/index.php\/prepa-concours\/\" \/>\n<meta property=\"og:locale\" content=\"fr_FR\" \/>\n<meta property=\"og:type\" content=\"article\" \/>\n<meta property=\"og:title\" content=\"Pr\u00e9pa-Concours - Lyc\u00e9e La Fayette\" \/>\n<meta property=\"og:description\" content=\"La fili\u00e8re PTSI\/PT se distingue des autres par le fait qu\u2019un seul concours permet d\u2019acc\u00e9der \u00e0 l\u2019ensemble des \u00e9coles, soit 8 jours d\u2019\u00e9preuves \u00e9crites. Les \u00e9preuves sont regroup\u00e9es dans la banque PT. Environ 2500 \u00e9tudiants de PT concourent chaque ann\u00e9e. Plus pr\u00e9cis\u00e9ment, le nombre de candidats inscrits en 2016 \u00e9tait... lire la suite\" \/>\n<meta property=\"og:url\" content=\"https:\/\/www.lyceelafayette.fr\/index.php\/prepa-concours\/\" \/>\n<meta property=\"og:site_name\" content=\"Lyc\u00e9e La Fayette\" \/>\n<meta name=\"twitter:card\" content=\"summary_large_image\" \/>\n<meta name=\"twitter:label1\" content=\"Dur\u00e9e de lecture estim\u00e9e\" \/>\n\t<meta name=\"twitter:data1\" content=\"1 minute\" \/>\n<script type=\"application\/ld+json\" class=\"yoast-schema-graph\">{\"@context\":\"https:\\\/\\\/schema.org\",\"@graph\":[{\"@type\":\"WebPage\",\"@id\":\"https:\\\/\\\/www.lyceelafayette.fr\\\/index.php\\\/prepa-concours\\\/\",\"url\":\"https:\\\/\\\/www.lyceelafayette.fr\\\/index.php\\\/prepa-concours\\\/\",\"name\":\"Pr\u00e9pa-Concours - Lyc\u00e9e La Fayette\",\"isPartOf\":{\"@id\":\"https:\\\/\\\/www.lyceelafayette.fr\\\/#website\"},\"datePublished\":\"2019-12-06T10:24:08+00:00\",\"breadcrumb\":{\"@id\":\"https:\\\/\\\/www.lyceelafayette.fr\\\/index.php\\\/prepa-concours\\\/#breadcrumb\"},\"inLanguage\":\"fr-FR\",\"potentialAction\":[{\"@type\":\"ReadAction\",\"target\":[\"https:\\\/\\\/www.lyceelafayette.fr\\\/index.php\\\/prepa-concours\\\/\"]}]},{\"@type\":\"BreadcrumbList\",\"@id\":\"https:\\\/\\\/www.lyceelafayette.fr\\\/index.php\\\/prepa-concours\\\/#breadcrumb\",\"itemListElement\":[{\"@type\":\"ListItem\",\"position\":1,\"name\":\"Accueil\",\"item\":\"https:\\\/\\\/www.lyceelafayette.fr\\\/\"},{\"@type\":\"ListItem\",\"position\":2,\"name\":\"Pr\u00e9pa-Concours\"}]},{\"@type\":\"WebSite\",\"@id\":\"https:\\\/\\\/www.lyceelafayette.fr\\\/#website\",\"url\":\"https:\\\/\\\/www.lyceelafayette.fr\\\/\",\"name\":\"Lyc\u00e9e La Fayette\",\"description\":\"\",\"publisher\":{\"@id\":\"https:\\\/\\\/www.lyceelafayette.fr\\\/#organization\"},\"potentialAction\":[{\"@type\":\"SearchAction\",\"target\":{\"@type\":\"EntryPoint\",\"urlTemplate\":\"https:\\\/\\\/www.lyceelafayette.fr\\\/?s={search_term_string}\"},\"query-input\":{\"@type\":\"PropertyValueSpecification\",\"valueRequired\":true,\"valueName\":\"search_term_string\"}}],\"inLanguage\":\"fr-FR\"},{\"@type\":\"Organization\",\"@id\":\"https:\\\/\\\/www.lyceelafayette.fr\\\/#organization\",\"name\":\"Lyc\u00e9e La Fayette\",\"url\":\"https:\\\/\\\/www.lyceelafayette.fr\\\/\",\"logo\":{\"@type\":\"ImageObject\",\"inLanguage\":\"fr-FR\",\"@id\":\"https:\\\/\\\/www.lyceelafayette.fr\\\/#\\\/schema\\\/logo\\\/image\\\/\",\"url\":\"https:\\\/\\\/www.lyceelafayette.fr\\\/wp-content\\\/uploads\\\/2019\\\/06\\\/llf_logo_alpha.png\",\"contentUrl\":\"https:\\\/\\\/www.lyceelafayette.fr\\\/wp-content\\\/uploads\\\/2019\\\/06\\\/llf_logo_alpha.png\",\"width\":1583,\"height\":792,\"caption\":\"Lyc\u00e9e La Fayette\"},\"image\":{\"@id\":\"https:\\\/\\\/www.lyceelafayette.fr\\\/#\\\/schema\\\/logo\\\/image\\\/\"},\"sameAs\":[\"https:\\\/\\\/www.youtube.com\\\/channel\\\/UC2AOQowoMGBKdY4ToZsf9mw\"]}]}<\/script>\n<!-- \/ Yoast SEO plugin. -->","yoast_head_json":{"title":"Pr\u00e9pa-Concours - Lyc\u00e9e La Fayette","robots":{"index":"index","follow":"follow","max-snippet":"max-snippet:-1","max-image-preview":"max-image-preview:large","max-video-preview":"max-video-preview:-1"},"canonical":"https:\/\/www.lyceelafayette.fr\/index.php\/prepa-concours\/","og_locale":"fr_FR","og_type":"article","og_title":"Pr\u00e9pa-Concours - Lyc\u00e9e La Fayette","og_description":"La fili\u00e8re PTSI\/PT se distingue des autres par le fait qu\u2019un seul concours permet d\u2019acc\u00e9der \u00e0 l\u2019ensemble des \u00e9coles, soit 8 jours d\u2019\u00e9preuves \u00e9crites. Les \u00e9preuves sont regroup\u00e9es dans la banque PT. Environ 2500 \u00e9tudiants de PT concourent chaque ann\u00e9e. Plus pr\u00e9cis\u00e9ment, le nombre de candidats inscrits en 2016 \u00e9tait... lire la suite","og_url":"https:\/\/www.lyceelafayette.fr\/index.php\/prepa-concours\/","og_site_name":"Lyc\u00e9e La Fayette","twitter_card":"summary_large_image","twitter_misc":{"Dur\u00e9e de lecture estim\u00e9e":"1 minute"},"schema":{"@context":"https:\/\/schema.org","@graph":[{"@type":"WebPage","@id":"https:\/\/www.lyceelafayette.fr\/index.php\/prepa-concours\/","url":"https:\/\/www.lyceelafayette.fr\/index.php\/prepa-concours\/","name":"Pr\u00e9pa-Concours - Lyc\u00e9e La Fayette","isPartOf":{"@id":"https:\/\/www.lyceelafayette.fr\/#website"},"datePublished":"2019-12-06T10:24:08+00:00","breadcrumb":{"@id":"https:\/\/www.lyceelafayette.fr\/index.php\/prepa-concours\/#breadcrumb"},"inLanguage":"fr-FR","potentialAction":[{"@type":"ReadAction","target":["https:\/\/www.lyceelafayette.fr\/index.php\/prepa-concours\/"]}]},{"@type":"BreadcrumbList","@id":"https:\/\/www.lyceelafayette.fr\/index.php\/prepa-concours\/#breadcrumb","itemListElement":[{"@type":"ListItem","position":1,"name":"Accueil","item":"https:\/\/www.lyceelafayette.fr\/"},{"@type":"ListItem","position":2,"name":"Pr\u00e9pa-Concours"}]},{"@type":"WebSite","@id":"https:\/\/www.lyceelafayette.fr\/#website","url":"https:\/\/www.lyceelafayette.fr\/","name":"Lyc\u00e9e La Fayette","description":"","publisher":{"@id":"https:\/\/www.lyceelafayette.fr\/#organization"},"potentialAction":[{"@type":"SearchAction","target":{"@type":"EntryPoint","urlTemplate":"https:\/\/www.lyceelafayette.fr\/?s={search_term_string}"},"query-input":{"@type":"PropertyValueSpecification","valueRequired":true,"valueName":"search_term_string"}}],"inLanguage":"fr-FR"},{"@type":"Organization","@id":"https:\/\/www.lyceelafayette.fr\/#organization","name":"Lyc\u00e9e La Fayette","url":"https:\/\/www.lyceelafayette.fr\/","logo":{"@type":"ImageObject","inLanguage":"fr-FR","@id":"https:\/\/www.lyceelafayette.fr\/#\/schema\/logo\/image\/","url":"https:\/\/www.lyceelafayette.fr\/wp-content\/uploads\/2019\/06\/llf_logo_alpha.png","contentUrl":"https:\/\/www.lyceelafayette.fr\/wp-content\/uploads\/2019\/06\/llf_logo_alpha.png","width":1583,"height":792,"caption":"Lyc\u00e9e La Fayette"},"image":{"@id":"https:\/\/www.lyceelafayette.fr\/#\/schema\/logo\/image\/"},"sameAs":["https:\/\/www.youtube.com\/channel\/UC2AOQowoMGBKdY4ToZsf9mw"]}]}},"_links":{"self":[{"href":"https:\/\/www.lyceelafayette.fr\/index.php\/wp-json\/wp\/v2\/pages\/2247","targetHints":{"allow":["GET"]}}],"collection":[{"href":"https:\/\/www.lyceelafayette.fr\/index.php\/wp-json\/wp\/v2\/pages"}],"about":[{"href":"https:\/\/www.lyceelafayette.fr\/index.php\/wp-json\/wp\/v2\/types\/page"}],"author":[{"embeddable":true,"href":"https:\/\/www.lyceelafayette.fr\/index.php\/wp-json\/wp\/v2\/users\/8"}],"replies":[{"embeddable":true,"href":"https:\/\/www.lyceelafayette.fr\/index.php\/wp-json\/wp\/v2\/comments?post=2247"}],"version-history":[{"count":1,"href":"https:\/\/www.lyceelafayette.fr\/index.php\/wp-json\/wp\/v2\/pages\/2247\/revisions"}],"predecessor-version":[{"id":2248,"href":"https:\/\/www.lyceelafayette.fr\/index.php\/wp-json\/wp\/v2\/pages\/2247\/revisions\/2248"}],"wp:attachment":[{"href":"https:\/\/www.lyceelafayette.fr\/index.php\/wp-json\/wp\/v2\/media?parent=2247"}],"curies":[{"name":"wp","href":"https:\/\/api.w.org\/{rel}","templated":true}]}}