{"id":2236,"date":"2019-12-06T11:17:34","date_gmt":"2019-12-06T10:17:34","guid":{"rendered":"https:\/\/www.lyceelafayette.fr\/?page_id=2236"},"modified":"2019-12-06T11:17:35","modified_gmt":"2019-12-06T10:17:35","slug":"mathematiques","status":"publish","type":"page","link":"https:\/\/www.lyceelafayette.fr\/index.php\/mathematiques\/","title":{"rendered":"Math\u00e9matiques"},"content":{"rendered":"\n<h3 class=\"wp-block-heading\">Objectifs du programme<\/h3>\n\n\n\n<p>Les math\u00e9matiques repr\u00e9sentent une part\nnon n\u00e9gligeable du volume horaire de cours en PTSI et PT : <br>\n&nbsp;7 heures de cours et 3 heures de TD en PTSI,\n<br>\n&nbsp;6 heures de cours et 3 heures de TD en PT.<\/p>\n\n\n\n<p>La raison en est que les math\u00e9matiques sont un outil indispensable\npour les autres mati\u00e8res scientifiques. Heureusement, leur r\u00f4le ne se limite pas\n\u00e0 \u00eatre un outil : elles permettent de d\u00e9velopper le raisonnement, les capacit\u00e9s\nde r\u00e9flexion personnelle, d\u2019analyse et de synth\u00e8se, et fournissent des m\u00e9thodes\nqui sont utilisables en physique, en informatique, et en sciences de l\u2019ing\u00e9nieur.\nC\u2019est pourquoi les \u00e9l\u00e8ves amateurs de math\u00e9matiques prendront plaisir \u00e0 suivre ces\ncours, et ceux, plus port\u00e9s sur les applications, y trouveront tout ce qu\u2019ils cherchent.<\/p>\n\n\n\n<p>Il est \u00e0 noter que la trame principale du programme de PTSI\/PT\nest la m\u00eame que dans les autres fili\u00e8res de classe pr\u00e9paratoire, m\u00eame si elle est\nadapt\u00e9e aux horaires et au niveau de la fili\u00e8re. En particulier, au premier semestre\nde premi\u00e8re ann\u00e9e, on s\u2019appuie sur les bases de terminales et on introduit les notions\nde bases n\u00e9cessaires tant en math\u00e9matiques que dans les autres disciplines scientifiques\nce qui permet un d\u00e9marrage \u00ab\u00a0en douceur\u00a0\u00bb.<\/p>\n\n\n\n<p><strong>R\u00e9sum\u00e9 du programme de PTSI\/PT<\/strong><\/p>\n\n\n\n<p>Le programme de PTSI-PT est divis\u00e9 en\nquatre grandes parties : <strong>l\u2019analyse, l\u2019alg\u00e8bre, les probabilit\u00e9s et la\ng\u00e9om\u00e9trie<\/strong>.<\/p>\n\n\n\n<p>Pour l\u2019<strong>analyse<\/strong>, apr\u00e8s avoir approfondi les notions du lyc\u00e9e sur les fonctions,\nles limites, les d\u00e9riv\u00e9es, le calcul int\u00e9gral, les nombres r\u00e9els et complexes on\nintroduit de nouveaux outils, comme les d\u00e9veloppements limit\u00e9s, les s\u00e9ries ou les\nint\u00e9grales impropres.<\/p>\n\n\n\n<p>Pour l\u2019<strong>alg\u00e8bre<\/strong>, la premi\u00e8re ann\u00e9e permet de d\u00e9couvrir un nouvel objet, le calcul\nmatriciel et les espaces vectoriels. Dans la continuit\u00e9 de la premi\u00e8re ann\u00e9e, la\nseconde a pour principal objectif d\u2019\u00e9tudier la r\u00e9duction des endomorphismes.<\/p>\n\n\n\n<p>L\u2019\u00e9tude des <strong>probabilit\u00e9s<\/strong> se fonde sur les connaissances vues au lyc\u00e9e qui sont approfondies\npuis g\u00e9n\u00e9ralis\u00e9es. Elle se d\u00e9coupe en 3 parties \u00e0 savoir le d\u00e9nombrement, les probabilit\u00e9s\nconditionnelles et l\u2019\u00e9tude des variables al\u00e9atoires discr\u00e8tes.<\/p>\n\n\n\n<p>La <strong>g\u00e9om\u00e9trie<\/strong> de premi\u00e8re ann\u00e9e approfondit les connaissances de g\u00e9om\u00e9trie\nanalytique (droites, plans) vues en terminale en lien avec l\u2019\u00e9tude des espaces vectoriels\n(vus plus haut) afin d\u2019en avoir une vision plus concr\u00e8te. En deuxi\u00e8me ann\u00e9e, on\n\u00e9tudie les courbes planes, les courbes de l\u2019espace ainsi que les surfaces. L\u2019\u00e9tude\nde la g\u00e9om\u00e9trie est renforc\u00e9e en PT par rapport aux autres fili\u00e8res. Cette partie\nsur la g\u00e9om\u00e9trie est propre \u00e0 la fili\u00e8re PTSI-PT.<\/p>\n\n\n\n<p>Certaines notions math\u00e9matiques sont\napprofondies et illustr\u00e9es en <strong>informatique<\/strong> ; en particulier, un certain nombre d\u2019algorithmes vus en math\u00e9matiques\nseront programm\u00e9s sur ordinateur (calcul des termes d\u2019une suite, algorithme d\u2019Euclide,\npivot de Gauss, r\u00e9solution approch\u00e9e d\u2019une \u00e9quation, m\u00e9thode de calcul approch\u00e9\nd\u2019une int\u00e9grale, solution d\u2019une \u00e9quation diff\u00e9rentielle&#8230;)<\/p>\n\n\n\n<p>Pour plus de d\u00e9tails, vous trouverez\nci-dessous les liens vers les<strong> programmes officiels entre autres de math\u00e9matiques<\/strong>: &nbsp;&nbsp; <\/p>\n\n\n\n<figure class=\"wp-block-embed\"><div class=\"wp-block-embed__wrapper\">\nhttps:\/\/prepas.org\/ups.php?entree=programmes\n<\/div><\/figure>\n\n\n\n<p>En r\u00e9sum\u00e9, un \u00e9l\u00e8ve ma\u00eetrisant le programme de Terminale S part\navec un s\u00e9rieux avantage, et a toutes les chances de s\u2019en sortir convenablement,\nsous r\u00e9serve bien s\u00fbr de travailler s\u00e9rieusement. La grande nouveaut\u00e9 de l\u2019ann\u00e9e\nde PTSI (tout comme de MPSI ou PCSI) en Math\u00e9matiques r\u00e9side dans la partie alg\u00e8bre,\navec l\u2019alg\u00e8bre lin\u00e9aire. Elle peut d\u00e9router au d\u00e9but, mais en suivant bien les m\u00e9thodes\ndu cours, ce domaine se laisse apprivoiser.<\/p>\n\n\n\n<p><strong>Epreuves de math\u00e9matiques au concours en PT :<\/strong> <br>\n<strong>Epreuves Ecrites de la banque PT<\/strong><\/p>\n\n\n\n<p>Les \u00e9l\u00e8ves passent trois \u00e9preuves \u00e9crites\nen math\u00e9matiques de quatre heures chacune. Ces \u00e9preuves sont de difficult\u00e9 gradu\u00e9e.\nElles font appel aux connaissances des deux ann\u00e9es de classes pr\u00e9paratoires PT et\nPTSI. Il y a <br>\n&nbsp;une \u00e9preuve \u00e0 dominante d\u2019analyse <br>\n&nbsp;une \u00e9preuve \u00e0 dominante d\u2019alg\u00e8bre et probabilit\u00e9s\n<br>\n&nbsp;une \u00e9preuve \u00e0 dominante de g\u00e9om\u00e9trie<\/p>\n\n\n\n<p><strong>Epreuves Orales de la banque PT<\/strong><\/p>\n\n\n\n<p>Les \u00e9l\u00e8ves passent deux <strong>\u00e9preuves d\u2019oral<\/strong> diff\u00e9rentes ( en fonction des \u00e9coles demand\u00e9es ) : <br>\n&nbsp;une \u00e9preuve d\u2019une heure interrogeant sur\nle programme de math\u00e9matiques et sur le programme d\u2019informatique. Elle se d\u00e9coupe\nainsi : <br>\n&nbsp;un exercice de 30 minutes au tableau sur\nle programme de math\u00e9matiques <br>\n&nbsp;un exercice de 30 minutes d\u2019algorithmique\n(portant sur les parties II-III et V du programme d\u2019informatique) n\u00e9cessitant l\u2019utilisation\nde l\u2019un des deux langages de programmation au programme officiel. <br>\n&nbsp;une \u00e9preuve de 30 minutes sans pr\u00e9paration.<\/p>\n\n\n\n<p>Les colles ainsi que les TPs d\u2019informatique permettent aux \u00e9tudiants\nd\u2019\u00eatre bien pr\u00e9par\u00e9s \u00e0 ces deux \u00e9preuves.<\/p>\n","protected":false},"excerpt":{"rendered":"<p>Objectifs du programme Les math\u00e9matiques repr\u00e9sentent une part non n\u00e9gligeable du volume horaire de cours en PTSI et PT : &nbsp;7 heures de cours et 3 heures de TD en PTSI, &nbsp;6 heures de cours et 3 heures de TD en PT. La raison en est que les math\u00e9matiques sont&#8230; <a class=\"continue-reading-link\" href=\"https:\/\/www.lyceelafayette.fr\/index.php\/mathematiques\/\">lire la suite<\/a><\/p>\n","protected":false},"author":8,"featured_media":0,"parent":0,"menu_order":0,"comment_status":"closed","ping_status":"closed","template":"","meta":{"footnotes":""},"class_list":["post-2236","page","type-page","status-publish","hentry"],"yoast_head":"<!-- This site is optimized with the Yoast SEO plugin v27.5 - https:\/\/yoast.com\/product\/yoast-seo-wordpress\/ -->\n<title>Math\u00e9matiques - Lyc\u00e9e La Fayette<\/title>\n<meta name=\"robots\" content=\"index, follow, max-snippet:-1, max-image-preview:large, max-video-preview:-1\" \/>\n<link rel=\"canonical\" href=\"https:\/\/www.lyceelafayette.fr\/index.php\/mathematiques\/\" \/>\n<meta property=\"og:locale\" content=\"fr_FR\" \/>\n<meta property=\"og:type\" content=\"article\" \/>\n<meta property=\"og:title\" content=\"Math\u00e9matiques - Lyc\u00e9e La Fayette\" \/>\n<meta property=\"og:description\" content=\"Objectifs du programme Les math\u00e9matiques repr\u00e9sentent une part non n\u00e9gligeable du volume horaire de cours en PTSI et PT : &nbsp;7 heures de cours et 3 heures de TD en PTSI, &nbsp;6 heures de cours et 3 heures de TD en PT. La raison en est que les math\u00e9matiques sont... lire la suite\" \/>\n<meta property=\"og:url\" content=\"https:\/\/www.lyceelafayette.fr\/index.php\/mathematiques\/\" \/>\n<meta property=\"og:site_name\" content=\"Lyc\u00e9e La Fayette\" \/>\n<meta property=\"article:modified_time\" content=\"2019-12-06T10:17:35+00:00\" \/>\n<meta name=\"twitter:card\" content=\"summary_large_image\" \/>\n<meta name=\"twitter:label1\" content=\"Dur\u00e9e de lecture estim\u00e9e\" \/>\n\t<meta name=\"twitter:data1\" content=\"4 minutes\" \/>\n<script type=\"application\/ld+json\" class=\"yoast-schema-graph\">{\"@context\":\"https:\\\/\\\/schema.org\",\"@graph\":[{\"@type\":\"WebPage\",\"@id\":\"https:\\\/\\\/www.lyceelafayette.fr\\\/index.php\\\/mathematiques\\\/\",\"url\":\"https:\\\/\\\/www.lyceelafayette.fr\\\/index.php\\\/mathematiques\\\/\",\"name\":\"Math\u00e9matiques - Lyc\u00e9e La Fayette\",\"isPartOf\":{\"@id\":\"https:\\\/\\\/www.lyceelafayette.fr\\\/#website\"},\"datePublished\":\"2019-12-06T10:17:34+00:00\",\"dateModified\":\"2019-12-06T10:17:35+00:00\",\"breadcrumb\":{\"@id\":\"https:\\\/\\\/www.lyceelafayette.fr\\\/index.php\\\/mathematiques\\\/#breadcrumb\"},\"inLanguage\":\"fr-FR\",\"potentialAction\":[{\"@type\":\"ReadAction\",\"target\":[\"https:\\\/\\\/www.lyceelafayette.fr\\\/index.php\\\/mathematiques\\\/\"]}]},{\"@type\":\"BreadcrumbList\",\"@id\":\"https:\\\/\\\/www.lyceelafayette.fr\\\/index.php\\\/mathematiques\\\/#breadcrumb\",\"itemListElement\":[{\"@type\":\"ListItem\",\"position\":1,\"name\":\"Accueil\",\"item\":\"https:\\\/\\\/www.lyceelafayette.fr\\\/\"},{\"@type\":\"ListItem\",\"position\":2,\"name\":\"Math\u00e9matiques\"}]},{\"@type\":\"WebSite\",\"@id\":\"https:\\\/\\\/www.lyceelafayette.fr\\\/#website\",\"url\":\"https:\\\/\\\/www.lyceelafayette.fr\\\/\",\"name\":\"Lyc\u00e9e La Fayette\",\"description\":\"\",\"publisher\":{\"@id\":\"https:\\\/\\\/www.lyceelafayette.fr\\\/#organization\"},\"potentialAction\":[{\"@type\":\"SearchAction\",\"target\":{\"@type\":\"EntryPoint\",\"urlTemplate\":\"https:\\\/\\\/www.lyceelafayette.fr\\\/?s={search_term_string}\"},\"query-input\":{\"@type\":\"PropertyValueSpecification\",\"valueRequired\":true,\"valueName\":\"search_term_string\"}}],\"inLanguage\":\"fr-FR\"},{\"@type\":\"Organization\",\"@id\":\"https:\\\/\\\/www.lyceelafayette.fr\\\/#organization\",\"name\":\"Lyc\u00e9e La Fayette\",\"url\":\"https:\\\/\\\/www.lyceelafayette.fr\\\/\",\"logo\":{\"@type\":\"ImageObject\",\"inLanguage\":\"fr-FR\",\"@id\":\"https:\\\/\\\/www.lyceelafayette.fr\\\/#\\\/schema\\\/logo\\\/image\\\/\",\"url\":\"https:\\\/\\\/www.lyceelafayette.fr\\\/wp-content\\\/uploads\\\/2019\\\/06\\\/llf_logo_alpha.png\",\"contentUrl\":\"https:\\\/\\\/www.lyceelafayette.fr\\\/wp-content\\\/uploads\\\/2019\\\/06\\\/llf_logo_alpha.png\",\"width\":1583,\"height\":792,\"caption\":\"Lyc\u00e9e La Fayette\"},\"image\":{\"@id\":\"https:\\\/\\\/www.lyceelafayette.fr\\\/#\\\/schema\\\/logo\\\/image\\\/\"},\"sameAs\":[\"https:\\\/\\\/www.youtube.com\\\/channel\\\/UC2AOQowoMGBKdY4ToZsf9mw\"]}]}<\/script>\n<!-- \/ Yoast SEO plugin. -->","yoast_head_json":{"title":"Math\u00e9matiques - Lyc\u00e9e La Fayette","robots":{"index":"index","follow":"follow","max-snippet":"max-snippet:-1","max-image-preview":"max-image-preview:large","max-video-preview":"max-video-preview:-1"},"canonical":"https:\/\/www.lyceelafayette.fr\/index.php\/mathematiques\/","og_locale":"fr_FR","og_type":"article","og_title":"Math\u00e9matiques - Lyc\u00e9e La Fayette","og_description":"Objectifs du programme Les math\u00e9matiques repr\u00e9sentent une part non n\u00e9gligeable du volume horaire de cours en PTSI et PT : &nbsp;7 heures de cours et 3 heures de TD en PTSI, &nbsp;6 heures de cours et 3 heures de TD en PT. La raison en est que les math\u00e9matiques sont... lire la suite","og_url":"https:\/\/www.lyceelafayette.fr\/index.php\/mathematiques\/","og_site_name":"Lyc\u00e9e La Fayette","article_modified_time":"2019-12-06T10:17:35+00:00","twitter_card":"summary_large_image","twitter_misc":{"Dur\u00e9e de lecture estim\u00e9e":"4 minutes"},"schema":{"@context":"https:\/\/schema.org","@graph":[{"@type":"WebPage","@id":"https:\/\/www.lyceelafayette.fr\/index.php\/mathematiques\/","url":"https:\/\/www.lyceelafayette.fr\/index.php\/mathematiques\/","name":"Math\u00e9matiques - Lyc\u00e9e La Fayette","isPartOf":{"@id":"https:\/\/www.lyceelafayette.fr\/#website"},"datePublished":"2019-12-06T10:17:34+00:00","dateModified":"2019-12-06T10:17:35+00:00","breadcrumb":{"@id":"https:\/\/www.lyceelafayette.fr\/index.php\/mathematiques\/#breadcrumb"},"inLanguage":"fr-FR","potentialAction":[{"@type":"ReadAction","target":["https:\/\/www.lyceelafayette.fr\/index.php\/mathematiques\/"]}]},{"@type":"BreadcrumbList","@id":"https:\/\/www.lyceelafayette.fr\/index.php\/mathematiques\/#breadcrumb","itemListElement":[{"@type":"ListItem","position":1,"name":"Accueil","item":"https:\/\/www.lyceelafayette.fr\/"},{"@type":"ListItem","position":2,"name":"Math\u00e9matiques"}]},{"@type":"WebSite","@id":"https:\/\/www.lyceelafayette.fr\/#website","url":"https:\/\/www.lyceelafayette.fr\/","name":"Lyc\u00e9e La Fayette","description":"","publisher":{"@id":"https:\/\/www.lyceelafayette.fr\/#organization"},"potentialAction":[{"@type":"SearchAction","target":{"@type":"EntryPoint","urlTemplate":"https:\/\/www.lyceelafayette.fr\/?s={search_term_string}"},"query-input":{"@type":"PropertyValueSpecification","valueRequired":true,"valueName":"search_term_string"}}],"inLanguage":"fr-FR"},{"@type":"Organization","@id":"https:\/\/www.lyceelafayette.fr\/#organization","name":"Lyc\u00e9e La Fayette","url":"https:\/\/www.lyceelafayette.fr\/","logo":{"@type":"ImageObject","inLanguage":"fr-FR","@id":"https:\/\/www.lyceelafayette.fr\/#\/schema\/logo\/image\/","url":"https:\/\/www.lyceelafayette.fr\/wp-content\/uploads\/2019\/06\/llf_logo_alpha.png","contentUrl":"https:\/\/www.lyceelafayette.fr\/wp-content\/uploads\/2019\/06\/llf_logo_alpha.png","width":1583,"height":792,"caption":"Lyc\u00e9e La Fayette"},"image":{"@id":"https:\/\/www.lyceelafayette.fr\/#\/schema\/logo\/image\/"},"sameAs":["https:\/\/www.youtube.com\/channel\/UC2AOQowoMGBKdY4ToZsf9mw"]}]}},"_links":{"self":[{"href":"https:\/\/www.lyceelafayette.fr\/index.php\/wp-json\/wp\/v2\/pages\/2236","targetHints":{"allow":["GET"]}}],"collection":[{"href":"https:\/\/www.lyceelafayette.fr\/index.php\/wp-json\/wp\/v2\/pages"}],"about":[{"href":"https:\/\/www.lyceelafayette.fr\/index.php\/wp-json\/wp\/v2\/types\/page"}],"author":[{"embeddable":true,"href":"https:\/\/www.lyceelafayette.fr\/index.php\/wp-json\/wp\/v2\/users\/8"}],"replies":[{"embeddable":true,"href":"https:\/\/www.lyceelafayette.fr\/index.php\/wp-json\/wp\/v2\/comments?post=2236"}],"version-history":[{"count":1,"href":"https:\/\/www.lyceelafayette.fr\/index.php\/wp-json\/wp\/v2\/pages\/2236\/revisions"}],"predecessor-version":[{"id":2237,"href":"https:\/\/www.lyceelafayette.fr\/index.php\/wp-json\/wp\/v2\/pages\/2236\/revisions\/2237"}],"wp:attachment":[{"href":"https:\/\/www.lyceelafayette.fr\/index.php\/wp-json\/wp\/v2\/media?parent=2236"}],"curies":[{"name":"wp","href":"https:\/\/api.w.org\/{rel}","templated":true}]}}