{"id":22,"date":"2018-12-19T09:06:41","date_gmt":"2018-12-19T08:06:41","guid":{"rendered":"http:\/\/www.lyceelafayette.fr\/?page_id=22"},"modified":"2019-04-23T14:42:20","modified_gmt":"2019-04-23T12:42:20","slug":"le-mot-du-proviseur","status":"publish","type":"page","link":"https:\/\/www.lyceelafayette.fr\/index.php\/accueil\/le-mot-du-proviseur\/","title":{"rendered":"Le mot du Proviseur"},"content":{"rendered":"\n<p>De l\u2019histoire au pr\u00e9sent,<\/p>\n\n\n\n<p>Depuis maintenant un si\u00e8cle, plus exactement  1919, le lyc\u00e9e La Fayette est un haut lieu de la formation dans les m\u00e9tiers de la production. L&rsquo;\u00e9tablissement, depuis sa cr\u00e9ation, perp\u00e9tue sa tradition de former avec succ\u00e8s le personnel hautement qualifi\u00e9 dont l&rsquo;industrie aura toujours le plus grand besoin. Tous les ans, la presse s&rsquo;en fait l&rsquo;\u00e9cho. Nous vous invitons \u00e0 d\u00e9couvrir l&rsquo;histoire de notre \u00e9tablissement.<\/p>\n\n\n\n<p><a href=\"https:\/\/www.lyceelafayette.fr\/index.php\/accueil\/\">Notre histoire<\/a><\/p>\n","protected":false},"excerpt":{"rendered":"<p>De l\u2019histoire au pr\u00e9sent, Depuis maintenant un si\u00e8cle, plus exactement 1919, le lyc\u00e9e La Fayette est un haut lieu de la formation dans les m\u00e9tiers de la production. L&rsquo;\u00e9tablissement, depuis sa cr\u00e9ation, perp\u00e9tue sa tradition de former avec succ\u00e8s le personnel hautement qualifi\u00e9 dont l&rsquo;industrie aura toujours le plus grand&#8230; <a class=\"continue-reading-link\" href=\"https:\/\/www.lyceelafayette.fr\/index.php\/accueil\/le-mot-du-proviseur\/\">lire la suite<\/a><\/p>\n","protected":false},"author":1,"featured_media":0,"parent":269,"menu_order":0,"comment_status":"closed","ping_status":"closed","template":"","meta":{"footnotes":""},"class_list":["post-22","page","type-page","status-publish","hentry"],"yoast_head":"<!-- This site is optimized with the Yoast SEO plugin v27.5 - https:\/\/yoast.com\/product\/yoast-seo-wordpress\/ -->\n<title>Le mot du Proviseur - Lyc\u00e9e La Fayette<\/title>\n<meta name=\"robots\" content=\"index, follow, max-snippet:-1, max-image-preview:large, max-video-preview:-1\" \/>\n<link rel=\"canonical\" href=\"https:\/\/www.lyceelafayette.fr\/index.php\/accueil\/le-mot-du-proviseur\/\" \/>\n<meta property=\"og:locale\" content=\"fr_FR\" \/>\n<meta property=\"og:type\" content=\"article\" \/>\n<meta property=\"og:title\" content=\"Le mot du Proviseur - Lyc\u00e9e La Fayette\" \/>\n<meta property=\"og:description\" content=\"De l\u2019histoire au pr\u00e9sent, Depuis maintenant un si\u00e8cle, plus exactement 1919, le lyc\u00e9e La Fayette est un haut lieu de la formation dans les m\u00e9tiers de la production. L&rsquo;\u00e9tablissement, depuis sa cr\u00e9ation, perp\u00e9tue sa tradition de former avec succ\u00e8s le personnel hautement qualifi\u00e9 dont l&rsquo;industrie aura toujours le plus grand... lire la suite\" \/>\n<meta property=\"og:url\" content=\"https:\/\/www.lyceelafayette.fr\/index.php\/accueil\/le-mot-du-proviseur\/\" \/>\n<meta property=\"og:site_name\" content=\"Lyc\u00e9e La Fayette\" \/>\n<meta property=\"article:modified_time\" content=\"2019-04-23T12:42:20+00:00\" \/>\n<meta name=\"twitter:card\" content=\"summary_large_image\" \/>\n<script type=\"application\/ld+json\" class=\"yoast-schema-graph\">{\"@context\":\"https:\\\/\\\/schema.org\",\"@graph\":[{\"@type\":\"WebPage\",\"@id\":\"https:\\\/\\\/www.lyceelafayette.fr\\\/index.php\\\/accueil\\\/le-mot-du-proviseur\\\/\",\"url\":\"https:\\\/\\\/www.lyceelafayette.fr\\\/index.php\\\/accueil\\\/le-mot-du-proviseur\\\/\",\"name\":\"Le mot du Proviseur - Lyc\u00e9e La Fayette\",\"isPartOf\":{\"@id\":\"https:\\\/\\\/www.lyceelafayette.fr\\\/#website\"},\"datePublished\":\"2018-12-19T08:06:41+00:00\",\"dateModified\":\"2019-04-23T12:42:20+00:00\",\"breadcrumb\":{\"@id\":\"https:\\\/\\\/www.lyceelafayette.fr\\\/index.php\\\/accueil\\\/le-mot-du-proviseur\\\/#breadcrumb\"},\"inLanguage\":\"fr-FR\",\"potentialAction\":[{\"@type\":\"ReadAction\",\"target\":[\"https:\\\/\\\/www.lyceelafayette.fr\\\/index.php\\\/accueil\\\/le-mot-du-proviseur\\\/\"]}]},{\"@type\":\"BreadcrumbList\",\"@id\":\"https:\\\/\\\/www.lyceelafayette.fr\\\/index.php\\\/accueil\\\/le-mot-du-proviseur\\\/#breadcrumb\",\"itemListElement\":[{\"@type\":\"ListItem\",\"position\":1,\"name\":\"Accueil\",\"item\":\"https:\\\/\\\/www.lyceelafayette.fr\\\/\"},{\"@type\":\"ListItem\",\"position\":2,\"name\":\"Un peu d\u2019histoire locale \u2026\",\"item\":\"https:\\\/\\\/www.lyceelafayette.fr\\\/index.php\\\/accueil\\\/\"},{\"@type\":\"ListItem\",\"position\":3,\"name\":\"Le mot du Proviseur\"}]},{\"@type\":\"WebSite\",\"@id\":\"https:\\\/\\\/www.lyceelafayette.fr\\\/#website\",\"url\":\"https:\\\/\\\/www.lyceelafayette.fr\\\/\",\"name\":\"Lyc\u00e9e La Fayette\",\"description\":\"\",\"publisher\":{\"@id\":\"https:\\\/\\\/www.lyceelafayette.fr\\\/#organization\"},\"potentialAction\":[{\"@type\":\"SearchAction\",\"target\":{\"@type\":\"EntryPoint\",\"urlTemplate\":\"https:\\\/\\\/www.lyceelafayette.fr\\\/?s={search_term_string}\"},\"query-input\":{\"@type\":\"PropertyValueSpecification\",\"valueRequired\":true,\"valueName\":\"search_term_string\"}}],\"inLanguage\":\"fr-FR\"},{\"@type\":\"Organization\",\"@id\":\"https:\\\/\\\/www.lyceelafayette.fr\\\/#organization\",\"name\":\"Lyc\u00e9e La Fayette\",\"url\":\"https:\\\/\\\/www.lyceelafayette.fr\\\/\",\"logo\":{\"@type\":\"ImageObject\",\"inLanguage\":\"fr-FR\",\"@id\":\"https:\\\/\\\/www.lyceelafayette.fr\\\/#\\\/schema\\\/logo\\\/image\\\/\",\"url\":\"https:\\\/\\\/www.lyceelafayette.fr\\\/wp-content\\\/uploads\\\/2019\\\/06\\\/llf_logo_alpha.png\",\"contentUrl\":\"https:\\\/\\\/www.lyceelafayette.fr\\\/wp-content\\\/uploads\\\/2019\\\/06\\\/llf_logo_alpha.png\",\"width\":1583,\"height\":792,\"caption\":\"Lyc\u00e9e La Fayette\"},\"image\":{\"@id\":\"https:\\\/\\\/www.lyceelafayette.fr\\\/#\\\/schema\\\/logo\\\/image\\\/\"},\"sameAs\":[\"https:\\\/\\\/www.youtube.com\\\/channel\\\/UC2AOQowoMGBKdY4ToZsf9mw\"]}]}<\/script>\n<!-- \/ Yoast SEO plugin. -->","yoast_head_json":{"title":"Le mot du Proviseur - Lyc\u00e9e La Fayette","robots":{"index":"index","follow":"follow","max-snippet":"max-snippet:-1","max-image-preview":"max-image-preview:large","max-video-preview":"max-video-preview:-1"},"canonical":"https:\/\/www.lyceelafayette.fr\/index.php\/accueil\/le-mot-du-proviseur\/","og_locale":"fr_FR","og_type":"article","og_title":"Le mot du Proviseur - Lyc\u00e9e La Fayette","og_description":"De l\u2019histoire au pr\u00e9sent, Depuis maintenant un si\u00e8cle, plus exactement 1919, le lyc\u00e9e La Fayette est un haut lieu de la formation dans les m\u00e9tiers de la production. L&rsquo;\u00e9tablissement, depuis sa cr\u00e9ation, perp\u00e9tue sa tradition de former avec succ\u00e8s le personnel hautement qualifi\u00e9 dont l&rsquo;industrie aura toujours le plus grand... lire la suite","og_url":"https:\/\/www.lyceelafayette.fr\/index.php\/accueil\/le-mot-du-proviseur\/","og_site_name":"Lyc\u00e9e La Fayette","article_modified_time":"2019-04-23T12:42:20+00:00","twitter_card":"summary_large_image","schema":{"@context":"https:\/\/schema.org","@graph":[{"@type":"WebPage","@id":"https:\/\/www.lyceelafayette.fr\/index.php\/accueil\/le-mot-du-proviseur\/","url":"https:\/\/www.lyceelafayette.fr\/index.php\/accueil\/le-mot-du-proviseur\/","name":"Le mot du Proviseur - Lyc\u00e9e La Fayette","isPartOf":{"@id":"https:\/\/www.lyceelafayette.fr\/#website"},"datePublished":"2018-12-19T08:06:41+00:00","dateModified":"2019-04-23T12:42:20+00:00","breadcrumb":{"@id":"https:\/\/www.lyceelafayette.fr\/index.php\/accueil\/le-mot-du-proviseur\/#breadcrumb"},"inLanguage":"fr-FR","potentialAction":[{"@type":"ReadAction","target":["https:\/\/www.lyceelafayette.fr\/index.php\/accueil\/le-mot-du-proviseur\/"]}]},{"@type":"BreadcrumbList","@id":"https:\/\/www.lyceelafayette.fr\/index.php\/accueil\/le-mot-du-proviseur\/#breadcrumb","itemListElement":[{"@type":"ListItem","position":1,"name":"Accueil","item":"https:\/\/www.lyceelafayette.fr\/"},{"@type":"ListItem","position":2,"name":"Un peu d\u2019histoire locale \u2026","item":"https:\/\/www.lyceelafayette.fr\/index.php\/accueil\/"},{"@type":"ListItem","position":3,"name":"Le mot du Proviseur"}]},{"@type":"WebSite","@id":"https:\/\/www.lyceelafayette.fr\/#website","url":"https:\/\/www.lyceelafayette.fr\/","name":"Lyc\u00e9e La Fayette","description":"","publisher":{"@id":"https:\/\/www.lyceelafayette.fr\/#organization"},"potentialAction":[{"@type":"SearchAction","target":{"@type":"EntryPoint","urlTemplate":"https:\/\/www.lyceelafayette.fr\/?s={search_term_string}"},"query-input":{"@type":"PropertyValueSpecification","valueRequired":true,"valueName":"search_term_string"}}],"inLanguage":"fr-FR"},{"@type":"Organization","@id":"https:\/\/www.lyceelafayette.fr\/#organization","name":"Lyc\u00e9e La Fayette","url":"https:\/\/www.lyceelafayette.fr\/","logo":{"@type":"ImageObject","inLanguage":"fr-FR","@id":"https:\/\/www.lyceelafayette.fr\/#\/schema\/logo\/image\/","url":"https:\/\/www.lyceelafayette.fr\/wp-content\/uploads\/2019\/06\/llf_logo_alpha.png","contentUrl":"https:\/\/www.lyceelafayette.fr\/wp-content\/uploads\/2019\/06\/llf_logo_alpha.png","width":1583,"height":792,"caption":"Lyc\u00e9e La Fayette"},"image":{"@id":"https:\/\/www.lyceelafayette.fr\/#\/schema\/logo\/image\/"},"sameAs":["https:\/\/www.youtube.com\/channel\/UC2AOQowoMGBKdY4ToZsf9mw"]}]}},"_links":{"self":[{"href":"https:\/\/www.lyceelafayette.fr\/index.php\/wp-json\/wp\/v2\/pages\/22","targetHints":{"allow":["GET"]}}],"collection":[{"href":"https:\/\/www.lyceelafayette.fr\/index.php\/wp-json\/wp\/v2\/pages"}],"about":[{"href":"https:\/\/www.lyceelafayette.fr\/index.php\/wp-json\/wp\/v2\/types\/page"}],"author":[{"embeddable":true,"href":"https:\/\/www.lyceelafayette.fr\/index.php\/wp-json\/wp\/v2\/users\/1"}],"replies":[{"embeddable":true,"href":"https:\/\/www.lyceelafayette.fr\/index.php\/wp-json\/wp\/v2\/comments?post=22"}],"version-history":[{"count":5,"href":"https:\/\/www.lyceelafayette.fr\/index.php\/wp-json\/wp\/v2\/pages\/22\/revisions"}],"predecessor-version":[{"id":1883,"href":"https:\/\/www.lyceelafayette.fr\/index.php\/wp-json\/wp\/v2\/pages\/22\/revisions\/1883"}],"up":[{"embeddable":true,"href":"https:\/\/www.lyceelafayette.fr\/index.php\/wp-json\/wp\/v2\/pages\/269"}],"wp:attachment":[{"href":"https:\/\/www.lyceelafayette.fr\/index.php\/wp-json\/wp\/v2\/media?parent=22"}],"curies":[{"name":"wp","href":"https:\/\/api.w.org\/{rel}","templated":true}]}}