{"id":216,"date":"2019-01-07T18:59:13","date_gmt":"2019-01-07T17:59:13","guid":{"rendered":"http:\/\/www.lyceelafayette.fr\/?page_id=216"},"modified":"2026-04-16T15:14:40","modified_gmt":"2026-04-16T13:14:40","slug":"le-personnel-administratif-et-vie-scolaire","status":"publish","type":"page","link":"https:\/\/www.lyceelafayette.fr\/index.php\/accueil\/la-communautee-eduvcative\/le-personnel-administratif-et-vie-scolaire\/","title":{"rendered":"Le personnel administratif et vie scolaire"},"content":{"rendered":"\n<hr>\n\n\n\n<h2 class=\"wp-block-heading\">Administration g\u00e9n\u00e9rale<\/h2>\n\n\n\n<figure class=\"wp-block-table is-style-stripes\"><table class=\"has-fixed-layout\"><tbody><tr><td>Proviseure<\/td><td>Mme B\u00c9NARD<\/td><\/tr><tr><td>Proviseure Adjointe<\/td><td>Mme BARRIER<\/td><\/tr><tr><td>Proviseure Adjointe<\/td><td>Mme BONNET<\/td><\/tr><tr><td>Secr\u00e9tariat de direction<\/td><td>Mme ROMIEN<\/td><\/tr><tr><td>Secr\u00e9taire g\u00e9n\u00e9ral<\/td><td>M. DURIEU<\/td><\/tr><tr><td>Intendance<\/td><td>Mme RESSAOUI<\/td><\/tr><tr><td>Assistante sociale<\/td><td>poste vacant<br><br>Mardi : Site de Champagne-sur-Seine<br>Jeudi : Site de Fontaineroux<\/td><\/tr><\/tbody><\/table><\/figure>\n\n\n\n<hr>\n\n\n\n<h2 class=\"wp-block-heading\">Site de Champagne-Sur-Seine<\/h2>\n\n\n\n<figure class=\"wp-block-table is-style-stripes\"><table class=\"has-fixed-layout\"><tbody><tr><td>Secr\u00e9tariat \u00e9l\u00e8ves, bourses<\/td><td>M. IFRAH<\/td><\/tr><tr><td>Directeur d\u00e9l\u00e9gu\u00e9 aux formations professionnelles et techniques<\/td><td>M. MINOT FOUQUET<\/td><\/tr><tr><td>Bureau des entreprises<\/td><td>Mme TAHRI<\/td><\/tr><tr><td>Accueil<\/td><td>Mme PIGETTE<br><br>Mme PRINC\u00c9<\/td><\/tr><tr><td>CPE<\/td><td>Mme HANOUTi<br><br>M. MENDY<\/td><\/tr><tr><td>Professeure documentaliste<\/td><td>Mme CHICANNE<\/td><\/tr><tr><td>Infirmi\u00e8re<\/td><td>Mme TOURNIAIRE<\/td><\/tr><tr><td>Psy EN<br>Conseil en orientation<\/td><td>Mme COLIN<br><br>Permanence le MARDI<br>Rendez-vous \u00e0 prendre au CDI ou en vie scolaire<\/td><\/tr><\/tbody><\/table><\/figure>\n\n\n\n<hr>\n\n\n\n<h2 class=\"wp-block-heading\">Site de Fontaineroux<\/h2>\n\n\n\n<figure class=\"wp-block-table is-style-stripes\"><table class=\"has-fixed-layout\"><tbody><tr><td>Secr\u00e9tariat \u00e9l\u00e8ves, bourses<\/td><td>Mme FAUSSOT<\/td><\/tr><tr><td>Directeur d\u00e9l\u00e9gu\u00e9 aux formations professionnelles et technologiques<span data-mce-type=\"bookmark\" id=\"mce_1_start\" data-mce-style=\"overflow:hidden;line-height:0px\" style=\"overflow:hidden;line-height:0px\"><\/span><\/td><td>Mme DJELAILI<\/td><\/tr><tr><td>Accueil<\/td><td>Mme LENGLIN<br><\/td><\/tr><tr><td>CPE<\/td><td>Mme<br><br>Mme<\/td><\/tr><tr><td>Professeure documentaliste<\/td><td>Mme LEGOUEIX<\/td><\/tr><tr><td>Infirmi\u00e8re<\/td><td>Mme <br><br>pr\u00e9sente tous les jours sauf le mercredi.<\/td><\/tr><tr><td>Psy EN<br>Conseil en orientation<\/td><td>Mme COLIN<br><br>Permanence le JEUDI apr\u00e8s-midi<br>Rendez-vous \u00e0 prendre en vie scolaire<\/td><\/tr><\/tbody><\/table><\/figure>\n\n\n\n<hr>\n\n\n\n<p><\/p>\n","protected":false},"excerpt":{"rendered":"<p>Administration g\u00e9n\u00e9rale Proviseure Mme B\u00c9NARD Proviseure Adjointe Mme BARRIER Proviseure Adjointe Mme BONNET Secr\u00e9tariat de direction Mme ROMIEN Secr\u00e9taire g\u00e9n\u00e9ral M. DURIEU Intendance Mme RESSAOUI Assistante sociale poste vacant Mardi : Site de Champagne-sur-SeineJeudi : Site de Fontaineroux Site de Champagne-Sur-Seine Secr\u00e9tariat \u00e9l\u00e8ves, bourses M. IFRAH Directeur d\u00e9l\u00e9gu\u00e9 aux formations&#8230; <a class=\"continue-reading-link\" href=\"https:\/\/www.lyceelafayette.fr\/index.php\/accueil\/la-communautee-eduvcative\/le-personnel-administratif-et-vie-scolaire\/\">lire la suite<\/a><\/p>\n","protected":false},"author":1,"featured_media":0,"parent":67,"menu_order":0,"comment_status":"closed","ping_status":"closed","template":"","meta":{"footnotes":""},"class_list":["post-216","page","type-page","status-publish","hentry"],"yoast_head":"<!-- This site is optimized with the Yoast SEO plugin v27.5 - https:\/\/yoast.com\/product\/yoast-seo-wordpress\/ -->\n<title>Le personnel administratif et vie scolaire - Lyc\u00e9e La Fayette<\/title>\n<meta name=\"robots\" content=\"index, follow, max-snippet:-1, max-image-preview:large, max-video-preview:-1\" \/>\n<link rel=\"canonical\" href=\"https:\/\/www.lyceelafayette.fr\/index.php\/accueil\/la-communautee-eduvcative\/le-personnel-administratif-et-vie-scolaire\/\" \/>\n<meta property=\"og:locale\" content=\"fr_FR\" \/>\n<meta property=\"og:type\" content=\"article\" \/>\n<meta property=\"og:title\" content=\"Le personnel administratif et vie scolaire - Lyc\u00e9e La Fayette\" \/>\n<meta property=\"og:description\" content=\"Administration g\u00e9n\u00e9rale Proviseure Mme B\u00c9NARD Proviseure Adjointe Mme BARRIER Proviseure Adjointe Mme BONNET Secr\u00e9tariat de direction Mme ROMIEN Secr\u00e9taire g\u00e9n\u00e9ral M. DURIEU Intendance Mme RESSAOUI Assistante sociale poste vacant Mardi : Site de Champagne-sur-SeineJeudi : Site de Fontaineroux Site de Champagne-Sur-Seine Secr\u00e9tariat \u00e9l\u00e8ves, bourses M. IFRAH Directeur d\u00e9l\u00e9gu\u00e9 aux formations... lire la suite\" \/>\n<meta property=\"og:url\" content=\"https:\/\/www.lyceelafayette.fr\/index.php\/accueil\/la-communautee-eduvcative\/le-personnel-administratif-et-vie-scolaire\/\" \/>\n<meta property=\"og:site_name\" content=\"Lyc\u00e9e La Fayette\" \/>\n<meta property=\"article:modified_time\" content=\"2026-04-16T13:14:40+00:00\" \/>\n<meta name=\"twitter:card\" content=\"summary_large_image\" \/>\n<meta name=\"twitter:label1\" content=\"Dur\u00e9e de lecture estim\u00e9e\" \/>\n\t<meta name=\"twitter:data1\" content=\"1 minute\" \/>\n<script type=\"application\/ld+json\" class=\"yoast-schema-graph\">{\"@context\":\"https:\\\/\\\/schema.org\",\"@graph\":[{\"@type\":\"WebPage\",\"@id\":\"https:\\\/\\\/www.lyceelafayette.fr\\\/index.php\\\/accueil\\\/la-communautee-eduvcative\\\/le-personnel-administratif-et-vie-scolaire\\\/\",\"url\":\"https:\\\/\\\/www.lyceelafayette.fr\\\/index.php\\\/accueil\\\/la-communautee-eduvcative\\\/le-personnel-administratif-et-vie-scolaire\\\/\",\"name\":\"Le personnel administratif et vie scolaire - Lyc\u00e9e La Fayette\",\"isPartOf\":{\"@id\":\"https:\\\/\\\/www.lyceelafayette.fr\\\/#website\"},\"datePublished\":\"2019-01-07T17:59:13+00:00\",\"dateModified\":\"2026-04-16T13:14:40+00:00\",\"breadcrumb\":{\"@id\":\"https:\\\/\\\/www.lyceelafayette.fr\\\/index.php\\\/accueil\\\/la-communautee-eduvcative\\\/le-personnel-administratif-et-vie-scolaire\\\/#breadcrumb\"},\"inLanguage\":\"fr-FR\",\"potentialAction\":[{\"@type\":\"ReadAction\",\"target\":[\"https:\\\/\\\/www.lyceelafayette.fr\\\/index.php\\\/accueil\\\/la-communautee-eduvcative\\\/le-personnel-administratif-et-vie-scolaire\\\/\"]}]},{\"@type\":\"BreadcrumbList\",\"@id\":\"https:\\\/\\\/www.lyceelafayette.fr\\\/index.php\\\/accueil\\\/la-communautee-eduvcative\\\/le-personnel-administratif-et-vie-scolaire\\\/#breadcrumb\",\"itemListElement\":[{\"@type\":\"ListItem\",\"position\":1,\"name\":\"Accueil\",\"item\":\"https:\\\/\\\/www.lyceelafayette.fr\\\/\"},{\"@type\":\"ListItem\",\"position\":2,\"name\":\"Un peu d\u2019histoire locale \u2026\",\"item\":\"https:\\\/\\\/www.lyceelafayette.fr\\\/index.php\\\/accueil\\\/\"},{\"@type\":\"ListItem\",\"position\":3,\"name\":\"La communaut\u00e9 \u00e9ducative\",\"item\":\"https:\\\/\\\/www.lyceelafayette.fr\\\/index.php\\\/accueil\\\/la-communautee-eduvcative\\\/\"},{\"@type\":\"ListItem\",\"position\":4,\"name\":\"Le personnel administratif et vie scolaire\"}]},{\"@type\":\"WebSite\",\"@id\":\"https:\\\/\\\/www.lyceelafayette.fr\\\/#website\",\"url\":\"https:\\\/\\\/www.lyceelafayette.fr\\\/\",\"name\":\"Lyc\u00e9e La Fayette\",\"description\":\"\",\"publisher\":{\"@id\":\"https:\\\/\\\/www.lyceelafayette.fr\\\/#organization\"},\"potentialAction\":[{\"@type\":\"SearchAction\",\"target\":{\"@type\":\"EntryPoint\",\"urlTemplate\":\"https:\\\/\\\/www.lyceelafayette.fr\\\/?s={search_term_string}\"},\"query-input\":{\"@type\":\"PropertyValueSpecification\",\"valueRequired\":true,\"valueName\":\"search_term_string\"}}],\"inLanguage\":\"fr-FR\"},{\"@type\":\"Organization\",\"@id\":\"https:\\\/\\\/www.lyceelafayette.fr\\\/#organization\",\"name\":\"Lyc\u00e9e La Fayette\",\"url\":\"https:\\\/\\\/www.lyceelafayette.fr\\\/\",\"logo\":{\"@type\":\"ImageObject\",\"inLanguage\":\"fr-FR\",\"@id\":\"https:\\\/\\\/www.lyceelafayette.fr\\\/#\\\/schema\\\/logo\\\/image\\\/\",\"url\":\"https:\\\/\\\/www.lyceelafayette.fr\\\/wp-content\\\/uploads\\\/2019\\\/06\\\/llf_logo_alpha.png\",\"contentUrl\":\"https:\\\/\\\/www.lyceelafayette.fr\\\/wp-content\\\/uploads\\\/2019\\\/06\\\/llf_logo_alpha.png\",\"width\":1583,\"height\":792,\"caption\":\"Lyc\u00e9e La Fayette\"},\"image\":{\"@id\":\"https:\\\/\\\/www.lyceelafayette.fr\\\/#\\\/schema\\\/logo\\\/image\\\/\"},\"sameAs\":[\"https:\\\/\\\/www.youtube.com\\\/channel\\\/UC2AOQowoMGBKdY4ToZsf9mw\"]}]}<\/script>\n<!-- \/ Yoast SEO plugin. -->","yoast_head_json":{"title":"Le personnel administratif et vie scolaire - Lyc\u00e9e La Fayette","robots":{"index":"index","follow":"follow","max-snippet":"max-snippet:-1","max-image-preview":"max-image-preview:large","max-video-preview":"max-video-preview:-1"},"canonical":"https:\/\/www.lyceelafayette.fr\/index.php\/accueil\/la-communautee-eduvcative\/le-personnel-administratif-et-vie-scolaire\/","og_locale":"fr_FR","og_type":"article","og_title":"Le personnel administratif et vie scolaire - Lyc\u00e9e La Fayette","og_description":"Administration g\u00e9n\u00e9rale Proviseure Mme B\u00c9NARD Proviseure Adjointe Mme BARRIER Proviseure Adjointe Mme BONNET Secr\u00e9tariat de direction Mme ROMIEN Secr\u00e9taire g\u00e9n\u00e9ral M. DURIEU Intendance Mme RESSAOUI Assistante sociale poste vacant Mardi : Site de Champagne-sur-SeineJeudi : Site de Fontaineroux Site de Champagne-Sur-Seine Secr\u00e9tariat \u00e9l\u00e8ves, bourses M. IFRAH Directeur d\u00e9l\u00e9gu\u00e9 aux formations... lire la suite","og_url":"https:\/\/www.lyceelafayette.fr\/index.php\/accueil\/la-communautee-eduvcative\/le-personnel-administratif-et-vie-scolaire\/","og_site_name":"Lyc\u00e9e La Fayette","article_modified_time":"2026-04-16T13:14:40+00:00","twitter_card":"summary_large_image","twitter_misc":{"Dur\u00e9e de lecture estim\u00e9e":"1 minute"},"schema":{"@context":"https:\/\/schema.org","@graph":[{"@type":"WebPage","@id":"https:\/\/www.lyceelafayette.fr\/index.php\/accueil\/la-communautee-eduvcative\/le-personnel-administratif-et-vie-scolaire\/","url":"https:\/\/www.lyceelafayette.fr\/index.php\/accueil\/la-communautee-eduvcative\/le-personnel-administratif-et-vie-scolaire\/","name":"Le personnel administratif et vie scolaire - Lyc\u00e9e La Fayette","isPartOf":{"@id":"https:\/\/www.lyceelafayette.fr\/#website"},"datePublished":"2019-01-07T17:59:13+00:00","dateModified":"2026-04-16T13:14:40+00:00","breadcrumb":{"@id":"https:\/\/www.lyceelafayette.fr\/index.php\/accueil\/la-communautee-eduvcative\/le-personnel-administratif-et-vie-scolaire\/#breadcrumb"},"inLanguage":"fr-FR","potentialAction":[{"@type":"ReadAction","target":["https:\/\/www.lyceelafayette.fr\/index.php\/accueil\/la-communautee-eduvcative\/le-personnel-administratif-et-vie-scolaire\/"]}]},{"@type":"BreadcrumbList","@id":"https:\/\/www.lyceelafayette.fr\/index.php\/accueil\/la-communautee-eduvcative\/le-personnel-administratif-et-vie-scolaire\/#breadcrumb","itemListElement":[{"@type":"ListItem","position":1,"name":"Accueil","item":"https:\/\/www.lyceelafayette.fr\/"},{"@type":"ListItem","position":2,"name":"Un peu d\u2019histoire locale \u2026","item":"https:\/\/www.lyceelafayette.fr\/index.php\/accueil\/"},{"@type":"ListItem","position":3,"name":"La communaut\u00e9 \u00e9ducative","item":"https:\/\/www.lyceelafayette.fr\/index.php\/accueil\/la-communautee-eduvcative\/"},{"@type":"ListItem","position":4,"name":"Le personnel administratif et vie scolaire"}]},{"@type":"WebSite","@id":"https:\/\/www.lyceelafayette.fr\/#website","url":"https:\/\/www.lyceelafayette.fr\/","name":"Lyc\u00e9e La Fayette","description":"","publisher":{"@id":"https:\/\/www.lyceelafayette.fr\/#organization"},"potentialAction":[{"@type":"SearchAction","target":{"@type":"EntryPoint","urlTemplate":"https:\/\/www.lyceelafayette.fr\/?s={search_term_string}"},"query-input":{"@type":"PropertyValueSpecification","valueRequired":true,"valueName":"search_term_string"}}],"inLanguage":"fr-FR"},{"@type":"Organization","@id":"https:\/\/www.lyceelafayette.fr\/#organization","name":"Lyc\u00e9e La Fayette","url":"https:\/\/www.lyceelafayette.fr\/","logo":{"@type":"ImageObject","inLanguage":"fr-FR","@id":"https:\/\/www.lyceelafayette.fr\/#\/schema\/logo\/image\/","url":"https:\/\/www.lyceelafayette.fr\/wp-content\/uploads\/2019\/06\/llf_logo_alpha.png","contentUrl":"https:\/\/www.lyceelafayette.fr\/wp-content\/uploads\/2019\/06\/llf_logo_alpha.png","width":1583,"height":792,"caption":"Lyc\u00e9e La Fayette"},"image":{"@id":"https:\/\/www.lyceelafayette.fr\/#\/schema\/logo\/image\/"},"sameAs":["https:\/\/www.youtube.com\/channel\/UC2AOQowoMGBKdY4ToZsf9mw"]}]}},"_links":{"self":[{"href":"https:\/\/www.lyceelafayette.fr\/index.php\/wp-json\/wp\/v2\/pages\/216","targetHints":{"allow":["GET"]}}],"collection":[{"href":"https:\/\/www.lyceelafayette.fr\/index.php\/wp-json\/wp\/v2\/pages"}],"about":[{"href":"https:\/\/www.lyceelafayette.fr\/index.php\/wp-json\/wp\/v2\/types\/page"}],"author":[{"embeddable":true,"href":"https:\/\/www.lyceelafayette.fr\/index.php\/wp-json\/wp\/v2\/users\/1"}],"replies":[{"embeddable":true,"href":"https:\/\/www.lyceelafayette.fr\/index.php\/wp-json\/wp\/v2\/comments?post=216"}],"version-history":[{"count":54,"href":"https:\/\/www.lyceelafayette.fr\/index.php\/wp-json\/wp\/v2\/pages\/216\/revisions"}],"predecessor-version":[{"id":7475,"href":"https:\/\/www.lyceelafayette.fr\/index.php\/wp-json\/wp\/v2\/pages\/216\/revisions\/7475"}],"up":[{"embeddable":true,"href":"https:\/\/www.lyceelafayette.fr\/index.php\/wp-json\/wp\/v2\/pages\/67"}],"wp:attachment":[{"href":"https:\/\/www.lyceelafayette.fr\/index.php\/wp-json\/wp\/v2\/media?parent=216"}],"curies":[{"name":"wp","href":"https:\/\/api.w.org\/{rel}","templated":true}]}}