{"id":169,"date":"2019-01-07T15:51:45","date_gmt":"2019-01-07T14:51:45","guid":{"rendered":"http:\/\/www.lyceelafayette.fr\/?page_id=169"},"modified":"2026-01-20T14:15:30","modified_gmt":"2026-01-20T13:15:30","slug":"eleves","status":"publish","type":"page","link":"https:\/\/www.lyceelafayette.fr\/index.php\/eleves\/","title":{"rendered":"&Eacute;l\u00e8ves"},"content":{"rendered":"\n<hr>\n\n\n\n<div class=\"wp-block-columns has-2-columns is-layout-flex wp-container-core-columns-is-layout-9d6595d7 wp-block-columns-is-layout-flex\">\n<div class=\"wp-block-column is-layout-flow wp-block-column-is-layout-flow\">\n<figure class=\"wp-block-image size-large is-resized\"><a href=\"https:\/\/0770920g.index-education.net\/pronote\/eleve.html\"><img loading=\"lazy\" decoding=\"async\" width=\"354\" height=\"142\" src=\"https:\/\/www.lyceelafayette.fr\/wp-content\/uploads\/2020\/01\/Pronote-1.jpg\" alt=\"\" class=\"wp-image-2335\" style=\"width:177px;height:71px\" srcset=\"https:\/\/www.lyceelafayette.fr\/wp-content\/uploads\/2020\/01\/Pronote-1.jpg 354w, https:\/\/www.lyceelafayette.fr\/wp-content\/uploads\/2020\/01\/Pronote-1-300x120.jpg 300w, https:\/\/www.lyceelafayette.fr\/wp-content\/uploads\/2020\/01\/Pronote-1-150x60.jpg 150w\" sizes=\"auto, (max-width: 354px) 100vw, 354px\" \/><\/a><\/figure>\n<\/div>\n\n\n\n<div class=\"wp-block-column is-layout-flow wp-block-column-is-layout-flow\">\n<a href=\"https:\/\/0770920g.index-education.net\/pronote\/eleve.html\"><h4 id=\"mce_3\">Application PRONOTE<\/h4><\/a>\n\n\n\n<p>Consultation du cahier de texte, des carnets de note et des bulletins<\/p>\n<\/div>\n<\/div>\n\n\n\n<hr>\n\n\n\n<div class=\"wp-block-columns has-2-columns is-layout-flex wp-container-core-columns-is-layout-9d6595d7 wp-block-columns-is-layout-flex\">\n<div class=\"wp-block-column is-layout-flow wp-block-column-is-layout-flow\">\n<figure class=\"wp-block-image size-full is-resized\"><a href=\"https:\/\/www.lyceelafayette.fr\/index.php\/unowhy-y13\/\"><img loading=\"lazy\" decoding=\"async\" width=\"547\" height=\"365\" src=\"https:\/\/www.lyceelafayette.fr\/wp-content\/uploads\/2024\/12\/y13_front_closed.png\" alt=\"\" class=\"wp-image-6916\" style=\"width:217px;height:144px\"\/><\/a><\/figure>\n\n\n\n<p><\/p>\n<\/div>\n\n\n\n<div class=\"wp-block-column is-layout-flow wp-block-column-is-layout-flow\">\n<h4 class=\"wp-block-heading\"><a href=\"https:\/\/www.lyceelafayette.fr\/index.php\/unowhy-y13\/\">Unowhy Y13<\/a><\/h4>\n\n\n\n<p>Vous trouverez ici les diff\u00e9rentes proc\u00e9dures pour prendre en main l&rsquo;ordinateur fourni par la r\u00e9gion Ile de France.<\/p>\n<\/div>\n<\/div>\n\n\n\n<hr>\n\n\n\n<div class=\"wp-block-columns has-2-columns is-layout-flex wp-container-core-columns-is-layout-9d6595d7 wp-block-columns-is-layout-flex\">\n<div class=\"wp-block-column is-layout-flow wp-block-column-is-layout-flow\">\n<figure class=\"wp-block-image size-large is-resized\"><a href=\"https:\/\/extranet.lyceelafayette.fr:8443\/Filemanager\/\"><img loading=\"lazy\" decoding=\"async\" width=\"914\" height=\"610\" src=\"https:\/\/www.lyceelafayette.fr\/wp-content\/uploads\/2020\/04\/FileManager.png\" alt=\"File Manager\" class=\"wp-image-2424\" style=\"width:217px;height:144px\" srcset=\"https:\/\/www.lyceelafayette.fr\/wp-content\/uploads\/2020\/04\/FileManager.png 914w, https:\/\/www.lyceelafayette.fr\/wp-content\/uploads\/2020\/04\/FileManager-300x200.png 300w, https:\/\/www.lyceelafayette.fr\/wp-content\/uploads\/2020\/04\/FileManager-768x513.png 768w, https:\/\/www.lyceelafayette.fr\/wp-content\/uploads\/2020\/04\/FileManager-150x100.png 150w, https:\/\/www.lyceelafayette.fr\/wp-content\/uploads\/2020\/04\/FileManager-272x182.png 272w\" sizes=\"auto, (max-width: 914px) 100vw, 914px\" \/><\/a><\/figure>\n\n\n\n<p><\/p>\n<\/div>\n\n\n\n<div class=\"wp-block-column is-layout-flow wp-block-column-is-layout-flow\">\n<h4><a href=\"https:\/\/extranet.lyceelafayette.fr:8443\/Filemanager\/\">Acc\u00e8s aux fichiers<\/a><\/h4>\n\n\n\n<p>Acc\u00e8s aux contenus des r\u00e9pertoires \u00ab\u00a0Mes Documents\u00a0\u00bb, \u00ab\u00a0Zone des \u00e9nonc\u00e9s\u00a0\u00bb et \u00ab\u00a0Zone de d\u00e9pose des travaux\u00a0\u00bb du lyc\u00e9e. L\u2019identifiant et le mot de passe sont ceux qui sont utilis\u00e9s pour ouvrir une session sur les ordinateurs du lyc\u00e9e.<\/p>\n<\/div>\n<\/div>\n\n\n\n<hr>\n\n\n\n<div class=\"wp-block-columns has-2-columns is-layout-flex wp-container-core-columns-is-layout-9d6595d7 wp-block-columns-is-layout-flex\">\n<div class=\"wp-block-column is-layout-flow wp-block-column-is-layout-flow\">\n<figure class=\"wp-block-image size-large is-resized\"><a href=\"https:\/\/exacyc.orion.education.fr\/cyccandidat\/portal\/login\"><img loading=\"lazy\" decoding=\"async\" width=\"381\" height=\"133\" src=\"https:\/\/www.lyceelafayette.fr\/wp-content\/uploads\/2020\/01\/cyclade_logo_0770920g.png\" alt=\"\" class=\"wp-image-2339\" style=\"width:191px;height:67px\" srcset=\"https:\/\/www.lyceelafayette.fr\/wp-content\/uploads\/2020\/01\/cyclade_logo_0770920g.png 381w, https:\/\/www.lyceelafayette.fr\/wp-content\/uploads\/2020\/01\/cyclade_logo_0770920g-300x105.png 300w, https:\/\/www.lyceelafayette.fr\/wp-content\/uploads\/2020\/01\/cyclade_logo_0770920g-150x52.png 150w\" sizes=\"auto, (max-width: 381px) 100vw, 381px\" \/><\/a><\/figure>\n<\/div>\n\n\n\n<div class=\"wp-block-column is-layout-flow wp-block-column-is-layout-flow\">\n<a href=\"https:\/\/exacyc.orion.education.fr\/cyccandidat\/portal\/login\ufeff\"><h4>Cyclades<\/h4><\/a>\n\n\n\n<p>Gestion des examens et concours &#8211; Cyclades<\/p>\n<\/div>\n<\/div>\n\n\n\n<hr>\n\n\n\n<div class=\"wp-block-columns has-2-columns is-layout-flex wp-container-core-columns-is-layout-9d6595d7 wp-block-columns-is-layout-flex\">\n<div class=\"wp-block-column is-layout-flow wp-block-column-is-layout-flow\">\n<figure class=\"wp-block-image size-large\"><a href=\"https:\/\/www.cpro-sti.fr\/0770920G\/\"><img loading=\"lazy\" decoding=\"async\" width=\"697\" height=\"267\" src=\"https:\/\/www.lyceelafayette.fr\/wp-content\/uploads\/2019\/12\/logo_collection_cpro_education.png\" alt=\"\" class=\"wp-image-2204\" srcset=\"https:\/\/www.lyceelafayette.fr\/wp-content\/uploads\/2019\/12\/logo_collection_cpro_education.png 697w, https:\/\/www.lyceelafayette.fr\/wp-content\/uploads\/2019\/12\/logo_collection_cpro_education-300x115.png 300w, https:\/\/www.lyceelafayette.fr\/wp-content\/uploads\/2019\/12\/logo_collection_cpro_education-150x57.png 150w\" sizes=\"auto, (max-width: 697px) 100vw, 697px\" \/><\/a><\/figure>\n<\/div>\n\n\n\n<div class=\"wp-block-column is-layout-flow wp-block-column-is-layout-flow\">\n<p><a href=\"https:\/\/www.cpro-education.fr\/0770920G\/\ufeff\"><\/a><\/p>\n\n\n\n<h4 class=\"wp-block-heading\"><a href=\"https:\/\/www.cpro-education.fr\/0770920G\/\">CPRO<\/a><\/h4>\n\n\n\n<p>Cpro \u00e9ducation, suivi et validation de comp\u00e9tences professionnelles du CAP au BTS.<\/p>\n<\/div>\n<\/div>\n\n\n\n<hr>\n\n\n\n<div class=\"wp-block-columns has-2-columns is-layout-flex wp-container-core-columns-is-layout-9d6595d7 wp-block-columns-is-layout-flex\">\n<div class=\"wp-block-column is-layout-flow wp-block-column-is-layout-flow\">\n<figure class=\"wp-block-image is-resized\"><a href=\"http:\/\/0770920g.esidoc.fr\ufeff\"><img loading=\"lazy\" decoding=\"async\" width=\"302\" height=\"167\" src=\"https:\/\/www.lyceelafayette.fr\/wp-content\/uploads\/2019\/01\/e-sidoc.png\" alt=\"Consultation du CDI en ligne\" class=\"wp-image-183\" style=\"width:227px;height:125px\"\/><\/a><\/figure>\n<\/div>\n\n\n\n<div class=\"wp-block-column is-layout-flow wp-block-column-is-layout-flow\">\n<a href=\"http:\/\/0770920g.esidoc.fr\ufeff\"><h4>CDI<\/h4><\/a>\n\n\n\n<p>Les ressources du CDI sont consultables par tous sur internet<\/p>\n<\/div>\n<\/div>\n\n\n\n<hr>\n\n\n\n<div class=\"wp-block-columns is-layout-flex wp-container-core-columns-is-layout-9d6595d7 wp-block-columns-is-layout-flex\"><\/div>\n","protected":false},"excerpt":{"rendered":"<p>Application PRONOTE Consultation du cahier de texte, des carnets de note et des bulletins Unowhy Y13 Vous trouverez ici les diff\u00e9rentes proc\u00e9dures pour prendre en main l&rsquo;ordinateur fourni par la r\u00e9gion Ile de France. Acc\u00e8s aux fichiers Acc\u00e8s aux contenus des r\u00e9pertoires \u00ab\u00a0Mes Documents\u00a0\u00bb, \u00ab\u00a0Zone des \u00e9nonc\u00e9s\u00a0\u00bb et \u00ab\u00a0Zone de&#8230; <a class=\"continue-reading-link\" href=\"https:\/\/www.lyceelafayette.fr\/index.php\/eleves\/\">lire la suite<\/a><\/p>\n","protected":false},"author":1,"featured_media":0,"parent":0,"menu_order":0,"comment_status":"closed","ping_status":"closed","template":"","meta":{"footnotes":""},"class_list":["post-169","page","type-page","status-publish","hentry"],"yoast_head":"<!-- This site is optimized with the Yoast SEO plugin v27.5 - https:\/\/yoast.com\/product\/yoast-seo-wordpress\/ -->\n<title>&Eacute;l\u00e8ves - Lyc\u00e9e La Fayette<\/title>\n<meta name=\"robots\" content=\"index, follow, max-snippet:-1, max-image-preview:large, max-video-preview:-1\" \/>\n<link rel=\"canonical\" href=\"https:\/\/www.lyceelafayette.fr\/index.php\/eleves\/\" \/>\n<meta property=\"og:locale\" content=\"fr_FR\" \/>\n<meta property=\"og:type\" content=\"article\" \/>\n<meta property=\"og:title\" content=\"&Eacute;l\u00e8ves - Lyc\u00e9e La Fayette\" \/>\n<meta property=\"og:description\" content=\"Application PRONOTE Consultation du cahier de texte, des carnets de note et des bulletins Unowhy Y13 Vous trouverez ici les diff\u00e9rentes proc\u00e9dures pour prendre en main l&rsquo;ordinateur fourni par la r\u00e9gion Ile de France. Acc\u00e8s aux fichiers Acc\u00e8s aux contenus des r\u00e9pertoires \u00ab\u00a0Mes Documents\u00a0\u00bb, \u00ab\u00a0Zone des \u00e9nonc\u00e9s\u00a0\u00bb et \u00ab\u00a0Zone de... lire la suite\" \/>\n<meta property=\"og:url\" content=\"https:\/\/www.lyceelafayette.fr\/index.php\/eleves\/\" \/>\n<meta property=\"og:site_name\" content=\"Lyc\u00e9e La Fayette\" \/>\n<meta property=\"article:modified_time\" content=\"2026-01-20T13:15:30+00:00\" \/>\n<meta property=\"og:image\" content=\"https:\/\/www.lyceelafayette.fr\/wp-content\/uploads\/2020\/01\/Pronote-1.jpg\" \/>\n\t<meta property=\"og:image:width\" content=\"354\" \/>\n\t<meta property=\"og:image:height\" content=\"142\" \/>\n\t<meta property=\"og:image:type\" content=\"image\/jpeg\" \/>\n<meta name=\"twitter:card\" content=\"summary_large_image\" \/>\n<meta name=\"twitter:label1\" content=\"Dur\u00e9e de lecture estim\u00e9e\" \/>\n\t<meta name=\"twitter:data1\" content=\"2 minutes\" \/>\n<script type=\"application\/ld+json\" class=\"yoast-schema-graph\">{\"@context\":\"https:\\\/\\\/schema.org\",\"@graph\":[{\"@type\":\"WebPage\",\"@id\":\"https:\\\/\\\/www.lyceelafayette.fr\\\/index.php\\\/eleves\\\/\",\"url\":\"https:\\\/\\\/www.lyceelafayette.fr\\\/index.php\\\/eleves\\\/\",\"name\":\"&Eacute;l\u00e8ves - Lyc\u00e9e La Fayette\",\"isPartOf\":{\"@id\":\"https:\\\/\\\/www.lyceelafayette.fr\\\/#website\"},\"primaryImageOfPage\":{\"@id\":\"https:\\\/\\\/www.lyceelafayette.fr\\\/index.php\\\/eleves\\\/#primaryimage\"},\"image\":{\"@id\":\"https:\\\/\\\/www.lyceelafayette.fr\\\/index.php\\\/eleves\\\/#primaryimage\"},\"thumbnailUrl\":\"https:\\\/\\\/www.lyceelafayette.fr\\\/wp-content\\\/uploads\\\/2020\\\/01\\\/Pronote-1.jpg\",\"datePublished\":\"2019-01-07T14:51:45+00:00\",\"dateModified\":\"2026-01-20T13:15:30+00:00\",\"breadcrumb\":{\"@id\":\"https:\\\/\\\/www.lyceelafayette.fr\\\/index.php\\\/eleves\\\/#breadcrumb\"},\"inLanguage\":\"fr-FR\",\"potentialAction\":[{\"@type\":\"ReadAction\",\"target\":[\"https:\\\/\\\/www.lyceelafayette.fr\\\/index.php\\\/eleves\\\/\"]}]},{\"@type\":\"ImageObject\",\"inLanguage\":\"fr-FR\",\"@id\":\"https:\\\/\\\/www.lyceelafayette.fr\\\/index.php\\\/eleves\\\/#primaryimage\",\"url\":\"https:\\\/\\\/www.lyceelafayette.fr\\\/wp-content\\\/uploads\\\/2020\\\/01\\\/Pronote-1.jpg\",\"contentUrl\":\"https:\\\/\\\/www.lyceelafayette.fr\\\/wp-content\\\/uploads\\\/2020\\\/01\\\/Pronote-1.jpg\",\"width\":354,\"height\":142},{\"@type\":\"BreadcrumbList\",\"@id\":\"https:\\\/\\\/www.lyceelafayette.fr\\\/index.php\\\/eleves\\\/#breadcrumb\",\"itemListElement\":[{\"@type\":\"ListItem\",\"position\":1,\"name\":\"Accueil\",\"item\":\"https:\\\/\\\/www.lyceelafayette.fr\\\/\"},{\"@type\":\"ListItem\",\"position\":2,\"name\":\"&Eacute;l\u00e8ves\"}]},{\"@type\":\"WebSite\",\"@id\":\"https:\\\/\\\/www.lyceelafayette.fr\\\/#website\",\"url\":\"https:\\\/\\\/www.lyceelafayette.fr\\\/\",\"name\":\"Lyc\u00e9e La Fayette\",\"description\":\"\",\"publisher\":{\"@id\":\"https:\\\/\\\/www.lyceelafayette.fr\\\/#organization\"},\"potentialAction\":[{\"@type\":\"SearchAction\",\"target\":{\"@type\":\"EntryPoint\",\"urlTemplate\":\"https:\\\/\\\/www.lyceelafayette.fr\\\/?s={search_term_string}\"},\"query-input\":{\"@type\":\"PropertyValueSpecification\",\"valueRequired\":true,\"valueName\":\"search_term_string\"}}],\"inLanguage\":\"fr-FR\"},{\"@type\":\"Organization\",\"@id\":\"https:\\\/\\\/www.lyceelafayette.fr\\\/#organization\",\"name\":\"Lyc\u00e9e La Fayette\",\"url\":\"https:\\\/\\\/www.lyceelafayette.fr\\\/\",\"logo\":{\"@type\":\"ImageObject\",\"inLanguage\":\"fr-FR\",\"@id\":\"https:\\\/\\\/www.lyceelafayette.fr\\\/#\\\/schema\\\/logo\\\/image\\\/\",\"url\":\"https:\\\/\\\/www.lyceelafayette.fr\\\/wp-content\\\/uploads\\\/2019\\\/06\\\/llf_logo_alpha.png\",\"contentUrl\":\"https:\\\/\\\/www.lyceelafayette.fr\\\/wp-content\\\/uploads\\\/2019\\\/06\\\/llf_logo_alpha.png\",\"width\":1583,\"height\":792,\"caption\":\"Lyc\u00e9e La Fayette\"},\"image\":{\"@id\":\"https:\\\/\\\/www.lyceelafayette.fr\\\/#\\\/schema\\\/logo\\\/image\\\/\"},\"sameAs\":[\"https:\\\/\\\/www.youtube.com\\\/channel\\\/UC2AOQowoMGBKdY4ToZsf9mw\"]}]}<\/script>\n<!-- \/ Yoast SEO plugin. -->","yoast_head_json":{"title":"&Eacute;l\u00e8ves - Lyc\u00e9e La Fayette","robots":{"index":"index","follow":"follow","max-snippet":"max-snippet:-1","max-image-preview":"max-image-preview:large","max-video-preview":"max-video-preview:-1"},"canonical":"https:\/\/www.lyceelafayette.fr\/index.php\/eleves\/","og_locale":"fr_FR","og_type":"article","og_title":"&Eacute;l\u00e8ves - Lyc\u00e9e La Fayette","og_description":"Application PRONOTE Consultation du cahier de texte, des carnets de note et des bulletins Unowhy Y13 Vous trouverez ici les diff\u00e9rentes proc\u00e9dures pour prendre en main l&rsquo;ordinateur fourni par la r\u00e9gion Ile de France. Acc\u00e8s aux fichiers Acc\u00e8s aux contenus des r\u00e9pertoires \u00ab\u00a0Mes Documents\u00a0\u00bb, \u00ab\u00a0Zone des \u00e9nonc\u00e9s\u00a0\u00bb et \u00ab\u00a0Zone de... lire la suite","og_url":"https:\/\/www.lyceelafayette.fr\/index.php\/eleves\/","og_site_name":"Lyc\u00e9e La Fayette","article_modified_time":"2026-01-20T13:15:30+00:00","og_image":[{"width":354,"height":142,"url":"https:\/\/www.lyceelafayette.fr\/wp-content\/uploads\/2020\/01\/Pronote-1.jpg","type":"image\/jpeg"}],"twitter_card":"summary_large_image","twitter_misc":{"Dur\u00e9e de lecture estim\u00e9e":"2 minutes"},"schema":{"@context":"https:\/\/schema.org","@graph":[{"@type":"WebPage","@id":"https:\/\/www.lyceelafayette.fr\/index.php\/eleves\/","url":"https:\/\/www.lyceelafayette.fr\/index.php\/eleves\/","name":"&Eacute;l\u00e8ves - Lyc\u00e9e La Fayette","isPartOf":{"@id":"https:\/\/www.lyceelafayette.fr\/#website"},"primaryImageOfPage":{"@id":"https:\/\/www.lyceelafayette.fr\/index.php\/eleves\/#primaryimage"},"image":{"@id":"https:\/\/www.lyceelafayette.fr\/index.php\/eleves\/#primaryimage"},"thumbnailUrl":"https:\/\/www.lyceelafayette.fr\/wp-content\/uploads\/2020\/01\/Pronote-1.jpg","datePublished":"2019-01-07T14:51:45+00:00","dateModified":"2026-01-20T13:15:30+00:00","breadcrumb":{"@id":"https:\/\/www.lyceelafayette.fr\/index.php\/eleves\/#breadcrumb"},"inLanguage":"fr-FR","potentialAction":[{"@type":"ReadAction","target":["https:\/\/www.lyceelafayette.fr\/index.php\/eleves\/"]}]},{"@type":"ImageObject","inLanguage":"fr-FR","@id":"https:\/\/www.lyceelafayette.fr\/index.php\/eleves\/#primaryimage","url":"https:\/\/www.lyceelafayette.fr\/wp-content\/uploads\/2020\/01\/Pronote-1.jpg","contentUrl":"https:\/\/www.lyceelafayette.fr\/wp-content\/uploads\/2020\/01\/Pronote-1.jpg","width":354,"height":142},{"@type":"BreadcrumbList","@id":"https:\/\/www.lyceelafayette.fr\/index.php\/eleves\/#breadcrumb","itemListElement":[{"@type":"ListItem","position":1,"name":"Accueil","item":"https:\/\/www.lyceelafayette.fr\/"},{"@type":"ListItem","position":2,"name":"&Eacute;l\u00e8ves"}]},{"@type":"WebSite","@id":"https:\/\/www.lyceelafayette.fr\/#website","url":"https:\/\/www.lyceelafayette.fr\/","name":"Lyc\u00e9e La Fayette","description":"","publisher":{"@id":"https:\/\/www.lyceelafayette.fr\/#organization"},"potentialAction":[{"@type":"SearchAction","target":{"@type":"EntryPoint","urlTemplate":"https:\/\/www.lyceelafayette.fr\/?s={search_term_string}"},"query-input":{"@type":"PropertyValueSpecification","valueRequired":true,"valueName":"search_term_string"}}],"inLanguage":"fr-FR"},{"@type":"Organization","@id":"https:\/\/www.lyceelafayette.fr\/#organization","name":"Lyc\u00e9e La Fayette","url":"https:\/\/www.lyceelafayette.fr\/","logo":{"@type":"ImageObject","inLanguage":"fr-FR","@id":"https:\/\/www.lyceelafayette.fr\/#\/schema\/logo\/image\/","url":"https:\/\/www.lyceelafayette.fr\/wp-content\/uploads\/2019\/06\/llf_logo_alpha.png","contentUrl":"https:\/\/www.lyceelafayette.fr\/wp-content\/uploads\/2019\/06\/llf_logo_alpha.png","width":1583,"height":792,"caption":"Lyc\u00e9e La Fayette"},"image":{"@id":"https:\/\/www.lyceelafayette.fr\/#\/schema\/logo\/image\/"},"sameAs":["https:\/\/www.youtube.com\/channel\/UC2AOQowoMGBKdY4ToZsf9mw"]}]}},"_links":{"self":[{"href":"https:\/\/www.lyceelafayette.fr\/index.php\/wp-json\/wp\/v2\/pages\/169","targetHints":{"allow":["GET"]}}],"collection":[{"href":"https:\/\/www.lyceelafayette.fr\/index.php\/wp-json\/wp\/v2\/pages"}],"about":[{"href":"https:\/\/www.lyceelafayette.fr\/index.php\/wp-json\/wp\/v2\/types\/page"}],"author":[{"embeddable":true,"href":"https:\/\/www.lyceelafayette.fr\/index.php\/wp-json\/wp\/v2\/users\/1"}],"replies":[{"embeddable":true,"href":"https:\/\/www.lyceelafayette.fr\/index.php\/wp-json\/wp\/v2\/comments?post=169"}],"version-history":[{"count":43,"href":"https:\/\/www.lyceelafayette.fr\/index.php\/wp-json\/wp\/v2\/pages\/169\/revisions"}],"predecessor-version":[{"id":7359,"href":"https:\/\/www.lyceelafayette.fr\/index.php\/wp-json\/wp\/v2\/pages\/169\/revisions\/7359"}],"wp:attachment":[{"href":"https:\/\/www.lyceelafayette.fr\/index.php\/wp-json\/wp\/v2\/media?parent=169"}],"curies":[{"name":"wp","href":"https:\/\/api.w.org\/{rel}","templated":true}]}}