{"version":"1.0","provider_name":"Lyc\u00e9e La Fayette","provider_url":"https:\/\/www.lyceelafayette.fr","title":"Un avenir professionnel dans le nucl\u00e9aire civil ? - Lyc\u00e9e La Fayette","type":"rich","width":600,"height":338,"html":"<blockquote class=\"wp-embedded-content\" data-secret=\"jpmT47chR8\"><a href=\"https:\/\/www.lyceelafayette.fr\/index.php\/2025\/11\/28\/un-avenir-professionnel-dans-le-nucleaire-civil\/\">Un avenir professionnel dans le nucl\u00e9aire civil ?<\/a><\/blockquote><iframe sandbox=\"allow-scripts\" security=\"restricted\" src=\"https:\/\/www.lyceelafayette.fr\/index.php\/2025\/11\/28\/un-avenir-professionnel-dans-le-nucleaire-civil\/embed\/#?secret=jpmT47chR8\" width=\"600\" height=\"338\" title=\"\u00ab\u00a0Un avenir professionnel dans le nucl\u00e9aire civil ?\u00a0\u00bb &#8212; Lyc\u00e9e La Fayette\" data-secret=\"jpmT47chR8\" frameborder=\"0\" marginwidth=\"0\" marginheight=\"0\" scrolling=\"no\" class=\"wp-embedded-content\"><\/iframe><script type=\"text\/javascript\">\n\/* <![CDATA[ *\/\n\/*! This file is auto-generated *\/\n!function(d,l){\"use strict\";l.querySelector&&d.addEventListener&&\"undefined\"!=typeof URL&&(d.wp=d.wp||{},d.wp.receiveEmbedMessage||(d.wp.receiveEmbedMessage=function(e){var t=e.data;if((t||t.secret||t.message||t.value)&&!\/[^a-zA-Z0-9]\/.test(t.secret)){for(var s,r,n,a=l.querySelectorAll('iframe[data-secret=\"'+t.secret+'\"]'),o=l.querySelectorAll('blockquote[data-secret=\"'+t.secret+'\"]'),c=new RegExp(\"^https?:$\",\"i\"),i=0;i<o.length;i++)o[i].style.display=\"none\";for(i=0;i<a.length;i++)s=a[i],e.source===s.contentWindow&&(s.removeAttribute(\"style\"),\"height\"===t.message?(1e3<(r=parseInt(t.value,10))?r=1e3:~~r<200&&(r=200),s.height=r):\"link\"===t.message&&(r=new URL(s.getAttribute(\"src\")),n=new URL(t.value),c.test(n.protocol))&&n.host===r.host&&l.activeElement===s&&(d.top.location.href=t.value))}},d.addEventListener(\"message\",d.wp.receiveEmbedMessage,!1),l.addEventListener(\"DOMContentLoaded\",function(){for(var e,t,s=l.querySelectorAll(\"iframe.wp-embedded-content\"),r=0;r<s.length;r++)(t=(e=s[r]).getAttribute(\"data-secret\"))||(t=Math.random().toString(36).substring(2,12),e.src+=\"#?secret=\"+t,e.setAttribute(\"data-secret\",t)),e.contentWindow.postMessage({message:\"ready\",secret:t},\"*\")},!1)))}(window,document);\n\/\/# sourceURL=https:\/\/www.lyceelafayette.fr\/wp-includes\/js\/wp-embed.min.js\n\/* ]]> *\/\n<\/script>\n","thumbnail_url":"https:\/\/www.lyceelafayette.fr\/wp-content\/uploads\/2025\/11\/IMG_2336.jpg","thumbnail_width":2000,"thumbnail_height":1500,"description":"Les \u00e9tudiants de 1re et 2e ann\u00e9e de BTS \u00c9lectrotechnique ont particip\u00e9, ce mercredi 5 novembre 2025, au World Nuclear Exhibition (WNE), le salon mondial d\u00e9di\u00e9 au nucl\u00e9aire civil.Accueillis par des membres du GIFEN et par Philippe Poubeau, repr\u00e9sentant de l\u2019Universit\u00e9 des M\u00e9tiers du Nucl\u00e9aire, ils ont d\u00e9couvert une fili\u00e8re... lire la suite"}