{"version":"1.0","provider_name":"Lyc\u00e9e La Fayette","provider_url":"https:\/\/www.lyceelafayette.fr","title":"Court m\u00e9trage \"Les inclus\" - Lyc\u00e9e La Fayette","type":"rich","width":600,"height":338,"html":"<blockquote class=\"wp-embedded-content\" data-secret=\"acEh830JcA\"><a href=\"https:\/\/www.lyceelafayette.fr\/index.php\/2022\/04\/14\/court-metrage-les-inclus\/\">Court m\u00e9trage \u00ab\u00a0Les inclus\u00a0\u00bb<\/a><\/blockquote><iframe sandbox=\"allow-scripts\" security=\"restricted\" src=\"https:\/\/www.lyceelafayette.fr\/index.php\/2022\/04\/14\/court-metrage-les-inclus\/embed\/#?secret=acEh830JcA\" width=\"600\" height=\"338\" title=\"\u00ab\u00a0Court m\u00e9trage \u00ab\u00a0Les inclus\u00a0\u00bb\u00a0\u00bb &#8212; Lyc\u00e9e La Fayette\" data-secret=\"acEh830JcA\" frameborder=\"0\" marginwidth=\"0\" marginheight=\"0\" scrolling=\"no\" class=\"wp-embedded-content\"><\/iframe><script type=\"text\/javascript\">\n\/* <![CDATA[ *\/\n\/*! This file is auto-generated *\/\n!function(d,l){\"use strict\";l.querySelector&&d.addEventListener&&\"undefined\"!=typeof URL&&(d.wp=d.wp||{},d.wp.receiveEmbedMessage||(d.wp.receiveEmbedMessage=function(e){var t=e.data;if((t||t.secret||t.message||t.value)&&!\/[^a-zA-Z0-9]\/.test(t.secret)){for(var s,r,n,a=l.querySelectorAll('iframe[data-secret=\"'+t.secret+'\"]'),o=l.querySelectorAll('blockquote[data-secret=\"'+t.secret+'\"]'),c=new RegExp(\"^https?:$\",\"i\"),i=0;i<o.length;i++)o[i].style.display=\"none\";for(i=0;i<a.length;i++)s=a[i],e.source===s.contentWindow&&(s.removeAttribute(\"style\"),\"height\"===t.message?(1e3<(r=parseInt(t.value,10))?r=1e3:~~r<200&&(r=200),s.height=r):\"link\"===t.message&&(r=new URL(s.getAttribute(\"src\")),n=new URL(t.value),c.test(n.protocol))&&n.host===r.host&&l.activeElement===s&&(d.top.location.href=t.value))}},d.addEventListener(\"message\",d.wp.receiveEmbedMessage,!1),l.addEventListener(\"DOMContentLoaded\",function(){for(var e,t,s=l.querySelectorAll(\"iframe.wp-embedded-content\"),r=0;r<s.length;r++)(t=(e=s[r]).getAttribute(\"data-secret\"))||(t=Math.random().toString(36).substring(2,12),e.src+=\"#?secret=\"+t,e.setAttribute(\"data-secret\",t)),e.contentWindow.postMessage({message:\"ready\",secret:t},\"*\")},!1)))}(window,document);\n\/\/# sourceURL=https:\/\/www.lyceelafayette.fr\/wp-includes\/js\/wp-embed.min.js\n\/* ]]> *\/\n<\/script>\n","thumbnail_url":"https:\/\/www.lyceelafayette.fr\/wp-content\/uploads\/2022\/04\/Capture-de\u0301cran-2022-04-12-a\u0300-14.21.33.png","thumbnail_width":1836,"thumbnail_height":1006,"description":"Depuis 2 ans, un dispositif unique et exceptionnel a \u00e9t\u00e9 mis en place au lyc\u00e9e : le cours de Fran\u00e7ais Sp\u00e9cialis\u00e9.Il a pour but d\u2019am\u00e9liorer les conditions d\u2019insertion des \u00e9l\u00e8ves les plus en difficult\u00e9 dans la ma\u00eetrise \u00e9crite et orale des apprentissages fondamentaux de la langue fran\u00e7aise. Il accueille des... lire la suite"}