{"version":"1.0","provider_name":"Lyc\u00e9e La Fayette","provider_url":"https:\/\/www.lyceelafayette.fr","title":"Des couloirs mieux \u00e9clair\u00e9s - Lyc\u00e9e La Fayette","type":"rich","width":600,"height":338,"html":"<blockquote class=\"wp-embedded-content\" data-secret=\"6a3K7E13rX\"><a href=\"https:\/\/www.lyceelafayette.fr\/index.php\/2021\/11\/30\/un-couloir-mieux-eclaire\/\"><div style=\"background-color:#00E626;color:white;text-align:center;\">Des couloirs mieux \u00e9clair\u00e9s<br\/><\/div><\/a><\/blockquote><iframe sandbox=\"allow-scripts\" security=\"restricted\" src=\"https:\/\/www.lyceelafayette.fr\/index.php\/2021\/11\/30\/un-couloir-mieux-eclaire\/embed\/#?secret=6a3K7E13rX\" width=\"600\" height=\"338\" title=\"\u00ab\u00a0&lt;div style=&quot;background-color:#00E626;color:white;text-align:center;&quot;&gt;Des couloirs mieux \u00e9clair\u00e9s&lt;br\/&gt;&lt;\/div&gt;\u00a0\u00bb &#8212; Lyc\u00e9e La Fayette\" data-secret=\"6a3K7E13rX\" frameborder=\"0\" marginwidth=\"0\" marginheight=\"0\" scrolling=\"no\" class=\"wp-embedded-content\"><\/iframe><script type=\"text\/javascript\">\n\/* <![CDATA[ *\/\n\/*! This file is auto-generated *\/\n!function(d,l){\"use strict\";l.querySelector&&d.addEventListener&&\"undefined\"!=typeof URL&&(d.wp=d.wp||{},d.wp.receiveEmbedMessage||(d.wp.receiveEmbedMessage=function(e){var t=e.data;if((t||t.secret||t.message||t.value)&&!\/[^a-zA-Z0-9]\/.test(t.secret)){for(var s,r,n,a=l.querySelectorAll('iframe[data-secret=\"'+t.secret+'\"]'),o=l.querySelectorAll('blockquote[data-secret=\"'+t.secret+'\"]'),c=new RegExp(\"^https?:$\",\"i\"),i=0;i<o.length;i++)o[i].style.display=\"none\";for(i=0;i<a.length;i++)s=a[i],e.source===s.contentWindow&&(s.removeAttribute(\"style\"),\"height\"===t.message?(1e3<(r=parseInt(t.value,10))?r=1e3:~~r<200&&(r=200),s.height=r):\"link\"===t.message&&(r=new URL(s.getAttribute(\"src\")),n=new URL(t.value),c.test(n.protocol))&&n.host===r.host&&l.activeElement===s&&(d.top.location.href=t.value))}},d.addEventListener(\"message\",d.wp.receiveEmbedMessage,!1),l.addEventListener(\"DOMContentLoaded\",function(){for(var e,t,s=l.querySelectorAll(\"iframe.wp-embedded-content\"),r=0;r<s.length;r++)(t=(e=s[r]).getAttribute(\"data-secret\"))||(t=Math.random().toString(36).substring(2,12),e.src+=\"#?secret=\"+t,e.setAttribute(\"data-secret\",t)),e.contentWindow.postMessage({message:\"ready\",secret:t},\"*\")},!1)))}(window,document);\n\/\/# sourceURL=https:\/\/www.lyceelafayette.fr\/wp-includes\/js\/wp-embed.min.js\n\/* ]]> *\/\n<\/script>\n","thumbnail_url":"https:\/\/www.lyceelafayette.fr\/wp-content\/uploads\/2021\/11\/IMG_1068-scaled.jpg","thumbnail_width":1920,"thumbnail_height":2560,"description":"Mardi 23 novembre a eu lieu la premi\u00e8re phase de l\u2019\u00e9preuve d\u2019organisation de chantier (E5 \u2013 U2) pour les 2e ann\u00e9es de BTS \u00e9lectrotechnique, qui est une des \u00e9preuves professionnelles pour l\u2019obtention de leur BTS. Vous \u00eates peut-\u00eatre pass\u00e9 sur le lieu du chantier au cours de cette journ\u00e9e et... lire la suite"}