{"version":"1.0","provider_name":"Lyc\u00e9e La Fayette","provider_url":"https:\/\/www.lyceelafayette.fr","title":"D\u00e9couvrez les formations De la 3\u00e8me au baccalaur\u00e9at - Lyc\u00e9e La Fayette","type":"rich","width":600,"height":338,"html":"<blockquote class=\"wp-embedded-content\" data-secret=\"YvbZ94QOeD\"><a href=\"https:\/\/www.lyceelafayette.fr\/index.php\/2021\/01\/05\/jpo-au-lycee-la-fayette-2021\/\"><div style=\"background-color:#00E626;color:white;text-align:center;\"><\/span> D\u00e9couvrez les formations <\/span><br>De la 3\u00e8me au baccalaur\u00e9at<\/div><\/a><\/blockquote><iframe sandbox=\"allow-scripts\" security=\"restricted\" src=\"https:\/\/www.lyceelafayette.fr\/index.php\/2021\/01\/05\/jpo-au-lycee-la-fayette-2021\/embed\/#?secret=YvbZ94QOeD\" width=\"600\" height=\"338\" title=\"\u00ab\u00a0&lt;div style=&quot;background-color:#00E626;color:white;text-align:center;&quot;&gt;&lt;\/span&gt; D\u00e9couvrez les formations &lt;\/span&gt;&lt;br&gt;De la 3\u00e8me au baccalaur\u00e9at&lt;\/div&gt;\u00a0\u00bb &#8212; Lyc\u00e9e La Fayette\" data-secret=\"YvbZ94QOeD\" frameborder=\"0\" marginwidth=\"0\" marginheight=\"0\" scrolling=\"no\" class=\"wp-embedded-content\"><\/iframe><script type=\"text\/javascript\">\n\/* <![CDATA[ *\/\n\/*! This file is auto-generated *\/\n!function(d,l){\"use strict\";l.querySelector&&d.addEventListener&&\"undefined\"!=typeof URL&&(d.wp=d.wp||{},d.wp.receiveEmbedMessage||(d.wp.receiveEmbedMessage=function(e){var t=e.data;if((t||t.secret||t.message||t.value)&&!\/[^a-zA-Z0-9]\/.test(t.secret)){for(var s,r,n,a=l.querySelectorAll('iframe[data-secret=\"'+t.secret+'\"]'),o=l.querySelectorAll('blockquote[data-secret=\"'+t.secret+'\"]'),c=new RegExp(\"^https?:$\",\"i\"),i=0;i<o.length;i++)o[i].style.display=\"none\";for(i=0;i<a.length;i++)s=a[i],e.source===s.contentWindow&&(s.removeAttribute(\"style\"),\"height\"===t.message?(1e3<(r=parseInt(t.value,10))?r=1e3:~~r<200&&(r=200),s.height=r):\"link\"===t.message&&(r=new URL(s.getAttribute(\"src\")),n=new URL(t.value),c.test(n.protocol))&&n.host===r.host&&l.activeElement===s&&(d.top.location.href=t.value))}},d.addEventListener(\"message\",d.wp.receiveEmbedMessage,!1),l.addEventListener(\"DOMContentLoaded\",function(){for(var e,t,s=l.querySelectorAll(\"iframe.wp-embedded-content\"),r=0;r<s.length;r++)(t=(e=s[r]).getAttribute(\"data-secret\"))||(t=Math.random().toString(36).substring(2,12),e.src+=\"#?secret=\"+t,e.setAttribute(\"data-secret\",t)),e.contentWindow.postMessage({message:\"ready\",secret:t},\"*\")},!1)))}(window,document);\n\/\/# sourceURL=https:\/\/www.lyceelafayette.fr\/wp-includes\/js\/wp-embed.min.js\n\/* ]]> *\/\n<\/script>\n","description":"Le samedi 6 mars 2021 le lyc\u00e9e La Fayette ouvre ses portes toute la journ\u00e9e de 9h00 \u00e0 16h00 sur les sites de Champagne sur Seine et de Fontaineroux et vous pr\u00e9sente toutes ses formations et dipl\u00f4mes. Enseignants et \u00e9l\u00e8ves seront l\u00e0 pour vous accueillir. lire la suite","thumbnail_url":"https:\/\/www.lyceelafayette.fr\/wp-content\/uploads\/2021\/02\/affiche-jpo.png"}