{"version":"1.0","provider_name":"Lyc\u00e9e La Fayette","provider_url":"https:\/\/www.lyceelafayette.fr","title":"Journ\u00e9e portes ouvertes 2020 - Lyc\u00e9e La Fayette","type":"rich","width":600,"height":338,"html":"<blockquote class=\"wp-embedded-content\" data-secret=\"TYdRskvexb\"><a href=\"https:\/\/www.lyceelafayette.fr\/index.php\/2020\/03\/12\/journee-portes-ouvertes-2020\/\">Journ\u00e9e portes ouvertes 2020<\/a><\/blockquote><iframe sandbox=\"allow-scripts\" security=\"restricted\" src=\"https:\/\/www.lyceelafayette.fr\/index.php\/2020\/03\/12\/journee-portes-ouvertes-2020\/embed\/#?secret=TYdRskvexb\" width=\"600\" height=\"338\" title=\"\u00ab\u00a0Journ\u00e9e portes ouvertes 2020\u00a0\u00bb &#8212; Lyc\u00e9e La Fayette\" data-secret=\"TYdRskvexb\" frameborder=\"0\" marginwidth=\"0\" marginheight=\"0\" scrolling=\"no\" class=\"wp-embedded-content\"><\/iframe><script type=\"text\/javascript\">\n\/* <![CDATA[ *\/\n\/*! This file is auto-generated *\/\n!function(d,l){\"use strict\";l.querySelector&&d.addEventListener&&\"undefined\"!=typeof URL&&(d.wp=d.wp||{},d.wp.receiveEmbedMessage||(d.wp.receiveEmbedMessage=function(e){var t=e.data;if((t||t.secret||t.message||t.value)&&!\/[^a-zA-Z0-9]\/.test(t.secret)){for(var s,r,n,a=l.querySelectorAll('iframe[data-secret=\"'+t.secret+'\"]'),o=l.querySelectorAll('blockquote[data-secret=\"'+t.secret+'\"]'),c=new RegExp(\"^https?:$\",\"i\"),i=0;i<o.length;i++)o[i].style.display=\"none\";for(i=0;i<a.length;i++)s=a[i],e.source===s.contentWindow&&(s.removeAttribute(\"style\"),\"height\"===t.message?(1e3<(r=parseInt(t.value,10))?r=1e3:~~r<200&&(r=200),s.height=r):\"link\"===t.message&&(r=new URL(s.getAttribute(\"src\")),n=new URL(t.value),c.test(n.protocol))&&n.host===r.host&&l.activeElement===s&&(d.top.location.href=t.value))}},d.addEventListener(\"message\",d.wp.receiveEmbedMessage,!1),l.addEventListener(\"DOMContentLoaded\",function(){for(var e,t,s=l.querySelectorAll(\"iframe.wp-embedded-content\"),r=0;r<s.length;r++)(t=(e=s[r]).getAttribute(\"data-secret\"))||(t=Math.random().toString(36).substring(2,12),e.src+=\"#?secret=\"+t,e.setAttribute(\"data-secret\",t)),e.contentWindow.postMessage({message:\"ready\",secret:t},\"*\")},!1)))}(window,document);\n\/\/# sourceURL=https:\/\/www.lyceelafayette.fr\/wp-includes\/js\/wp-embed.min.js\n\/* ]]> *\/\n<\/script>\n","thumbnail_url":"https:\/\/www.lyceelafayette.fr\/wp-content\/uploads\/2020\/03\/Bilan-en-photo-JPO-2020-CHP-scaled.jpg","thumbnail_width":1810,"thumbnail_height":2560,"description":"La journ\u00e9e portes ouvertes du lyc\u00e9e La Fayette s\u2019est d\u00e9roul\u00e9e comme pr\u00e9vu le samedi 29 f\u00e9vrier 2020. Pr\u00e8s d\u2019un millier de visiteurs ont pu d\u00e9couvrir nos formations pr\u00e9sent\u00e9es par les \u00e9l\u00e8ves et les professeurs du lyc\u00e9e. Et plusieurs familles ont pu se rendre \u00e0 Champagne-sur-Seine et \u00e0 Fontaineroux gr\u00e2ce aux... lire la suite"}