{"version":"1.0","provider_name":"Lyc\u00e9e La Fayette","provider_url":"https:\/\/www.lyceelafayette.fr","title":"Expositions centenaire - Lyc\u00e9e La Fayette","type":"rich","width":600,"height":338,"html":"<blockquote class=\"wp-embedded-content\" data-secret=\"sOHq2fLlHt\"><a href=\"https:\/\/www.lyceelafayette.fr\/index.php\/2020\/01\/07\/expositions-centenaire\/\">Expositions centenaire<\/a><\/blockquote><iframe sandbox=\"allow-scripts\" security=\"restricted\" src=\"https:\/\/www.lyceelafayette.fr\/index.php\/2020\/01\/07\/expositions-centenaire\/embed\/#?secret=sOHq2fLlHt\" width=\"600\" height=\"338\" title=\"\u00ab\u00a0Expositions centenaire\u00a0\u00bb &#8212; Lyc\u00e9e La Fayette\" data-secret=\"sOHq2fLlHt\" frameborder=\"0\" marginwidth=\"0\" marginheight=\"0\" scrolling=\"no\" class=\"wp-embedded-content\"><\/iframe><script type=\"text\/javascript\">\n\/* <![CDATA[ *\/\n\/*! This file is auto-generated *\/\n!function(d,l){\"use strict\";l.querySelector&&d.addEventListener&&\"undefined\"!=typeof URL&&(d.wp=d.wp||{},d.wp.receiveEmbedMessage||(d.wp.receiveEmbedMessage=function(e){var t=e.data;if((t||t.secret||t.message||t.value)&&!\/[^a-zA-Z0-9]\/.test(t.secret)){for(var s,r,n,a=l.querySelectorAll('iframe[data-secret=\"'+t.secret+'\"]'),o=l.querySelectorAll('blockquote[data-secret=\"'+t.secret+'\"]'),c=new RegExp(\"^https?:$\",\"i\"),i=0;i<o.length;i++)o[i].style.display=\"none\";for(i=0;i<a.length;i++)s=a[i],e.source===s.contentWindow&&(s.removeAttribute(\"style\"),\"height\"===t.message?(1e3<(r=parseInt(t.value,10))?r=1e3:~~r<200&&(r=200),s.height=r):\"link\"===t.message&&(r=new URL(s.getAttribute(\"src\")),n=new URL(t.value),c.test(n.protocol))&&n.host===r.host&&l.activeElement===s&&(d.top.location.href=t.value))}},d.addEventListener(\"message\",d.wp.receiveEmbedMessage,!1),l.addEventListener(\"DOMContentLoaded\",function(){for(var e,t,s=l.querySelectorAll(\"iframe.wp-embedded-content\"),r=0;r<s.length;r++)(t=(e=s[r]).getAttribute(\"data-secret\"))||(t=Math.random().toString(36).substring(2,12),e.src+=\"#?secret=\"+t,e.setAttribute(\"data-secret\",t)),e.contentWindow.postMessage({message:\"ready\",secret:t},\"*\")},!1)))}(window,document);\n\/\/# sourceURL=https:\/\/www.lyceelafayette.fr\/wp-includes\/js\/wp-embed.min.js\n\/* ]]> *\/\n<\/script>\n","description":"Le projet\u00a0\u00e9tait de participer \u00e0 la comm\u00e9moration du centenaire de l\u2019ouverture des \u00e9coles publiques de l\u2019\u0152uvre des Pupilles de Seine et Marne. Le but \u00e9tait ainsi de faire conna\u00eetre aux \u00e9l\u00e8ves l\u2019histoire des \u00e9coles qui deviendront les lyc\u00e9es La Fayette \u00e0 Champagne- sur-Seine, Fontaineroux \u00e0 H\u00e9ricy, et Uruguay France \u00e0... lire la suite","thumbnail_url":"https:\/\/www.lyceelafayette.fr\/wp-content\/uploads\/2019\/12\/3-nation-accueil-les-pupilles-1024x768.jpg"}